{"id":11239,"date":"2022-07-01T10:19:18","date_gmt":"2022-07-01T08:19:18","guid":{"rendered":"https:\/\/gen4.focolare.org\/?post_type=wpdmpro&#038;p=11239"},"modified":"2025-08-29T09:10:00","modified_gmt":"2025-08-29T07:10:00","slug":"uma-grande-surpresa","status":"publish","type":"wpdmpro","link":"https:\/\/gen4.focolare.org\/en\/download\/uma-grande-surpresa\/","title":{"rendered":"Uma grande surpresa!!!!"},"content":{"rendered":"<p>Hav\u00edamos convidado todos voc\u00eas para uma festa mundial no dia 4 de junho: e foi isso o que aconteceu!<\/p>\n<p>Foi uma festa muito bonita que teve a sua conclus\u00e3o com um presente muito desejado, que chegou poucos dias antes como uma grande surpresa: <strong>uma mensagem do Papa Francisco justamente para este evento!\u00a0<\/strong><\/p>\n<div style=\"width: 1920px;\" class=\"wp-video\"><video class=\"wp-video-shortcode\" id=\"video-11239-1\" width=\"1920\" height=\"1080\" poster=\"https:\/\/gen4.focolare.org\/wp-content\/uploads\/2022\/07\/BannerPapagmkg4PtBr.jpg\" preload=\"metadata\" controls=\"controls\"><source type=\"video\/mp4\" src=\"https:\/\/gen4.focolare.org\/wp-content\/uploads\/2022\/07\/messaggioPapa_br_Gen4.mp4?_=1\" \/><a href=\"https:\/\/gen4.focolare.org\/wp-content\/uploads\/2022\/07\/messaggioPapa_br_Gen4.mp4\">https:\/\/gen4.focolare.org\/wp-content\/uploads\/2022\/07\/messaggioPapa_br_Gen4.mp4<\/a><\/video><\/div>\n<p>A festa come\u00e7ou na \u00c1sia \u00e0s 3 horas da manh\u00e3 no hor\u00e1rio de Bras\u00edlia: muitas conex\u00f5es via zoom ampliaram o sinal transmitido atrav\u00e9s do YouTube, que traduzido nas diversas l\u00ednguas locais, chegou a muitas comunidades da Tail\u00e2ndia, Myanmar, Indon\u00e9sia, Vietn\u00e3, Mal\u00e1sia, Paquist\u00e3o e Filipinas. Meninos e meninas do sudeste da \u00c1sia (40 conex\u00f5es com grandes grupos em diversas localidades e 31 apenas nas Filipinas, com 6 comunidades locais) acompanharam todo o programa com grande interesse, tocados por verem tantos coet\u00e2neos de todo o mundo que, como eles, conhecem o \u201cdado do amor\u201d e querem levar o amor ao mundo. Eles tinham convidado para participar tamb\u00e9m alguns de seus amigos e amigas. A m\u00e3e de uma menina que participou pela primeira vez contou que a filha, depois de ter participado do zoom \u201cAsi\u00e1tico\u201d do Global, lhe falou sobre o dado do amor e lhe pediu de fazerem um e jog\u00e1-lo juntas todo dia, para fazer uma competi\u00e7\u00e3o de atos de amor e cont\u00e1-los \u00e0 noite, antes de dormir, ao inv\u00e9s das hist\u00f3rias de ninar.<\/p>\n<div id='gallery-1' class='gallery galleryid-11239 gallery-columns-7 gallery-size-thumbnail'><figure class='gallery-item'>\n\t\t\t<div class='gallery-icon landscape'>\n\t\t\t\t<a href='https:\/\/gen4.focolare.org\/wp-content\/uploads\/2022\/06\/Zoom_Asia_lingue.jpg'><img decoding=\"async\" width=\"150\" height=\"150\" src=\"https:\/\/gen4.focolare.org\/wp-content\/uploads\/2022\/06\/Zoom_Asia_lingue-150x150.jpg\" class=\"attachment-thumbnail size-thumbnail\" alt=\"Zoom Asia lingue 150x150\" srcset=\"https:\/\/gen4.focolare.org\/wp-content\/uploads\/2022\/06\/Zoom_Asia_lingue-150x150.jpg 150w, https:\/\/gen4.focolare.org\/wp-content\/uploads\/2022\/06\/Zoom_Asia_lingue-600x600.jpg 600w\" sizes=\"auto, (max-width: 150px) 100vw, 150px\" loading=\"lazy\" \/><\/a>\n\t\t\t<\/div><\/figure><figure class='gallery-item'>\n\t\t\t<div class='gallery-icon landscape'>\n\t\t\t\t<a href='https:\/\/gen4.focolare.org\/wp-content\/uploads\/2022\/06\/Brasile-Mariapoli-Ginetta2.jpeg'><img decoding=\"async\" width=\"150\" height=\"150\" src=\"https:\/\/gen4.focolare.org\/wp-content\/uploads\/2022\/06\/Brasile-Mariapoli-Ginetta2-150x150.jpeg\" class=\"attachment-thumbnail size-thumbnail\" alt=\"Brasile Mariapoli Ginetta2 150x150\" srcset=\"https:\/\/gen4.focolare.org\/wp-content\/uploads\/2022\/06\/Brasile-Mariapoli-Ginetta2-150x150.jpeg 150w, https:\/\/gen4.focolare.org\/wp-content\/uploads\/2022\/06\/Brasile-Mariapoli-Ginetta2-600x600.jpeg 600w\" sizes=\"auto, (max-width: 150px) 100vw, 150px\" loading=\"lazy\" \/><\/a>\n\t\t\t<\/div><\/figure><figure class='gallery-item'>\n\t\t\t<div class='gallery-icon landscape'>\n\t\t\t\t<a href='https:\/\/gen4.focolare.org\/wp-content\/uploads\/2022\/06\/Foto-India-1.jpeg'><img decoding=\"async\" width=\"150\" height=\"150\" src=\"https:\/\/gen4.focolare.org\/wp-content\/uploads\/2022\/06\/Foto-India-1-150x150.jpeg\" class=\"attachment-thumbnail size-thumbnail\" alt=\"Foto India 1 150x150\" srcset=\"https:\/\/gen4.focolare.org\/wp-content\/uploads\/2022\/06\/Foto-India-1-150x150.jpeg 150w, https:\/\/gen4.focolare.org\/wp-content\/uploads\/2022\/06\/Foto-India-1-600x600.jpeg 600w\" sizes=\"auto, (max-width: 150px) 100vw, 150px\" loading=\"lazy\" \/><\/a>\n\t\t\t<\/div><\/figure><figure class='gallery-item'>\n\t\t\t<div class='gallery-icon portrait'>\n\t\t\t\t<a href='https:\/\/gen4.focolare.org\/wp-content\/uploads\/2022\/06\/Paraguay-2.jpeg'><img decoding=\"async\" width=\"150\" height=\"150\" src=\"https:\/\/gen4.focolare.org\/wp-content\/uploads\/2022\/06\/Paraguay-2-150x150.jpeg\" class=\"attachment-thumbnail size-thumbnail\" alt=\"Paraguay 2 150x150\" srcset=\"https:\/\/gen4.focolare.org\/wp-content\/uploads\/2022\/06\/Paraguay-2-150x150.jpeg 150w, https:\/\/gen4.focolare.org\/wp-content\/uploads\/2022\/06\/Paraguay-2-600x600.jpeg 600w\" sizes=\"auto, (max-width: 150px) 100vw, 150px\" loading=\"lazy\" \/><\/a>\n\t\t\t<\/div><\/figure><figure class='gallery-item'>\n\t\t\t<div class='gallery-icon landscape'>\n\t\t\t\t<a href='https:\/\/gen4.focolare.org\/wp-content\/uploads\/2022\/06\/Joannesburg.jpg'><img decoding=\"async\" width=\"150\" height=\"150\" src=\"https:\/\/gen4.focolare.org\/wp-content\/uploads\/2022\/06\/Joannesburg-150x150.jpg\" class=\"attachment-thumbnail size-thumbnail\" alt=\"Joannesburg 150x150\" srcset=\"https:\/\/gen4.focolare.org\/wp-content\/uploads\/2022\/06\/Joannesburg-150x150.jpg 150w, https:\/\/gen4.focolare.org\/wp-content\/uploads\/2022\/06\/Joannesburg-600x600.jpg 600w\" sizes=\"auto, (max-width: 150px) 100vw, 150px\" loading=\"lazy\" \/><\/a>\n\t\t\t<\/div><\/figure><figure class='gallery-item'>\n\t\t\t<div class='gallery-icon landscape'>\n\t\t\t\t<a href='https:\/\/gen4.focolare.org\/wp-content\/uploads\/2022\/06\/Foto_Milano_Est_3.jpeg'><img decoding=\"async\" width=\"150\" height=\"150\" src=\"https:\/\/gen4.focolare.org\/wp-content\/uploads\/2022\/06\/Foto_Milano_Est_3-150x150.jpeg\" class=\"attachment-thumbnail size-thumbnail\" alt=\"Foto Milano Est 3 150x150\" srcset=\"https:\/\/gen4.focolare.org\/wp-content\/uploads\/2022\/06\/Foto_Milano_Est_3-150x150.jpeg 150w, https:\/\/gen4.focolare.org\/wp-content\/uploads\/2022\/06\/Foto_Milano_Est_3-600x600.jpeg 600w\" sizes=\"auto, (max-width: 150px) 100vw, 150px\" loading=\"lazy\" \/><\/a>\n\t\t\t<\/div><\/figure><figure class='gallery-item'>\n\t\t\t<div class='gallery-icon landscape'>\n\t\t\t\t<a href='https:\/\/gen4.focolare.org\/wp-content\/uploads\/2022\/06\/Foto_Milano_Est_2.jpeg'><img decoding=\"async\" width=\"150\" height=\"150\" src=\"https:\/\/gen4.focolare.org\/wp-content\/uploads\/2022\/06\/Foto_Milano_Est_2-150x150.jpeg\" class=\"attachment-thumbnail size-thumbnail\" alt=\"Foto Milano Est 2 150x150\" srcset=\"https:\/\/gen4.focolare.org\/wp-content\/uploads\/2022\/06\/Foto_Milano_Est_2-150x150.jpeg 150w, https:\/\/gen4.focolare.org\/wp-content\/uploads\/2022\/06\/Foto_Milano_Est_2-600x600.jpeg 600w\" sizes=\"auto, (max-width: 150px) 100vw, 150px\" loading=\"lazy\" \/><\/a>\n\t\t\t<\/div><\/figure>\n\t\t<\/div>\n\n<p>Depois da \u00c1sia, a festa continuou durante todo o dia saltando e unindo todos os continentes: da \u00c1frica \u00e0 Europa e \u00e0s 3 Am\u00e9ricas!<\/p>\n<p>Como havia sido feito para a \u00c1sia, tamb\u00e9m em outros pontos, sobretudo onde estavam conectados muitos pa\u00edses com l\u00ednguas diferentes daquelas transmitidas nos canais oficiais, a transmiss\u00e3o chegou mediada pelo zoom com tradu\u00e7\u00e3o nas l\u00ednguas locais. Por exemplo, na Europa do Leste houve 58 pontos de escuta. E era muito bonito ver, nestes zooms locais, os gen4 da \u00c1sia dan\u00e7ar as dan\u00e7as Africanas ou outros da \u00c1frica repetirem com alegria toda a dan\u00e7a da Rep\u00fablica Tcheca!<\/p>\n<p>Na \u00c1frica Central alguns gen4 chegaram ao local do encontro na noite anterior, porque moram distantes e viajando a p\u00e9, tinham medo de n\u00e3o chegarem a tempo. Ficaram juntos \u00e0 luz de velas, porque faltava energia, e \u00e0 noite rezaram unidos pelo Global do dia seguinte.<\/p>\n<p>Ainda na \u00c1frica, em Joanesburgo, \u00c1frica do Sul, o Global foi seguido por 70 meninos com os seus animadores de um grupo de uma par\u00f3quia que se chama, \u201c<em>Cuties for Christ\u201d<\/em> (Fofuras para Cristo). Gostaram muito pois um m\u00eas atr\u00e1s tinham come\u00e7ado a conhecer a hist\u00f3ria de Chiara. Agora querem montar o Dado do Amor e us\u00e1-lo para fazerem muitos atos de amor.<\/p>\n<p>Os pontos de conex\u00e3o, somando as transmiss\u00f5es nas 7 l\u00ednguas pelo YouTube do Global, foram no total 3.278 nos dois dias, 4 e 5 de junho. Mas, como dissemos antes, muitas conex\u00f5es foram multiplicadas em muitos outros pontos com l\u00ednguas diferentes. E muitas vezes, em cada ponto, estavam presentes grupos numerosos. Das 2 gen4 do Nepal \u00e0s 150 pessoas reunidas em Loppiano envolvendo crian\u00e7as, acompanhantes e fam\u00edlias, grupos escolares e par\u00f3quias. \u00c9 muito dif\u00edcil fazer um levantamento realista de quantos meninos e meninas participaram naquele final de semana e nos diversos outros encontros realizados nos dias seguintes e que ainda ser\u00e3o realizados. Uma grande quantidade de meninos e meninas participaram pela primeira vez.<\/p>\n<p>Foram muitas as impress\u00f5es \u201ccomuns\u201d aos participantes de todas as partes do mundo, que indicam o que foi o GlobalMeetingKids Gen4:<\/p>\n<p><strong>-uma experi\u00eancia de globaliza\u00e7\u00e3o! Um momento muito bonito, muito envolvente!\u00a0 <\/strong><\/p>\n<p><strong>\u00a0<\/strong><strong>-um \u201cencontro\u201d com Chiara e com Margaret;<\/strong><\/p>\n<p><strong>\u00a0<\/strong><strong>-uma \u00f3tima possibilidade de envolvimento das comunidades e de difus\u00e3o;<\/strong><\/p>\n<p><strong>\u00a0<\/strong><strong>-um evento que despertou muita vontade de continuar a amar e de transmitir a muitos o segredo do \u201cdado do amor\u201d!<\/strong><\/p>\n<div id='gallery-2' class='gallery galleryid-11239 gallery-columns-4 gallery-size-thumbnail'><figure class='gallery-item'>\n\t\t\t<div class='gallery-icon landscape'>\n\t\t\t\t<a href='https:\/\/gen4.focolare.org\/en\/burundi-2-2\/'><img decoding=\"async\" width=\"150\" height=\"150\" src=\"https:\/\/gen4.focolare.org\/wp-content\/uploads\/2022\/06\/Burundi-2-150x150.png\" class=\"attachment-thumbnail size-thumbnail\" alt=\"Burundi 2 150x150\" loading=\"lazy\" \/><\/a>\n\t\t\t<\/div><\/figure><figure class='gallery-item'>\n\t\t\t<div class='gallery-icon portrait'>\n\t\t\t\t<a href='https:\/\/gen4.focolare.org\/en\/paraguay-1-2\/'><img decoding=\"async\" width=\"150\" height=\"150\" src=\"https:\/\/gen4.focolare.org\/wp-content\/uploads\/2022\/06\/Paraguay-1-150x150.jpeg\" class=\"attachment-thumbnail size-thumbnail\" alt=\"Paraguay 1 150x150\" srcset=\"https:\/\/gen4.focolare.org\/wp-content\/uploads\/2022\/06\/Paraguay-1-150x150.jpeg 150w, https:\/\/gen4.focolare.org\/wp-content\/uploads\/2022\/06\/Paraguay-1-600x600.jpeg 600w\" sizes=\"auto, (max-width: 150px) 100vw, 150px\" loading=\"lazy\" \/><\/a>\n\t\t\t<\/div><\/figure><figure class='gallery-item'>\n\t\t\t<div class='gallery-icon landscape'>\n\t\t\t\t<a href='https:\/\/gen4.focolare.org\/en\/foto-milano3-2\/'><img decoding=\"async\" width=\"150\" height=\"150\" src=\"https:\/\/gen4.focolare.org\/wp-content\/uploads\/2022\/06\/Foto-Milano3-150x150.jpeg\" class=\"attachment-thumbnail size-thumbnail\" alt=\"Foto Milano3 150x150\" srcset=\"https:\/\/gen4.focolare.org\/wp-content\/uploads\/2022\/06\/Foto-Milano3-150x150.jpeg 150w, https:\/\/gen4.focolare.org\/wp-content\/uploads\/2022\/06\/Foto-Milano3-600x600.jpeg 600w\" sizes=\"auto, (max-width: 150px) 100vw, 150px\" loading=\"lazy\" \/><\/a>\n\t\t\t<\/div><\/figure><figure class='gallery-item'>\n\t\t\t<div class='gallery-icon landscape'>\n\t\t\t\t<a href='https:\/\/gen4.focolare.org\/en\/gmkg4_11-2\/'><img decoding=\"async\" width=\"150\" height=\"150\" src=\"https:\/\/gen4.focolare.org\/wp-content\/uploads\/2022\/06\/GMKG4_11-150x150.jpg\" class=\"attachment-thumbnail size-thumbnail\" alt=\"GMKG4 11 150x150\" srcset=\"https:\/\/gen4.focolare.org\/wp-content\/uploads\/2022\/06\/GMKG4_11-150x150.jpg 150w, https:\/\/gen4.focolare.org\/wp-content\/uploads\/2022\/06\/GMKG4_11-600x600.jpg 600w\" sizes=\"auto, (max-width: 150px) 100vw, 150px\" loading=\"lazy\" \/><\/a>\n\t\t\t<\/div><\/figure>\n\t\t<\/div>\n\n<p>Para quem n\u00e3o p\u00f4de participar ou para quem quiser rever algo do riqu\u00edssimo programa de duas horas do Global MeetingKidsGen4 2022, poder\u00e1 encontrar em anexo uma rica sele\u00e7\u00e3o das diversas apresenta\u00e7\u00f5es. E que o Global continue, como disseram os apresentadores ao final, lan\u00e7ando o \u201cdado do amor\u201d aos espectadores: \u201cPeguem&#8230; e joguem!\u201d, continuemos a \u201clevar o amor ao mundo e a paz vir\u00e1!\u201d<\/p>\n<p>&nbsp;<\/p>\n","protected":false},"excerpt":{"rendered":"<p>Hav\u00edamos convidado todos voc\u00eas para uma festa mundial no dia 4 &#8230; <\/p>\n","protected":false},"author":3,"featured_media":10906,"comment_status":"closed","ping_status":"closed","template":"page.php","meta":{"__wpdm_changelog":[]},"wpdmcategory":[244],"wpdmtag":[],"class_list":["post-11239","wpdmpro","type-wpdmpro","status-publish","has-post-thumbnail","hentry","wpdmcategory-outras-atividades"],"_links":{"self":[{"href":"https:\/\/gen4.focolare.org\/en\/wp-json\/wp\/v2\/wpdmpro\/11239","targetHints":{"allow":["GET"]}}],"collection":[{"href":"https:\/\/gen4.focolare.org\/en\/wp-json\/wp\/v2\/wpdmpro"}],"about":[{"href":"https:\/\/gen4.focolare.org\/en\/wp-json\/wp\/v2\/types\/wpdmpro"}],"author":[{"embeddable":true,"href":"https:\/\/gen4.focolare.org\/en\/wp-json\/wp\/v2\/users\/3"}],"replies":[{"embeddable":true,"href":"https:\/\/gen4.focolare.org\/en\/wp-json\/wp\/v2\/comments?post=11239"}],"wp:featuredmedia":[{"embeddable":true,"href":"https:\/\/gen4.focolare.org\/en\/wp-json\/wp\/v2\/media\/10906"}],"wp:attachment":[{"href":"https:\/\/gen4.focolare.org\/en\/wp-json\/wp\/v2\/media?parent=11239"}],"wp:term":[{"taxonomy":"wpdmcategory","embeddable":true,"href":"https:\/\/gen4.focolare.org\/en\/wp-json\/wp\/v2\/wpdmcategory?post=11239"},{"taxonomy":"wpdmtag","embeddable":true,"href":"https:\/\/gen4.focolare.org\/en\/wp-json\/wp\/v2\/wpdmtag?post=11239"}],"curies":[{"name":"wp","href":"https:\/\/api.w.org\/{rel}","templated":true}]}}