{"id":12792,"date":"2023-05-01T15:27:37","date_gmt":"2023-05-01T14:27:37","guid":{"rendered":"https:\/\/gen4.focolare.org\/?post_type=wpdmpro&#038;p=12792"},"modified":"2024-02-23T15:24:02","modified_gmt":"2024-02-23T14:24:02","slug":"07_aujourdhui-jai-decouvert-le-ciel-etape-7","status":"publish","type":"wpdmpro","link":"https:\/\/gen4.focolare.org\/en\/download\/07_aujourdhui-jai-decouvert-le-ciel-etape-7\/","title":{"rendered":"07_Aujourd\u2019hui, j\u2019ai d\u00e9couvert le Ciel: \u00c9tape 7"},"content":{"rendered":"<p style=\"text-align: center;\"><span style=\"color: #ff6600;\"><strong>\u00a0<\/strong><strong><em>J\u00e9sus est toujours avec nous<\/em><\/strong><\/span><\/p>\n<p style=\"text-align: center;\"><span style=\"color: #ff6600;\"><strong><em>\u00ab\u00a0L&#8217;atmosph\u00e8re du Ciel\u00a0\u00bb<\/em><\/strong><\/span><\/p>\n<p>&nbsp;<\/p>\n<p><span style=\"color: #ff6600;\"><strong>A) Pour les assistants\u00a0: <\/strong><strong>suggestions tir\u00e9es des th\u00e8mes de Chiara\u00a0:<\/strong><\/span><\/p>\n<p>Dans la premi\u00e8re \u00e9tape, nous avons parl\u00e9 de la \u00ab\u00a0<em>nostalgie du Paradis<\/em>\u00a0\u00bb, o\u00f9 nous serons toujours avec Lui. Mais d\u00e8s \u00e0 pr\u00e9sent, nous pouvons vivre cette r\u00e9alit\u00e9 du Ciel. Mentionnons deux aspects soulign\u00e9s par Chiara\u00a0:<\/p>\n<ul>\n<li><strong>L&#8217;union avec Dieu et la pr\u00e9sence de J\u00e9sus dans l&#8217;Eucharistie.<\/strong><\/li>\n<\/ul>\n<p>Voici comment elle en a parl\u00e9 aux \u00c9v\u00eaques amis du Mouvement lors d&#8217;une conversation en 2004 : \u00ab\u00a0[&#8230;] <strong><em>Une autre fa\u00e7on, encore, d\u2019arriver \u00e0 l&#8217;union avec Dieu est la pr\u00e9sence de J\u00e9sus dans l&#8217;Eucharistie.<\/em><\/strong><em> Voici une exp\u00e9rience faite : &#8220;Depuis quelques jours, j&#8217;ai commenc\u00e9 <strong>une vie d&#8217;union avec Dieu plus intense<\/strong>. Le fait est qu&#8217;il habite chez moi, il est derri\u00e8re ma porte et je me rends compte qu&#8217;Il travaille. <strong>Il se fait sentir tr\u00e8s d\u00e9licatement, mais si tu l&#8217;accueilles, Il prend plus de place<\/strong>, laissant ton \u00e2me plus encline \u00e0 s&#8217;habituer presque \u00e0 cette cohabitation divine.&#8221; Nous travaillons, mais nous sommes ensemble avec Lui. [&#8230;]&#8221;<\/em>\u00a0\u00bb<span style=\"color: #0000ff;\"><a style=\"color: #0000ff;\" href=\"#_ftn1\" name=\"_ftnref1\">[1]<\/a>.<\/span><\/p>\n<ul>\n<li><strong>L&#8217;union avec Dieu et la pr\u00e9sence de J\u00e9sus parmi nous par l&#8217;amour r\u00e9ciproque.<\/strong><\/li>\n<\/ul>\n<p>En 1990, dans une t\u00e9l\u00e9r\u00e9union, Chiara a parl\u00e9 des \u00ab\u00a0<strong><em>dons spirituels qui sont ind\u00e9fectibles l\u00e0 o\u00f9 J\u00e9sus est parmi nous<\/em>\u00a0\u00bb.\u00a0<\/strong> Chiara se trouvait \u00e0 la Mariapolis \u2018Luminosa\u2019, une Mariapolis permanente du Mouvement situ\u00e9e pr\u00e8s de New York o\u00f9, \u00e0 l&#8217;\u00e9poque, avec beaucoup d&#8217;autres, elle avait fait une exp\u00e9rience intense de la pr\u00e9sence de J\u00e9sus, \u00ab\u00a0du Royaume de Dieu\u00a0\u00bb. Chiara disait que cette r\u00e9alit\u00e9 du \u00ab\u00a0<strong><em>d\u00e9j\u00e0<\/em>\u00a0\u00bb<\/strong> \u00e9tait si forte que \u00ab\u00a0<em>[&#8230;]<\/em> <em>les expressions comme celles-ci ne manquaient pas : \u2018\u2019<strong>Si le Paradis est ainsi, cela nous suffit !\u2019\u2019;<\/strong> \u2018\u2019C&#8217;est l&#8217;\u00e9ternit\u00e9 [&#8230;]\u2019\u2019. <\/em>Elle a ensuite racont\u00e9 comment :<em> \u00ab\u00a0[&#8230;] le \u2018\u2019d\u00e9j\u00e0\u2019\u2019, le \u2018\u2019d\u00e9j\u00e0\u2019\u2019 du Royaume, irradiait tellement de tous, des focolarini et des focolarines, qu&#8217;on pouvait admirer en eux cette dignit\u00e9, cette beaut\u00e9, libert\u00e9, harmonie qui rappellent les paroles : \u2018\u2019La gloire de Dieu est l&#8217;homme vivant\u2019\u2019. Dans ce climat, on a donc vu une fois de plus comment le <strong>Ciel est fait de Cieux <\/strong>(de Royaume des Cieux), comment en Dieu, qui est Amour, tout est vie, rien n&#8217;est statique et nous passons de r\u00e9alit\u00e9 en r\u00e9alit\u00e9. [&#8230;]<\/em>\u00a0\u00bb<\/p>\n<p>Et Chiara a conclu la pens\u00e9e de la t\u00e9l\u00e9r\u00e9union avec ces paroles : \u00ab\u00a0<em>[&#8230;] Il ne reste donc que le d\u00e9sir de nous encourager tous \u00e0 continuer, en redoublant de z\u00e8le, de nous r\u00e9p\u00e9ter, dispers\u00e9s dans le monde entier : ne perdons pas de temps, vivons notre Id\u00e9al avec intensit\u00e9. <strong>Si nous ouvrons au monde l&#8217;exp\u00e9rience du Paradis qui peut d\u00e9j\u00e0 \u00eatre construit ici-bas, beaucoup croiront au Paradis l\u00e0-haut<\/strong>. Et le reflet sur l&#8217;humanit\u00e9 sera incalculable. En guise de r\u00e9solution pour les quinze prochains jours : vivons toujours dans le surnaturel.[&#8230;]\u00a0\u00bb<\/em><span style=\"color: #0000ff;\"> <a style=\"color: #0000ff;\" href=\"#_ftn2\" name=\"_ftnref2\">[2]<\/a><\/span><\/p>\n<p>En 2004, elle parle ensuite aux focolarini de l&#8217;union avec Dieu et de la culture de la R\u00e9surrection. C&#8217;est cette union avec Dieu, qu\u2019elle dit \u00eatre<em> <strong>\u00ab\u00a0typiquement n\u00f4tre\u00a0\u00bb,<\/strong> <\/em>qui peut \u00eatre ressentie avec<em> \u00ab\u00a0[&#8230;] les sens de l&#8217;\u00e2me, car l&#8217;\u00e2me a des sens comme le corps a ses sens [&#8230;]\u00a0\u00bb. <\/em>Chiara parle de J\u00e9sus au milieu de nous et dit<em> : \u00ab\u00a0<strong>Vous savez tous quand Il est l\u00e0 et quand Il n\u2019y est pas !<\/strong> Vous savez tous quand Il est dans le focolare, dans les noyaux et dans les rassemblements. Qu&#8217;est-ce que ce \u2018\u2019savoir\u2019\u2019\u00a0? Vous le sentez, <strong>vous<\/strong> <strong>le sentez avec les sens de l&#8217;\u00e2me <\/strong>qu&#8217;Il est pr\u00e9sent ou qu&#8217;Il n&#8217;y est pas. Et pourquoi le sentez-vous ? Parce que notre chemin est un chemin asc\u00e9tique et mystique en m\u00eame temps. Qu&#8217;est-ce que cela veut dire ? Asc\u00e9tique signifie qu&#8217;il exige l&#8217;effort de l&#8217;homme, car nous, pour avoir J\u00e9sus au milieu de nous, nous devons nous aimer, pr\u00eats \u00e0 mourir pour l&#8217;autre ; cependant, si l&#8217;Eucharistie ne vient pas le sceller, faire l&#8217;unit\u00e9 et faire en sorte que le Christ soit au milieu de nous, il n&#8217;y a pas d&#8217;unit\u00e9. Notre chemin est donc asc\u00e9tique parce qu&#8217;il y a notre effort et mystique parce qu&#8217;il y a l&#8217;aide de Dieu qui, par l&#8217;Eucharistie, envoie une gr\u00e2ce et donc il y a l&#8217;unit\u00e9 et il y a J\u00e9sus au milieu de nous.<br \/>\nDonc, si vous ressentez quand Il est l\u00e0 et quand Il n\u2019y est pas, vous \u00eates des asc\u00e8tes et vous \u00eates des petits mystiques. C&#8217;est comme cela, c&#8217;est comme cela. [&#8230;] Je me suis rendue compte qu&#8217;avec le focolare ou avec les noyaux ou avec les unit\u00e9s Gen, etc., \u2026 ayant J\u00e9sus au milieu de vous, vous ne faiblissez jamais car il vous suffit de maintenir ce feu toujours allum\u00e9 avec votre amour pour l&#8217;autre, avec votre amour&#8230; jusqu&#8217;\u00e0 mourir, alors vous ne faiblissez jamais. Voyez, cette force nouvelle qui renforce votre volont\u00e9 \u2013 alors qu&#8217;auparavant vous ne l\u2019aviez pas \u00a0\u2013 elle vient pr\u00e9cis\u00e9ment des dons de l&#8217;Esprit, en la pr\u00e9sence de Dieu. Ce sont les dons de l&#8217;Esprit, qui sont&#8230; <strong>Quels sont les dons de l&#8217;Esprit ? C\u2019est l&#8217;atmosph\u00e8re du Ciel<\/strong> [\u2026]<strong>.<\/strong> <span style=\"color: #0000ff;\"><a style=\"color: #0000ff;\" href=\"#_ftn3\" name=\"_ftnref3\">[3]<\/a> <\/span><\/em><\/p>\n<p><strong><span style=\"color: #ff6600;\"> B) Objectifs de la rencontre Gen4<\/span><\/strong><\/p>\n<p>&#8211; D\u00e9couvrir la pr\u00e9sence de J\u00e9sus dans l\u2019Eucharistie<\/p>\n<p>&#8211; Conna\u00eetre et faire l\u2019exp\u00e9rience de J\u00e9sus au milieu de nous par l\u2019amour r\u00e9ciproque<\/p>\n<p><strong><span style=\"color: #ff6600;\">C) Contenus de la rencontre Gen4: des gouttes de lumi\u00e8re tir\u00e9es de l\u2019Ecriture Sainte <\/span><\/strong><strong><span style=\"color: #ff6600;\">et de la spiritualit\u00e9 (R\u00e9ponses de Chiara)<\/span><\/strong><\/p>\n<p><span style=\"color: #ff6600;\"><strong>L\u2019\u00c9criture Sainte: <\/strong><\/span><\/p>\n<p><strong>L\u2019\u00e9pisode du dernier Repas<\/strong>: les cadeaux du Jeudi saint. Parler en particulier de l&#8217;Eucharistie et de l&#8217;amour r\u00e9ciproque (cet \u00e9pisode concerne ces deux pr\u00e9sences).<strong><span style=\"color: #008000;\"> (Annexe C1)<\/span><\/strong><\/p>\n<p><strong>L\u2019\u00e9pisode de la R\u00e9surrection :<\/strong> J\u00e9sus reste parmi nous si nous nous aimons les uns les autres. <strong><span style=\"color: #008000;\">(Annexe C2)<\/span><\/strong><\/p>\n<p><span style=\"color: #ff6600;\"><strong>La spiritualit\u00e9 :<\/strong><\/span><\/p>\n<p><strong>R\u00e9ponse de Chiara <span style=\"color: #008000;\">(Annexe C3)\u00a0<\/span><\/strong><\/p>\n<p><strong><u>La pr\u00e9sence de J\u00e9sus dans l&#8217;Eucharistie<\/u><\/strong><\/p>\n<p><strong>Une Gen 4\u00a0:<\/strong> \u00ab\u00a0Ciao, Chiara\u00a0! Je te pose cette question \u00e0 la place de Valentina\u00a0: <em>\u2018\u2019Ch\u00e8re Chiara, je ne vais pas tr\u00e8s volontiers \u00e0 la messe parce que je ne la comprends pas. Chiara, pourrais-tu m&#8217;expliquer comment tu as fait pour aimer la messe\u00a0?\u2019\u2019<\/em>\u00a0\u00bb <span style=\"color: #0000ff;\"><a style=\"color: #0000ff;\" href=\"#_ftn4\" name=\"_ftnref4\">[4]<\/a><\/span><\/p>\n<p><strong>Chiara\u00a0:<\/strong> [\u2026] A pr\u00e9sent, il y a quelque chose d\u2019un peu plus long, je dois vous raconter une histoire un peu plus longue [\u2026] Elle m&#8217;a dit\u00a0: \u00ab\u00a0<em>Je ne vais pas tr\u00e8s volontiers \u00e0 la messe parce que je ne la comprends pas<\/em>\u00a0\u00bb. Et je comprends qu&#8217;elle ne la comprenne pas. Je dois donc vous expliquer ce qu&#8217;est la messe. La messe, Gen, cest vraiment J\u00e9sus qui renouvelle sur la croix sa passion, sa mort et sa r\u00e9surrection.<\/p>\n<p>Maintenant je vous raconte l\u2019histoire. Il y avait un homme \u00e2g\u00e9, allemand, qui venait d&#8217;Autriche ou d&#8217;Allemagne. C&#8217;\u00e9tait un pr\u00eatre. Ce pr\u00eatre voulait aller \u00e0 Rome car il d\u00e9sirait faire un p\u00e8lerinage en faisant de nombreuses p\u00e9nitences. Il voulait donc y aller \u00e0 pied. Mais il \u00e9tait vieux\u00a0: il avait les cheveux tout blancs et \u00e9tait vout\u00e9. Quand, apr\u00e8s de nombreux jours, il est arriv\u00e9 pr\u00e8s de Rome, c&#8217;est-\u00e0-dire \u00e0 Bolsena \u2013 ce lieu s&#8217;appelle Bolsena\u00a0\u2013 il a demand\u00e9 \u00e0 c\u00e9l\u00e9brer la messe avant de repartir pour Rome. Mais, durant la messe, probablement \u00e0 cause de la fatigue, il a un doute\u00a0: \u00ab\u00a0<em>Est-ce vrai que, sur l&#8217;autel, J\u00e9sus est vraiment pr\u00e9sent\u00a0? Est-ce vrai que, sur l&#8217;autel, il y a le corps de J\u00e9sus et le sang de J\u00e9sus\u00a0?<\/em>\u00a0\u00bb<\/p>\n<p>En sentant ce doute en lui, alors qu&#8217;il ne l&#8217;avait jamais eu auparavant \u2013 car ayant la foi, il avait toujours cru \u2013 il a commenc\u00e9 \u00e0 transpirer, \u00e0 pleurer, \u00e0 trembler tout entier et il n&#8217;arrivait plus \u00e0 continuer \u00e0 dire la messe parce qu&#8217;il avait ce doute, ce doute. Les personnes qui assistaient \u00e0 la messe disaient\u00a0: \u00ab\u00a0<em>Il est malade, le pr\u00eatre est malade\u00a0! Il n&#8217;arrive plus \u00e0 continuer la messe<\/em>\u00a0\u00bb. Mais lui, de toutes ses forces, priait J\u00e9sus et lui disait\u00a0: \u00ab\u00a0<em>Pardonne-moi car j&#8217;ai ce doute. Pardonne-moi, aie piti\u00e9 de moi. Cependant, si tu veux, donne-moi un signe qui me prouve que tu es vraiment pr\u00e9sent ici, avec ton sang et que tu es l\u00e0\u00a0\u00bb<\/em>. Et il priait. Il a donc dit la messe. Il a fait la cons\u00e9cration, il a r\u00e9cit\u00e9 le &#8220;Notre P\u00e8re&#8221;, puis\u2026 &#8220;l&#8217;Agneau de Dieu&#8221; \u2013 vous l&#8217;apprendrez \u2013 et il arrive au moment o\u00f9 il devait rompre le pain pour pouvoir communier.<\/p>\n<p>Vous savez que les pr\u00eatres mettent des nappes sur l&#8217;autel. Et il y a une petite serviette qu\u2019on appelle \u2018\u2019le corporal\u2019\u2019 car justement on pose dessus le Corps du Christ. Au moment o\u00f9 il s&#8217;appr\u00eate \u00e0 rompre le pain, \u00e0 rompre l&#8217;hostie, que se passe-t-il\u00a0? Des gouttes de sang sortent de l&#8217;hostie, de nombreuses gouttes de sang coulent, tachent le corporal, transparaissent aussi de l&#8217;autre c\u00f4t\u00e9 de l&#8217;hostie et tombent m\u00eame par terre. Il comprend tout de suite que c&#8217;est le signe\u00a0: \u00ab\u00a0<em>Alors, l\u00e0, J\u00e9sus est vraiment pr\u00e9sent, c\u2019est vraiment J\u00e9sus<\/em>\u00a0\u00bb. Il essaie donc de cacher le sang, de ne pas le faire voir car toutes les personnes regardaient. Mais d\u00e9sormais on voyait le sang partout. Il a donc pens\u00e9\u00a0: \u00ab\u00a0<em>Il vaut mieux que je dise tout<\/em>\u00a0\u00bb. Alors il a dit\u00a0: \u00ab\u00a0<em>Chers paroissiens, je vous avoue que j&#8217;avais un doute terrible. J&#8217;ai p\u00e9ch\u00e9 parce que j&#8217;avais ce doute terrible que J\u00e9sus ne soit pas pr\u00e9sent ici. Je lui ai cependant demand\u00e9 sa mis\u00e9ricorde, un signe, j\u2019ai demand\u00e9 un signe. Et J\u00e9sus me l&#8217;a donn\u00e9. Il m&#8217;a fait voir son sang dans son corps\u00a0<\/em>\u00bb.<\/p>\n<p>Alors, les personnes se sont misent \u00e0 adorer J\u00e9sus pr\u00e9sent dans son corps, dans l&#8217;hostie. Ils sont all\u00e9s le dire \u00e0 tout le monde et les personnes ont accouru de tous les villages. L&#8217;\u00e9v\u00eaque, qui \u00e9tait \u00e0 Orvieto, une ville assez proche, l&#8217;a appris et a dit\u00a0: \u00ab\u00a0Nous devons tout de suite amener le Saint-Sacrement \u2013 c&#8217;est-\u00e0-dire le corps de J\u00e9sus ensanglant\u00e9 \u2013 nous devons l\u2019amener ici \u00e0 Orvieto, dans la ville principale\u00a0\u00bb.<\/p>\n<p>Alors, le pr\u00eatre, un autre pr\u00eatre, a pris le corps de J\u00e9sus et, sous un baldaquin, port\u00e9 par plusieurs personnes, il a port\u00e9 le corps de J\u00e9sus en procession jusqu&#8217;\u00e0 Orvieto. Tous les enfants des villages venaient et jetaient des fleurs des balcons, et jettaient les fleurs de par terre sur J\u00e9sus pour lui faire f\u00eate. Ils se mettaient des habits lumineux et color\u00e9s. Les enfants plus petits \u00e9taient tous autour de J\u00e9sus, habill\u00e9s en petits anges et dansaient, pour le f\u00eater, lui faire une grande f\u00eate.<\/p>\n<p>Cela s&#8217;est pass\u00e9 \u00e0 Bolsena. J\u00e9sus est donc vraiment pr\u00e9sent durant la messe. Mais quand vous serez plus grands, Gen4, vous comprendrez beaucoup d&#8217;autres choses. (Appl.)<\/p>\n<p><strong><u>La pr\u00e9sence de J\u00e9sus parmi nous si nous nous aimons les uns les autres<\/u><\/strong><\/p>\n<p><strong><em>\u00ab\u00a0J\u00e9sus est ressuscit\u00e9 ! Il reste parmi nous si nous nous aimons les uns les autres\u00a0\u00bb. Chiara <\/em><\/strong>(C. Lubich, dans Journal Gen4, n\u00b0 3-4 mars-avril 1981, p.5)<\/p>\n<p><strong>R\u00e9ponse de Chiara:<\/strong><\/p>\n<p><strong>Une Gen4\u00a0: <\/strong><strong>\u00ab\u00a0Je suis Ga\u00eblle et je te pose cette question de la part d&#8217;Annabelle de Fontem. Comment pouvons-nous faire pour avoir J\u00e9sus au milieu de nous ?\u00a0\u00bb <\/strong><span style=\"color: #0000ff;\"><a style=\"color: #0000ff;\" href=\"#_ftn5\" name=\"_ftnref5\">[5]<\/a><\/span><\/p>\n<p><strong>Chiara :<\/strong> (&#8230;) Ce qu&#8217;il faut, c&#8217;est s&#8217;aimer. Mais ce n&#8217;est pas suffisant que j&#8217;aime l&#8217;autre, il faut aussi que l&#8217;autre m&#8217;aime \u00e0 son tour. On dit que c&#8217;est un amour r\u00e9ciproque, c&#8217;est-\u00e0-dire qui va et qui vient des deux c\u00f4t\u00e9s. C&#8217;est un amour qui doit \u00eatre tr\u00e8s concret. Il ne faut pas dire : je t&#8217;aime, je t&#8217;aime, non, non ! Si l&#8217;autre a besoin d&#8217;aide, il faut l&#8217;aider, comme nous le faisions avec la dame \u00e2g\u00e9e (ndlr\u00a0: pendant la guerre). Si l&#8217;autre pleure, nous devons l&#8217;aider, \u00e9couter ce qu\u2019il a pour partager avec lui sa souffrance. S&#8217;il est content, parce que c&#8217;est son anniversaire et que ses parents lui font f\u00eate, nous aussi nous devons \u00eatre heureux avec lui et lui faire f\u00eate. Il faut s&#8217;aimer les uns les autres.<\/p>\n<p>Voil\u00e0 quelques exemples de fa\u00e7on d&#8217;aimer. Le premier exemple, c&#8217;est l\u00e0-haut. Vous voyez un petit gar\u00e7on, tr\u00e8s petit, qui aime une petite fille, celle qui a une poup\u00e9e dans sa main. Elle lui donne, elle lui fait un petit cadeau. Elle lui fait ce petit cadeau parce qu&#8217;elle l&#8217;aime bien\u00a0: c&#8217;est un amour concret, ce n&#8217;est pas un amour avec des mots, elle lui donne quelque chose de concret.<\/p>\n<p>Le deuxi\u00e8me dessin est celui-ci, tr\u00e8s beau, tr\u00e8s beau, tr\u00e8s beau\u00a0: il y a un petit gar\u00e7on celui un peu plus grand, qui a la casquette rose, qui voit un petit gar\u00e7on plus petit \u2013 peut-\u00eatre un Gen5 \u2013 qui pleure. Alors, avec son mouchoir, il va lui essuyer ses larmes parce qu&#8217;il l&#8217;aime s\u00e9rieusement, concr\u00e8tement, en faisant quelque chose pour lui, pas seulement avec des mots.<\/p>\n<p>Et puis, l\u00e0, vous voyez un grand-p\u00e8re en train de lire, un livre peut-\u00eatre. Et arrive une petite fille, sans doute une Gen4, qui lui apporte une tasse de th\u00e9. Et ce grand-p\u00e8re \u2014 vous voyez ses yeux \u2014 est vraiment tr\u00e8s surpris que cette petite fille soit si gentille. Il ne le sait pas, mais c&#8217;est une Gen4.<\/p>\n<p>Puis, l\u00e0, il y a une petite fille, celle qui a des couettes, en train de lire quelque chose \u00e0 une Gen5, car la Gen5 ne sait pas encore lire, mais elle, oui. L\u00e0 aussi, vous voyez, elle fait quelque chose de concret. Elle ne dit pas seulement \u00ab\u00a0Je t&#8217;aime bien\u00a0\u00bb. Elle fait, elle fait quelque chose.<\/p>\n<p>&nbsp;<\/p>\n<p><strong><span style=\"color: #ff6600;\">D) Conseils et autre mat\u00e9riel pour la conduite de la rencontre <\/span><span style=\"color: #008000;\">(Annexes D)<\/span><\/strong><\/p>\n<p><strong><span style=\"color: #008000;\"><span style=\"color: #000000;\">___________________________________________________________________________________________<\/span><\/span><\/strong><\/p>\n<p><span style=\"font-size: 14px;\"><span style=\"color: #0000ff;\"><a style=\"color: #0000ff;\" href=\"#_ftnref1\" name=\"_ftn1\">[1]<\/a> <\/span>Cf. C. Lubich, Castel Gandolfo, 16 f\u00e9vrier 2004, aux \u00c9v\u00eaques amis du Mouvement des Focolari, \u00ab\u00a0<em>L&#8217;union avec Dieu\u00a0\u00bb<\/em><\/span><\/p>\n<p><span style=\"font-size: 14px;\"><span style=\"color: #0000ff;\"><a style=\"color: #0000ff;\" href=\"#_ftnref2\" name=\"_ftn2\">[2]<\/a><\/span> Cf. C. Lubich, T\u00e9l\u00e9r\u00e9union CH, Mariapolis Luminosa, 24 mai 1990, \u00ab\u00a0<em>Vivre le \u2019\u2018D\u00e9j\u00e0\u2019\u2019\u00a0\u00bb<\/em> (publi\u00e9 dans: C. Lubich, Santi insieme, Roma 1995 , (\u00e9d.: 1994), p. 35-38)<\/span><\/p>\n<p><span style=\"font-size: 14px;\"><span style=\"color: #0000ff;\"><a style=\"color: #0000ff;\" href=\"#_ftnref3\" name=\"_ftn3\">[3]<\/a><\/span> Cf. C. Lubich, Castel Gandolfo, 4 janvier 2004, aux focolarini\/es, <em>\u201cL&#8217;union avec Dieu se sent, se per\u00e7oit &#8211; La culture de la R\u00e9surrection\u201d<\/em><\/span><\/p>\n<p><span style=\"font-size: 14px;\"><span style=\"color: #0000ff;\"><a style=\"color: #0000ff;\" href=\"#_ftnref4\" name=\"_ftn4\">[4]<\/a> <\/span>C. Lubich, Castel Gandolfo, 28 avril 1992, au Congr\u00e8s Gen4,\u00a0 R\u00e9ponse 5-a<\/span><\/p>\n<p><span style=\"font-size: 14px;\"><span style=\"color: #0000ff;\"><a style=\"color: #0000ff;\" href=\"#_ftnref5\" name=\"_ftn5\">[5]<\/a> <\/span>C. Lubich, Castel Gandolfo, 7 Juin 1998, au Congr\u00e8s Gen4,\u00a0 R\u00e9ponse 2-a<\/span><\/p>\n<p>&nbsp;<\/p>\n","protected":false},"excerpt":{"rendered":"<p>\u00a0J\u00e9sus est toujours avec nous \u00ab\u00a0L&#8217;atmosph\u00e8re du Ciel\u00a0\u00bb &nbsp; A) Pour &#8230; <\/p>\n","protected":false},"author":486,"featured_media":17500,"comment_status":"closed","ping_status":"closed","template":"page.php","meta":{"__wpdm_changelog":[]},"wpdmcategory":[493],"wpdmtag":[],"class_list":["post-12792","wpdmpro","type-wpdmpro","status-publish","has-post-thumbnail","hentry","wpdmcategory-aujourdhui-jai-decouvert-le-ciel-lunion-avec-dieu-et-la-priere-2022-2023"],"_links":{"self":[{"href":"https:\/\/gen4.focolare.org\/en\/wp-json\/wp\/v2\/wpdmpro\/12792","targetHints":{"allow":["GET"]}}],"collection":[{"href":"https:\/\/gen4.focolare.org\/en\/wp-json\/wp\/v2\/wpdmpro"}],"about":[{"href":"https:\/\/gen4.focolare.org\/en\/wp-json\/wp\/v2\/types\/wpdmpro"}],"author":[{"embeddable":true,"href":"https:\/\/gen4.focolare.org\/en\/wp-json\/wp\/v2\/users\/486"}],"replies":[{"embeddable":true,"href":"https:\/\/gen4.focolare.org\/en\/wp-json\/wp\/v2\/comments?post=12792"}],"wp:featuredmedia":[{"embeddable":true,"href":"https:\/\/gen4.focolare.org\/en\/wp-json\/wp\/v2\/media\/17500"}],"wp:attachment":[{"href":"https:\/\/gen4.focolare.org\/en\/wp-json\/wp\/v2\/media?parent=12792"}],"wp:term":[{"taxonomy":"wpdmcategory","embeddable":true,"href":"https:\/\/gen4.focolare.org\/en\/wp-json\/wp\/v2\/wpdmcategory?post=12792"},{"taxonomy":"wpdmtag","embeddable":true,"href":"https:\/\/gen4.focolare.org\/en\/wp-json\/wp\/v2\/wpdmtag?post=12792"}],"curies":[{"name":"wp","href":"https:\/\/api.w.org\/{rel}","templated":true}]}}