{"id":19957,"date":"2024-04-19T09:17:32","date_gmt":"2024-04-19T07:17:32","guid":{"rendered":"https:\/\/gen4.focolare.org\/?post_type=wpdmpro&#038;p=19957"},"modified":"2025-02-26T15:36:25","modified_gmt":"2025-02-26T14:36:25","slug":"llamados-y-enviados-3-3-una-luz-que-ha-llegado-a-muchos-en-todo-el-mundo","status":"publish","type":"wpdmpro","link":"https:\/\/gen4.focolare.org\/en\/download\/llamados-y-enviados-3-3-una-luz-que-ha-llegado-a-muchos-en-todo-el-mundo\/","title":{"rendered":"Llamados y enviados 3\/3: \u00a1Una luz que ha llegado a muchos en todo el mundo!"},"content":{"rendered":"<p style=\"font-weight: 400; text-align: center;\"><span style=\"color: #ff0000;\"><strong>ETAPA 3 \u00a0 \u00a0 \u00a0<\/strong><\/span><\/p>\n<p style=\"font-weight: 400; text-align: center;\"><span style=\"font-size: 19px;\"><span style=\"color: #ff0000;\"><strong>\u00a0<\/strong><\/span><strong style=\"color: #ff0000;\">\u00a1Una luz que ha llegado a muchos en todo el mundo!<\/strong><\/span><\/p>\n<p>&nbsp;<\/p>\n<p style=\"font-weight: 400;\"><span style=\"color: #0000ff;\"><strong>Objetivos:<\/strong><\/span><\/p>\n<ul>\n<li>\n<p style=\"font-weight: 400;\">Descubrir que el amor ilumina al que est\u00e1 cerca de nosotros;<\/p>\n<\/li>\n<li>\n<p style=\"font-weight: 400;\">descubrir c\u00f3mo hacer nuestra parte para llevar, junto con Jes\u00fas, la luz al mundo.<\/p>\n<\/li>\n<\/ul>\n<p style=\"font-weight: 400;\"><strong>\u00a0<\/strong><span style=\"color: #0000ff;\"><strong>Contenidos:<\/strong><\/span><\/p>\n<ul>\n<li>\n<p style=\"font-weight: 400;\">\u00a0Las caracter\u00edsticas del amor de Dios: luz que atrae y luz para compartirla;<\/p>\n<\/li>\n<li>\n<p style=\"font-weight: 400;\">la importancia de ser un don de amor para los dem\u00e1s y de acoger el don del otro.<\/p>\n<\/li>\n<\/ul>\n<p style=\"font-weight: 400;\"><span style=\"color: #0000ff;\"><strong>\u00a0<\/strong><strong>Fragmento del video: Chiara y nosotros Gen4 &#8211; \u00a0Respuestas de Chiara <\/strong><\/span><span style=\"color: #008000;\"><b><span lang=\"ES\">[anexo 1]<\/span><\/b><\/span><\/p>\n<p style=\"font-weight: 400;\"><strong>\u00a0\u201cChiara, \u00bfc\u00f3mo conseguiste t\u00fa, con pocas compa\u00f1eras, llevar la unidad a todo el mundo?<\/strong> (Castel Gandolfo (Italia), 18\/6\/1988, Respuestas de Chiara en el Congreso Gen4: pregunta n. 2)<\/p>\n<p style=\"font-weight: 400;\"><strong>\u00abChiara, si mueres, \u00bfqu\u00e9 piensas que suceder\u00e1 en el mundo que durante muchos a\u00f1os has incendiado? \u00bfSe apagar\u00e1 esta llama o piensas que se quedar\u00e1 encendida? \u00bfQui\u00e9n la llevar\u00e1 adelante?\u00bb<\/strong> (Loppiano (Italia), 5\/05\/1989, Chiara responde a los ciudadanos de la ciudadela: pregunta n. 6)<\/p>\n<p style=\"font-weight: 400;\"><strong>Conclusi\u00f3n:<\/strong><\/p>\n<p style=\"font-weight: 400;\"><strong>\u201cId por todo el mundo y anunciad el Evangelio a todas las criaturas\u201d. (Mc 16,15)<\/strong><\/p>\n<p style=\"font-weight: 400;\"><strong>Rocca di Papa, 14\/06\/2007 \u2013 mensaje a Gen4<\/strong> (C. Lubich, <em>Mensaje a los Gen4<\/em>, <em>publicado en la revista Gen4<\/em>, n. 7-8 (julio-agosto-septiembre) 2007, pag.2)<\/p>\n<p style=\"font-weight: 400;\">Queridos Gen 4, aunque son peque\u00f1os Jes\u00fas los ama mucho, m\u00e1s a\u00fan, ustedes son sus predilectos. Y Jes\u00fas les puso en el coraz\u00f3n la cosa m\u00e1s grande que existe: el Amor.Amen, y cuanto m\u00e1s amen, m\u00e1s crecer\u00e1 el amor en ustedes. Amen en casa, en la escuela, a los amigos y a los enemigos, y el amor invadir\u00e1 el mundo. <strong>Estoy con ustedes para llevar el amor a todos. Chiara<\/strong><\/p>\n<p style=\"font-weight: 400;\"><span style=\"color: #0000ff;\"><strong>Sagrada Escritura:<\/strong><\/span><\/p>\n<p style=\"font-weight: 400;\">Para ir en profundidad: descubramos qu\u00e9 hicieron los primeros cristianos para llevar y difundir el mensaje de Jes\u00fas. El cuidado que ten\u00edan los primeros cristianos al amar y servir a los m\u00e1s necesitados. La valent\u00eda de amar hasta el final. La difusi\u00f3n del mensaje evang\u00e9lico. Tambi\u00e9n a san Pablo lo \u201carroll\u00f3\u201d la luz, respondi\u00f3 a este amor y quiso llevarlo a todos.<\/p>\n<p style=\"font-weight: 400;\"><span style=\"color: #0000ff;\"><strong>Episodios: <\/strong><\/span><\/p>\n<ul>\n<li><strong style=\"font-weight: 400;\"><strong>El martirio de san Esteban<\/strong>: ser amigos de Jes\u00fas tambi\u00e9n cuando es dif\u00edcil. <strong><span style=\"color: #008000;\">[anexo 2<\/span>\u00a0&#8211; <\/strong><span style=\"color: #ff0000;\"><strong>EN ELABORACI\u00d3N]<\/strong><\/span><\/strong><\/li>\n<li style=\"font-weight: 400;\"><strong>San Pablo y la difusi\u00f3n del Evangelio hasta el cumplimiento de los \u201ccielos nuevos y tierras nuevas\u201d:<\/strong> demos a conocer a muchos la vida tra\u00edda por Jes\u00fas y que no terminar\u00e1 nunca.\u00a0<strong><span style=\"color: #008000;\">[anexo 3<\/span>\u00a0&#8211; <\/strong><span style=\"color: #ff0000;\"><strong>EN ELABORACI\u00d3N]<\/strong><\/span><\/li>\n<\/ul>\n<p style=\"font-weight: 400;\">\n","protected":false},"excerpt":{"rendered":"<p>ETAPA 3 \u00a0 \u00a0 \u00a0 \u00a0\u00a1Una luz que ha llegado a &#8230; <\/p>\n","protected":false},"author":57,"featured_media":19578,"comment_status":"closed","ping_status":"closed","template":"page.php","meta":{"__wpdm_changelog":[]},"wpdmcategory":[532],"wpdmtag":[],"class_list":["post-19957","wpdmpro","type-wpdmpro","status-publish","has-post-thumbnail","hentry","wpdmcategory-llevar-mi-amor-a-todos-llamados-y-enviados-2023-2024"],"_links":{"self":[{"href":"https:\/\/gen4.focolare.org\/en\/wp-json\/wp\/v2\/wpdmpro\/19957","targetHints":{"allow":["GET"]}}],"collection":[{"href":"https:\/\/gen4.focolare.org\/en\/wp-json\/wp\/v2\/wpdmpro"}],"about":[{"href":"https:\/\/gen4.focolare.org\/en\/wp-json\/wp\/v2\/types\/wpdmpro"}],"author":[{"embeddable":true,"href":"https:\/\/gen4.focolare.org\/en\/wp-json\/wp\/v2\/users\/57"}],"replies":[{"embeddable":true,"href":"https:\/\/gen4.focolare.org\/en\/wp-json\/wp\/v2\/comments?post=19957"}],"wp:featuredmedia":[{"embeddable":true,"href":"https:\/\/gen4.focolare.org\/en\/wp-json\/wp\/v2\/media\/19578"}],"wp:attachment":[{"href":"https:\/\/gen4.focolare.org\/en\/wp-json\/wp\/v2\/media?parent=19957"}],"wp:term":[{"taxonomy":"wpdmcategory","embeddable":true,"href":"https:\/\/gen4.focolare.org\/en\/wp-json\/wp\/v2\/wpdmcategory?post=19957"},{"taxonomy":"wpdmtag","embeddable":true,"href":"https:\/\/gen4.focolare.org\/en\/wp-json\/wp\/v2\/wpdmtag?post=19957"}],"curies":[{"name":"wp","href":"https:\/\/api.w.org\/{rel}","templated":true}]}}