{"id":20518,"date":"2024-06-17T14:23:00","date_gmt":"2024-06-17T12:23:00","guid":{"rendered":"https:\/\/gen4.focolare.org\/?post_type=wpdmpro&#038;p=20518"},"modified":"2024-06-17T14:23:00","modified_gmt":"2024-06-17T12:23:00","slug":"jornada-mundial-dos-meninos-e-meninas_2024","status":"publish","type":"wpdmpro","link":"https:\/\/gen4.focolare.org\/en\/download\/jornada-mundial-dos-meninos-e-meninas_2024\/","title":{"rendered":"Jornada Mundial dos Meninos e Meninas_2024"},"content":{"rendered":"<p style=\"text-align: center;\"><span style=\"color: #e94e1b;\">\u201cEIS, QUE EU FA\u00c7O NOVAS TODAS AS COISAS\u201d<\/span><\/p>\n<p>Este foi o tema central da primeira Jornada Mundial dos Meninos e Meninas, anunciado pelo Papa Francisco, que decorreu no dia 25 e 26 de maio de 2024. <strong>Foram dois os momentos centrais<\/strong>: o d<span style=\"color: #e94e1b;\">i\u00e1logo com o Papa no Est\u00e1dio Ol\u00edmpico<\/span>, no S\u00e1bado \u00e0 tarde, e a <span style=\"color: #e94e1b;\">Missa na Pra\u00e7a de S\u00e3o Pedro<\/span>, no Domingo de manh\u00e3.<\/p>\n<div id='gallery-1' class='gallery galleryid-20518 gallery-columns-3 gallery-size-thumbnail'><figure class='gallery-item'>\n\t\t\t<div class='gallery-icon landscape'>\n\t\t\t\t<a href='https:\/\/gen4.focolare.org\/wp-content\/uploads\/2024\/06\/DSC4910-scaled.jpg'><img decoding=\"async\" width=\"150\" height=\"150\" src=\"https:\/\/gen4.focolare.org\/wp-content\/uploads\/2024\/06\/DSC4910-150x150.jpg\" class=\"attachment-thumbnail size-thumbnail\" alt=\"DSC4910 150x150\" srcset=\"https:\/\/gen4.focolare.org\/wp-content\/uploads\/2024\/06\/DSC4910-150x150.jpg 150w, https:\/\/gen4.focolare.org\/wp-content\/uploads\/2024\/06\/DSC4910-600x600.jpg 600w\" sizes=\"auto, (max-width: 150px) 100vw, 150px\" loading=\"lazy\" \/><\/a>\n\t\t\t<\/div><\/figure><figure class='gallery-item'>\n\t\t\t<div class='gallery-icon landscape'>\n\t\t\t\t<a href='https:\/\/gen4.focolare.org\/wp-content\/uploads\/2024\/06\/DSC5232-scaled.jpg'><img decoding=\"async\" width=\"150\" height=\"150\" src=\"https:\/\/gen4.focolare.org\/wp-content\/uploads\/2024\/06\/DSC5232-150x150.jpg\" class=\"attachment-thumbnail size-thumbnail\" alt=\"DSC5232 150x150\" srcset=\"https:\/\/gen4.focolare.org\/wp-content\/uploads\/2024\/06\/DSC5232-150x150.jpg 150w, https:\/\/gen4.focolare.org\/wp-content\/uploads\/2024\/06\/DSC5232-600x600.jpg 600w\" sizes=\"auto, (max-width: 150px) 100vw, 150px\" loading=\"lazy\" \/><\/a>\n\t\t\t<\/div><\/figure><figure class='gallery-item'>\n\t\t\t<div class='gallery-icon landscape'>\n\t\t\t\t<a href='https:\/\/gen4.focolare.org\/wp-content\/uploads\/2024\/06\/DSC5224-scaled.jpg'><img decoding=\"async\" width=\"150\" height=\"150\" src=\"https:\/\/gen4.focolare.org\/wp-content\/uploads\/2024\/06\/DSC5224-150x150.jpg\" class=\"attachment-thumbnail size-thumbnail\" alt=\"DSC5224 150x150\" srcset=\"https:\/\/gen4.focolare.org\/wp-content\/uploads\/2024\/06\/DSC5224-150x150.jpg 150w, https:\/\/gen4.focolare.org\/wp-content\/uploads\/2024\/06\/DSC5224-600x600.jpg 600w\" sizes=\"auto, (max-width: 150px) 100vw, 150px\" loading=\"lazy\" \/><\/a>\n\t\t\t<\/div><\/figure><figure class='gallery-item'>\n\t\t\t<div class='gallery-icon portrait'>\n\t\t\t\t<a href='https:\/\/gen4.focolare.org\/wp-content\/uploads\/2024\/06\/WhatsApp-Image-2024-05-26-at-18.19.21-2.jpeg'><img decoding=\"async\" width=\"150\" height=\"150\" src=\"https:\/\/gen4.focolare.org\/wp-content\/uploads\/2024\/06\/WhatsApp-Image-2024-05-26-at-18.19.21-2-150x150.jpeg\" class=\"attachment-thumbnail size-thumbnail\" alt=\"WhatsApp Image 2024 05 26 at 18 19 21 2 150x150\" loading=\"lazy\" \/><\/a>\n\t\t\t<\/div><\/figure><figure class='gallery-item'>\n\t\t\t<div class='gallery-icon landscape'>\n\t\t\t\t<a href='https:\/\/gen4.focolare.org\/wp-content\/uploads\/2024\/06\/12.jpeg'><img decoding=\"async\" width=\"150\" height=\"150\" src=\"https:\/\/gen4.focolare.org\/wp-content\/uploads\/2024\/06\/12-150x150.jpeg\" class=\"attachment-thumbnail size-thumbnail\" alt=\"12 150x150\" srcset=\"https:\/\/gen4.focolare.org\/wp-content\/uploads\/2024\/06\/12-150x150.jpeg 150w, https:\/\/gen4.focolare.org\/wp-content\/uploads\/2024\/06\/12-600x600.jpeg 600w\" sizes=\"auto, (max-width: 150px) 100vw, 150px\" loading=\"lazy\" \/><\/a>\n\t\t\t<\/div><\/figure><figure class='gallery-item'>\n\t\t\t<div class='gallery-icon landscape'>\n\t\t\t\t<a href='https:\/\/gen4.focolare.org\/wp-content\/uploads\/2024\/06\/DSC6738-scaled.jpg'><img decoding=\"async\" width=\"150\" height=\"150\" src=\"https:\/\/gen4.focolare.org\/wp-content\/uploads\/2024\/06\/DSC6738-150x150.jpg\" class=\"attachment-thumbnail size-thumbnail\" alt=\"DSC6738 150x150\" srcset=\"https:\/\/gen4.focolare.org\/wp-content\/uploads\/2024\/06\/DSC6738-150x150.jpg 150w, https:\/\/gen4.focolare.org\/wp-content\/uploads\/2024\/06\/DSC6738-600x600.jpg 600w\" sizes=\"auto, (max-width: 150px) 100vw, 150px\" loading=\"lazy\" \/><\/a>\n\t\t\t<\/div><\/figure>\n\t\t<\/div>\n\n<p>Uma multid\u00e3o de crian\u00e7as e adolescentes com os seus acompanhantes (mais de 50.000 pessoas) \u201ccoloriram\u201d as bancadas do Est\u00e1dio Ol\u00edmpico, dando in\u00edcio ao programa com um desfile de mais de uma centena de delega\u00e7\u00f5es, em trajes tradicionais. \u00c0 sua chegada, o Papa foi acolhido pelos organizadores da Jornada, acompanhados por cinco crian\u00e7as, uma de cada continente, que o saudaram na pr\u00f3pria l\u00edngua materna.<\/p>\n<p>E com estas palavras o Papa Francisco iniciou o di\u00e1logo com todos: \u201cAqui estamos! Aqui estamos! Come\u00e7ou a aventura da JMC, a Jornada Mundial das Crian\u00e7as.\u201d<\/p>\n<p>Desde que chegou a not\u00edcia desta convoca\u00e7\u00e3o do Santo Padre, percebemos que dever\u00edamos aproveitar esta oportunidade para permitir que muitas crian\u00e7as do nosso Movimento pudessem participar neste evento. Assim, estendemos o convite \u00e0s crian\u00e7as de todo o mundo e, mesmo se as dificuldades em participar foram muitas, foi para n\u00f3s uma grande alegria v\u00ea-las chegar de v\u00e1rios pa\u00edses do Leste europeu (Cro\u00e1cia, Eslov\u00e9nia, Eslov\u00e1quia e Maced\u00f3nia), de Portugal, da Espanha, da B\u00e9lgica, mas tamb\u00e9m da Nig\u00e9ria, do Brasil, e at\u00e9, para nossa imensa alegria, de Bel\u00e9m e de Haifa, e do Burundi e, logicamente, da It\u00e1lia.<\/p>\n<p>Entre as perguntas feitas ao Papa, relatamos a de Lia Marise, uma das nossas gen4 do Burundi, seguida da resposta do Santo Padre:<\/p>\n<p><strong>\u00a0\u201cCaro Papa Francisco, chamo-me Lia Marise e venho do Burundi, na tua opini\u00e3o o que podemos fazer, n\u00f3s crian\u00e7as, para tornar o mundo melhor?\u201d<\/strong><\/p>\n<p>\u201cA pergunta \u00e9 o que \u00e9 que eu posso fazer para que o mundo seja melhor. Voc\u00eas v\u00e3o responder \u00e0s perguntas que vos vou fazer. Estejam atentos. O que posso eu fazer para que o mundo seja melhor? Brigar? [As crian\u00e7as respondem]: \u201cN\u00e3o!\u201d. N\u00e3o oi\u00e7o. Brigar? [As crian\u00e7as respondem]: \u201cN\u00e3o!\u201d. Falar amavelmente? [As crian\u00e7as respondem]: \u201cSim!\u201d. Brincar juntos? [As crian\u00e7as respondem]: \u201cSim!\u201d. Ajudar os outros? [As crian\u00e7as respondem]: \u201cSim!\u201d. Se fizermos estas coisas, o mundo ser\u00e1 melhor. Segue em frente e coragem. Linda menina. Que o Senhor te aben\u00e7oe.\u201d<\/p>\n<p>E, uma ap\u00f3s outra, seguiram-se outras perguntas e outros momentos de di\u00e1logo simples e espont\u00e2neos. No final do encontro o Papa concluiu assim: \u201cVoc\u00eas, crian\u00e7as, podem fazer uma verdadeira revolu\u00e7\u00e3o com estas perguntas e com estas inquieta\u00e7\u00f5es. Sigam em frente e coragem!\u201d <a href=\"#_ftn1\" name=\"_ftnref1\">[1]<\/a><\/p>\n<div id='gallery-2' class='gallery galleryid-20518 gallery-columns-3 gallery-size-thumbnail'><figure class='gallery-item'>\n\t\t\t<div class='gallery-icon landscape'>\n\t\t\t\t<a href='https:\/\/gen4.focolare.org\/en\/da_sito_ufficiale_gmb-2\/'><img decoding=\"async\" width=\"150\" height=\"150\" src=\"https:\/\/gen4.focolare.org\/wp-content\/uploads\/2024\/06\/da_sito_ufficiale_GMB-150x150.jpg\" class=\"attachment-thumbnail size-thumbnail\" alt=\"Da sito ufficiale GMB 150x150\" srcset=\"https:\/\/gen4.focolare.org\/wp-content\/uploads\/2024\/06\/da_sito_ufficiale_GMB-150x150.jpg 150w, https:\/\/gen4.focolare.org\/wp-content\/uploads\/2024\/06\/da_sito_ufficiale_GMB-600x600.jpg 600w\" sizes=\"auto, (max-width: 150px) 100vw, 150px\" loading=\"lazy\" \/><\/a>\n\t\t\t<\/div><\/figure><figure class='gallery-item'>\n\t\t\t<div class='gallery-icon landscape'>\n\t\t\t\t<a href='https:\/\/gen4.focolare.org\/en\/_dsc5154-2\/'><img decoding=\"async\" width=\"150\" height=\"150\" src=\"https:\/\/gen4.focolare.org\/wp-content\/uploads\/2024\/06\/DSC5154-150x150.jpg\" class=\"attachment-thumbnail size-thumbnail\" alt=\"DSC5154 150x150\" srcset=\"https:\/\/gen4.focolare.org\/wp-content\/uploads\/2024\/06\/DSC5154-150x150.jpg 150w, https:\/\/gen4.focolare.org\/wp-content\/uploads\/2024\/06\/DSC5154-600x600.jpg 600w\" sizes=\"auto, (max-width: 150px) 100vw, 150px\" loading=\"lazy\" \/><\/a>\n\t\t\t<\/div><\/figure><figure class='gallery-item'>\n\t\t\t<div class='gallery-icon landscape'>\n\t\t\t\t<a href='https:\/\/gen4.focolare.org\/en\/_dsc6378-2\/'><img decoding=\"async\" width=\"150\" height=\"150\" src=\"https:\/\/gen4.focolare.org\/wp-content\/uploads\/2024\/06\/DSC6378-150x150.jpg\" class=\"attachment-thumbnail size-thumbnail\" alt=\"DSC6378 150x150\" srcset=\"https:\/\/gen4.focolare.org\/wp-content\/uploads\/2024\/06\/DSC6378-150x150.jpg 150w, https:\/\/gen4.focolare.org\/wp-content\/uploads\/2024\/06\/DSC6378-600x600.jpg 600w\" sizes=\"auto, (max-width: 150px) 100vw, 150px\" loading=\"lazy\" \/><\/a>\n\t\t\t<\/div><\/figure>\n\t\t<\/div>\n\n<p>Como Movimento pudemos estar presentes tamb\u00e9m na Aldeia das Crian\u00e7as \u201cChildren\u2019s Village\u201d (um espa\u00e7o \u00e0 volta do Est\u00e1dio Ol\u00edmpico por onde passavam muitos grupos quer atrav\u00e9s de um <em>stand,<\/em> que foi poss\u00edvel preparar, gra\u00e7as \u00e0 disponibilidade da zona de Roma, quer apresentando alguns n\u00fameros art\u00edsticos no palco ali montado para a ocasi\u00e3o.<\/p>\n<div id='gallery-3' class='gallery galleryid-20518 gallery-columns-4 gallery-size-thumbnail'><figure class='gallery-item'>\n\t\t\t<div class='gallery-icon landscape'>\n\t\t\t\t<a href='https:\/\/gen4.focolare.org\/wp-content\/uploads\/2024\/06\/WhatsApp-Image-2024-06-03-at-15.38.56.jpeg'><img decoding=\"async\" width=\"150\" height=\"150\" src=\"https:\/\/gen4.focolare.org\/wp-content\/uploads\/2024\/06\/WhatsApp-Image-2024-06-03-at-15.38.56-150x150.jpeg\" class=\"attachment-thumbnail size-thumbnail\" alt=\"WhatsApp Image 2024 06 03 at 15 38 56 150x150\" srcset=\"https:\/\/gen4.focolare.org\/wp-content\/uploads\/2024\/06\/WhatsApp-Image-2024-06-03-at-15.38.56-150x150.jpeg 150w, https:\/\/gen4.focolare.org\/wp-content\/uploads\/2024\/06\/WhatsApp-Image-2024-06-03-at-15.38.56-600x600.jpeg 600w\" sizes=\"auto, (max-width: 150px) 100vw, 150px\" loading=\"lazy\" \/><\/a>\n\t\t\t<\/div><\/figure><figure class='gallery-item'>\n\t\t\t<div class='gallery-icon landscape'>\n\t\t\t\t<a href='https:\/\/gen4.focolare.org\/wp-content\/uploads\/2024\/06\/WhatsApp-Image-2024-05-26-at-18.19.23.jpeg'><img decoding=\"async\" width=\"150\" height=\"150\" src=\"https:\/\/gen4.focolare.org\/wp-content\/uploads\/2024\/06\/WhatsApp-Image-2024-05-26-at-18.19.23-150x150.jpeg\" class=\"attachment-thumbnail size-thumbnail\" alt=\"WhatsApp Image 2024 05 26 at 18 19 23 150x150\" srcset=\"https:\/\/gen4.focolare.org\/wp-content\/uploads\/2024\/06\/WhatsApp-Image-2024-05-26-at-18.19.23-150x150.jpeg 150w, https:\/\/gen4.focolare.org\/wp-content\/uploads\/2024\/06\/WhatsApp-Image-2024-05-26-at-18.19.23-600x600.jpeg 600w\" sizes=\"auto, (max-width: 150px) 100vw, 150px\" loading=\"lazy\" \/><\/a>\n\t\t\t<\/div><\/figure><figure class='gallery-item'>\n\t\t\t<div class='gallery-icon landscape'>\n\t\t\t\t<a href='https:\/\/gen4.focolare.org\/wp-content\/uploads\/2024\/06\/WhatsApp-Image-2024-05-26-at-18.19.22-1.jpeg'><img decoding=\"async\" width=\"150\" height=\"150\" src=\"https:\/\/gen4.focolare.org\/wp-content\/uploads\/2024\/06\/WhatsApp-Image-2024-05-26-at-18.19.22-1-150x150.jpeg\" class=\"attachment-thumbnail size-thumbnail\" alt=\"WhatsApp Image 2024 05 26 at 18 19 22 1 150x150\" srcset=\"https:\/\/gen4.focolare.org\/wp-content\/uploads\/2024\/06\/WhatsApp-Image-2024-05-26-at-18.19.22-1-150x150.jpeg 150w, https:\/\/gen4.focolare.org\/wp-content\/uploads\/2024\/06\/WhatsApp-Image-2024-05-26-at-18.19.22-1-600x600.jpeg 600w\" sizes=\"auto, (max-width: 150px) 100vw, 150px\" loading=\"lazy\" \/><\/a>\n\t\t\t<\/div><\/figure><figure class='gallery-item'>\n\t\t\t<div class='gallery-icon landscape'>\n\t\t\t\t<a href='https:\/\/gen4.focolare.org\/wp-content\/uploads\/2024\/06\/WhatsApp-Image-2024-05-26-at-18.19.21.jpeg'><img decoding=\"async\" width=\"150\" height=\"150\" src=\"https:\/\/gen4.focolare.org\/wp-content\/uploads\/2024\/06\/WhatsApp-Image-2024-05-26-at-18.19.21-150x150.jpeg\" class=\"attachment-thumbnail size-thumbnail\" alt=\"WhatsApp Image 2024 05 26 at 18 19 21 150x150\" srcset=\"https:\/\/gen4.focolare.org\/wp-content\/uploads\/2024\/06\/WhatsApp-Image-2024-05-26-at-18.19.21-150x150.jpeg 150w, https:\/\/gen4.focolare.org\/wp-content\/uploads\/2024\/06\/WhatsApp-Image-2024-05-26-at-18.19.21-600x600.jpeg 600w\" sizes=\"auto, (max-width: 150px) 100vw, 150px\" loading=\"lazy\" \/><\/a>\n\t\t\t<\/div><\/figure>\n\t\t<\/div>\n\n<p>Mas para os nossos gen3 e gen4, este evento mundial foi enriquecido por outros dois momentos muito especiais.<\/p>\n<p><strong>Sexta-feira, 24 de maio<\/strong>, foi um dia muito bonito e intenso (a bel\u00edssima e intensa jornada) no Centro Internacional dos Focolares, em Rocca di Papa, que viu passar quase 190 participantes (entre grandes e pequenos) de 7 l\u00ednguas diferentes, que se tornaram \u201ccastel\u00f5es\u201d por um dia, \u00e0 descoberta do \u201cdiamante\u201d e de como proteger e levar a todos a presen\u00e7a e o amor de Jesus no meio.<\/p>\n<div id='gallery-4' class='gallery galleryid-20518 gallery-columns-3 gallery-size-thumbnail'><figure class='gallery-item'>\n\t\t\t<div class='gallery-icon landscape'>\n\t\t\t\t<a href='https:\/\/gen4.focolare.org\/wp-content\/uploads\/2024\/06\/EVCIMF-20240524-1-4596-scaled.jpeg'><img decoding=\"async\" width=\"150\" height=\"150\" src=\"https:\/\/gen4.focolare.org\/wp-content\/uploads\/2024\/06\/EVCIMF-20240524-1-4596-150x150.jpeg\" class=\"attachment-thumbnail size-thumbnail\" alt=\"EVCIMF 20240524 1 4596 150x150\" srcset=\"https:\/\/gen4.focolare.org\/wp-content\/uploads\/2024\/06\/EVCIMF-20240524-1-4596-150x150.jpeg 150w, https:\/\/gen4.focolare.org\/wp-content\/uploads\/2024\/06\/EVCIMF-20240524-1-4596-600x600.jpeg 600w\" sizes=\"auto, (max-width: 150px) 100vw, 150px\" loading=\"lazy\" \/><\/a>\n\t\t\t<\/div><\/figure><figure class='gallery-item'>\n\t\t\t<div class='gallery-icon landscape'>\n\t\t\t\t<a href='https:\/\/gen4.focolare.org\/wp-content\/uploads\/2024\/06\/EVCIMF-20240524-2-4707-scaled.jpeg'><img decoding=\"async\" width=\"150\" height=\"150\" src=\"https:\/\/gen4.focolare.org\/wp-content\/uploads\/2024\/06\/EVCIMF-20240524-2-4707-150x150.jpeg\" class=\"attachment-thumbnail size-thumbnail\" alt=\"EVCIMF 20240524 2 4707 150x150\" srcset=\"https:\/\/gen4.focolare.org\/wp-content\/uploads\/2024\/06\/EVCIMF-20240524-2-4707-150x150.jpeg 150w, https:\/\/gen4.focolare.org\/wp-content\/uploads\/2024\/06\/EVCIMF-20240524-2-4707-600x600.jpeg 600w\" sizes=\"auto, (max-width: 150px) 100vw, 150px\" loading=\"lazy\" \/><\/a>\n\t\t\t<\/div><\/figure><figure class='gallery-item'>\n\t\t\t<div class='gallery-icon landscape'>\n\t\t\t\t<a href='https:\/\/gen4.focolare.org\/wp-content\/uploads\/2024\/06\/EVCIMF-20240524-2-4685-scaled.jpeg'><img decoding=\"async\" width=\"150\" height=\"150\" src=\"https:\/\/gen4.focolare.org\/wp-content\/uploads\/2024\/06\/EVCIMF-20240524-2-4685-150x150.jpeg\" class=\"attachment-thumbnail size-thumbnail\" alt=\"EVCIMF 20240524 2 4685 150x150\" srcset=\"https:\/\/gen4.focolare.org\/wp-content\/uploads\/2024\/06\/EVCIMF-20240524-2-4685-150x150.jpeg 150w, https:\/\/gen4.focolare.org\/wp-content\/uploads\/2024\/06\/EVCIMF-20240524-2-4685-600x600.jpeg 600w\" sizes=\"auto, (max-width: 150px) 100vw, 150px\" loading=\"lazy\" \/><\/a>\n\t\t\t<\/div><\/figure><figure class='gallery-item'>\n\t\t\t<div class='gallery-icon landscape'>\n\t\t\t\t<a href='https:\/\/gen4.focolare.org\/wp-content\/uploads\/2024\/06\/EVCIMF-20240524-2-4760-scaled.jpeg'><img decoding=\"async\" width=\"150\" height=\"150\" src=\"https:\/\/gen4.focolare.org\/wp-content\/uploads\/2024\/06\/EVCIMF-20240524-2-4760-150x150.jpeg\" class=\"attachment-thumbnail size-thumbnail\" alt=\"EVCIMF 20240524 2 4760 150x150\" srcset=\"https:\/\/gen4.focolare.org\/wp-content\/uploads\/2024\/06\/EVCIMF-20240524-2-4760-150x150.jpeg 150w, https:\/\/gen4.focolare.org\/wp-content\/uploads\/2024\/06\/EVCIMF-20240524-2-4760-600x600.jpeg 600w\" sizes=\"auto, (max-width: 150px) 100vw, 150px\" loading=\"lazy\" \/><\/a>\n\t\t\t<\/div><\/figure><figure class='gallery-item'>\n\t\t\t<div class='gallery-icon landscape'>\n\t\t\t\t<a href='https:\/\/gen4.focolare.org\/wp-content\/uploads\/2024\/06\/EVCIMF-20240524-3-4815-scaled.jpeg'><img decoding=\"async\" width=\"150\" height=\"150\" src=\"https:\/\/gen4.focolare.org\/wp-content\/uploads\/2024\/06\/EVCIMF-20240524-3-4815-150x150.jpeg\" class=\"attachment-thumbnail size-thumbnail\" alt=\"EVCIMF 20240524 3 4815 150x150\" srcset=\"https:\/\/gen4.focolare.org\/wp-content\/uploads\/2024\/06\/EVCIMF-20240524-3-4815-150x150.jpeg 150w, https:\/\/gen4.focolare.org\/wp-content\/uploads\/2024\/06\/EVCIMF-20240524-3-4815-600x600.jpeg 600w\" sizes=\"auto, (max-width: 150px) 100vw, 150px\" loading=\"lazy\" \/><\/a>\n\t\t\t<\/div><\/figure><figure class='gallery-item'>\n\t\t\t<div class='gallery-icon landscape'>\n\t\t\t\t<a href='https:\/\/gen4.focolare.org\/wp-content\/uploads\/2024\/06\/EVCIMF-20240524-3-4811-scaled.jpeg'><img decoding=\"async\" width=\"150\" height=\"150\" src=\"https:\/\/gen4.focolare.org\/wp-content\/uploads\/2024\/06\/EVCIMF-20240524-3-4811-150x150.jpeg\" class=\"attachment-thumbnail size-thumbnail\" alt=\"EVCIMF 20240524 3 4811 150x150\" srcset=\"https:\/\/gen4.focolare.org\/wp-content\/uploads\/2024\/06\/EVCIMF-20240524-3-4811-150x150.jpeg 150w, https:\/\/gen4.focolare.org\/wp-content\/uploads\/2024\/06\/EVCIMF-20240524-3-4811-600x600.jpeg 600w\" sizes=\"auto, (max-width: 150px) 100vw, 150px\" loading=\"lazy\" \/><\/a>\n\t\t\t<\/div><\/figure>\n\t\t<\/div>\n\n<p>Foi para todos um dia de encontro com o Carisma. Felizes de tudo: do programa na sala, das experi\u00eancias e do v\u00eddeo gen4, das visitas ao \u201cCastelo\u201d. <em>\u201cFoi muito bom conhecer a casa de Chiara Lubich, fundadora do Movimento dos Focolares, e descobrir quantas coisas nasceram ali\u2026 E tamb\u00e9m ver muitos dos seus diplomas, pr\u00e9mios e presentes recebidos de todo o mundo\u201d. <\/em>Um pai dizia: \u201cfoi muito forte para mim, entrar no cora\u00e7\u00e3o da Obra\u201d.<\/p>\n<div id='gallery-5' class='gallery galleryid-20518 gallery-columns-4 gallery-size-thumbnail'><figure class='gallery-item'>\n\t\t\t<div class='gallery-icon landscape'>\n\t\t\t\t<a href='https:\/\/gen4.focolare.org\/wp-content\/uploads\/2024\/06\/EVCIMF-20240524-4-4894-scaled.jpeg'><img decoding=\"async\" width=\"150\" height=\"150\" src=\"https:\/\/gen4.focolare.org\/wp-content\/uploads\/2024\/06\/EVCIMF-20240524-4-4894-150x150.jpeg\" class=\"attachment-thumbnail size-thumbnail\" alt=\"EVCIMF 20240524 4 4894 150x150\" srcset=\"https:\/\/gen4.focolare.org\/wp-content\/uploads\/2024\/06\/EVCIMF-20240524-4-4894-150x150.jpeg 150w, https:\/\/gen4.focolare.org\/wp-content\/uploads\/2024\/06\/EVCIMF-20240524-4-4894-600x600.jpeg 600w\" sizes=\"auto, (max-width: 150px) 100vw, 150px\" loading=\"lazy\" \/><\/a>\n\t\t\t<\/div><\/figure><figure class='gallery-item'>\n\t\t\t<div class='gallery-icon landscape'>\n\t\t\t\t<a href='https:\/\/gen4.focolare.org\/wp-content\/uploads\/2024\/06\/EVCIMF-20240524-4-4933-scaled.jpeg'><img decoding=\"async\" width=\"150\" height=\"150\" src=\"https:\/\/gen4.focolare.org\/wp-content\/uploads\/2024\/06\/EVCIMF-20240524-4-4933-150x150.jpeg\" class=\"attachment-thumbnail size-thumbnail\" alt=\"EVCIMF 20240524 4 4933 150x150\" srcset=\"https:\/\/gen4.focolare.org\/wp-content\/uploads\/2024\/06\/EVCIMF-20240524-4-4933-150x150.jpeg 150w, https:\/\/gen4.focolare.org\/wp-content\/uploads\/2024\/06\/EVCIMF-20240524-4-4933-600x600.jpeg 600w\" sizes=\"auto, (max-width: 150px) 100vw, 150px\" loading=\"lazy\" \/><\/a>\n\t\t\t<\/div><\/figure><figure class='gallery-item'>\n\t\t\t<div class='gallery-icon landscape'>\n\t\t\t\t<a href='https:\/\/gen4.focolare.org\/wp-content\/uploads\/2024\/06\/EVCIMF-20240524-4-4993-scaled.jpeg'><img decoding=\"async\" width=\"150\" height=\"150\" src=\"https:\/\/gen4.focolare.org\/wp-content\/uploads\/2024\/06\/EVCIMF-20240524-4-4993-150x150.jpeg\" class=\"attachment-thumbnail size-thumbnail\" alt=\"EVCIMF 20240524 4 4993 150x150\" srcset=\"https:\/\/gen4.focolare.org\/wp-content\/uploads\/2024\/06\/EVCIMF-20240524-4-4993-150x150.jpeg 150w, https:\/\/gen4.focolare.org\/wp-content\/uploads\/2024\/06\/EVCIMF-20240524-4-4993-600x600.jpeg 600w\" sizes=\"auto, (max-width: 150px) 100vw, 150px\" loading=\"lazy\" \/><\/a>\n\t\t\t<\/div><\/figure><figure class='gallery-item'>\n\t\t\t<div class='gallery-icon landscape'>\n\t\t\t\t<a href='https:\/\/gen4.focolare.org\/wp-content\/uploads\/2024\/06\/EVCIMF-20240524-6-5137-scaled.jpeg'><img decoding=\"async\" width=\"150\" height=\"150\" src=\"https:\/\/gen4.focolare.org\/wp-content\/uploads\/2024\/06\/EVCIMF-20240524-6-5137-150x150.jpeg\" class=\"attachment-thumbnail size-thumbnail\" alt=\"EVCIMF 20240524 6 5137 150x150\" srcset=\"https:\/\/gen4.focolare.org\/wp-content\/uploads\/2024\/06\/EVCIMF-20240524-6-5137-150x150.jpeg 150w, https:\/\/gen4.focolare.org\/wp-content\/uploads\/2024\/06\/EVCIMF-20240524-6-5137-600x600.jpeg 600w\" sizes=\"auto, (max-width: 150px) 100vw, 150px\" loading=\"lazy\" \/><\/a>\n\t\t\t<\/div><\/figure><figure class='gallery-item'>\n\t\t\t<div class='gallery-icon landscape'>\n\t\t\t\t<a href='https:\/\/gen4.focolare.org\/wp-content\/uploads\/2024\/06\/EVCIMF-20240524-6-5134-scaled.jpeg'><img decoding=\"async\" width=\"150\" height=\"150\" src=\"https:\/\/gen4.focolare.org\/wp-content\/uploads\/2024\/06\/EVCIMF-20240524-6-5134-150x150.jpeg\" class=\"attachment-thumbnail size-thumbnail\" alt=\"EVCIMF 20240524 6 5134 150x150\" srcset=\"https:\/\/gen4.focolare.org\/wp-content\/uploads\/2024\/06\/EVCIMF-20240524-6-5134-150x150.jpeg 150w, https:\/\/gen4.focolare.org\/wp-content\/uploads\/2024\/06\/EVCIMF-20240524-6-5134-600x600.jpeg 600w\" sizes=\"auto, (max-width: 150px) 100vw, 150px\" loading=\"lazy\" \/><\/a>\n\t\t\t<\/div><\/figure><figure class='gallery-item'>\n\t\t\t<div class='gallery-icon landscape'>\n\t\t\t\t<a href='https:\/\/gen4.focolare.org\/wp-content\/uploads\/2024\/06\/EVCIMF-20240524-5-5105-scaled.jpeg'><img decoding=\"async\" width=\"150\" height=\"150\" src=\"https:\/\/gen4.focolare.org\/wp-content\/uploads\/2024\/06\/EVCIMF-20240524-5-5105-150x150.jpeg\" class=\"attachment-thumbnail size-thumbnail\" alt=\"EVCIMF 20240524 5 5105 150x150\" srcset=\"https:\/\/gen4.focolare.org\/wp-content\/uploads\/2024\/06\/EVCIMF-20240524-5-5105-150x150.jpeg 150w, https:\/\/gen4.focolare.org\/wp-content\/uploads\/2024\/06\/EVCIMF-20240524-5-5105-600x600.jpeg 600w\" sizes=\"auto, (max-width: 150px) 100vw, 150px\" loading=\"lazy\" \/><\/a>\n\t\t\t<\/div><\/figure><figure class='gallery-item'>\n\t\t\t<div class='gallery-icon landscape'>\n\t\t\t\t<a href='https:\/\/gen4.focolare.org\/wp-content\/uploads\/2024\/06\/EVCIMF-20240524-5-5109-scaled.jpeg'><img decoding=\"async\" width=\"150\" height=\"150\" src=\"https:\/\/gen4.focolare.org\/wp-content\/uploads\/2024\/06\/EVCIMF-20240524-5-5109-150x150.jpeg\" class=\"attachment-thumbnail size-thumbnail\" alt=\"EVCIMF 20240524 5 5109 150x150\" srcset=\"https:\/\/gen4.focolare.org\/wp-content\/uploads\/2024\/06\/EVCIMF-20240524-5-5109-150x150.jpeg 150w, https:\/\/gen4.focolare.org\/wp-content\/uploads\/2024\/06\/EVCIMF-20240524-5-5109-600x600.jpeg 600w\" sizes=\"auto, (max-width: 150px) 100vw, 150px\" loading=\"lazy\" \/><\/a>\n\t\t\t<\/div><\/figure><figure class='gallery-item'>\n\t\t\t<div class='gallery-icon landscape'>\n\t\t\t\t<a href='https:\/\/gen4.focolare.org\/wp-content\/uploads\/2024\/06\/EVCIMF-20240524-6-5147-scaled.jpeg'><img decoding=\"async\" width=\"150\" height=\"150\" src=\"https:\/\/gen4.focolare.org\/wp-content\/uploads\/2024\/06\/EVCIMF-20240524-6-5147-150x150.jpeg\" class=\"attachment-thumbnail size-thumbnail\" alt=\"EVCIMF 20240524 6 5147 150x150\" srcset=\"https:\/\/gen4.focolare.org\/wp-content\/uploads\/2024\/06\/EVCIMF-20240524-6-5147-150x150.jpeg 150w, https:\/\/gen4.focolare.org\/wp-content\/uploads\/2024\/06\/EVCIMF-20240524-6-5147-600x600.jpeg 600w\" sizes=\"auto, (max-width: 150px) 100vw, 150px\" loading=\"lazy\" \/><\/a>\n\t\t\t<\/div><\/figure>\n\t\t<\/div>\n\n<p>Parece-nos que encontraram Chiara e que o relacionamento com ela \u00e9 fresco e imediato. Na capela, foram muitas as ora\u00e7\u00f5es espont\u00e2neas feitas diretamente a Deus, ou confiadas a Chiara para que as leve a Jesus.<\/p>\n<p>Foram muitos os momentos \u201csagrados\u201d, que culminaram com respostas da Margaret e do Jes\u00fas, acolhidos com aten\u00e7\u00e3o e profundo interesse, e com a ora\u00e7\u00e3o final proposta por ela, que penetrou nos cora\u00e7\u00f5es com grande profundidade e solenidade. O canto final em Esloveno, com a luz de muitas velinhas que brilhavam em toda a sala escura, transmitia a alegria e a luz que tinham no cora\u00e7\u00e3o e que queriam levar a todos nos pr\u00f3ximos dias.<\/p>\n<p>E chegamos ao p\u00f3s-JMC em<strong> Loppiano<\/strong>, em que pode participar um grupinho mais pequeno, mas representativo de gen3 e gen4 de Bel\u00e9m, Nig\u00e9ria e Brasil.<\/p>\n<div id='gallery-6' class='gallery galleryid-20518 gallery-columns-4 gallery-size-thumbnail'><figure class='gallery-item'>\n\t\t\t<div class='gallery-icon landscape'>\n\t\t\t\t<a href='https:\/\/gen4.focolare.org\/wp-content\/uploads\/2024\/06\/WhatsApp-Image-2024-05-27-at-16.59.51.jpeg'><img decoding=\"async\" width=\"150\" height=\"150\" src=\"https:\/\/gen4.focolare.org\/wp-content\/uploads\/2024\/06\/WhatsApp-Image-2024-05-27-at-16.59.51-150x150.jpeg\" class=\"attachment-thumbnail size-thumbnail\" alt=\"WhatsApp Image 2024 05 27 at 16 59 51 150x150\" srcset=\"https:\/\/gen4.focolare.org\/wp-content\/uploads\/2024\/06\/WhatsApp-Image-2024-05-27-at-16.59.51-150x150.jpeg 150w, https:\/\/gen4.focolare.org\/wp-content\/uploads\/2024\/06\/WhatsApp-Image-2024-05-27-at-16.59.51-600x600.jpeg 600w\" sizes=\"auto, (max-width: 150px) 100vw, 150px\" loading=\"lazy\" \/><\/a>\n\t\t\t<\/div><\/figure><figure class='gallery-item'>\n\t\t\t<div class='gallery-icon landscape'>\n\t\t\t\t<a href='https:\/\/gen4.focolare.org\/wp-content\/uploads\/2024\/06\/WhatsApp-Image-2024-05-28-at-16.55.21.jpeg'><img decoding=\"async\" width=\"150\" height=\"150\" src=\"https:\/\/gen4.focolare.org\/wp-content\/uploads\/2024\/06\/WhatsApp-Image-2024-05-28-at-16.55.21-150x150.jpeg\" class=\"attachment-thumbnail size-thumbnail\" alt=\"WhatsApp Image 2024 05 28 at 16 55 21 150x150\" srcset=\"https:\/\/gen4.focolare.org\/wp-content\/uploads\/2024\/06\/WhatsApp-Image-2024-05-28-at-16.55.21-150x150.jpeg 150w, https:\/\/gen4.focolare.org\/wp-content\/uploads\/2024\/06\/WhatsApp-Image-2024-05-28-at-16.55.21-600x600.jpeg 600w\" sizes=\"auto, (max-width: 150px) 100vw, 150px\" loading=\"lazy\" \/><\/a>\n\t\t\t<\/div><\/figure><figure class='gallery-item'>\n\t\t\t<div class='gallery-icon landscape'>\n\t\t\t\t<a href='https:\/\/gen4.focolare.org\/wp-content\/uploads\/2024\/06\/WhatsApp-Image-2024-05-30-at-18.46.08-1.jpeg'><img decoding=\"async\" width=\"150\" height=\"150\" src=\"https:\/\/gen4.focolare.org\/wp-content\/uploads\/2024\/06\/WhatsApp-Image-2024-05-30-at-18.46.08-1-150x150.jpeg\" class=\"attachment-thumbnail size-thumbnail\" alt=\"WhatsApp Image 2024 05 30 at 18 46 08 1 150x150\" srcset=\"https:\/\/gen4.focolare.org\/wp-content\/uploads\/2024\/06\/WhatsApp-Image-2024-05-30-at-18.46.08-1-150x150.jpeg 150w, https:\/\/gen4.focolare.org\/wp-content\/uploads\/2024\/06\/WhatsApp-Image-2024-05-30-at-18.46.08-1-600x600.jpeg 600w\" sizes=\"auto, (max-width: 150px) 100vw, 150px\" loading=\"lazy\" \/><\/a>\n\t\t\t<\/div><\/figure><figure class='gallery-item'>\n\t\t\t<div class='gallery-icon landscape'>\n\t\t\t\t<a href='https:\/\/gen4.focolare.org\/wp-content\/uploads\/2024\/06\/WhatsApp-Image-2024-05-28-at-11.57.34-1.jpeg'><img decoding=\"async\" width=\"150\" height=\"150\" src=\"https:\/\/gen4.focolare.org\/wp-content\/uploads\/2024\/06\/WhatsApp-Image-2024-05-28-at-11.57.34-1-150x150.jpeg\" class=\"attachment-thumbnail size-thumbnail\" alt=\"WhatsApp Image 2024 05 28 at 11 57 34 1 150x150\" srcset=\"https:\/\/gen4.focolare.org\/wp-content\/uploads\/2024\/06\/WhatsApp-Image-2024-05-28-at-11.57.34-1-150x150.jpeg 150w, https:\/\/gen4.focolare.org\/wp-content\/uploads\/2024\/06\/WhatsApp-Image-2024-05-28-at-11.57.34-1-600x600.jpeg 600w\" sizes=\"auto, (max-width: 150px) 100vw, 150px\" loading=\"lazy\" \/><\/a>\n\t\t\t<\/div><\/figure><figure class='gallery-item'>\n\t\t\t<div class='gallery-icon landscape'>\n\t\t\t\t<a href='https:\/\/gen4.focolare.org\/wp-content\/uploads\/2024\/06\/WhatsApp-Image-2024-05-28-at-16.55.23.jpeg'><img decoding=\"async\" width=\"150\" height=\"150\" src=\"https:\/\/gen4.focolare.org\/wp-content\/uploads\/2024\/06\/WhatsApp-Image-2024-05-28-at-16.55.23-150x150.jpeg\" class=\"attachment-thumbnail size-thumbnail\" alt=\"WhatsApp Image 2024 05 28 at 16 55 23 150x150\" srcset=\"https:\/\/gen4.focolare.org\/wp-content\/uploads\/2024\/06\/WhatsApp-Image-2024-05-28-at-16.55.23-150x150.jpeg 150w, https:\/\/gen4.focolare.org\/wp-content\/uploads\/2024\/06\/WhatsApp-Image-2024-05-28-at-16.55.23-600x600.jpeg 600w\" sizes=\"auto, (max-width: 150px) 100vw, 150px\" loading=\"lazy\" \/><\/a>\n\t\t\t<\/div><\/figure><figure class='gallery-item'>\n\t\t\t<div class='gallery-icon landscape'>\n\t\t\t\t<a href='https:\/\/gen4.focolare.org\/wp-content\/uploads\/2024\/06\/WhatsApp-Image-2024-05-30-at-16.11.58.jpeg'><img decoding=\"async\" width=\"150\" height=\"150\" src=\"https:\/\/gen4.focolare.org\/wp-content\/uploads\/2024\/06\/WhatsApp-Image-2024-05-30-at-16.11.58-150x150.jpeg\" class=\"attachment-thumbnail size-thumbnail\" alt=\"WhatsApp Image 2024 05 30 at 16 11 58 150x150\" srcset=\"https:\/\/gen4.focolare.org\/wp-content\/uploads\/2024\/06\/WhatsApp-Image-2024-05-30-at-16.11.58-150x150.jpeg 150w, https:\/\/gen4.focolare.org\/wp-content\/uploads\/2024\/06\/WhatsApp-Image-2024-05-30-at-16.11.58-600x600.jpeg 600w\" sizes=\"auto, (max-width: 150px) 100vw, 150px\" loading=\"lazy\" \/><\/a>\n\t\t\t<\/div><\/figure><figure class='gallery-item'>\n\t\t\t<div class='gallery-icon landscape'>\n\t\t\t\t<a href='https:\/\/gen4.focolare.org\/wp-content\/uploads\/2024\/06\/WhatsApp-Image-2024-05-30-at-14.38.35.jpeg'><img decoding=\"async\" width=\"150\" height=\"150\" src=\"https:\/\/gen4.focolare.org\/wp-content\/uploads\/2024\/06\/WhatsApp-Image-2024-05-30-at-14.38.35-150x150.jpeg\" class=\"attachment-thumbnail size-thumbnail\" alt=\"WhatsApp Image 2024 05 30 at 14 38 35 150x150\" srcset=\"https:\/\/gen4.focolare.org\/wp-content\/uploads\/2024\/06\/WhatsApp-Image-2024-05-30-at-14.38.35-150x150.jpeg 150w, https:\/\/gen4.focolare.org\/wp-content\/uploads\/2024\/06\/WhatsApp-Image-2024-05-30-at-14.38.35-600x600.jpeg 600w\" sizes=\"auto, (max-width: 150px) 100vw, 150px\" loading=\"lazy\" \/><\/a>\n\t\t\t<\/div><\/figure><figure class='gallery-item'>\n\t\t\t<div class='gallery-icon landscape'>\n\t\t\t\t<a href='https:\/\/gen4.focolare.org\/wp-content\/uploads\/2024\/06\/WhatsApp-Image-2024-05-28-at-16.20.30.jpeg'><img decoding=\"async\" width=\"150\" height=\"150\" src=\"https:\/\/gen4.focolare.org\/wp-content\/uploads\/2024\/06\/WhatsApp-Image-2024-05-28-at-16.20.30-150x150.jpeg\" class=\"attachment-thumbnail size-thumbnail\" alt=\"WhatsApp Image 2024 05 28 at 16 20 30 150x150\" srcset=\"https:\/\/gen4.focolare.org\/wp-content\/uploads\/2024\/06\/WhatsApp-Image-2024-05-28-at-16.20.30-150x150.jpeg 150w, https:\/\/gen4.focolare.org\/wp-content\/uploads\/2024\/06\/WhatsApp-Image-2024-05-28-at-16.20.30-600x600.jpeg 600w\" sizes=\"auto, (max-width: 150px) 100vw, 150px\" loading=\"lazy\" \/><\/a>\n\t\t\t<\/div><\/figure>\n\t\t<\/div>\n\n<p>Loppiano acolheu-nos com muito amor e disponibilidade. Explicaram-nos a Regra de Ouro que se vive em toda a cidade e que todos puderam experimentar nos encontros que tiveram: momentos com o Gen Rosso e Gen Verde, com Ciro Cipollone, ao conhecer o P\u00f3lo Lionello, na visita ao parque de Jogos \u201cPlayground\u201d e na Missa especial na Theotokos. Partiram realmente felizes e tocados, no mais profundo, por todo o amor que puderam experimentar.<\/p>\n<p>E agora\u2026 agendamento para a pr\u00f3xima JMC, j\u00e1 prevista para setembro de 2026!!!<\/p>\n<p><a href=\"#_ftnref1\" name=\"_ftn1\">[1]<\/a> Para conhecer as respostas do Papa Francisco \u00e0s crian\u00e7as https:\/\/www.vatican.va\/content\/francesco\/it\/speeches\/2024\/may\/documents\/20240525-giornata-mondiale-bambini.html<\/p>\n","protected":false},"excerpt":{"rendered":"<p>\u201cEIS, QUE EU FA\u00c7O NOVAS TODAS AS COISAS\u201d Este foi o &#8230; <\/p>\n","protected":false},"author":3,"featured_media":20276,"comment_status":"closed","ping_status":"closed","template":"page.php","meta":{"__wpdm_changelog":[]},"wpdmcategory":[244],"wpdmtag":[],"class_list":["post-20518","wpdmpro","type-wpdmpro","status-publish","has-post-thumbnail","hentry","wpdmcategory-outras-atividades"],"_links":{"self":[{"href":"https:\/\/gen4.focolare.org\/en\/wp-json\/wp\/v2\/wpdmpro\/20518","targetHints":{"allow":["GET"]}}],"collection":[{"href":"https:\/\/gen4.focolare.org\/en\/wp-json\/wp\/v2\/wpdmpro"}],"about":[{"href":"https:\/\/gen4.focolare.org\/en\/wp-json\/wp\/v2\/types\/wpdmpro"}],"author":[{"embeddable":true,"href":"https:\/\/gen4.focolare.org\/en\/wp-json\/wp\/v2\/users\/3"}],"replies":[{"embeddable":true,"href":"https:\/\/gen4.focolare.org\/en\/wp-json\/wp\/v2\/comments?post=20518"}],"wp:featuredmedia":[{"embeddable":true,"href":"https:\/\/gen4.focolare.org\/en\/wp-json\/wp\/v2\/media\/20276"}],"wp:attachment":[{"href":"https:\/\/gen4.focolare.org\/en\/wp-json\/wp\/v2\/media?parent=20518"}],"wp:term":[{"taxonomy":"wpdmcategory","embeddable":true,"href":"https:\/\/gen4.focolare.org\/en\/wp-json\/wp\/v2\/wpdmcategory?post=20518"},{"taxonomy":"wpdmtag","embeddable":true,"href":"https:\/\/gen4.focolare.org\/en\/wp-json\/wp\/v2\/wpdmtag?post=20518"}],"curies":[{"name":"wp","href":"https:\/\/api.w.org\/{rel}","templated":true}]}}