{"id":3943,"date":"2019-06-01T01:20:43","date_gmt":"2019-05-31T23:20:43","guid":{"rendered":"http:\/\/gen4.focolare.org\/?page_id=3943"},"modified":"2020-02-24T18:04:43","modified_gmt":"2020-02-24T17:04:43","slug":"una-pedagogia-para-el-desarrollo-integral-del-nino","status":"publish","type":"page","link":"https:\/\/gen4.focolare.org\/es\/quienes-somos\/una-pedagogia-para-el-desarrollo-integral-del-nino\/","title":{"rendered":"Una pedagog\u00eda para el desarrollo integral del ni\u00f1o"},"content":{"rendered":"<div class=\"wpb-content-wrapper\"><p>[vc_row full_width=\u00bbstretch_row\u00bb content_placement=\u00bbmiddle\u00bb css=\u00bb.vc_custom_1559339898804{background-image: url(http:\/\/gen4.focolare.org\/wp-content\/uploads\/2019\/05\/background_gen4_red.png?id=1747) !important;}\u00bb][vc_column width=\u00bb1\/4&#8243;][vc_column_text css=\u00bb.vc_custom_1578851604468{background-color: #00983a !important;}\u00bb]<\/p>\n<h1 style=\"text-align: center;\"><span style=\"color: #ffffff;\">qui\u00e9nes somos<\/span><\/h1>\n<p>[\/vc_column_text][\/vc_column][vc_column width=\u00bb3\/4&#8243; full_width=\u00bb\u00bb gap=\u00bb0&#8243; full_height=\u00bb\u00bb columns_placement=\u00bbmiddle\u00bb equal_height=\u00bb\u00bb rtl_reverse=\u00bb\u00bb content_placement=\u00bb\u00bb disable_element=\u00bb\u00bb][\/vc_column][\/vc_row][vc_row css=\u00bb.vc_custom_1559332639878{padding-top: 30px !important;}\u00bb][vc_column width=\u00bb1\/4&#8243;][vc_column_text css=\u00bb.vc_custom_1578851619982{margin-right: 10px !important;border-right-width: 1px !important;padding-right: 10px !important;border-right-color: #e94e1b !important;border-right-style: dashed !important;}\u00bb]<\/p>\n<h1 style=\"text-align: right;\"><span style=\"color: #e94e1b;\">Una pedagog\u00eda para el desarrollo integral del ni\u00f1o<\/span><\/h1>\n<p>[\/vc_column_text][\/vc_column][vc_column width=\u00bb3\/4&#8243;][vc_column_text css=\u00bb.vc_custom_1582563968184{margin-bottom: 0px !important;border-bottom-width: 0px !important;padding-bottom: 0px !important;}\u00bb]<\/p>\n<p><span style=\"font-weight: 400;\">En el Movimiento de los Focolares, la atenci\u00f3n del bienestar del ni\u00f1o, para que se pueda realizar plenamente, se refleja en seguir una pedagog\u00eda que tiene como objetivo desarrollar armoniosamente todas las dimensiones de la persona en sus diversos componentes:<\/span><\/p>\n<h2><span style=\"color: #e94e1b;\">Dimensi\u00f3n personal e interpersonal:<\/span><\/h2>\n<p><span style=\"font-weight: 400;\"><img loading=\"lazy\" decoding=\"async\" class=\"size-medium wp-image-2110 alignright\" src=\"http:\/\/gen4.focolare.org\/wp-content\/uploads\/2019\/09\/gen4-gen5-300x225.jpg\" alt=\"\" width=\"300\" height=\"225\" srcset=\"https:\/\/gen4.focolare.org\/wp-content\/uploads\/2019\/09\/gen4-gen5-300x225.jpg 300w, https:\/\/gen4.focolare.org\/wp-content\/uploads\/2019\/09\/gen4-gen5-768x576.jpg 768w, https:\/\/gen4.focolare.org\/wp-content\/uploads\/2019\/09\/gen4-gen5-1024x768.jpg 1024w, https:\/\/gen4.focolare.org\/wp-content\/uploads\/2019\/09\/gen4-gen5-600x450.jpg 600w, https:\/\/gen4.focolare.org\/wp-content\/uploads\/2019\/09\/gen4-gen5.jpg 2034w\" sizes=\"auto, (max-width: 300px) 100vw, 300px\" \/>El ejercicio del arte de amar apoya el crecimiento del ni\u00f1o tanto como persona como en el desarrollo de las habilidades relacionales: perdonar, acoger al otro, reconocer y valorizar la diversidad, ayudar a quien est\u00e1 en dificultad, etc\u2026<\/span><\/p>\n<p><span style=\"font-weight: 400;\">Cuenta una gen4:<\/span><i><span style=\"font-weight: 400;\"> \u00abEn mi clase hay una ni\u00f1o que nunca comparte con las dem\u00e1s aunque s\u00ed podr\u00eda hacerlo. Un d\u00eda ella vino a la escuela y sac\u00f3 su libro que estaba roto en algunas partes. Estaba triste y pregunt\u00f3 si alguien ten\u00eda cinta de pegar porque quer\u00eda arreglar su libro. Todas las chicas se negaron diciendo: \u201cBien, no te damos porque t\u00fa no nos das nunca nada.\u201d\u00a0 Pero yo les dije a mis compa\u00f1eras: \u201cSi Dios es amor, \u00c9l nos ama, por lo tanto, tambi\u00e9n yo debo amar a todos. No puedo no prestarle mi cinta de pegar.\u201d Entonces no solo le prest\u00e9 la cinta de pegar sino que tambi\u00e9n le ayud\u00e9 a arreglar su libro. Sent\u00ed a Jes\u00fas en mi coraz\u00f3n\u00bb.<\/span><\/i><\/p>\n<p><b>Nos proponemos ayudar a:<\/b><\/p>\n<ul>\n<li style=\"font-weight: 400;\"><span style=\"font-weight: 400;\">promover el desarrollo emocional y relacional;\u00a0<\/span><\/li>\n<li style=\"font-weight: 400;\"><span style=\"font-weight: 400;\">adquirir una mayor autoestima y confianza en s\u00ed mismo;<\/span><\/li>\n<li style=\"font-weight: 400;\"><span style=\"font-weight: 400;\">hacer crecer las bases humanas como la escucha, la empat\u00eda, la gratuidad, la solidaridad, el respeto rec\u00edproco, dando nosotros el ejemplo en primer lugar;<\/span><\/li>\n<li style=\"font-weight: 400;\"><span style=\"font-weight: 400;\">desarrollar en ellos una cultura basada en el dar y compartir;<\/span><\/li>\n<li style=\"font-weight: 400;\"><span style=\"font-weight: 400;\">aprender a afrontar situaciones de dificultad o sufrimiento personal y de otros, a no detenerse delante de las dificultades;<\/span><\/li>\n<li style=\"font-weight: 400;\"><span style=\"font-weight: 400;\">descubrir la alegr\u00eda de estar juntos, jugar y ser creativos respet\u00e1ndose rec\u00edprocamente.<\/span><\/li>\n<\/ul>\n<h2><span style=\"color: #e94e1b;\">Dimensi\u00f3n social y global &#8211; \u201cni\u00f1os-ciudadanos\u201d<\/span><\/h2>\n<p><span style=\"font-weight: 400;\"><img loading=\"lazy\" decoding=\"async\" class=\"size-medium wp-image-2108 alignright\" src=\"http:\/\/gen4.focolare.org\/wp-content\/uploads\/2019\/09\/Ecologia-300x225.jpg\" alt=\"\" width=\"300\" height=\"225\" srcset=\"https:\/\/gen4.focolare.org\/wp-content\/uploads\/2019\/09\/Ecologia-300x225.jpg 300w, https:\/\/gen4.focolare.org\/wp-content\/uploads\/2019\/09\/Ecologia-768x576.jpg 768w, https:\/\/gen4.focolare.org\/wp-content\/uploads\/2019\/09\/Ecologia-1024x768.jpg 1024w, https:\/\/gen4.focolare.org\/wp-content\/uploads\/2019\/09\/Ecologia-600x450.jpg 600w\" sizes=\"auto, (max-width: 300px) 100vw, 300px\" \/>La formaci\u00f3n gen4 tiene como objetivo acompa\u00f1arlos a abrir sus horizontes, vivir experiencias de una activa ciudadan\u00eda, cuidando el medio ambiente y la naturaleza: por lo tanto, una formaci\u00f3n pro-social, para convertirlos en \u201cni\u00f1os-ciudadanos\u201d, capaces de participar activamente en la construcci\u00f3n de la colectividad.<\/span><\/p>\n<p><b>Por lo tanto, nos proponemos:<\/b><\/p>\n<ul>\n<li style=\"font-weight: 400;\"><span style=\"font-weight: 400;\">descubrir juntos las cosas positivas que existen en el mundo. Un universo que puede ser animado por la generosidad, la solidaridad, la paz, el amor: valores que generan la fraternidad universal;\u00a0<\/span><\/li>\n<li style=\"font-weight: 400;\"><span style=\"font-weight: 400;\">sentirnos parte de una comunidad, aprendiendo a ver las necesidades de las personas y de la sociedad a nivel local y global;<\/span><\/li>\n<li style=\"font-weight: 400;\"><span style=\"font-weight: 400;\">promover la sensibilidad hacia los necesitados, aprendiendo a compartir y a vivir la cultura del dar;<\/span><\/li>\n<li style=\"font-weight: 400;\"><span style=\"font-weight: 400;\">desarrollar la atenci\u00f3n hacia el ambiente en el cual se vive, para estar en armon\u00eda con la creaci\u00f3n;<\/span><\/li>\n<li style=\"font-weight: 400;\"><span style=\"font-weight: 400;\">sentar bases s\u00f3lidas para la formaci\u00f3n de \u201chombres nuevos\u201d, constructores de paz y fraternidad desde una temprana edad para hacer una contribuci\u00f3n al mundo unido.<\/span><\/li>\n<\/ul>\n<h2><span style=\"color: #e94e1b;\">Dimensi\u00f3n espiritual:<\/span><\/h2>\n<p><span style=\"font-weight: 400;\"><img loading=\"lazy\" decoding=\"async\" class=\"wp-image-2778 size-medium alignright\" src=\"http:\/\/gen4.focolare.org\/wp-content\/uploads\/2019\/10\/WP_20180224_17_04_50_Pro-Loppiano-1-1-300x225.jpg\" alt=\"\" width=\"300\" height=\"225\" srcset=\"https:\/\/gen4.focolare.org\/wp-content\/uploads\/2019\/10\/WP_20180224_17_04_50_Pro-Loppiano-1-1-300x225.jpg 300w, https:\/\/gen4.focolare.org\/wp-content\/uploads\/2019\/10\/WP_20180224_17_04_50_Pro-Loppiano-1-1-768x575.jpg 768w, https:\/\/gen4.focolare.org\/wp-content\/uploads\/2019\/10\/WP_20180224_17_04_50_Pro-Loppiano-1-1-600x449.jpg 600w, https:\/\/gen4.focolare.org\/wp-content\/uploads\/2019\/10\/WP_20180224_17_04_50_Pro-Loppiano-1-1.jpg 777w\" sizes=\"auto, (max-width: 300px) 100vw, 300px\" \/>Los ni\u00f1os son los m\u00e1s cercanos a Dios y justamente por su inocencia son m\u00e1s sensibles a las cosas divinas. Por este motivo, Chiara Lubich se\u00f1al\u00f3, ya en los a\u00f1os 70, que es importante cuidar, desde los primeros a\u00f1os de los ni\u00f1os, la dimensi\u00f3n de la interioridad y la relaci\u00f3n con lo divino, para no cancelar esta capacidad sino m\u00e1s bien ayudarlos a desarrollarla.<\/span><\/p>\n<p><b>Por lo tanto, nos proponemos a:<\/b><\/p>\n<ul>\n<li style=\"font-weight: 400;\"><span style=\"font-weight: 400;\">crear espacios y momentos donde los ni\u00f1os puedan alimentar su sed natural de la belleza, ayud\u00e1ndolos a descubrir lo divino que est\u00e1 en ellos, en los dem\u00e1s, en la naturaleza, en el mundo, para hacer crecer en ellos su vida interior,<\/span><\/li>\n<li style=\"font-weight: 400;\"><span style=\"font-weight: 400;\">hacerles descubrir la posibilidad de crecer en la fe.<\/span><\/li>\n<\/ul>\n<p><span style=\"font-weight: 400;\">Estas tres dimensiones (personal e interpersonal, social y global, espiritual), constitutivos de nuestro ser, est\u00e1n fuertemente conectadas entre s\u00ed y ser\u00eda imposible separarlas: por esta raz\u00f3n, tratamos de tenerlo en cuenta incluso en la elaboraci\u00f3n de contenidos y en las modalidades para llevar a cabo las actividades.<\/span><\/p>\n<p>[\/vc_column_text][\/vc_column][\/vc_row]<\/p>\n<\/div>","protected":false},"excerpt":{"rendered":"<p>[vc_row full_width=\u00bbstretch_row\u00bb content_placement=\u00bbmiddle\u00bb css=\u00bb.vc_custom_1559339898804{background-image: url(http:\/\/gen4.focolare.org\/wp-content\/uploads\/2019\/05\/background_gen4_red.png?id=1747) !important;}\u00bb][vc_column width=\u00bb1\/4&#8243;][vc_column_text css=\u00bb.vc_custom_1578851604468{background-color: #00983a !important;}\u00bb] qui\u00e9nes &#8230; <\/p>\n","protected":false},"author":1,"featured_media":0,"parent":3972,"menu_order":0,"comment_status":"closed","ping_status":"closed","template":"","meta":{"footnotes":""},"class_list":["post-3943","page","type-page","status-publish","hentry"],"_links":{"self":[{"href":"https:\/\/gen4.focolare.org\/es\/wp-json\/wp\/v2\/pages\/3943","targetHints":{"allow":["GET"]}}],"collection":[{"href":"https:\/\/gen4.focolare.org\/es\/wp-json\/wp\/v2\/pages"}],"about":[{"href":"https:\/\/gen4.focolare.org\/es\/wp-json\/wp\/v2\/types\/page"}],"author":[{"embeddable":true,"href":"https:\/\/gen4.focolare.org\/es\/wp-json\/wp\/v2\/users\/1"}],"replies":[{"embeddable":true,"href":"https:\/\/gen4.focolare.org\/es\/wp-json\/wp\/v2\/comments?post=3943"}],"version-history":[{"count":2,"href":"https:\/\/gen4.focolare.org\/es\/wp-json\/wp\/v2\/pages\/3943\/revisions"}],"predecessor-version":[{"id":5318,"href":"https:\/\/gen4.focolare.org\/es\/wp-json\/wp\/v2\/pages\/3943\/revisions\/5318"}],"up":[{"embeddable":true,"href":"https:\/\/gen4.focolare.org\/es\/wp-json\/wp\/v2\/pages\/3972"}],"wp:attachment":[{"href":"https:\/\/gen4.focolare.org\/es\/wp-json\/wp\/v2\/media?parent=3943"}],"curies":[{"name":"wp","href":"https:\/\/api.w.org\/{rel}","templated":true}]}}