{"id":10409,"date":"2022-02-15T09:54:35","date_gmt":"2022-02-15T08:54:35","guid":{"rendered":"https:\/\/gen4.focolare.org\/?post_type=wpdmpro&#038;p=10409"},"modified":"2026-01-29T18:38:07","modified_gmt":"2026-01-29T17:38:07","slug":"a-alma-nao-e-pequena-nem-grande","status":"publish","type":"wpdmpro","link":"https:\/\/gen4.focolare.org\/es\/download\/a-alma-nao-e-pequena-nem-grande\/","title":{"rendered":"\u201cA alma n\u00e3o \u00e9 pequena nem grande\u201d"},"content":{"rendered":"<p style=\"text-align: center;\"><strong>\u201cA alma n\u00e3o \u00e9 pequena nem grande\u201d<\/strong><strong> <a href=\"#_ftn1\" name=\"_ftnref1\">[1]<\/a><\/strong><\/p>\n<p style=\"text-align: center;\">Chiara Lubich sobre Gen 4 e Gen 5 \u2013 orienta\u00e7\u00f5es para a forma\u00e7\u00e3o<\/p>\n<p style=\"text-align: center;\"><em>(sele\u00e7\u00e3o de trechos de escritos e palestras: 1955-2007)<\/em><\/p>\n<p><span style=\"font-size: 14px;\"><a href=\"#_ftnref1\" name=\"_ftn1\">[1]<\/a> Sele\u00e7\u00e3o de trechos de Chiara Lubich &#8211; de escritos e conversas &#8211; sobre as crian\u00e7as, Gen 4-Gen 5 (1955-2007) organizada pelos Centros Gen 4 &#8211; edi\u00e7\u00e3o 2021. \u00c9 um trabalho que, embora n\u00e3o tendo o rigor cient\u00edfico de um texto de estudo, quer oferecer a todos os educadores os elementos centrais que caracterizam a novidade da abordagem pedag\u00f3gica de Chiara. Estas \u00abfontes\u00bb devem ser enriquecidas com textos de acompanhamento que podem ajudar na sua compreens\u00e3o e atualiza\u00e7\u00e3o. Quando n\u00e3o h\u00e1 indica\u00e7\u00e3o de publica\u00e7\u00e3o, os trechos s\u00e3o in\u00e9ditos, no Arquivo Geral do Movimento dos Focolares (AGMF), Arquivo Chiara Lubich (ACL) ou no Arquivo dos Centros Gen 4.<\/span><\/p>\n<p style=\"text-align: center;\"><em>Primeira parte:\u00a0<\/em><\/p>\n<p style=\"text-align: center;\"><strong><em>\u201cAs crian\u00e7as\u2026 s\u00e3o as que melhor interpretaram o meu Ideal\u201d<\/em><\/strong><\/p>\n<p style=\"margin: 0cm; margin-bottom: .0001pt;\"><strong>*Parte 1\/3_Cap. 1\/4<\/strong><\/p>\n<p style=\"margin: 0cm; margin-bottom: .0001pt;\">(\u201cAs crian\u00e7as\u2026 s\u00e3o as que melhor interpretaram o meu Ideal\u201d &#8211; P\u00e1ginas 1-3)<\/p>\n<p style=\"margin: 0cm; margin-bottom: .0001pt;\"><strong>*Parte 1\/3_Cap. 2\/4<\/strong><\/p>\n<p style=\"margin: 0cm; margin-bottom: .0001pt;\">(\u201cUma inspira\u00e7\u00e3o do Esp\u00edrito Santo\u2026hoje nasceram os Gen 4!\u201d &#8211; P\u00e1ginas 4-5)<\/p>\n<p style=\"margin: 0cm; margin-bottom: .0001pt;\"><strong>*Parte 1\/3_Cap. 3\/4<\/strong><\/p>\n<p style=\"margin: 0cm; margin-bottom: .0001pt;\">(\u201cOs brotinhos\u2026 a garantia da \u00e1rvore\u201d &#8211; P\u00e1ginas 5-7)<\/p>\n<p style=\"margin: 0cm; margin-bottom: .0001pt;\"><strong>*Parte 1\/3_Cap. 4\/4<\/strong><\/p>\n<p style=\"margin: 0cm; margin-bottom: .0001pt;\">(\u201cAli nasceram os Gen 5!\u201d &#8211; P\u00e1gina 8)<\/p>\n<p>&nbsp;<\/p>\n<p style=\"text-align: center;\"><em>Segunda parte:\u00a0<\/em><\/p>\n<p style=\"text-align: center;\"><strong>\u201cJesus Mestre\u201d<\/strong><\/p>\n<p style=\"margin: 0cm; margin-bottom: .0001pt;\"><strong>*Parte 2\/3_Cap. 1\/4<\/strong><\/p>\n<p style=\"margin: 0cm; margin-bottom: .0001pt;\">(\u201cJesus Mestre\u201d\u201d &#8211; P\u00e1ginas 9-10)<\/p>\n<p style=\"margin: 0cm; margin-bottom: .0001pt;\"><strong>*Parte 2\/3_Cap. 2\/4<\/strong><\/p>\n<p style=\"margin: 0cm; margin-bottom: .0001pt;\"><span style=\"font-size: 15px;\">(\u201cEu imagino muitas pessoas\u201d- \u201cUma forma\u00e7\u00e3o que sirva de suporte para o Ideal\u201d- \u00a0P\u00e1gina 11)<\/span><\/p>\n<p style=\"margin: 0cm; margin-bottom: .0001pt;\"><strong>*Parte 2\/3_Cap. 3\/4<\/strong><\/p>\n<p style=\"margin: 0cm; margin-bottom: .0001pt;\">(\u201cForam confiados a voc\u00eas\u201d &#8211; P\u00e1ginas 12-14)<\/p>\n<p>&nbsp;<\/p>\n<p style=\"text-align: center;\"><em>Terceira parte:<\/em><\/p>\n<p style=\"text-align: center;\"><strong>\u201c\u00c9 preciso dar tudo \u00e0s crian\u00e7as. Mas de que maneira?\u201d<\/strong><\/p>\n<p style=\"margin: 0cm; margin-bottom: .0001pt;\"><strong>*Parte 3\/3_Cap. 1\/4<\/strong><\/p>\n<p style=\"margin: 0cm; margin-bottom: .0001pt;\"><span style=\"font-size: 10.0pt;\">(\u201c\u00c9 preciso dar tudo \u00e0s crian\u00e7as. Mas de que maneira?\u201d &#8211; \u201cDec\u00e1logo do jogo Ideal\u201d P\u00e1ginas 15-16)<\/span><\/p>\n<p style=\"margin: 0cm; margin-bottom: .0001pt;\"><strong>*Parte 3\/3_Cap. 2\/4<\/strong><\/p>\n<p style=\"margin: 0cm; margin-bottom: .0001pt;\">(\u201cN\u00e3o podemos amar as crian\u00e7as sem brincar com elas\u201d- P\u00e1ginas 16-19)<\/p>\n<p style=\"margin: 0cm; margin-bottom: .0001pt;\"><strong>*Parte 3\/3_Cap. 3\/4<\/strong><\/p>\n<p style=\"margin: 0cm; margin-bottom: .0001pt;\">(\u201c\u00c9 preciso se preparar muito bem\u201d- P\u00e1ginas 19-24)<\/p>\n<p style=\"margin: 0cm; margin-bottom: .0001pt;\"><strong>*Parte 3\/3_Cap. 4\/4<\/strong><\/p>\n<p style=\"margin: 0cm; margin-bottom: .0001pt;\">(\u201cEu estou com voc\u00eas, levando o amor a todos\u201d- P\u00e1gina 24)<\/p>\n","protected":false},"excerpt":{"rendered":"<p>\u201cA alma n\u00e3o \u00e9 pequena nem grande\u201d [1] Chiara Lubich sobre &#8230; <\/p>\n","protected":false},"author":3,"featured_media":10410,"comment_status":"closed","ping_status":"closed","template":"page.php","meta":{"__wpdm_changelog":[]},"wpdmcategory":[254],"wpdmtag":[],"class_list":["post-10409","wpdmpro","type-wpdmpro","status-publish","has-post-thumbnail","hentry","wpdmcategory-portugue"],"_links":{"self":[{"href":"https:\/\/gen4.focolare.org\/es\/wp-json\/wp\/v2\/wpdmpro\/10409","targetHints":{"allow":["GET"]}}],"collection":[{"href":"https:\/\/gen4.focolare.org\/es\/wp-json\/wp\/v2\/wpdmpro"}],"about":[{"href":"https:\/\/gen4.focolare.org\/es\/wp-json\/wp\/v2\/types\/wpdmpro"}],"author":[{"embeddable":true,"href":"https:\/\/gen4.focolare.org\/es\/wp-json\/wp\/v2\/users\/3"}],"replies":[{"embeddable":true,"href":"https:\/\/gen4.focolare.org\/es\/wp-json\/wp\/v2\/comments?post=10409"}],"wp:featuredmedia":[{"embeddable":true,"href":"https:\/\/gen4.focolare.org\/es\/wp-json\/wp\/v2\/media\/10410"}],"wp:attachment":[{"href":"https:\/\/gen4.focolare.org\/es\/wp-json\/wp\/v2\/media?parent=10409"}],"wp:term":[{"taxonomy":"wpdmcategory","embeddable":true,"href":"https:\/\/gen4.focolare.org\/es\/wp-json\/wp\/v2\/wpdmcategory?post=10409"},{"taxonomy":"wpdmtag","embeddable":true,"href":"https:\/\/gen4.focolare.org\/es\/wp-json\/wp\/v2\/wpdmtag?post=10409"}],"curies":[{"name":"wp","href":"https:\/\/api.w.org\/{rel}","templated":true}]}}