{"id":12185,"date":"2022-11-30T11:10:43","date_gmt":"2022-11-30T10:10:43","guid":{"rendered":"https:\/\/gen4.focolare.org\/?post_type=wpdmpro&#038;p=12185"},"modified":"2024-02-23T15:31:07","modified_gmt":"2024-02-23T14:31:07","slug":"0_aujourdhui-jai-decouvert-le-ciel-avant-propos","status":"publish","type":"wpdmpro","link":"https:\/\/gen4.focolare.org\/es\/download\/0_aujourdhui-jai-decouvert-le-ciel-avant-propos\/","title":{"rendered":"0_Aujourd\u2019hui, j\u2019ai d\u00e9couvert le Ciel: Avant-propos"},"content":{"rendered":"<p style=\"text-align: center;\"><span style=\"color: #ff6600;\"><strong>Etapes du parcours pour les Gen4 sur \u00ab L\u2019union avec Dieu et la pri\u00e8re \u00bb<br \/>\n&#8211; ann\u00e9e 2022-2023 &#8211;<\/strong><\/span><\/p>\n<p><span style=\"color: #ff6600;\"><strong>Avant-propos:<\/strong><\/span><\/p>\n<p>Pour pr\u00e9parer le mat\u00e9riel, nous avons commenc\u00e9 par relire et m\u00e9diter plusieurs th\u00e8mes que Chiara<a href=\"#_ftn1\" name=\"_ftnref1\">[1]<\/a> a r\u00e9alis\u00e9s sur ces sujets, en soulignant les aspects qui semblaient les plus appropri\u00e9s pour les Gen4.\u00a0 Pour beaucoup de ces aspects, il existe \u00e9galement du mat\u00e9riel sp\u00e9cifique pr\u00e9par\u00e9 par Chiara pour cet \u00e2ge (des passages tir\u00e9s de son histoire et des r\u00e9ponses qu\u2019elle a donn\u00e9es aux Gen4 au fil des ann\u00e9es).<\/p>\n<p>Nous avons choisi <strong><span style=\"color: #ff6600;\">7 point<\/span><\/strong>s \u00e0 proposer par \u00e9tapes successives, avec un parcours qui est aussi en phase avec la formation Indigo sur l\u2019Ecriture Sainte que nous aimerions faire faire aux Gen4.<\/p>\n<p>Pour chaque \u00e9tape, nous avons indiqu\u00e9 :<\/p>\n<ol>\n<li><strong><span style=\"color: #ff6600;\">A)<\/span><\/strong> quelques <strong><span style=\"color: #ff6600;\">suggestions<\/span><\/strong> tir\u00e9es des th\u00e8mes de Chiara pour la pr\u00e9paration-m\u00e9ditation des assistants;<\/li>\n<li><strong><span style=\"color: #ff6600;\">B)<\/span> <\/strong>les <strong><span style=\"color: #ff6600;\">objectifs<\/span><\/strong> que ces indications nous ont sugg\u00e9r\u00e9es pour la rencontre Gen4 ;<\/li>\n<li><strong><span style=\"color: #ff6600;\">C)<\/span><\/strong> des <strong><span style=\"color: #ff6600;\">contenus<\/span><\/strong> qui peuvent \u00eatre une aide pour atteindre ces objectifs, des \u00abgouttes de lumi\u00e8re\u00bb tir\u00e9es de <strong><span style=\"color: #ff6600;\">l&#8217;\u00c9criture Sainte<\/span><\/strong> (cf. parcours Indigo pour les Gen4) et de la <strong><span style=\"color: #ff6600;\">Spiritualit\u00e9<\/span><\/strong> (\u00e9galement dans le mat\u00e9riel pour les Gen4). Concr\u00e8tement, pour chaque \u00e9tape, nous indiquons : &#8211; quels passages de l&#8217;histoire de Chiara ou quelles r\u00e9ponses elle a donn\u00e9es au fil des ans aux Gen4 peuvent \u00eatre utilis\u00e9s ; &#8211; quel \u00e9pisode de l&#8217;\u00c9criture Sainte nous semble \u00eatre en phase avec ce point. Chaque \u00e9pisode de l&#8217;\u00c9criture Sainte propos\u00e9 est \u00e9galement accompagn\u00e9 d&#8217;exp\u00e9riences illustr\u00e9es qui peuvent constituer un mat\u00e9riel utile pour enrichir le propos.<\/li>\n<li><span style=\"color: #ff6600;\"><strong>D)<\/strong><\/span> Enfin, gr\u00e2ce \u00e0 une merveilleuse collaboration avec une \u00e9quipe d&#8217;assistants du monde entier, des id\u00e9es ont \u00e9galement \u00e9t\u00e9 <strong><span style=\"color: #ff6600;\">pr\u00e9par\u00e9es pour mener les rencontres Gen4 et les enrichir de chansons, de jeux, de dessins et d&#8217;activit\u00e9s diverses.<\/span><\/strong><\/li>\n<\/ol>\n<p>En \u00e9tant \u00abmodulaire\u00bb et non d\u00e9j\u00e0 structur\u00e9 comme les ann\u00e9es pr\u00e9c\u00e9dentes, le type de proposition que nous pouvons offrir cette ann\u00e9e peut \u00eatre encore plus facilement adapt\u00e9 \u00e0 chaque situation. Nous sommes s\u00fbrs que la sensibilit\u00e9 de chaque assistant saura <strong><span style=\"color: #ff6600;\">choisir, parmi ceux propos\u00e9s, les \u00e9l\u00e9ments les plus appropri\u00e9s pour le groupe Gen4 confi\u00e9. Il y a beaucoup de mat\u00e9riel \u00e0 choisir : vous ne devez PAS tout faire !<\/span><\/strong><\/p>\n<p>Comme vous le verrez, m\u00eame dans le choix des th\u00e8mes de Chiara (pour la pr\u00e9paration des assistants), nous avons cherch\u00e9 des conversations faites \u00e0 des publics les plus vari\u00e9s, afin de tenir compte, dans la mesure du possible, de la richesse <strong><span style=\"color: #ff6600;\">interreligieuse et \u0153cum\u00e9nique.<\/span><\/strong> Nous rappelons que la dimension \u0153cum\u00e9nique est tr\u00e8s pr\u00e9sente tout au long du parcours Indigo, tant dans la r\u00e9vision de passages de l\u2019\u00c9criture Sainte adapt\u00e9s aux enfants, que dans l&#8217;apport des notes accompagnant le texte, gr\u00e2ce \u00e0 la contribution de focolarines et focolarini de diff\u00e9rentes \u00c9glises.<\/p>\n<p>Le titre g\u00e9n\u00e9ral du parcours que nous proposons pour l&#8217;ann\u00e9e 2022-2023 est : <span style=\"color: #ff0000; font-size: 18px;\"><strong><em>Aujourd&#8217;hui, j&#8217;ai d\u00e9couvert le Ciel.<\/em><\/strong><\/span><\/p>\n<p>____________________________________________<\/p>\n<p><a href=\"#_ftnref1\" name=\"_ftn1\">[1]<\/a> Textes de r\u00e9f\u00e9rence consult\u00e9s\u00a0:<\/p>\n<ol>\n<li>Lubich, Tokyo (Japon), 28 d\u00e9cembre 1981, aux membres de la Rissho Kosei Kai, <em>\u00ab\u00a0Mon exp\u00e9rience spirituelle<\/em>\u00bb\u00a0;<br \/>\nC. Lubich, Faenza, 10 avril 1988, aux familles, \u00ab\u00a0<em>La pri\u00e8re en famille<\/em>\u00bb\u00a0;<\/li>\n<li>Lubich, aux focolarini, Castel Gandolfo, 23 d\u00e9cembre 1988, La \u00ab\u00a0<em>Via Mariae<\/em>\u00bb\u00a0;<\/li>\n<li>Lubich, t\u00e9l\u00e9conf\u00e9rence CH, 23 f\u00e9vrier 1989, \u00ab\u00a0<em>Les quatre fa\u00e7ons de prier<\/em>\u00bb (publi\u00e9 dans\u00a0: C.Lubich, Cercando le cose di lass\u00f9, Roma 1992<sup>4<\/sup>, p. 128-130.)\u00a0;<\/li>\n<li>Lubich, t\u00e9l\u00e9conf\u00e9rence CH, Mariapolis Luminosa, 24 mai 1990, \u00ab\u00a0<em>Vivre le \u2018\u2019d\u00e9j\u00e0\u2019\u2019<\/em>\u00bb (publi\u00e9 dans\u00a0: C. Lubich, Santi insieme, Rome 1995<sup>3<\/sup> , (I.\u00e9d.: 1994), p. 35-38)\u00a0;<br \/>\nC. Lubich, Castel Gandolfo, 24 d\u00e9cembre 1998, aux focolarini, \u00ab\u00a0<em>5<sup>\u00e8me<\/sup> th\u00e8me de la spiritualit\u00e9 collective \u2013 3<sup>\u00e8me<\/sup> aspect\u00a0: \u2018\u2019L\u2019amour \u00e9l\u00e8ve\u2019\u2019\u00a0<\/em>\u00bb\u00a0;<br \/>\nC. Lubich, Castel Gandolfo, 25 octobre 1999, rencontre des amis musulmans, \u00ab\u00a0<em>La pri\u00e8re, la m\u00e9ditation et l\u2019union \u00e0 Dieu<\/em>\u00bb\u00a0;<\/li>\n<li>Lubich, Castel Gandolfo, 4 janvier 2004, aux focolarini\/es, \u00ab\u00a0<em>L\u2019union \u00e0 Dieu se ressent, se per\u00e7oit \u2013 La culture de la R\u00e9surrection<\/em>\u00bb\u00a0;<\/li>\n<li>Lubich, Castel Gandolfo, 16 f\u00e9vrier 2004, aux Ev\u00eaques amis du Mouvement des Focolari, \u00ab\u00a0<em>L\u2019union \u00e0 Dieu<\/em>\u00bb\u00a0;<\/li>\n<li>Lubich, Castel Gandolfo, 18 avril 2004, au symposium Hindou-chr\u00e9tien, \u00ab\u00a0<em>L\u2019union \u00e0 Dieu<\/em>\u00bb.<\/li>\n<\/ol>\n","protected":false},"excerpt":{"rendered":"<p>Etapes du parcours pour les Gen4 sur \u00ab L\u2019union avec Dieu &#8230; <\/p>\n","protected":false},"author":3,"featured_media":12379,"comment_status":"closed","ping_status":"closed","template":"page.php","meta":{"__wpdm_changelog":[]},"wpdmcategory":[493],"wpdmtag":[],"class_list":["post-12185","wpdmpro","type-wpdmpro","status-publish","has-post-thumbnail","hentry","wpdmcategory-aujourdhui-jai-decouvert-le-ciel-lunion-avec-dieu-et-la-priere-2022-2023"],"_links":{"self":[{"href":"https:\/\/gen4.focolare.org\/es\/wp-json\/wp\/v2\/wpdmpro\/12185","targetHints":{"allow":["GET"]}}],"collection":[{"href":"https:\/\/gen4.focolare.org\/es\/wp-json\/wp\/v2\/wpdmpro"}],"about":[{"href":"https:\/\/gen4.focolare.org\/es\/wp-json\/wp\/v2\/types\/wpdmpro"}],"author":[{"embeddable":true,"href":"https:\/\/gen4.focolare.org\/es\/wp-json\/wp\/v2\/users\/3"}],"replies":[{"embeddable":true,"href":"https:\/\/gen4.focolare.org\/es\/wp-json\/wp\/v2\/comments?post=12185"}],"wp:featuredmedia":[{"embeddable":true,"href":"https:\/\/gen4.focolare.org\/es\/wp-json\/wp\/v2\/media\/12379"}],"wp:attachment":[{"href":"https:\/\/gen4.focolare.org\/es\/wp-json\/wp\/v2\/media?parent=12185"}],"wp:term":[{"taxonomy":"wpdmcategory","embeddable":true,"href":"https:\/\/gen4.focolare.org\/es\/wp-json\/wp\/v2\/wpdmcategory?post=12185"},{"taxonomy":"wpdmtag","embeddable":true,"href":"https:\/\/gen4.focolare.org\/es\/wp-json\/wp\/v2\/wpdmtag?post=12185"}],"curies":[{"name":"wp","href":"https:\/\/api.w.org\/{rel}","templated":true}]}}