{"id":12201,"date":"2022-11-15T11:12:20","date_gmt":"2022-11-15T10:12:20","guid":{"rendered":"https:\/\/gen4.focolare.org\/?post_type=wpdmpro&#038;p=12201"},"modified":"2024-02-23T15:30:19","modified_gmt":"2024-02-23T14:30:19","slug":"01_aujourdhui-jai-decouvert-le-ciel-1ere-etape","status":"publish","type":"wpdmpro","link":"https:\/\/gen4.focolare.org\/es\/download\/01_aujourdhui-jai-decouvert-le-ciel-1ere-etape\/","title":{"rendered":"01_Aujourd\u2019hui, j\u2019ai d\u00e9couvert le Ciel: 1\u00e8re \u00e9tape"},"content":{"rendered":"<p style=\"text-align: center;\"><span style=\"color: #ff6600;\"><strong><em>Dieu a toujours pens\u00e9 \u00e0 nous et il nous accompagne depuis la Cr\u00e9ation<\/em><\/strong><\/span><\/p>\n<p style=\"text-align: center;\"><span style=\"color: #ff6600;\"><strong><em> jusqu&#8217;aux <\/em><\/strong><strong><em>\u00ab<\/em><\/strong><strong><em>cieux nouveaux et la terre nouvelle<\/em><\/strong><strong><em>\u00bb<\/em><\/strong><strong><em>.<\/em><\/strong><\/span><\/p>\n<p><strong>A) Pour les assistants : <\/strong><strong>suggestions tir\u00e9es<\/strong> <strong>des th\u00e8mes de Chiara : <em>\u00eatre en relation avec le Dieu qui nous a cr\u00e9\u00e9s.<\/em> <\/strong><\/p>\n<p>1) Pour pouvoir prier, \u00abparler avec Dieu\u00bb, je dois savoir que Dieu existe. En 1988, en parlant de <strong><em>la pri\u00e8re en famille<\/em><\/strong>, Chiara avait soulign\u00e9 que: \u00ab[&#8230;] <strong><em>pour que les enfants apprennent \u00e0 prier Dieu, il faut d&#8217;abord que la r\u00e9alit\u00e9 de Dieu leur soit r\u00e9v\u00e9l\u00e9e, qu&#8217;ils d\u00e9couvrent son existence. Ils doivent savoir qu&#8217;Il existe.<\/em><\/strong> [&#8230;]\u00bb<span style=\"color: #3366ff;\"><a style=\"color: #3366ff;\" href=\"#_ftn1\" name=\"_ftnref1\">[1]<\/a>.\u00a0<\/span><\/p>\n<p>2) Un autre point, mis en \u00e9vidence par Chiara dans diff\u00e9rents th\u00e8mes, est <strong>l&#8217;importance de la pri\u00e8re dans la vie humaine et que la pri\u00e8re est constitutive de l&#8217;homme : la relation avec Dieu diff\u00e9rencie l&#8217;homme des autres cr\u00e9atures. \u201c<em>L&#8217;homme est vraiment lui-m\u00eame, s&#8217;il prie\u201d<\/em><\/strong><span style=\"color: #3366ff;\"><a style=\"color: #3366ff;\" href=\"#_ftn2\" name=\"_ftnref2\">[2]<\/a><\/span>.<\/p>\n<p>3) Nous retrouvons cette relation avec Dieu dans diff\u00e9rentes religions. Chiara souligne ces \u00abaffinit\u00e9s\u00bb lorsqu&#8217;elle s&#8217;adresse aux publics les plus divers, comme aux bouddhistes en 1981, ou quelques ann\u00e9es plus tard aux musulmans. Voici un extrait de son discours lors d&#8217;une r\u00e9union \u00e0 Castelgandolfo en 1999 pr\u00e9cis\u00e9ment avec nos amis musulmans :<strong><br \/>\n<\/strong><em>\u00ab\u00a0[\u2026] <strong>La pri\u00e8re est un \u00e9l\u00e9ment essentiel de notre vie spirituelle.<\/strong> <\/em><em>Sans elle, il n\u2019y a pas de vie spirituelle. On peut vivre sans manger, mais pas sans respirer, et la pri\u00e8re est le souffle de l\u2019\u00e2me. <strong>Je suis consciente de m\u2019adresser \u00e0 des croyants qui savent ce qu\u2019est la pri\u00e8re.<\/strong> On pourrait m\u00eame dire, je crois, que <strong>l\u2019Islam est la religion de la pri\u00e8re, <\/strong>non seulement parce que celle que vous faites cinq fois par jour est l&#8217;un de ses cinq piliers, mais aussi parce que r\u00e9citer avec foi l&#8217;un des versets du Coran a valeur de pri\u00e8re. <\/em><em>[\u2026] La pri\u00e8re est constitutive de l\u2019homme en tant que tel, de son \u00eatre m\u00eame<strong>. L\u2019homme est vraiment lui-m\u00eame s\u2019il prie<\/strong><\/em><strong><em>. La pri\u00e8re, c\u2019est entrer en relation avec Dieu. <\/em><\/strong><em>Cr\u00e9\u00e9 par Dieu \u00e0 son image et \u00e0 sa ressemblance, l\u2019homme a la possibilit\u00e9 extraordinaire d\u2019entrer en relation avec Lui, d\u2019\u00eatre l\u2019interlocuteur de Dieu<\/em><span style=\"font-size: 13.3333px;\"> <em><span style=\"color: #3366ff;\"><a style=\"color: #3366ff;\" href=\"#_ftn3\" name=\"_ftnref3\"><strong>[3]<\/strong><\/a><\/span><\/em><\/span><em>. [\u2026]<\/em><\/p>\n<p><sup>\u00a0<\/sup>4) Enfin, pour bien prier, il faut<em> \u00a0<strong>\u00ab\u00a0penser souvent au Paradis<\/strong>\u00a0\u00bb, en \u00e9tant conscient non seulement d&#8217;o\u00f9 nous venons mais aussi de o\u00f9 nous allons. Lors de la m\u00eame rencontre en 1999, Chiara avait d\u00e9clar\u00e9 \u00e0 nos amis musulmans\u00a0: \u00ab\u00a0<\/em><em>[\u2026] En effet, au Ciel, o\u00f9 nous esp\u00e9rons aller, la vie ne sera pas faite d\u2019apostolat ou autre, mais de louange, d\u2019adoration, de remerciement \u00e0 Dieu. D\u00e8s ici-bas, il nous faut apprendre \u00e0 vivre comme nous vivrons l\u00e0-haut. <strong>Pour bien prier, il faut penser souvent au Paradis et avoir le d\u00e9sir de la vision de Dieu que j\u2019ai trouv\u00e9 dans la vie et dans les \u00e9crits de nombreux croyants musulmans sinc\u00e8res<\/strong><span style=\"color: #3366ff;\"><a style=\"color: #3366ff;\" href=\"#_ftn3\" name=\"_ftnref3\"><strong>[3]<\/strong><\/a><\/span><\/em><strong><em>. [\u2026]<\/em><\/strong><\/p>\n<p><strong><em>\u00a0<\/em><\/strong><strong><em><span style=\"color: #ff6600;\">B) Objectifs de la rencontre Gen4<\/span>\u00a0<\/em><\/strong><\/p>\n<p>&#8211; D\u00e9couvrir la relation d&#8217;amour de Dieu avec l&#8217;homme : Dieu m&#8217;a cr\u00e9\u00e9, il m&#8217;accompagne et je peux Lui parler<\/p>\n<p>-Remercier Dieu pour tout ce qu&#8217;il nous a donn\u00e9, pour la Cr\u00e9ation qui nous am\u00e8ne et nous aide en retour \u00e0 conna\u00eetre l&#8217;amour de Dieu<\/p>\n<p><strong><span style=\"color: #ff6600;\">C) Contenus de la rencontre Gen4: des gouttes de lumi\u00e8re tir\u00e9es de l\u2019Ecriture Sainte et de la spiritualit\u00e9 (r\u00e9ponses et histoire de Chiara)<\/span><\/strong><\/p>\n<p><strong><span style=\"color: #ff6600;\">&#8211;<\/span><span style=\"color: #ff6600;\"> l\u2019Ecriture Sainte:<\/span><br \/>\n<\/strong>&#8211; \u00e9pisode de la Cr\u00e9ation et pr\u00e9sentation du parcours \u00abDe la cr\u00e9ation aux Cieux nouveaux et \u00e0 la terre nouvelle\u00bb : j\u2019en fais aussi partie (mettre sa photo sur le poster) ; exp\u00e9riences en rapport avec le remerciement de Dieu pour tout ce qu&#8217;il nous a donn\u00e9 et avec la Cr\u00e9ation qui nous renvoie \u00e0 Dieu <strong><span style=\"color: #008000;\">(Annexes C1).<\/span><\/strong><\/p>\n<p><span style=\"color: #ff6600;\"><strong>La spiritualit\u00e9 :<\/strong><\/span><\/p>\n<p><strong>&#8211;<\/strong><strong> Les r\u00e9ponses de Chiara <span style=\"color: #008000;\">(Annexe C2):<\/span><\/strong><\/p>\n<p><strong>Un Gen\u00a04\u00a0:<\/strong> <strong>\u00ab\u00a0<\/strong><strong>Beaucoup d&#8217;enfants disent que Dieu n&#8217;existe pas. Mais Dieu existe, comment je peux le leur dire\u00a0?<\/strong><strong>\u00a0\u00bb<\/strong><span style=\"color: #0000ff;\"> <a style=\"color: #0000ff;\" href=\"#_ftn4\" name=\"_ftnref4\">[4]<\/a><\/span><\/p>\n<p><strong>Chiara\u00a0:<\/strong> Eh! C&#8217;est important. C&#8217;est une question importante, [&#8230;] elle est tr\u00e8s importante, Gen, car des enfants disent que Dieu n&#8217;existe pas, alors lui veut savoir : \u00ab Qu&#8217;est-ce que je dois leur dire ? \u00bb. Je leur dirais ceci : Ecoute-moi. Regarde le ciel : il est immense. Regarde les \u00e9toiles : elles sont loin, \u00e0 des ann\u00e9es-lumi\u00e8re. Regarde la mer : elle est immense. Regarde les montagnes : on dirait qu\u2019elles touchent le ciel. C&#8217;est toi qui les as faits ? \u00ab Non \u00bb \u2013 dira-t-il \u2013 ni moi. C&#8217;est ton grand-p\u00e8re qui les a faits ? \u00ab Non \u00bb \u2013 dira-t-il \u2013 ni le mien. C&#8217;est ton anc\u00eatre qui les a faits ? \u00ab Non \u00bb, ni le mien. Quel homme sur la terre peut dire qu&#8217;il a fait la mer, le ciel, toutes les innombrables fleurs ? Aucun ! Pourtant quelqu&#8217;un les a faits ! Si par exemple, je dis: \u00ab J&#8217;avais cette belle petite maison \u00bb et \u00e0 un moment donn\u00e9 elle n\u2019y est plus, je dis : \u00ab Quelqu&#8217;un me l\u2019a vol\u00e9e \u00bb. Ainsi je dis que si le ciel existe, s\u2019il y a les \u00e9toiles, c\u2019est que quelqu&#8217;un les a faits ! Qui les a faits ? C&#8217;est Dieu, c&#8217;est logique, c&#8217;est logique. Voil\u00e0. Parce que certains diront : \u00ab Dieu ne se voit pas. Comment peux-tu dire qu&#8217;il existe ? \u00bb. Mais l&#8217;air non plus ne se voit pas. Regarde l&#8217;air, il existe puisque je respire, puisque vous respirez. S&#8217;il manquait, nous mourrions tous et pourtant on ne le voit pas. Il y a des choses qui ne se voient pas et qui existent pourtant. De la m\u00eame fa\u00e7on, Dieu existe! Et vous, vous devez convaincre tout le monde. (Appl.)\u00a0Ici vous voyez la mer, que je n&#8217;ai pas faite moi, bien s\u00fbr; l\u00e0, les montagnes qui semblent toucher le ciel, ce doit \u00eatre le Mont Cervin, me semble-t-il; et puis\u2026 ici, beaucoup de fleurs, beaucoup de fleurs, que Dieu seul peut avoir faites\u00a0! [&#8230;]<\/p>\n<p><strong>\u00a0<\/strong><strong>Chiara:<\/strong> Encore un Gen4, Samuel. Ah, Samuel, Ciao ! Alors voyons.\u00a0\u00a0<strong>Eli :<\/strong> <strong>\u00ab\u00a0Dieu a tout fait, mais qui a fait Dieu ?\u00a0\u00bb<\/strong><span style=\"color: #0000ff;\"><a style=\"color: #0000ff;\" href=\"#_ftn5\" name=\"_ftnref5\">[5]<\/a><\/span><\/p>\n<p><strong>Chiara :<\/strong> C&#8217;est une belle question. Ecoute, Samuel, je te dis seulement ceci. Viens ici, Samuel, que je te voie bien. Viens ici, Samuel. Regarde, tu dis : \u00ab\u00a0<em>Dieu a tout fait<\/em>\u00a0\u00bb et tu as raison car tu l&#8217;as compris. En effet, ce n&#8217;est pas moi qui ai fait les \u00e9toiles, ni toi, ni ton p\u00e8re, ni m\u00eame ton grand-p\u00e8re. Quelqu&#8217;un les a faites et c&#8217;est Dieu qui les a faites. Cependant tu dis : \u00ab\u00a0<em>Mais qui a fait Dieu ?<\/em>\u00a0\u00bb Personne. Dieu a toujours \u00e9t\u00e9. Tu as compris ? Rappelle-le-toi. [&#8230;]<\/p>\n<p><strong>Andrea :<\/strong> <strong>\u00ab\u00a0Je suis Andrea de Grottaferrata. Ch\u00e8re Chiara, comment Dieu pouvait-il exister quand il n&#8217;avait pas encore cr\u00e9\u00e9 le ciel ?\u00a0\u00bb<\/strong><span style=\"color: #0000ff;\"><a style=\"color: #0000ff;\" href=\"#_ftn6\" name=\"_ftnref6\">[6]<\/a><\/span><\/p>\n<p><strong>Chiara :<\/strong> Mais le ciel \u2013 m\u00eame le ciel bleu que nous voyons, m\u00eame quand il est plein de nuages, m\u00eame quand arrive l&#8217;orage et qu&#8217;il est alors tout noir ou, au contraire, quand le soleil brille \u2013 c\u2019est Dieu qui l\u2019a cr\u00e9\u00e9 le ciel. C&#8217;est lui qui l&#8217;a fait. Car Dieu n&#8217;est pas le ciel bleu, c\u2019est un esprit et on ne le voit pas, comme on ne voit pas l&#8217;air. L&#8217;air ne se voit pas et pourtant il existe. Malheur \u00e0 nous s\u2019il n\u2019y avait pas d&#8217;air ici, je ne pourrais pas respirer et je mourrais et vous aussi, bien s\u00fbr, si l&#8217;air manquait. L&#8217;air existe donc, mais on ne le voit pas. De m\u00eame Dieu existe, mais on ne le voit pas. Il est esprit, c\u2019est un pur esprit. Et parce qu&#8217;il est esprit, il habite aussi dans notre c\u0153ur. Il est en nous. C&#8217;est pour cela que lorsque nous prions, nous pouvons rentrer en nous o\u00f9 il y a J\u00e9sus et lui parler. Rappelez-vous de cela alors ! (Appl.)<\/p>\n<p><strong>\u00a0<\/strong><strong>\u00a0<\/strong><strong>&#8211; L\u2019histoire de Chiara <span style=\"color: #008000;\">(Annexe C3)<\/span><\/strong>: <strong>\u00ab<\/strong>\u00a0<strong>Moi aussi, j\u2019ai eu votre \u00e2ge, Gen4\u00a0\u00bb<\/strong><\/p>\n<p><strong>\u00a0<\/strong><strong><u>Narratrice<\/u><\/strong> : Chiara est n\u00e9e \u00e0 Trente, dans le nord de l&#8217;Italie. Son pr\u00e9nom \u00e9tait Silvia, et c&#8217;est ainsi que l&#8217;appelaient ses parents \u2013 papa Luigi et maman Luigia \u2013 son fr\u00e8re a\u00een\u00e9 Gino, et ses s\u0153urs Liliana et Carla, mais nous tous l&#8217;avons toujours connue sous le nom de Chiara. C\u2019est le nom qu&#8217;elle avait choisi \u00e0 l&#8217;\u00e2ge de 23 ans, parce qu&#8217;elle voulait aimer Dieu autant qu&#8217;une jeune fille d&#8217;Assise qui est devenue plus tard une sainte\u00a0: Sainte Claire (Chiara) d&#8217;Assise.\u00a0D\u00e8s son plus jeune \u00e2ge, Chiara aimait les belles choses de la nature, et entendre parler de Dieu qui les avait cr\u00e9\u00e9es. C&#8217;est pourquoi elle allait souvent \u00e9couter S\u0153ur Caroline qui r\u00e9unissait beaucoup de petites filles et leur parlait de Dieu, de J\u00e9sus&#8230;\u00a0Chiara raconte<span style=\"color: #0000ff;\"><a style=\"color: #0000ff;\" href=\"#_ftn7\" name=\"_ftnref7\">[7]<\/a><\/span> aussi que, lorsqu&#8217;elle avait 7 ans, S\u0153ur Caroline l&#8217;a emmen\u00e9e avec ses petites amies de 4, 5, 6 ans dans une \u00e9glise de Trente, o\u00f9 l&#8217;on faisait l&#8217;adoration pendant une heure. Chiara aimait s&#8217;agenouiller juste devant, pour regarder sans \u00eatre distraite et parler \u00e0 J\u00e9sus dans l&#8217;Hostie qui \u00e9tait expos\u00e9e\u00a0: \u00ab\u00a0<em>\u00c9coute J\u00e9sus, tu as cr\u00e9\u00e9 le soleil. Le soleil donne la lumi\u00e8re et la chaleur. Je te regarde fixement, fixement et toi, mets en moi, \u00e0 travers les yeux de mon \u00e2me, la lumi\u00e8re et la chaleur spirituelle<\/em>. \u00bb\u00a0Chiara le disait \u00e0 J\u00e9sus chaque fois qu&#8217;elle allait faire l\u2019adoration en le regardant fixement et en esp\u00e9rant qu&#8217;il l&#8217;illuminerait et lui r\u00e9chaufferait le c\u0153ur. Et puis, c&#8217;est aussi S\u0153ur Caroline<a href=\"#_ftn8\" name=\"_ftnref8\"><span style=\"color: #0000ff;\">[8]<\/span><\/a> qui a appris \u00e0 Chiara \u00e0 faire les actes d&#8217;amour, en lui donnant, ainsi qu&#8217;aux autres petites filles, un petit v\u00eatement en papier, pour l&#8217;Enfant-J\u00e9sus. Ce v\u00eatement avait de nombreuses petites entailles. \u00c0 chaque acte d&#8217;amour, on soulevait une petite entaille, de sorte qu&#8217;\u00e0 la fin, le v\u00eatement semblait tout brod\u00e9 gr\u00e2ce aux nombreux actes d&#8217;amour accomplis. Lorsque tout le v\u00eatement \u00e9tait brod\u00e9 d\u2019amour, Chiara et ses amies l&#8217;apportaient \u00e0 J\u00e9sus.<\/p>\n<p><span style=\"color: #ff6600;\"><strong>D) Id\u00e9es et autre mat\u00e9riel pour la conduite de la re<span style=\"color: #ff6600;\">ncontre<\/span><\/strong><\/span><strong><span style=\"color: #ff6600;\">:<\/span> <span style=\"color: #008000;\">Annexes D<\/span><\/strong><\/p>\n<p>________________________________________________________________________<\/p>\n<p><span style=\"color: #0000ff;\"><a style=\"color: #0000ff;\" href=\"#_ftnref1\" name=\"_ftn1\">[1]<\/a><\/span> C. Lubich, Faenza, 10 avril 1988,<\/p>\n<p><span style=\"color: #0000ff;\"><a style=\"color: #0000ff;\" href=\"#_ftnref2\" name=\"_ftn2\">[2]<\/a><\/span> C. Lubich, Castel Gandolfo, 24 d\u00e9cembre 1998, aux focolarini, \u00ab\u00a0<em>5<sup>\u00e8me<\/sup> th\u00e8me de la spiritualit\u00e9 collective \u2013 3<sup>\u00e8me<\/sup> aspect\u00a0: \u2018\u2019L\u2019amour \u00e9l\u00e8ve\u2019\u2019\u00a0<\/em>\u00bb<\/p>\n<p><a href=\"#_ftnref3\" name=\"_ftn3\"><span style=\"color: #0000ff;\">[3]<\/span><\/a> C. Lubich, Castel Gandolfo, 25 octobre 1999, rencontre des amis musulmans, \u00ab\u00a0<em>La pri\u00e8re, la m\u00e9ditation et l\u2019union \u00e0 Dieu<\/em>\u00a0\u00bb<\/p>\n<p><span style=\"color: #0000ff;\"><a style=\"color: #0000ff;\" href=\"#_ftnref4\" name=\"_ftn4\">[4]<\/a><\/span> C. Lubich, Castelgandolfo, 18.6.1988, Congr\u00e8s Gen4, r\u00e9ponse 17.a<\/p>\n<p><span style=\"color: #0000ff;\"><a style=\"color: #0000ff;\" href=\"#_ftnref5\" name=\"_ftn5\">[5]<\/a><\/span> C. Lubich, Loppiano, 5.5.1989, aux Gen4, r\u00e9ponse 7.a<\/p>\n<p><span style=\"color: #0000ff;\"><a style=\"color: #0000ff;\" href=\"#_ftnref6\" name=\"_ftn6\">[6]<\/a><\/span> C. Lubich, Castelgandolfo, 8.6.1996, Congr\u00e8s Gen4, r\u00e9ponse 10.a<\/p>\n<p><span style=\"color: #0000ff;\"><a style=\"color: #0000ff;\" href=\"#_ftnref7\" name=\"_ftn7\">[7]<\/a> <\/span>Cf. C. Lubich, Rocca di Papa, 4 juillet 1967<em>, <\/em>aux petites Gen<em>: \u201cSon histoire quand elle \u00e9tait enfant\u00bb<\/em><\/p>\n<p><span style=\"color: #0000ff;\"><a style=\"color: #0000ff;\" href=\"#_ftnref8\" name=\"_ftn8\">[8]<\/a> <\/span>Cf. C. Lubich, Castelgandolfo, 28 avril 1992, Congr\u00e8s Gen 4, 1<sup>\u00e8re<\/sup> r\u00e9ponse<\/p>\n","protected":false},"excerpt":{"rendered":"<p>Dieu a toujours pens\u00e9 \u00e0 nous et il nous accompagne depuis &#8230; <\/p>\n","protected":false},"author":3,"featured_media":12389,"comment_status":"closed","ping_status":"closed","template":"page.php","meta":{"__wpdm_changelog":[]},"wpdmcategory":[493],"wpdmtag":[],"class_list":["post-12201","wpdmpro","type-wpdmpro","status-publish","has-post-thumbnail","hentry","wpdmcategory-aujourdhui-jai-decouvert-le-ciel-lunion-avec-dieu-et-la-priere-2022-2023"],"_links":{"self":[{"href":"https:\/\/gen4.focolare.org\/es\/wp-json\/wp\/v2\/wpdmpro\/12201","targetHints":{"allow":["GET"]}}],"collection":[{"href":"https:\/\/gen4.focolare.org\/es\/wp-json\/wp\/v2\/wpdmpro"}],"about":[{"href":"https:\/\/gen4.focolare.org\/es\/wp-json\/wp\/v2\/types\/wpdmpro"}],"author":[{"embeddable":true,"href":"https:\/\/gen4.focolare.org\/es\/wp-json\/wp\/v2\/users\/3"}],"replies":[{"embeddable":true,"href":"https:\/\/gen4.focolare.org\/es\/wp-json\/wp\/v2\/comments?post=12201"}],"wp:featuredmedia":[{"embeddable":true,"href":"https:\/\/gen4.focolare.org\/es\/wp-json\/wp\/v2\/media\/12389"}],"wp:attachment":[{"href":"https:\/\/gen4.focolare.org\/es\/wp-json\/wp\/v2\/media?parent=12201"}],"wp:term":[{"taxonomy":"wpdmcategory","embeddable":true,"href":"https:\/\/gen4.focolare.org\/es\/wp-json\/wp\/v2\/wpdmcategory?post=12201"},{"taxonomy":"wpdmtag","embeddable":true,"href":"https:\/\/gen4.focolare.org\/es\/wp-json\/wp\/v2\/wpdmtag?post=12201"}],"curies":[{"name":"wp","href":"https:\/\/api.w.org\/{rel}","templated":true}]}}