{"id":12805,"date":"2023-04-05T09:41:44","date_gmt":"2023-04-05T08:41:44","guid":{"rendered":"https:\/\/gen4.focolare.org\/?post_type=wpdmpro&#038;p=12805"},"modified":"2024-03-26T17:37:34","modified_gmt":"2024-03-26T16:37:34","slug":"04_hoy-descubri-el-cielo-etapa-4","status":"publish","type":"wpdmpro","link":"https:\/\/gen4.focolare.org\/es\/download\/04_hoy-descubri-el-cielo-etapa-4\/","title":{"rendered":"04_Hoy descubr\u00ed el Cielo: Etapa 4"},"content":{"rendered":"<p style=\"text-align: center;\"><span style=\"color: #ff6600;\"><strong><em>Amar como Jes\u00fas y rezar siempre como \u00c9l (Por t\u00ed)<\/em><\/strong><\/span><\/p>\n<p>&nbsp;<\/p>\n<p><span style=\"color: #ff6600;\"><strong>A) Para los asistentes. <\/strong><strong>Puntos de las charlas de Chiara: <em>Cuando amas eres Jes\u00fas, entonces est\u00e1s en oraci\u00f3n continua \u2013 \u201cPor t\u00ed\u201d<\/em><\/strong><\/span><\/p>\n<p><strong>1) C<em>uando amas eres Jes\u00fas, entonces est\u00e1s en oraci\u00f3n continua <\/em><\/strong><\/p>\n<p>\u00bfC\u00f3mo debemos rezar? Hablando en 1998 a los focolarinos, Chiara recordaba c\u00f3mo, \u201cdesde peque\u00f1as\u201d ella y las primeras focolarinas sintieron fuertemente esta invitaci\u00f3n del Esp\u00edritu Santo: <em>\u201c<\/em><em>Deben rezar siempre\u201d. \u00bfY c\u00f3mo hacerlo?: [\u2026]<strong>para poder rezar siempre bastar\u00eda ser Jes\u00fas, porque si somos Jes\u00fas, \u00e9l est\u00e1 siempre delante del Padre, <\/strong><strong>\u00c9l est\u00e1 en continua oraci\u00f3n. Y el Esp\u00edritu Santo nos ense\u00f1aba: para ser Jes\u00fas es necesario amar. <\/strong>[\u2026] <strong>cuando amas eres Jes\u00fas, <\/strong><strong>entonces est\u00e1s en oraci\u00f3n continua<\/strong>. Por lo tanto, este mandato de rezar siempre, que adem\u00e1s est\u00e1 presente en la Escritura, era nuestro mandato: deben rezar siempre. <\/em><em>[\u2026] \u201c<\/em> <span style=\"color: #0000ff;\"><a style=\"color: #0000ff;\" href=\"#_ftn1\" name=\"_ftnref1\"><sup>[1]<\/sup><\/a><\/span><\/p>\n<ul>\n<li><strong>\u201cPor t\u00ed\u201d \u2013 <\/strong><\/li>\n<\/ul>\n<p>Y h\u00e9 aqu\u00ed algunas \u201csugerencias\u201d dadas por Chiara para \u201crezar siempre\u201d.\u00a0 Las encontramos por ejemplo en la charla que di\u00f3 en 1988 sobre la \u201cOraci\u00f3n en familia\u201d: <em>\u201c[\u2026] <strong>Jes\u00fas, al ense\u00f1ar a rezar, dijo dos cosas que parecen estar en contradicci\u00f3n, pero no es as\u00ed. Afirm\u00f3: \u00abCuando recen digan pocas palabras\u00bb (cf Mt 6,7) y despu\u00e9s: \u00aboren en todo momento\u00bb (cf Lc 21,36). Tambi\u00e9n es necesario que cada familia siga estas dos indicaciones. Decir pocas palabras. \u00bfCu\u00e1ndo? Muchos son los momentos durante el d\u00eda que reclaman una oraci\u00f3n en familia m\u00e1s que otros.<\/strong> [\u2026]<strong> Por la ma\u00f1ana,<\/strong> al despertar, sumergirnos en el mundo sobrenatural al que nos insertamos mediante el bautismo, con breves oraciones a la Sant\u00edsima Trinidad, al Padre Celestial en particular, a Mar\u00eda, al \u00e1ngel de la guardia&#8230; ser\u00eda bueno <strong>ofrecer a Dios nuestra jornada<\/strong> con todo lo que conlleva, como dice justo esa oraci\u00f3n de la ma\u00f1ana que muchos conocen: \u00abTe ofrezco las acciones y los sufrimientos del d\u00eda\u00bb. En efecto, hay que amar a Dios; y amar significa dar. Demos entonces a Dios, cada ma\u00f1ana, nuestro nuevo d\u00eda. <strong>Ser\u00eda bueno dirigir a Dios nuestro pensamiento tambi\u00e9n antes del desayuno, del almuerzo, de la cena.<\/strong> [\u2026]\u201d<\/em> <span style=\"color: #0000ff;\"><a style=\"color: #0000ff;\" href=\"#_ftn2\" name=\"_ftnref2\"><sup>[2]<\/sup><\/a><\/span><\/p>\n<p>Y este es otro p\u00e1rrafo de la charla, citada varias veces en estas etapas, de Chiara a los amigos musulmanes en 1999: <em>\u201c[\u2026] Un modo de<strong> \u00abrezar siempre\u00bb <\/strong>para nosotros es el de <strong>ofrecer cada acci\u00f3n que realizamos durante el d\u00eda a Dios, antecediendo a ella breves expresiones de amor, como: \u00abPor t\u00ed\u00bb. Tambi\u00e9n los ni\u00f1os saben hacerlo y lo hacen con mucho amor. Es m\u00e1s, ellos dicen que hacen de cada acci\u00f3n un paquetito bien preparado para mandar al Cielo, a Dios, con un \u00abpor T\u00ed\u00bb. Haciendo as\u00ed, todo nuestro actuar se transforma en una acci\u00f3n sacra, y durante todo el d\u00eda contin\u00faa el coloquio con Dios.<\/strong> <\/em><em>[\u2026] \u201c<\/em> <span style=\"color: #0000ff;\"><a style=\"color: #0000ff;\" href=\"#_ftn3\" name=\"_ftnref3\"><sup>[3]<\/sup><\/a><\/span><\/p>\n<p><strong><span style=\"color: #ff6600;\">B) Objetivos del encuentro GEN4<\/span><\/strong><\/p>\n<p>-Descubrir c\u00f3mo, amando, podemos vivir \u201ccomo Jes\u00fas\u201d y \u201chablar\u201d siempre con Dios Padre<\/p>\n<p>&#8211; Descubrir el secreto del hacer todo \u201cPor T\u00ed\u201d<\/p>\n<p><strong><span style=\"color: #ff6600;\">C) Contenidos del encuentro GEN4: gotas de luz con la Sagrada Escritura<\/span><\/strong><strong><span style=\"color: #ff6600;\">y con la Espiritualidad (respuestas de Chiara)<\/span><\/strong><\/p>\n<p><span style=\"color: #ff6600;\"><strong>Sagrada Escritura<\/strong><strong><em>:<\/em><\/strong><\/span><\/p>\n<p><strong><em>&#8211; primera parte del episodio de la llamada de los ap\u00f3stoles: <\/em><\/strong>Jes\u00fas vino a la tierra para ense\u00f1arnos a vivir como en el Cielo; para estar siempre, como \u00c9l, en di\u00e1logo con Dios, Padre Suyo y Padre nuestro. <strong><span style=\"color: #008000;\">(Anexo C1)<\/span><\/strong><\/p>\n<p><span style=\"color: #ff6600;\"><strong>Espiritualidad: <\/strong><\/span><strong>Respuestas de Chiara <span style=\"color: #008000;\">(Anexo C2)<\/span><\/strong><\/p>\n<p><strong>-sobre el dado del amor:<\/strong> C\u00f3mo podemos ser como Jes\u00fas \u2013 para vivir aqu\u00ed en la tierra como en el Cielo<\/p>\n<p><strong>Una gen4: \u201cChiara, \u00a1yo quiero ser como Jes\u00fas! \u00bfQu\u00e9 debo hacer?\u201d<span style=\"color: #0000ff;\"> <a style=\"color: #0000ff;\" href=\"#_ftn4\" name=\"_ftnref4\"><em><sup>[4]<\/sup><\/em><\/a><\/span><\/strong><\/p>\n<p><strong>Chiara:<\/strong> Quiere ser como Jes\u00fas. \u201c\u00bfQu\u00e9 debe hacer?\u201d<\/p>\n<p>Lo mismo de siempre: hay que amar. Pero est\u00e9n atentas. Veamos si luego se acuerdan de lo que les digo.<\/p>\n<p>(\u2026) Primero: hay que amar a todos. Por ejemplo, ustedes vuelven a casa y dicen: \u00abYo a mam\u00e1 la amo, a mi hermanito lo amo, a pap\u00e1 lo amo, pero a mi t\u00eda no\u00bb. Esto no es amor. O est\u00e1n en la escuela y dicen: \u00abA mi profesora la amo, a mi amiga la amo, pero a esa otra&#8230;, esa me resulta antip\u00e1tica\u00bb. No es amor, no es amor verdadero, as\u00ed no es posible ser Jes\u00fas. Hay que amar a todos, vencerse. As\u00ed hicimos nosotras cuando \u00e9ramos peque\u00f1as y empezamos a vivir el Ideal. Hay que vencerse y amar a todos.<\/p>\n<p>Segunda cosa: (\u2026) hay que ser los primeros en amar, es decir: no los segundos, sino los primeros. Hay que amar siempre empezando nosotros. Si al llegar a casa la hermanita est\u00e1 con la cara larga, larga, larga, porque est\u00e1 aburrida, est\u00e1 harta, no le apetece nada, no le apetece ni jugar ni estudiar&#8230; No esperen, no esperen a que ella las ame; tienen que empezar ustedes, ser las primeras en amar y decirle: \u00ab\u00bfNo te sientes bien? \u00bfC\u00f3mo va? \u00bfTienes quiz\u00e1s alg\u00fan problema? \u00bfQuieres dec\u00edrmelo? \u00bfQuieres que salgamos? \u00bfQuieres que juguemos a algo?\u00bb Tienen que ser las primeras en amar.<\/p>\n<p>Por lo tanto, primero: amar a todos.<\/p>\n<p>Segundo: ser los primeros en amar.<\/p>\n<p>Tercero: Hay que ver a Jes\u00fas en todos, en todos, todos, todos, tambi\u00e9n en aquel que es feo, tambi\u00e9n en ese harapiento (\u2026).\u00a0 Hay que ver a Jes\u00fas en \u00e9l, porque est\u00e1 dentro de \u00e9l, porque Jes\u00fas dijo que cualquier cosa que hagamos a los dem\u00e1s: \u00abA m\u00ed \u2013o sea, a Jes\u00fas \u2013me lo hicieron\u00bb. Por lo tanto, est\u00e1 Jes\u00fas en su interior.<\/p>\n<p>(\u2026) La cuarta cosa, que est\u00e1 tambi\u00e9n en su dado: amar como a uno mismo, como si yo estuviera ah\u00ed, como si ese fuera yo. Yo no estar\u00eda contenta si me tirasen una piedra. Lo mismo no estoy contenta si le tiran la piedra a ese otro, tengo que amarlo como a m\u00ed.<\/p>\n<p>Entonces vivan bien lo que est\u00e1 escrito en el dado y as\u00ed aprender\u00e1n a amar, y as\u00ed se responde a la pregunta de la gen 4: \u00ab\u00bfQu\u00e9 debo hacer para ser Jes\u00fas?\u00bb. Viviendo lo que est\u00e1 escrito en el dado, donde est\u00e1 escrito tambi\u00e9n que hay que amarse rec\u00edprocamente.<\/p>\n<p>Este dado es importante, recu\u00e9rdenlo. Recuerden que tambi\u00e9n Chiara, que soy yo, vivo este dado. Quiz\u00e1 no tenga el dado en la mano \u2013y que es bonito, es bonito\u2013,\u00a0 pero lo tengo en la mente; s\u00e9 que es uno as\u00ed. Entonces, am\u00e9monos rec\u00edprocamente, me hago uno, amo a Jes\u00fas en el otro, amo a todos, incluso al enemigo; ser los primeros en amar. Est\u00e1 escrito aqu\u00ed, est\u00e1 aqu\u00ed, por lo tanto cu\u00eddenlo mucho, que nadie se lo rompa.\u201d<\/p>\n<p><strong>&#8211;<\/strong><strong>sobre el \u201cPor t\u00ed\u201d<\/strong><strong>:<\/strong> para que todo mi d\u00eda sea amor, como era el de Jes\u00fas<\/p>\n<p><strong>Una gen4:<\/strong> \u00abChiara, \u00bfqu\u00e9 le dices a Jes\u00fas cuando te despiertas? Esta pregunta te la hace Ana de Brasil que tiene cinco a\u00f1os\u00bb<span style=\"color: #0000ff;\"> <a style=\"color: #0000ff;\" href=\"#_ftn5\" name=\"_ftnref5\"><sup>[5]<\/sup><\/a><\/span><\/p>\n<p><strong>Chiara:<\/strong> Cinco a\u00f1os. Me pregunta, Ana de Brasil, una gen 4: \u00ab\u00bfQu\u00e9 haces cuando te despiertas por la ma\u00f1ana?\u00bb Enseguida me pongo de acuerdo con Jes\u00fas y le digo: \u00abMira todo lo que hago hoy es por ti, todo por ti. Te ofrezco todo, todo. Tambi\u00e9n esta ma\u00f1ana le he dicho: \u00abPor ti el encuentro con los gen 4, por ti desayuno, por ti ir en el auto hasta all\u00ed, por ti las oraciones, todo por ti, por ti, todo por ti\u201d. Se lo digo enseguida, apenas me despierto. Y durante el d\u00eda, antes de comenzar a hacer algo, si me acuerdo, le repito a Jes\u00fas: \u00abEsto es por ti, esto es por ti, esto es por ti\u00bb. Bien, aqu\u00ed vemos un gen 4 que apenas se despierta dice: \u00abJes\u00fas te ofrezco todo, por ti, toda mi vida es por ti, toda mi jornada. Aqu\u00ed vemos a una gen 4 que antes de desayunar dice: \u00abEste desayuno es por ti\u00bb. Aqu\u00ed hay una gen 4 que ayuda a su mam\u00e1; tambi\u00e9n ayudar a mam\u00e1 es por ti Jes\u00fas, por ti. Bien.<\/p>\n<p><strong><em>\u00a0<\/em><\/strong><\/p>\n<p><span style=\"color: #ff6600;\"><strong>D) Ideas y otros materiales para realizar el encuentro<\/strong> <\/span><strong><span style=\"color: #008000;\">(Anexos D)<\/span><\/strong><\/p>\n<p>_____________________________________________________________________________________<\/p>\n<p>&nbsp;<\/p>\n<p><span style=\"color: #0000ff;\"><a style=\"color: #0000ff;\" href=\"#_ftnref1\" name=\"_ftn1\"><span style=\"font-size: 14px;\">[1]<\/span><\/a><\/span><span style=\"font-size: 14px;\"> C. Lubich, Castel Gandolfo, 24 de diciembre de 1998, a los focolarinos, \u201c<em>5\u00b0 tema sobre la espiritualidad colectiva \u2013 3\u00b0 aspecto: &#8216;El amor eleva'\u00bb<\/em><\/span><\/p>\n<p><span style=\"font-size: 14px;\"><span style=\"color: #0000ff;\"><a style=\"color: #0000ff;\" href=\"#_ftnref2\" name=\"_ftn2\">[2]<\/a><\/span> C. Lubich, Faenza, 10 abril 1988, a las familias, \u201c La oraci\u00f3n en familia\u201d<\/span><\/p>\n<p><span style=\"font-size: 14px;\"><span style=\"color: #0000ff;\"><a style=\"color: #0000ff;\" href=\"#_ftnref3\" name=\"_ftn3\">[3]<\/a><\/span> C. Lubich, Castel Gandolfo, 25 octubre 1999,encuentro con amigos musulmanes , <em>\u201cLa oraci\u00f3n , la meditaci\u00f3n, y la uni\u00f3n con Dios\u201d<\/em><\/span><\/p>\n<p><span style=\"font-size: 14px;\"><span style=\"color: #0000ff;\"><a style=\"color: #0000ff;\" href=\"#_ftnref4\" name=\"_ftn4\">[4]<\/a> <\/span>C. Lubich, Castel Gandolfo, 7.6.1998, Congreso Gen4, 5,a respuesta 1998<\/span><\/p>\n<p><span style=\"font-size: 14px;\"><span style=\"color: #0000ff;\"><a style=\"color: #0000ff;\" href=\"#_ftnref5\" name=\"_ftn5\">[5]<\/a>\u00a0<\/span> C. Lubich, Castel Gandolfo, 18.6.1988, Congreso Gen4, 10.a respuesta<\/span><\/p>\n<p>&nbsp;<\/p>\n<p>&nbsp;<\/p>\n","protected":false},"excerpt":{"rendered":"<p>Amar como Jes\u00fas y rezar siempre como \u00c9l (Por t\u00ed) &nbsp; &#8230; <\/p>\n","protected":false},"author":486,"featured_media":16903,"comment_status":"closed","ping_status":"closed","template":"page.php","meta":{"__wpdm_changelog":[]},"wpdmcategory":[505],"wpdmtag":[],"class_list":["post-12805","wpdmpro","type-wpdmpro","status-publish","has-post-thumbnail","hentry","wpdmcategory-hoy-descubri-el-cielo-union-con-dios-y-oracion-2022-2023"],"_links":{"self":[{"href":"https:\/\/gen4.focolare.org\/es\/wp-json\/wp\/v2\/wpdmpro\/12805","targetHints":{"allow":["GET"]}}],"collection":[{"href":"https:\/\/gen4.focolare.org\/es\/wp-json\/wp\/v2\/wpdmpro"}],"about":[{"href":"https:\/\/gen4.focolare.org\/es\/wp-json\/wp\/v2\/types\/wpdmpro"}],"author":[{"embeddable":true,"href":"https:\/\/gen4.focolare.org\/es\/wp-json\/wp\/v2\/users\/486"}],"replies":[{"embeddable":true,"href":"https:\/\/gen4.focolare.org\/es\/wp-json\/wp\/v2\/comments?post=12805"}],"wp:featuredmedia":[{"embeddable":true,"href":"https:\/\/gen4.focolare.org\/es\/wp-json\/wp\/v2\/media\/16903"}],"wp:attachment":[{"href":"https:\/\/gen4.focolare.org\/es\/wp-json\/wp\/v2\/media?parent=12805"}],"wp:term":[{"taxonomy":"wpdmcategory","embeddable":true,"href":"https:\/\/gen4.focolare.org\/es\/wp-json\/wp\/v2\/wpdmcategory?post=12805"},{"taxonomy":"wpdmtag","embeddable":true,"href":"https:\/\/gen4.focolare.org\/es\/wp-json\/wp\/v2\/wpdmtag?post=12805"}],"curies":[{"name":"wp","href":"https:\/\/api.w.org\/{rel}","templated":true}]}}