{"id":23564,"date":"2026-02-22T15:47:01","date_gmt":"2026-02-22T14:47:01","guid":{"rendered":"https:\/\/gen4.focolare.org\/?post_type=wpdmpro&#038;p=23564"},"modified":"2026-02-22T16:05:16","modified_gmt":"2026-02-22T15:05:16","slug":"un-nuevo-video-sobre-el-arte-de-amar-y-el-dado-del-amor","status":"publish","type":"wpdmpro","link":"https:\/\/gen4.focolare.org\/es\/download\/un-nuevo-video-sobre-el-arte-de-amar-y-el-dado-del-amor\/","title":{"rendered":"Un nuevo video sobre el \u00abArte de amar\u00bb y el \u00abdado del amor\u00bb"},"content":{"rendered":"<p>El <strong>\u201carte de amar\u201d <\/strong>Chiara lo defini\u00f3 as\u00ed en 1997 en Taip\u00e9i <sup>1<\/sup> y se estructura en seis puntos que Jes\u00fas mismo le hizo descubrir a Chiara en los inicios del Movimiento, llev\u00e1ndola \u2012a ella y a las primeras focolarinas\u2012 a descubrir una novedad de vida del Evangelio para ponerlo en pr\u00e1ctica. Fue una escuela, un \u00abitinerario\u00bb que las condujo vitalmente a entrar en la esencia de la Buena Nueva. Estos puntos los repiti\u00f3 Chiara en numerosos discursos antes y despu\u00e9s de 1997 y los comparti\u00f3 con una amplia variedad de p\u00fablico. En 1998, Chiara los explic\u00f3 tambi\u00e9n a los m\u00e1s peque\u00f1os, respondiendo a la dif\u00edcil pregunta: \u201cChiara, quiero llegar a ser como Jes\u00fas, \u00bfc\u00f3mo puedo lograrlo?\u201d. Les dio entonces un \u201cdado\u201d especial \u2012ideado por la focolarina pedagoga Rosel\u00ed Weber\u2012, que presenta en sus caras los 6 puntos.<\/p>\n<p>&#8211; El eje central del video <strong>\u201cEl dado del amor: \u00a1un \u201ctesoro\u201d por descubrir! 6 \u201csecretos\u201d para amar a quienes viven junto a nosotros\u201d, <\/strong>es la respuesta de Chiara explicando el a los gen4, ilustrada con animaciones y experiencias.<\/p>\n<p>-Pero el video parte de la \u00a0\u201cindignaci\u00f3n\u201d, que ni\u00f1os y ni\u00f1as de diversas partes del mundo han expresado ante las continuas tragedias que presencian directamente o por televisi\u00f3n. Su exclamaci\u00f3n: \u00ab\u00a1Basta!\u00bb, se ha traducido \u2012como sabemos\u2012 en s\u00faplica ante quienes podr\u00edan hacer algo (como el manifiesto escrito por los gen4 de Portugal en 2021, que presentaron en una reuni\u00f3n muy importante, la Cumbre de la Uni\u00f3n Europea2); en poemas (como el que escribi\u00f3 hace unos a\u00f1os una gen4 de Uruguay con 7 a\u00f1os); en acciones concretas (como en 2023: \u00abKidsAction4Peace\u00bb3). Es un \u201c\u00a1Basta!\u201d que pone en marcha el amor, un amor que no tiene fronteras, capaz de tener una \u201cmirada\u201d nueva hacia el otro, viendo \u201ca cada hermano con amor\u201d<\/p>\n<p>&nbsp;<\/p>\n<p>&#8211; Ofrecemos el v\u00eddeo en dos versiones:<\/p>\n<p>&#8211; Un video \u00fanico;<\/p>\n<p>&#8211; Dividido en tres partes. Cada parte comienza con un t\u00edtulo y un breve resumen.<\/p>\n<p>-1) <strong>\u00a1Basta! Tenemos que hacer algo:<\/strong> Introducci\u00f3n y primer punto del Arte de Amar, siguiendo la respuesta de Chiara (Amar a todos).<\/p>\n<p>-2) <strong>Amar de un modo \u201cnuevo\u201d:<\/strong> 2\u00b0 y 3<sup>er<\/sup> punto del Arte de Amar (Ser el primero en amar \u2013 Amar a Jes\u00fas en el otro).<\/p>\n<p>-3) <strong>El amor que nos hace hermanos y hermanas:<\/strong> 4\u00b0-5\u00b0-6\u00b0 punto del Arte de Amar (Amar al otro como a uno mismo; Amarse los unos a los otros; Amar al enemigo.) y conclusi\u00f3n.<\/p>\n<p><span style=\"color: #ff0000;\">-Tambi\u00e9n hay disponible una propuesta de <strong>\u00abitinerario\u00bb <\/strong>para <strong>\u00abaprender\u00bb el arte de amar<\/strong>, con material variado, para realizar con grupos de ni\u00f1os, involucrando tambi\u00e9n, si se desea, a los padres. <sup>4<\/sup>.<\/span><\/p>\n<p>_______________<\/p>\n<p>[1] [&#8230;] \u00abSin embargo, dice un pensador: \u201cAmar es bueno, per saber amar lo es todo\u201d. Quieren, pues, saber amar. S\u00ed, porque el amor cristiano es un arte y hay que conocer este arte de amar [&#8230;]\u00bb. C. Lubich, Jornada con la comunidad eclesial de Taipei (Taiw\u00e1n), 26\/01\/1997<\/p>\n<p><sup>2 <\/sup>Ver: <a href=\"https:\/\/gen4.focolare.org\/es\/download\/si-ustedes-nos-cuidan-nosotros-cuidaremos-el-mundo\/\">https:\/\/gen4.focolare.org\/es\/download\/si-ustedes-nos-cuidan-nosotros-cuidaremos-el-mundo\/<\/a><\/p>\n<p><sup>3 <\/sup>Ver: <a href=\"https:\/\/gen4.focolare.org\/es\/download\/kidsaction4peace-quieres-echarnos-una-mano\/\">https:\/\/gen4.focolare.org\/es\/download\/kidsaction4peace-quieres-echarnos-una-mano\/<\/a><\/p>\n<p><span style=\"color: #ff0000;\"><sup><span style=\"font-size: 16px;\">4 Ver: https:\/\/gen4.focolare.org\/download\/2025_2026_el-dado-del-amor_un-tesoro-por-descubrir\/<\/span><\/sup><\/span><\/p>\n<p><span style=\"font-size: 16px;\"><sup>\u00a0<\/sup><\/span><\/p>\n","protected":false},"excerpt":{"rendered":"<p>El \u201carte de amar\u201d Chiara lo defini\u00f3 as\u00ed en 1997 en &#8230; <\/p>\n","protected":false},"author":3,"featured_media":23574,"comment_status":"closed","ping_status":"closed","template":"page.php","meta":{"__wpdm_changelog":[]},"wpdmcategory":[215],"wpdmtag":[],"class_list":["post-23564","wpdmpro","type-wpdmpro","status-publish","has-post-thumbnail","hentry","wpdmcategory-material-dado"],"_links":{"self":[{"href":"https:\/\/gen4.focolare.org\/es\/wp-json\/wp\/v2\/wpdmpro\/23564","targetHints":{"allow":["GET"]}}],"collection":[{"href":"https:\/\/gen4.focolare.org\/es\/wp-json\/wp\/v2\/wpdmpro"}],"about":[{"href":"https:\/\/gen4.focolare.org\/es\/wp-json\/wp\/v2\/types\/wpdmpro"}],"author":[{"embeddable":true,"href":"https:\/\/gen4.focolare.org\/es\/wp-json\/wp\/v2\/users\/3"}],"replies":[{"embeddable":true,"href":"https:\/\/gen4.focolare.org\/es\/wp-json\/wp\/v2\/comments?post=23564"}],"wp:featuredmedia":[{"embeddable":true,"href":"https:\/\/gen4.focolare.org\/es\/wp-json\/wp\/v2\/media\/23574"}],"wp:attachment":[{"href":"https:\/\/gen4.focolare.org\/es\/wp-json\/wp\/v2\/media?parent=23564"}],"wp:term":[{"taxonomy":"wpdmcategory","embeddable":true,"href":"https:\/\/gen4.focolare.org\/es\/wp-json\/wp\/v2\/wpdmcategory?post=23564"},{"taxonomy":"wpdmtag","embeddable":true,"href":"https:\/\/gen4.focolare.org\/es\/wp-json\/wp\/v2\/wpdmtag?post=23564"}],"curies":[{"name":"wp","href":"https:\/\/api.w.org\/{rel}","templated":true}]}}