{"id":8797,"date":"2021-06-03T15:44:51","date_gmt":"2021-06-03T13:44:51","guid":{"rendered":"https:\/\/gen4.focolare.org\/?post_type=wpdmpro&#038;p=8797"},"modified":"2021-06-04T11:25:15","modified_gmt":"2021-06-04T09:25:15","slug":"si-vous-prenez-soin-de-nous-nous-nous-prendrons-soin-du-monde","status":"publish","type":"wpdmpro","link":"https:\/\/gen4.focolare.org\/es\/download\/si-vous-prenez-soin-de-nous-nous-nous-prendrons-soin-du-monde\/","title":{"rendered":"\u00ab Si vous prenez soin de nous, nous, nous prendrons soin du monde ! \u00bb"},"content":{"rendered":"<p>\u00ab\u00a0<em>Et nous Gen4, que pouvons-nous faire\u00a0?<\/em>\u00a0\u00bb. C&#8217;est la question que s&#8217;est pos\u00e9e Jo\u00e3o, 7 ans, du Portugal, apr\u00e8s avoir vu un reportage \u00e0 la t\u00e9l\u00e9vision montrant des images de guerre avec de nombreux enfants tu\u00e9s. Il \u00e9tait si triste qu&#8217;il a voulu appeler l\u2019animatrice de son groupe Gen4 qui a tent\u00e9 de r\u00e9pondre \u00e0 sa question en lui racontant un \u00e9pisode dans lequel l&#8217;amour l\u2019a remport\u00e9 dans une situation de haine.<\/p>\n<p>\u00c0 l&#8217;approche de \u00ab\u00a0la Semaine pour un Monde Uni 2021\u00a0\u00bb, ax\u00e9e sur \u00ab\u00a0DareToCare\u00a0\u00bb (Oser prendre soin), l&#8217;id\u00e9e de faire quelque chose de plus, en faveur de tous les enfants du monde, en sensibilisant le monde politique est n\u00e9e. Jo\u00e3o et sa s\u0153ur de 10 ans ont donc r\u00e9dig\u00e9 ensemble une d\u00e9claration des enfants \u00e0 l&#8217;intention des politiciens, des enseignants et de toutes les autorit\u00e9s civiles et religieuses. Ils leur ont demand\u00e9 : \u00ab\u00a0<em>Allons-nous dans la bonne direction ?<\/em>\u00a0\u00bb.<\/p>\n<p>Le jeudi 8 mai, une d\u00e9l\u00e9gation de Gen4 de Porto, au Portugal, a apport\u00e9 cette D\u00e9claration pr\u00e8s du lieu o\u00f9 se tenait le Sommet social de la Commission europ\u00e9enne. Les Gen4 ont jou\u00e9, parl\u00e9, racont\u00e9 leurs exp\u00e9riences, transmettant paix et joie, attirant l&#8217;attention des passants et m\u00eame des journalistes qui les ont interview\u00e9s. \u00c0 la fin de la journ\u00e9e, une Gen4 a dit \u00e0 sa m\u00e8re : \u00ab\u00a0<em>Je suis tr\u00e8s heureuse parce que j&#8217;ai pu aimer toujours et j&#8217;ai senti que J\u00e9sus \u00e9tait \u00e0 c\u00f4t\u00e9 de nous.\u00a0<\/em>\u00bb. Le soir, la nouvelle a \u00e9t\u00e9 retransmise aux infos.<\/p>\n<p>Parmi les nombreux commentaires, celui-ci\u00a0: \u00ab\u00a0<em>Ce message m&#8217;a encore plus fait r\u00e9aliser le pouvoir de transformation personnelle et sociale de l&#8217;\u00e9ducation. Apprendre aux enfants ce qu&#8217;est la responsabilit\u00e9 et qui est responsable est une le\u00e7on de citoyennet\u00e9 radicale. J&#8217;ai lu ce message avec les yeux de l&#8217;enfant qui vit encore en moi, avec un regard d&#8217;espoir qui m&#8217;a fait du bien.<\/em>\u00a0\u00bb<\/p>\n<p>La D\u00e9claration des Gen4 , traduite en plusieurs langues, a commenc\u00e9 \u00e0 faire le tour du monde.<\/p>\n<p style=\"text-align: center;\"><strong>\u00ab\u00a0Si vous prenez soin de nous, nous, nous prendrons soin du monde\u00a0!\u00a0\u00bb<\/strong><\/p>\n<div id='gallery-1' class='gallery galleryid-8797 gallery-columns-4 gallery-size-thumbnail'><figure class='gallery-item'>\n\t\t\t<div class='gallery-icon landscape'>\n\t\t\t\t<a href='https:\/\/gen4.focolare.org\/wp-content\/uploads\/2021\/05\/Portogallo_Dichiarazione.jpg'><img decoding=\"async\" width=\"150\" height=\"150\" src=\"https:\/\/gen4.focolare.org\/wp-content\/uploads\/2021\/05\/Portogallo_Dichiarazione-150x150.jpg\" class=\"attachment-thumbnail size-thumbnail\" alt=\"Portogallo Dichiarazione 150x150\" srcset=\"https:\/\/gen4.focolare.org\/wp-content\/uploads\/2021\/05\/Portogallo_Dichiarazione-150x150.jpg 150w, https:\/\/gen4.focolare.org\/wp-content\/uploads\/2021\/05\/Portogallo_Dichiarazione-600x600.jpg 600w\" sizes=\"auto, (max-width: 150px) 100vw, 150px\" loading=\"lazy\" \/><\/a>\n\t\t\t<\/div><\/figure><figure class='gallery-item'>\n\t\t\t<div class='gallery-icon landscape'>\n\t\t\t\t<a href='https:\/\/gen4.focolare.org\/wp-content\/uploads\/2021\/05\/Filippine-rosario-per-un-mondo-migliore.jpeg'><img decoding=\"async\" width=\"150\" height=\"150\" src=\"https:\/\/gen4.focolare.org\/wp-content\/uploads\/2021\/05\/Filippine-rosario-per-un-mondo-migliore-150x150.jpeg\" class=\"attachment-thumbnail size-thumbnail\" alt=\"Filippine rosario per un mondo migliore 150x150\" srcset=\"https:\/\/gen4.focolare.org\/wp-content\/uploads\/2021\/05\/Filippine-rosario-per-un-mondo-migliore-150x150.jpeg 150w, https:\/\/gen4.focolare.org\/wp-content\/uploads\/2021\/05\/Filippine-rosario-per-un-mondo-migliore-600x600.jpeg 600w\" sizes=\"auto, (max-width: 150px) 100vw, 150px\" loading=\"lazy\" \/><\/a>\n\t\t\t<\/div><\/figure><figure class='gallery-item'>\n\t\t\t<div class='gallery-icon landscape'>\n\t\t\t\t<a href='https:\/\/gen4.focolare.org\/wp-content\/uploads\/2021\/05\/Man-Costa-dAvorio-2021-04-28.jpeg'><img decoding=\"async\" width=\"150\" height=\"150\" src=\"https:\/\/gen4.focolare.org\/wp-content\/uploads\/2021\/05\/Man-Costa-dAvorio-2021-04-28-150x150.jpeg\" class=\"attachment-thumbnail size-thumbnail\" alt=\"Man Costa dAvorio 2021 04 28 150x150\" srcset=\"https:\/\/gen4.focolare.org\/wp-content\/uploads\/2021\/05\/Man-Costa-dAvorio-2021-04-28-150x150.jpeg 150w, https:\/\/gen4.focolare.org\/wp-content\/uploads\/2021\/05\/Man-Costa-dAvorio-2021-04-28-600x600.jpeg 600w\" sizes=\"auto, (max-width: 150px) 100vw, 150px\" loading=\"lazy\" \/><\/a>\n\t\t\t<\/div><\/figure><figure class='gallery-item'>\n\t\t\t<div class='gallery-icon portrait'>\n\t\t\t\t<a href='https:\/\/gen4.focolare.org\/wp-content\/uploads\/2021\/05\/Loppiano_1.jpg'><img decoding=\"async\" width=\"150\" height=\"150\" src=\"https:\/\/gen4.focolare.org\/wp-content\/uploads\/2021\/05\/Loppiano_1-150x150.jpg\" class=\"attachment-thumbnail size-thumbnail\" alt=\"Loppiano 1 150x150\" srcset=\"https:\/\/gen4.focolare.org\/wp-content\/uploads\/2021\/05\/Loppiano_1-150x150.jpg 150w, https:\/\/gen4.focolare.org\/wp-content\/uploads\/2021\/05\/Loppiano_1-600x600.jpg 600w\" sizes=\"auto, (max-width: 150px) 100vw, 150px\" loading=\"lazy\" \/><\/a>\n\t\t\t<\/div><\/figure>\n\t\t<\/div>\n\n<p><strong>\u00a0<\/strong>Voici quelques exemples de la mani\u00e8re dont les Gen4 ont commenc\u00e9 \u00e0 le faire dans de nombreuses r\u00e9gions du monde :<\/p>\n<p><strong>Asie : <\/strong>en<strong> Inde<\/strong> \u00ab\u00a0&#8230;<em>nous avons pens\u00e9 prendre soin des pauvres qui vivent dans la rue. Avec nos parents, nous avons pr\u00e9par\u00e9 des nouilles et le soir nous sommes all\u00e9s en voiture distribuer ce plat chaud aux pauvres. En rentrant chez moi le soir, j&#8217;\u00e9tais tr\u00e8s heureuse d&#8217;avoir fait quelque chose pour eux. Maintenant, chaque vendredi, nous refaisons cette action en proposant des plats diff\u00e9rents<\/em>\u00a0\u00bb.<\/p>\n<p><strong>Asie :<\/strong> une Gen4 de <strong>Cor\u00e9e<\/strong> a entendu parler de la possibilit\u00e9 de donner des cheveux \u00e0 des enfants atteints d&#8217;un cancer. Elle en a parl\u00e9 \u00e0 une de ses amies et ensemble, elles ont commenc\u00e9 \u00e0 laisser pousser leurs cheveux. \u00ab\u00a0<em>Au moment de couper les cheveux, j&#8217;ai entendu le bruit tr\u00e8s fort des ciseaux, car les cheveux devaient \u00eatre coup\u00e9s tout attach\u00e9s, mais j&#8217;\u00e9tais heureuse de faire quelque chose pour les enfants malades<\/em>\u00a0\u00bb, a d\u00e9clar\u00e9 la Gen4 qui, au bout de quelque temps, a \u00e9galement re\u00e7u un certificat de donation.<\/p>\n<p><strong>Br\u00e9sil :<\/strong> depuis environ deux ans, les Gen4 de Mariapolis Ginetta sont engag\u00e9s dans des actions en faveur des <strong>pauvres<\/strong> et de l&#8217;<strong>\u00e9cologie<\/strong>, qui leur ont valu une reconnaissance publique (<a href=\"https:\/\/vimeo.com\/551506481\">voir la vid\u00e9o<\/a>).<\/p>\n<p>Et bien d&#8217;autres <strong>actions \u00e9cologiques<\/strong> dans diverses parties du monde :<\/p>\n<p>&#8211; \u00e0 <strong>Loppiano<\/strong> : les Gen4 ont plant\u00e9 deux arbres dans l&#8217;espace destin\u00e9 \u00e0 devenir le terrain de jeux\u00a0;<\/p>\n<p>&#8211; au <strong>Br\u00e9sil<\/strong>, \u00e0 Santa-Maria, ils ont pass\u00e9 une journ\u00e9e ensemble \u00e0 nettoyer un espace vert public\u00a0;<\/p>\n<p>&#8211; \u00e0 <strong>Grottaferrata<\/strong>, ils ont plant\u00e9 des fleurs dans le jardin qui porte le nom de Chiara Lubich\u00a0;<\/p>\n<p>&#8211; de l&#8217;<strong>Asie du Sud-Est <\/strong>au <strong>Nigeria<\/strong> et \u00e0 l&#8217;<strong>Irlande<\/strong> : sensibilisation \u00e0 l&#8217;utilisation du plastique et engagement en faveur de la collecte s\u00e9lective des d\u00e9chets&#8230;<\/p>\n<p>&#8211; en <strong>Irlande<\/strong>, les Gen4 ont construit des mangeoires pour les oiseaux et ont particip\u00e9 \u00e0 un projet de biblioth\u00e8ques qui distribuent des graines \u00e0 planter et \u00e0 donner \u00e0 d&#8217;autres : c\u2019est le bien qui se multiplie.<\/p>\n<p>Des actions en faveur de la <strong>paix <\/strong>:<\/p>\n<p>&#8211; des <strong>chapelets plan\u00e9taires<\/strong> (promus par les Gen4 des <strong>Philippines<\/strong> avec la participation de quelques Gen4 de Terre Sainte, d&#8217;Argentine, du Nigeria et de la Birmanie).<\/p>\n<p>&#8211; l\u2019inauguration du <strong>d\u00e9 de la paix<\/strong> dans un jardin public au <strong>Liban\u00a0<\/strong>: une initiative soutenue par la municipalit\u00e9 avec plusieurs discours d&#8217;officiels de la ville.<\/p>\n<p>Et bien d&#8217;autres actions pour <strong>rester proche de ceux qui souffrent le<\/strong> <strong>plus<\/strong> :<\/p>\n<p><strong>Cor\u00e9e<\/strong>, <strong>Irlande<\/strong>, <strong>Gr\u00e8ce<\/strong> : des initiatives en faveur des <strong>personnes \u00e2g\u00e9es\u00a0<\/strong>:<\/p>\n<p>&#8211; en <strong>Cor\u00e9e<\/strong>, de nombreuses personnes \u00e2g\u00e9es vivent seules dans leur maison. Les Gen4 ont pens\u00e9 \u00e0 ce qu&#8217;ils pouvaient faire pour eux, et ainsi, pendant le Nouvel An lunaire, ils ont pr\u00e9par\u00e9 des g\u00e2teaux, ils les ont emball\u00e9s avec amour et les ont laiss\u00e9s dans une belle bo\u00eete \u00e0 c\u00f4t\u00e9 de l&#8217;ascenseur des maisons o\u00f9 vivent ces personnes \u00e2g\u00e9es, avec un mot: \u00ab\u00a0<em>Nous nous battons tous contre la Covid19. Nous pouvons la surmonter ensemble ! Ces g\u00e2teaux sont un cadeau pour vous.<\/em>\u00a0\u00bb<\/p>\n<p>&#8211; en <strong>Irlande\u00a0<\/strong>: en impliquant l&#8217;ensemble de la communaut\u00e9, les Gen4 ont particip\u00e9 \u00e0 une initiative lanc\u00e9e par la Poste irlandaise qui donnait la possibilit\u00e9 d&#8217;envoyer des cartes et des colis de 2 kg \u00e0 des personnes \u00e2g\u00e9es seules ou en maison de retraite.<\/p>\n<p>&#8211; en <strong>Gr\u00e8ce<\/strong> : les Gen4 ont accueilli favorablement l&#8217;id\u00e9e de pouvoir faire quelque chose pour les personnes \u00e2g\u00e9es qui \u00e9taient confin\u00e9es dans leur maison de retraite \u00e0 cause de la pand\u00e9mie. L&#8217;initiative a d\u00e9pass\u00e9 le cercle des connaissances. Des dessins sont arriv\u00e9s de la part d&#8217;autres enfants qui en avaient entendu parler par des amis, et ils se sont joints \u00e0 eux avec joie. Avec tous les dessins, un grand poster a \u00e9t\u00e9 r\u00e9alis\u00e9 et apport\u00e9 \u00e0 la maison de retraite. L&#8217;initiative a \u00e9t\u00e9 tr\u00e8s appr\u00e9ci\u00e9e par le nouveau directeur qui a propos\u00e9 d&#8217;organiser une visioconf\u00e9rence avec tous les enfants et les personnes \u00e2g\u00e9es.<\/p>\n<p>De l&#8217;<strong>Angleterre<\/strong>, \u00e0 l&#8217;<strong>Afrique<\/strong>, \u00e0 l&#8217;<strong>Australie<\/strong> : il y a eu beaucoup d&#8217;id\u00e9es pour aider ceux qui vivent dans la rue ou qui sont dans un plus grand besoin \u00e0 cause de la pand\u00e9mie ou \u00e0 cause de la guerre ou d&#8217;autres situations :<\/p>\n<p>&#8211; en <strong>Angleterre<\/strong> : les parents d&#8217;un Gen4, nomm\u00e9 Marx d\u00e9sireux de faire quelque chose, ont pris contact avec une organisation qui aide les familles \u00e0 faible revenu et ont ainsi su quelles \u00e9taient les choses qui leur sont le plus n\u00e9cessaire. Marx, apr\u00e8s avoir aid\u00e9 ses parents \u00e0 faire les premi\u00e8res courses au supermarch\u00e9, a \u00e9galement voulu participer en utilisant tout l&#8217;argent qu&#8217;il avait \u00e9conomis\u00e9 dans sa tirelire. Ensemble, ils ont ensuite r\u00e9ussi \u00e0 impliquer certains grands supermarch\u00e9s qui ont fait don de nombreux produits utiles.<\/p>\n<p>&#8211; en <strong>Afrique<\/strong> : au <strong>Nigeria<\/strong>, les Gen3 et Gen4 avec leurs familles ont visit\u00e9 un camp de r\u00e9fugi\u00e9s\u00a0;\u00a0 au <strong>Burundi<\/strong>, ils ont r\u00e9colt\u00e9 pleins de choses (choux, riz&#8230;) et sont all\u00e9s les porter dans un orphelinat. C&#8217;\u00e9tait magnifique de voir la joie des enfants, qui n&#8217;ont eux-m\u00eames pas grand-chose, en apportant leurs dons \u00e0 d\u2019autres du m\u00eame \u00e2ge qu\u2019eux !<\/p>\n<p>&#8211; en <strong>Australie<\/strong> : certains adultes participaient \u00e0 une action des P\u00e8res Capucins pour distribuer de l&#8217;aide alimentaire aux personnes vivant dans la rue ou encore aux \u00e9tudiants en difficult\u00e9 financi\u00e8re \u00e0 cause de la pand\u00e9mie. Les Gen4 ont voulu apporter leur contribution et, comme ils ne pouvaient pas approcher ces personnes directement, ils ont pr\u00e9par\u00e9 des cartes postales pour accompagner les colis qui ont \u00e9t\u00e9 distribu\u00e9s. Voici quelques-uns de leurs messages : \u00ab\u00a0<em>Nous esp\u00e9rons que ce sera une belle journ\u00e9e !<\/em>\u00a0\u00bb. \u00ab\u00a0<em>Dieu sera toujours avec toi pour te prot\u00e9ger, malgr\u00e9 ce qui s&#8217;est pass\u00e9<\/em>\u00a0\u00bb. \u00ab\u00a0<em>Il y a des gens qui peuvent \u00eatre tes amis<\/em>\u00a0\u00bb, avec leur signature et leur \u00e2ge (6-7 ans) pour que ceux qui les re\u00e7oivent sachent que ces messages ont \u00e9t\u00e9 \u00e9crits par des enfants.<\/p>\n<p><strong>\u00a0<\/strong><\/p>\n<p style=\"text-align: center;\"><strong>\u00ab\u00a0Si vous prenez soin de nous, nous, nous prendrons soin du monde\u00a0!\u00a0\u00bb<\/strong><\/p>\n<p style=\"text-align: center;\"><strong>\u00a0<\/strong><strong>Les Gen4 ont commenc\u00e9 et ils exp\u00e9rimentent combien chaque petit acte d&#8217;amour est contagieux et peut se multiplier en portant beaucoup de fruits dans le monde !<\/strong><\/p>\n","protected":false},"excerpt":{"rendered":"<p>\u00ab\u00a0Et nous Gen4, que pouvons-nous faire\u00a0?\u00a0\u00bb. C&#8217;est la question que s&#8217;est &#8230; <\/p>\n","protected":false},"author":3,"featured_media":8806,"comment_status":"closed","ping_status":"closed","template":"","meta":{"__wpdm_changelog":[]},"wpdmcategory":[241],"wpdmtag":[],"class_list":["post-8797","wpdmpro","type-wpdmpro","status-publish","has-post-thumbnail","hentry","wpdmcategory-autres-activites"],"_links":{"self":[{"href":"https:\/\/gen4.focolare.org\/es\/wp-json\/wp\/v2\/wpdmpro\/8797","targetHints":{"allow":["GET"]}}],"collection":[{"href":"https:\/\/gen4.focolare.org\/es\/wp-json\/wp\/v2\/wpdmpro"}],"about":[{"href":"https:\/\/gen4.focolare.org\/es\/wp-json\/wp\/v2\/types\/wpdmpro"}],"author":[{"embeddable":true,"href":"https:\/\/gen4.focolare.org\/es\/wp-json\/wp\/v2\/users\/3"}],"replies":[{"embeddable":true,"href":"https:\/\/gen4.focolare.org\/es\/wp-json\/wp\/v2\/comments?post=8797"}],"wp:featuredmedia":[{"embeddable":true,"href":"https:\/\/gen4.focolare.org\/es\/wp-json\/wp\/v2\/media\/8806"}],"wp:attachment":[{"href":"https:\/\/gen4.focolare.org\/es\/wp-json\/wp\/v2\/media?parent=8797"}],"wp:term":[{"taxonomy":"wpdmcategory","embeddable":true,"href":"https:\/\/gen4.focolare.org\/es\/wp-json\/wp\/v2\/wpdmcategory?post=8797"},{"taxonomy":"wpdmtag","embeddable":true,"href":"https:\/\/gen4.focolare.org\/es\/wp-json\/wp\/v2\/wpdmtag?post=8797"}],"curies":[{"name":"wp","href":"https:\/\/api.w.org\/{rel}","templated":true}]}}