{"id":8931,"date":"2021-06-30T14:18:19","date_gmt":"2021-06-30T12:18:19","guid":{"rendered":"https:\/\/gen4.focolare.org\/?post_type=wpdmpro&#038;p=8931"},"modified":"2021-06-30T14:18:41","modified_gmt":"2021-06-30T12:18:41","slug":"si-ustedes-nos-cuidan-nosotros-cuidaremos-el-mundo","status":"publish","type":"wpdmpro","link":"https:\/\/gen4.focolare.org\/es\/download\/si-ustedes-nos-cuidan-nosotros-cuidaremos-el-mundo\/","title":{"rendered":"Si ustedes nos cuidan, nosotros cuidaremos el mundo"},"content":{"rendered":"<p>\u201c\u00bfQu\u00e9 podemos hacer nosotros los Gen4?\u201d. Esta fue la pregunta de Jo\u00e3o, que tiene 7 a\u00f1os y es de Portugal despu\u00e9s que vio en la televisi\u00f3n la noticia de la muerte de muchos ni\u00f1os a causa de la guerra. Todo era tan triste que llam\u00f3 a la animadora del grupo de los Gen4 que trat\u00f3 de responderla a sus preguntas cont\u00e1ndole una historia en la cual el amor hab\u00eda ganado en una situaci\u00f3n de odio.<\/p>\n<p>En los d\u00edas previos a la Semana Mundo Unido 2021, con el lema \u201cDareToCare\u201d, naci\u00f3 la idea de hacer algo m\u00e1s en favor de los ni\u00f1os de todo el mundo, sensibilizando el mundo pol\u00edtico. De este modo Jo\u00e3o y su hermana de 10 a\u00f1os escribieron juntos una declaraci\u00f3n de los ni\u00f1os a los pol\u00edticos, a los maestros y a todas las autoridades civiles y religiosas. Preguntaron: \u00bfEstamos yendo en la direcci\u00f3n correcta?.<\/p>\n<p>El jueves 8 de mayo una delegaci\u00f3n de los Gen4 de Porto, en Portugal, llevaron la Declaraci\u00f3n cerca del lugar donde se desarrollaba la reuni\u00f3n de la Comisi\u00f3n Europea. Jugaron, hablaron contando sus experiencias, transmitiendo paz y alegr\u00eda, llamando la atenci\u00f3n de los transe\u00fantes y de los periodistas que los entrevistaron. Al final del d\u00eda una Gen4 le dijo a su mam\u00e1: \u201cEstoy muy feliz porque pude amar mucho y sent\u00ed que Jes\u00fas estaba vivo a nuestro lado.\u201d En la noche la noticia sali\u00f3 en las noticias por televisi\u00f3n.<\/p>\n<p>Uno de los muchos comentarios a esta iniciativa dice: \u201cEste mensaje me ha hecho entender mejor el poder de transformaci\u00f3n personal y social de la educaci\u00f3n. Ense\u00f1ar a los ni\u00f1os lo qu\u00e9 es la responsabilidad y que ser responsable es una lecci\u00f3n radical de ciudadan\u00eda a los dem\u00e1s. Le\u00ed este mensaje con los ojos del ni\u00f1o que vive todav\u00eda en mi, con una mirada de esperanza que me hizo mucho bien.\u201d<\/p>\n<p><a href=\"https:\/\/vimeo.com\/552419774\">La declaraci\u00f3n de los Gen4<\/a>, traducida en varios idiomas ha comenzado a dar vueltas por todo el mundo.<\/p>\n<p style=\"text-align: center;\"><strong>\u201cSi ustedes nos cuidan, nosotros cuidaremos el mundo\u201d<\/strong><\/p>\n<div id='gallery-1' class='gallery galleryid-8931 gallery-columns-5 gallery-size-thumbnail'><figure class='gallery-item'>\n\t\t\t<div class='gallery-icon landscape'>\n\t\t\t\t<a href='https:\/\/gen4.focolare.org\/wp-content\/uploads\/2021\/05\/Portogallo_Dichiarazione.jpg'><img decoding=\"async\" width=\"150\" height=\"150\" src=\"https:\/\/gen4.focolare.org\/wp-content\/uploads\/2021\/05\/Portogallo_Dichiarazione-150x150.jpg\" class=\"attachment-thumbnail size-thumbnail\" alt=\"Portogallo Dichiarazione 150x150\" srcset=\"https:\/\/gen4.focolare.org\/wp-content\/uploads\/2021\/05\/Portogallo_Dichiarazione-150x150.jpg 150w, https:\/\/gen4.focolare.org\/wp-content\/uploads\/2021\/05\/Portogallo_Dichiarazione-600x600.jpg 600w\" sizes=\"auto, (max-width: 150px) 100vw, 150px\" loading=\"lazy\" \/><\/a>\n\t\t\t<\/div><\/figure><figure class='gallery-item'>\n\t\t\t<div class='gallery-icon landscape'>\n\t\t\t\t<a href='https:\/\/gen4.focolare.org\/wp-content\/uploads\/2021\/05\/Filippine-rosario-per-un-mondo-migliore.jpeg'><img decoding=\"async\" width=\"150\" height=\"150\" src=\"https:\/\/gen4.focolare.org\/wp-content\/uploads\/2021\/05\/Filippine-rosario-per-un-mondo-migliore-150x150.jpeg\" class=\"attachment-thumbnail size-thumbnail\" alt=\"Filippine rosario per un mondo migliore 150x150\" srcset=\"https:\/\/gen4.focolare.org\/wp-content\/uploads\/2021\/05\/Filippine-rosario-per-un-mondo-migliore-150x150.jpeg 150w, https:\/\/gen4.focolare.org\/wp-content\/uploads\/2021\/05\/Filippine-rosario-per-un-mondo-migliore-600x600.jpeg 600w\" sizes=\"auto, (max-width: 150px) 100vw, 150px\" loading=\"lazy\" \/><\/a>\n\t\t\t<\/div><\/figure><figure class='gallery-item'>\n\t\t\t<div class='gallery-icon landscape'>\n\t\t\t\t<a href='https:\/\/gen4.focolare.org\/wp-content\/uploads\/2021\/05\/Man-Costa-dAvorio-2021-04-28.jpeg'><img decoding=\"async\" width=\"150\" height=\"150\" src=\"https:\/\/gen4.focolare.org\/wp-content\/uploads\/2021\/05\/Man-Costa-dAvorio-2021-04-28-150x150.jpeg\" class=\"attachment-thumbnail size-thumbnail\" alt=\"Man Costa dAvorio 2021 04 28 150x150\" srcset=\"https:\/\/gen4.focolare.org\/wp-content\/uploads\/2021\/05\/Man-Costa-dAvorio-2021-04-28-150x150.jpeg 150w, https:\/\/gen4.focolare.org\/wp-content\/uploads\/2021\/05\/Man-Costa-dAvorio-2021-04-28-600x600.jpeg 600w\" sizes=\"auto, (max-width: 150px) 100vw, 150px\" loading=\"lazy\" \/><\/a>\n\t\t\t<\/div><\/figure><figure class='gallery-item'>\n\t\t\t<div class='gallery-icon landscape'>\n\t\t\t\t<a href='https:\/\/gen4.focolare.org\/wp-content\/uploads\/2021\/05\/Dado-della-Pace_Libano.jpg'><img decoding=\"async\" width=\"150\" height=\"150\" src=\"https:\/\/gen4.focolare.org\/wp-content\/uploads\/2021\/05\/Dado-della-Pace_Libano-150x150.jpg\" class=\"attachment-thumbnail size-thumbnail\" alt=\"Dado della Pace Libano 150x150\" srcset=\"https:\/\/gen4.focolare.org\/wp-content\/uploads\/2021\/05\/Dado-della-Pace_Libano-150x150.jpg 150w, https:\/\/gen4.focolare.org\/wp-content\/uploads\/2021\/05\/Dado-della-Pace_Libano-600x600.jpg 600w\" sizes=\"auto, (max-width: 150px) 100vw, 150px\" loading=\"lazy\" \/><\/a>\n\t\t\t<\/div><\/figure><figure class='gallery-item'>\n\t\t\t<div class='gallery-icon portrait'>\n\t\t\t\t<a href='https:\/\/gen4.focolare.org\/wp-content\/uploads\/2021\/05\/Loppiano_1.jpg'><img decoding=\"async\" width=\"150\" height=\"150\" src=\"https:\/\/gen4.focolare.org\/wp-content\/uploads\/2021\/05\/Loppiano_1-150x150.jpg\" class=\"attachment-thumbnail size-thumbnail\" alt=\"Loppiano 1 150x150\" srcset=\"https:\/\/gen4.focolare.org\/wp-content\/uploads\/2021\/05\/Loppiano_1-150x150.jpg 150w, https:\/\/gen4.focolare.org\/wp-content\/uploads\/2021\/05\/Loppiano_1-600x600.jpg 600w\" sizes=\"auto, (max-width: 150px) 100vw, 150px\" loading=\"lazy\" \/><\/a>\n\t\t\t<\/div><\/figure>\n\t\t<\/div>\n\n<p>Estos son algunos ejemplos de como los y las Gen4 han comenzado a hacerlo en muchas partes del mundo:<\/p>\n<p>Asia, India: \u201c\u2026 Hab\u00edamos pensado ayudar a los pobres que viven en la calle. Junto con nuestros padres preparamos fideos y en tarde fuimos en auto a distribuirlos todav\u00eda calientes a los pobre que estaban en las calles. Cuando regresamos a casa estaba muy contenta de haber hecho algo por ellos. Ahora todos los viernes hacemos lo mismo ofreciendo comidas distintas cada vez.<\/p>\n<p>Asia, Corea: Una Gen4 supo de la posibilidad de donar el cabello para los ni\u00f1os que tienen c\u00e1ncer, as\u00ed junto con una amiga comenzaron a dejarse crecer el cabello. \u201cAl momento de cortarlo sent\u00ed el ruido que hac\u00edan las tijeras porque el cabello tenia que ser cortado en una trenza, pero estaba feliz de poder hacer algo por estos ni\u00f1os enfermos\u201d, esta Gen4 non cont\u00f3 que alg\u00fan tiempo despu\u00e9s recibi\u00f3 un certificado de donaci\u00f3n.<\/p>\n<p>Brasil: Desde hace 2 a\u00f1os los Gen4 de la Mari\u00e1polis Ginetta, se han comprometido en una iniciativa en favor de los pobres y de la ecolog\u00eda,\u00a0 recibiendo un reconocimiento p\u00fablico.<a href=\"https:\/\/vimeo.com\/551526684\"> (ver video)<\/a><\/p>\n<p>&#8211; Y muchas otras acciones ecol\u00f3gicas en varias partes del mundo:<\/p>\n<p>&#8211; En Loppiano: pintaron dos \u00e1rboles en el lugar donde se construir\u00e1 un parque con juegos para ni\u00f1os.<\/p>\n<p>&#8211; En Grottaferrata: pusieron algunas plantas con flores en el jard\u00edn dedicado a Chiara Lubich.<\/p>\n<p>&#8211; Desde el Sudeste asi\u00e1tico, Nigeria e Irlanda: Sensibilizaci\u00f3n en el uso de los pl\u00e1sticos y un compromiso en la diferenciaci\u00f3n de los desechos.<\/p>\n<p>&#8211; En Irlanda construyeron casitas para dar de comer a los pajaritos y tambi\u00e9n participaron a un proyecto de las bibliotecas p\u00fablicas para distribuir semillas para plantar y donar a los dem\u00e1s: el bien que se multiplica.<\/p>\n<p>Iniciativas en favor de la paz:<\/p>\n<p>&#8211; Rosarios planetarios: (promovidos por los Gen4 de Filipinas con la participaci\u00f3n de algunos Gen4 de Tierra Santa, Argentina, Nigeria y Myanmar)<\/p>\n<p>&#8211; Inauguraci\u00f3n del dado de la paz en un jard\u00edn p\u00fablico en L\u00edbano. Iniciativa sostenida por el Municipio con la participaci\u00f3n de algunas autoridades p\u00fablicas.<\/p>\n<p>Y muchas otras iniciativas para estar cerca de los que mas sufren.<\/p>\n<p>Corea, Irlanda y Grecia: Iniciativas en favor de los ancianos.<\/p>\n<p>-En Corea muchos ancianos viven solos en sus casas. Las Gen4 pensaron que pod\u00edan hacer por ellos, as\u00ed que durante el a\u00f1o nuevo lunar prepararon dulces, los envolvieron con mucho amor y los dejaron en una caja cerca del ascensor de la casa donde viv\u00edan estos ancianos con una tarjeta que dec\u00eda: \u201cTodos estamos luchando contra el Covid 19. \u00a1Podemos superarlo juntos! Estos dulces son un regalo para ustedes\u201d.<\/p>\n<p>-En Irlanda: Los y las Gen4 participaron junto con toda la comunidad en una iniciativa de los correos irlandeses que dio la posibilidad de mandar postales y paquetes de hasta 2 kilos a los ancianos que viven solos o en casas para ancianos.<\/p>\n<p>-En Grecia: Los y las Gen4 acogieron con alegr\u00eda la iniciativa de hacer algo por los ancianos que se hab\u00edan quedado aislados en los asilos de ancianos por cusa d ella pandemia. La iniciativa fue mas all\u00e1 del c\u00edrculo de amigos. Llegaron dibujos de muchos ni\u00f1os que supieron de la iniciativa por medio de sus amigos y con alegr\u00eda se unieron ellos tambi\u00e9n. Con todos los dibujos\u00a0 se hizo un gran cartel que llevaron al asilo de ancianos. El nuevo director mostr\u00f3 su aprecio por la iniciativa y propuso organizar un encuentro por Zoom entre los ni\u00f1os y los ancianos.<\/p>\n<p>&#8211; En Inglaterra, \u00c1frica y Australia: muchas ideas para ayudar a los habitantes de la calle o a las necesidades varias de muchos por causa de la pandemia, la guerra o situaciones varias:<\/p>\n<p>-En Inglaterra: Los padre de un Gen4 llamado Max quer\u00edan hacer algo y se pusieron en contacto con una organizaci\u00f3n que ayuda a muchas familias pobres para saber cuales eran las cosa m\u00e1s necesarias. Max despu\u00e9s de ayudar a sus padres\u00a0 con las compras en un supermercado, quiso participar tambi\u00e9n dando todo el dinero que hab\u00eda ahorrado. Juntos despu\u00e9s lograron involucrar a algunos grandes supermercados que donaron algunos productos \u00fatiles.<\/p>\n<p>-En \u00c1frica, en Nigeria los Gen3 y Gen4 junto con sus familias visitaron un campo de refugiados. En Burundi recogieron alimentos (arroz, repollos, etc.) y los llevaron a un orfanato. Era lindo ver la alegr\u00eda de estos ni\u00f1os, que tienen poco, pero que no escatiman esfuerzos en llevar estos alimentos a sus coet\u00e1neos.<\/p>\n<p style=\"text-align: left;\">-Australia: algunos adultos participaban de una iniciativa de los Padres Capuchinos para la distribuci\u00f3n de alimentos a apersonas que viven en las calles o a estudiantes que pasaban por dificultades econ\u00f3micas a causa de la pandemia. Los Gen4 quisieron dar su contribuci\u00f3n. Como no pod\u00edan acercarse personalmente a estas personas por causa de la pandemia, prepararon tarjetas que pon\u00edan en los paquetes de ayuda que se distribu\u00edan. Estos son algunos de los mensajes: \u201cEsperamos que este sea un lindo d\u00eda\u201d, \u201cDios estar\u00e1 siempre contigo para protegerte, no obstante todo lo que ha sucedido\u201d, \u201cHay muchas personas que son tus amigos\u201d, cada tarjeta iba firmada y con la edad del que la hab\u00eda realizado, (6 y 7 a\u00f1os) para que qui\u00e9n la recibiera supiera que hab\u00edan sido hechas por ni\u00f1os.<\/p>\n<p style=\"text-align: center;\"><strong>\u201cSi ustedes nos cuidan, nosotros cuidaremos el mundo\u201d<\/strong><\/p>\n<p style=\"text-align: center;\"><strong>\u00a1Los y las Gen4 han comenzado y est\u00e1n experimentando como cada peque\u00f1o acto de amor es contagioso y puede multiplicarse llevando muchos frutos en todo el mundo.!<\/strong><\/p>\n<p>&nbsp;<\/p>\n<p>&nbsp;<\/p>\n<p>&nbsp;<\/p>\n<p>&nbsp;<\/p>\n","protected":false},"excerpt":{"rendered":"<p>\u201c\u00bfQu\u00e9 podemos hacer nosotros los Gen4?\u201d. Esta fue la pregunta de &#8230; <\/p>\n","protected":false},"author":3,"featured_media":8816,"comment_status":"closed","ping_status":"closed","template":"","meta":{"__wpdm_changelog":[]},"wpdmcategory":[242],"wpdmtag":[],"class_list":["post-8931","wpdmpro","type-wpdmpro","status-publish","has-post-thumbnail","hentry","wpdmcategory-otras-actividades"],"_links":{"self":[{"href":"https:\/\/gen4.focolare.org\/es\/wp-json\/wp\/v2\/wpdmpro\/8931","targetHints":{"allow":["GET"]}}],"collection":[{"href":"https:\/\/gen4.focolare.org\/es\/wp-json\/wp\/v2\/wpdmpro"}],"about":[{"href":"https:\/\/gen4.focolare.org\/es\/wp-json\/wp\/v2\/types\/wpdmpro"}],"author":[{"embeddable":true,"href":"https:\/\/gen4.focolare.org\/es\/wp-json\/wp\/v2\/users\/3"}],"replies":[{"embeddable":true,"href":"https:\/\/gen4.focolare.org\/es\/wp-json\/wp\/v2\/comments?post=8931"}],"wp:featuredmedia":[{"embeddable":true,"href":"https:\/\/gen4.focolare.org\/es\/wp-json\/wp\/v2\/media\/8816"}],"wp:attachment":[{"href":"https:\/\/gen4.focolare.org\/es\/wp-json\/wp\/v2\/media?parent=8931"}],"wp:term":[{"taxonomy":"wpdmcategory","embeddable":true,"href":"https:\/\/gen4.focolare.org\/es\/wp-json\/wp\/v2\/wpdmcategory?post=8931"},{"taxonomy":"wpdmtag","embeddable":true,"href":"https:\/\/gen4.focolare.org\/es\/wp-json\/wp\/v2\/wpdmtag?post=8931"}],"curies":[{"name":"wp","href":"https:\/\/api.w.org\/{rel}","templated":true}]}}