{"id":12071,"date":"2022-11-03T12:35:52","date_gmt":"2022-11-03T10:35:52","guid":{"rendered":"https:\/\/gen4.focolare.org\/?post_type=wpdmpro&#038;p=12071"},"modified":"2024-01-21T15:56:22","modified_gmt":"2024-01-21T14:56:22","slug":"01_oggi-ho-scoperto-il-cielo-tappa-n-1","status":"publish","type":"wpdmpro","link":"https:\/\/gen4.focolare.org\/fr\/download\/01_oggi-ho-scoperto-il-cielo-tappa-n-1\/","title":{"rendered":"01_Oggi ho scoperto il cielo: Tappa n. 1"},"content":{"rendered":"<p style=\"text-align: center;\"><span style=\"color: #000080; font-size: 16px;\"><strong><em>Dio ci ha pensati da sempre e ci accompagna dalla creazione <\/em><\/strong><\/span><\/p>\n<p style=\"text-align: center;\"><span style=\"color: #000080; font-size: 16px;\"><strong><em>a \u201ccieli nuove e terre nuove\u201d<\/em><\/strong><\/span><\/p>\n<p><span style=\"color: #ff6600;\"><strong>A) Per gli assistenti.\u00a0<\/strong><strong>Spunti dai temi di Chiara: <em>essere in rapporto con Dio che ci ha creati <\/em><\/strong><\/span><\/p>\n<p>1) Per poter pregare, <em>\u201cparlare con Dio\u201d<\/em> devo sapere che Dio esiste<strong>. <\/strong>Chiara nel 1988, parlando della <strong><em>preghiera in famiglia<\/em><\/strong>, lo aveva sottolineato <em>\u201c<\/em><em>[\u2026] <strong>Perch\u00e9 i bambini imparino a pregare Dio, occorre anzitutto che sia loro svelata la sua realt\u00e0, che scoprano la sua esistenza. Devono sapere che Egli c&rsquo;\u00e8<\/strong>. [\u2026]<\/em>\u201d.<span style=\"background-color: #ffffff; color: #0000ff;\"><em> <a style=\"color: #0000ff; background-color: #ffffff;\" href=\"#_ftn1\" name=\"_ftnref1\">[1]<\/a><\/em><\/span><\/p>\n<p>2) Altro punto evidenziato da Chiara in vari temi \u00e8 quanto la preghiera sia <strong>importante nella vita dell&rsquo;uomo, sia costitutiva dell&rsquo;uomo:<\/strong> il <strong>rapporto con Dio differenzia l\u2019uomo dalle altre creature<\/strong>. <strong><em>\u201cL\u2019uomo \u00e8 veramente tale se prega\u201d<\/em><\/strong><span style=\"color: #0000ff;\"><em> <a style=\"color: #0000ff;\" href=\"#_ftn2\" name=\"_ftnref2\">[2]<\/a>.<\/em><\/span><\/p>\n<p>3) Questo rapporto con Dio lo troviamo in varie religioni. Chiara evidenzia queste \u201caffinit\u00e0\u201d parlando ai pubblici pi\u00f9 diversi, come ai Buddisti nel 1981, o qualche anno dopo ai Mussulmani. Ecco un brano tratto dal suo discorso fatto durante l\u2019incontro a Castelgandolfo nel 1999 proprio con gli amici mussulmani: <em>\u201c[\u2026] <strong>La preghiera \u00e8 un elemento essenziale della nostra vita spirituale<\/strong>. Senza di essa non c&rsquo;\u00e8 vera vita spirituale. Si pu\u00f2 vivere senza mangiare ma non senza respirare, e la preghiera \u00e8 il respiro dell&rsquo;anima. <strong>So di parlare a credenti in Dio che sanno cos&rsquo;\u00e8 la preghiera.<\/strong> Anzi, si potrebbe dire &#8211; mi pare &#8211; che <strong>l&rsquo;Islam \u00e8 la religione della preghiera<\/strong>, non solo perch\u00e9 essa, quella che voi fate cinque volte al giorno, \u00e8 uno dei suoi cinque pilastri, ma anche perch\u00e9 qualsiasi versetto del Corano, se recitato con fede, ha valore di preghiera. [\u2026] La preghiera \u00e8 costitutiva dell&rsquo;uomo, proprio del suo essere uomo. <strong>L&rsquo;uomo \u00e8 veramente tale se prega. La preghiera \u00e8 rapporto con Dio.<\/strong> Creato da Dio a Sua immagine e somiglianza, l&rsquo;uomo ha la possibilit\u00e0 di un rapporto con Lui, da tu a Tu.\u00a0 [\u2026] \u201c <span style=\"color: #0000ff;\"><a style=\"color: #0000ff;\" href=\"#_ftnref3\" name=\"_ftn3\">[3]<\/a><\/span><\/em><\/p>\n<p><sup>\u00a0<\/sup>4) Infine per pregare bene occorre <strong><em>\u201cpensare spesso al Paradiso\u201d<\/em><\/strong>, aver presente non solo da dove veniamo ma dove stiamo andando.\u00a0 Nello stesso incontro del 1999 agli amici Mussulmani, Chiara aveva detto: <em>\u201c[\u2026] In Cielo, infatti, dove speriamo di andare, la vita non sar\u00e0 tanto apostolato o altro, quanto lode, adorazione, ringraziamento a Dio. Dobbiamo imparare perci\u00f2 fin da adesso a vivere come si vivr\u00e0 lass\u00f9. <strong>Per pregare bene occorre pensare spesso al Paradiso.<\/strong><strong>Aver quel desiderio della visione di Dio che ho trovato anche nella vita e negli scritti di tanti sinceri credenti dell&rsquo;Islam<\/strong>. [\u2026] \u201c <span style=\"color: #0000ff;\"><a style=\"color: #0000ff;\" href=\"#_ftn3\" name=\"_ftnref3\">[3]<\/a><\/span><\/em><\/p>\n<p style=\"text-align: left;\"><span style=\"color: #ff6600;\"><strong>B) Obiettivi dell\u2019Incontro GEN4<\/strong><\/span><\/p>\n<p>-Scoprire il rapporto d\u2019amore di Dio con l\u2019uomo: Dio mi ha creato, mi accompagna e io posso parlare con Lui<\/p>\n<p>-Ringraziare Dio per tutto quanto ci ha dato, per la creazione che ci rimanda e aiuta a conoscere l\u2019amore di Dio<\/p>\n<p><span style=\"color: #ff6600;\"><strong>C) Contenuti dell\u2019incontro GEN4: gocce di luce con la Sacra Scrittura e con la Spiritualit\u00e0 (risposte\/storia di Chiara)<\/strong><\/span><\/p>\n<p><span style=\"color: #ff6600;\"><strong>Sacra Scrittura:<\/strong><\/span><\/p>\n<p>-episodio della Creazione e presentazione percorso \u201cDalla creazione a cieli nuove e terre nuove\u201d: ci sono anch\u2019io (mettere la foto); esperienze collegate sul ringraziare Dio per tutto quanto ci ha dato, sulla creazione che ci rimanda a Dio<span style=\"color: #008000;\"> <strong>(Allegati C1)<\/strong><\/span><\/p>\n<p><span style=\"color: #ff6600;\"><strong>Spiritualit\u00e0:<\/strong><\/span><\/p>\n<p><strong>-Risposte di Chiara <span style=\"color: #008000;\">(Allegato C2): <\/span><\/strong><\/p>\n<ul>\n<li><strong>Un gen4:<\/strong> \u00abTanti bambini dicono che Dio non c\u2019\u00e8. Ma Dio c\u2019\u00e8! Come posso dirlo a loro?\u00bb<span style=\"color: #0000ff;\"> <a style=\"color: #0000ff;\" href=\"#_ftn4\" name=\"_ftnref4\">[4]<\/a><\/span><\/li>\n<\/ul>\n<p><strong>Chiara:<\/strong> \u201cEh! Questo \u00e8 importante, \u00e8 una domanda importante, [\u2026] \u00e8 importantissima, gen, perch\u00e9 ci sono dei bambini che vanno dicendo che Dio non c&rsquo;\u00e8; allora lui vuol sapere: \u00ab\u00a0Cosa devo dire?\u00a0\u00bb Io direi cos\u00ec: \u00ab\u00a0Senti. Guarda il cielo: immenso; guarda le stelle lontane anni luce; guarda il mare: immenso; guarda le montagne: sembra che tocchino il cielo. Le hai fatte tu? \u00ab\u00a0No\u00a0\u00bb, dir\u00e0. \u00ab\u00a0Nemmeno io\u00a0\u00bb. \u00ab\u00a0Le ha fatte tuo nonno?\u00a0\u00bb \u00ab\u00a0No\u00a0\u00bb, dir\u00e0. \u00ab\u00a0Nemmeno il mio\u00a0\u00bb. \u00ab\u00a0L&rsquo;ha fatto il tuo antenato?\u00a0\u00bb \u00ab\u00a0No\u00a0\u00bb. \u00ab\u00a0Nemmeno il mio\u00a0\u00bb. Quale uomo della terra pu\u00f2 dire d&rsquo;aver fatto il mare, il cielo, tutti i fiori sterminati? Nessuno. Allora qualcuno l&rsquo;ha fatto. Se, per esempio, io dico: \u00ab\u00a0Avevo questa bellissima casetta\u00a0\u00bb, e ad un dato punto non c&rsquo;\u00e8 pi\u00f9, dico: \u00ab\u00a0Qui \u00e8 venuto qualcuno a rubarla\u00a0\u00bb. Cos\u00ec dico: \u00ab\u00a0Se c&rsquo;\u00e8 il cielo, se ci sono le stelle, qualcuno le ha fatte. Chi le ha fatte?\u00a0\u00bb E&rsquo; Dio, \u00e8 logico, \u00e8 logico. Ecco. Perch\u00e9, vedete, diranno: \u00ab\u00a0Ma Dio non si vede, come fare a dire che c&rsquo;\u00e8?\u00a0\u00bb Ma neanche l&rsquo;aria non si vede. Guarda l&rsquo;aria: c&rsquo;\u00e8, perch\u00e9 io respiro, perch\u00e9 voi respirate; se mancasse, moriremmo tutti; eppure non si vede. Ci sono delle cose che non si vedono eppure ci sono. Cos\u00ec c&rsquo;\u00e8 Dio! E voi dovete convincere tutti! Ecco! (Applausi!) Ecco, qui vedete un po&rsquo; di mare, che certo non ho fatto io; qui le montagne che sembra tocchino il cielo: deve essere Cervino, mi sembra; e poi&#8230; e qui tanti fiori, tanti fiori, solo Dio pu\u00f2 aver fatto. [\u2026]\u201d<\/p>\n<ul>\n<li><strong>\u00a0<\/strong><strong>Chiara:<\/strong> Ancora un gen 4, Samuel. Ah, Samuel, ciao. Allora vediamo.<\/li>\n<\/ul>\n<p>ELI: \u00abDio ha fatto tutto, ma chi ha fatto Dio?\u00bb <span style=\"color: #0000ff; background-color: #ffffff;\"><a style=\"color: #0000ff; background-color: #ffffff;\" href=\"#_ftn5\" name=\"_ftnref5\">[5]<\/a><\/span><\/p>\n<p><strong>Chiara:<\/strong> \u201cBella questa domanda. Guarda, ecco Samuel, guarda, ti dico solo questo. Vieni qui, Samuel, che ti veda bene. Vieni qui, Samuel Guarda, tu dici: \u00ab\u00a0Dio ha fatto tutto\u00a0\u00bb e hai ragione perch\u00e9 l&rsquo;hai capito questo. Perch\u00e9 le stelle non le ho fatte io e neanche tu e neanche tuo padre e neanche tuo nonno: qualcuno le ha fatte e le ha fatte Dio,ecco. Per\u00f2 dici: \u00ab\u00a0E chi ha fatto Dio?\u00a0\u00bb Nessuno. Dio c&rsquo;\u00e8 sempre stato. Capito? Ricordatelo, ecco. [\u2026]\u201d<\/p>\n<ul>\n<li><strong>Un gen4:<\/strong> \u00abSono Andrea di Grottaferrata. Carissima Chiara, come faceva Dio ad esistere quando non aveva ancora creato il cielo?\u00bb <span style=\"color: #0000ff;\"><a style=\"color: #0000ff;\" href=\"#_ftn6\" name=\"_ftnref6\">[6]<\/a><\/span><\/li>\n<\/ul>\n<p><strong>Chiara:<\/strong> \u201cMa il cielo, anche quello azzurro che noi vediamo, anche quando ci sono le nuvole, anche quando viene il temporale e allora \u00e8 tutto nero, o quando invece brilla il sole, \u00e8 stato Dio a crearlo, lo ha fatto Lui. Perch\u00e9 Lui non \u00e8 il cielo azzurro, Lui \u00e8 uno spirito e non si vede, come non si vede l&rsquo;aria, l&rsquo;aria non si vede eppure c&rsquo;\u00e8, guai se non ci fosse qui l&rsquo;aria, io non potrei respirare e morirei, e anche voi, naturalmente, se venisse meno l&rsquo;aria. Quindi l&rsquo;aria c&rsquo;\u00e8 ma non si vede; cos\u00ec Dio c&rsquo;\u00e8 ma non si vede. Lui \u00e8 spirito, \u00e8 puro spirito. E abita anche, perch\u00e9 \u00e8 spirito, in fondo al nostro cuore, Lui c&rsquo;\u00e8 dentro. Per questo noi quando preghiamo possiamo andar dentro dove c&rsquo;\u00e8 Ges\u00f9 e parlargli. Ricordarsi allora questo. (Applausi)\u201d<\/p>\n<p><strong>\u00a0<\/strong><strong><span style=\"color: #000000;\">-Storia di Chiara<\/span> <span style=\"color: #339966;\">(Allegato C3)<\/span>:\u00a0 Anch\u2019io ho avuto la vostra et\u00e0, gen4<\/strong><\/p>\n<p><em>Narratrice:<\/em> Chiara \u00e8 nata a Trento, nel Nord dell\u2019Italia.\u00a0Il suo nome di battesimo era Silvia, e cos\u00ec la chiamavano i genitori, babbo Luigi e mamma Luigia, il fratello maggiore Gino, e le sorelle Liliana e Carla, ma tutti noi l\u2019abbiamo sempre conosciuta come Chiara, nome da lei scelto a 23 anni, quando voleva amare Dio cos\u00ec tanto come aveva fatto una giovinetta di Assisi che poi \u00e8 diventata Santa: S. Chiara d\u2019Assisi.\u00a0Chiara fin da piccola amava le cose belle della natura, e sentire parlare di Dio che le aveva create. Andava perci\u00f2 spesso ad ascoltare Suor Carolina che radunava tante bambine e parlava loro di Dio, di Ges\u00f9\u2026\u00a0E Chiara racconta <span style=\"color: #0000ff;\"><a style=\"color: #0000ff;\" href=\"#_ftn7\" name=\"_ftnref7\">[7]<\/a><\/span> anche che, quando aveva 7 anni, Suor Carolina portava lei e le sue amichette di 4, 5, 6 anni in una chiesa di Trento, dove si faceva l\u2019adorazione per un\u2019ora. A Chiara piaceva inginocchiarsi proprio davanti, per guardare senza distrarsi e parlare con Ges\u00f9 nell\u2019Ostia che veniva esposta:\u00a0\u201cSenti Ges\u00f9, tu hai creato il sole; il sole ha la luce e fa calore, io ti guardo fisso fisso e tu mettimi dentro attraverso gli occhi nell\u2019anima la luce spirituale e il calore spirituale\u201d. Chiara lo diceva a Ges\u00f9 ogni volta che andava, guardandolo cos\u00ec fisso, sperando che Lui la illuminasse, le riscaldasse il cuore.<\/p>\n<p>Ed \u00e8 stata anche Suor Carolina <span style=\"color: #0000ff;\"><a style=\"color: #0000ff;\" href=\"#_ftn8\" name=\"_ftnref8\">[8]<\/a><\/span> che ha insegnato a Chiara a fare gli atti d\u2019amore, dando a lei e alle altre bambine un vestitino per Ges\u00f9 bambino di carta. Questo vestitino aveva tanti taglietti. Ad ogni atto d\u2019amore si alzava un taglietto in modo che alla fine il vestitino sembrava tutto ricamato per i tanti atti d\u2019amore fatti. Quando tutto il vestitino era ricamato d\u2019amore lo portavano da Ges\u00f9.<\/p>\n<p>&nbsp;<\/p>\n<p><span style=\"color: #ff6600;\"><strong>D) Spunti e altro materiale per la conduzione dell\u2019incontro: <\/strong><\/span><span style=\"color: #008000;\"><strong>Allegati D<\/strong><\/span><\/p>\n<p>________________________________________________________________________________________<\/p>\n<p><span style=\"font-size: 14px;\"><span style=\"color: #0000ff;\"><a style=\"color: #0000ff;\" href=\"#_ftnref1\" name=\"_ftn1\">[1]<\/a><\/span> C. Lubich, Faenza, 10 aprile 1988, alle famiglie, <em>\u201cLa preghiera in famiglia\u201d<\/em><\/span><\/p>\n<p><span style=\"font-size: 14px;\"><span style=\"color: #0000ff;\"><a style=\"color: #0000ff;\" href=\"#_ftnref2\" name=\"_ftn2\">[2]<\/a><\/span> C. Lubich, Castel Gandolfo, 24 dicembre 1998, ai focolarini, <em>\u201cV\u00b0 tema della spiritualit\u00e0 collettiva \u2013 III\u00b0 aspetto: &lsquo;L&rsquo;amore eleva'\u00a0\u00bb<\/em><\/span><\/p>\n<p><span style=\"font-size: 14px;\"><span style=\"color: #0000ff;\"><a style=\"color: #0000ff;\" href=\"#_ftnref3\" name=\"_ftn3\">[3]<\/a><\/span> C. Lubich, Castel Gandolfo, 25 ottobre 1999, incontro amici mussulmani, <em>\u201cLa preghiera, la meditazione e l&rsquo;unione con Dio\u201d<\/em><\/span><\/p>\n<p><span style=\"font-size: 14px;\"><span style=\"color: #0000ff;\"><a style=\"color: #0000ff;\" href=\"#_ftnref4\" name=\"_ftn4\">[4]<\/a><\/span> C. Lubich, Castelgandolfo, 18.6.1988, al congresso Gen4, <em>17.a risposta<\/em><\/span><\/p>\n<p><span style=\"font-size: 14px;\"><a href=\"#_ftnref5\" name=\"_ftn5\"><span style=\"color: #0000ff;\">[5]<\/span><\/a> C. Lubich, Loppiano, 5.5.1989, agli abitanti della Mariapoli, <em>7.a risposta<\/em><\/span><\/p>\n<p><span style=\"font-size: 14px;\"><span style=\"color: #0000ff;\">[6]<\/span> C. Lubich, Castelgandolfo, 8.6.1996, al congresso Gen4, <em>10.a risposta<\/em><\/span><\/p>\n<p><span style=\"font-size: 14px;\"><span style=\"color: #0000ff;\"><a style=\"color: #0000ff;\" href=\"#_ftnref7\" name=\"_ftn7\">[7]<\/a><\/span> Cf. C. Lubich, Rocca di Papa, 4.7.1967, alle Gen piccole:<em> \u201cLa sua storia da bambina\u00a0\u00bb<\/em><\/span><\/p>\n<p><span style=\"font-size: 14px;\"><a href=\"#_ftnref8\" name=\"_ftn8\"><span style=\"color: #0000ff;\">[8]<\/span><\/a> Cf. C. Lubich, Castelgandolfo, 28.4.1992, al Congresso Gen 4,<em> risposta n. 1<\/em><\/span><\/p>\n","protected":false},"excerpt":{"rendered":"<p>Dio ci ha pensati da sempre e ci accompagna dalla creazione &#8230; <\/p>\n","protected":false},"author":3,"featured_media":12242,"comment_status":"closed","ping_status":"closed","template":"page.php","meta":{"__wpdm_changelog":[]},"wpdmcategory":[489],"wpdmtag":[],"class_list":["post-12071","wpdmpro","type-wpdmpro","status-publish","has-post-thumbnail","hentry","wpdmcategory-oggi-ho-scoperto-il-cielo-unione-con-dio-e-preghiera_2022-2023"],"_links":{"self":[{"href":"https:\/\/gen4.focolare.org\/fr\/wp-json\/wp\/v2\/wpdmpro\/12071","targetHints":{"allow":["GET"]}}],"collection":[{"href":"https:\/\/gen4.focolare.org\/fr\/wp-json\/wp\/v2\/wpdmpro"}],"about":[{"href":"https:\/\/gen4.focolare.org\/fr\/wp-json\/wp\/v2\/types\/wpdmpro"}],"author":[{"embeddable":true,"href":"https:\/\/gen4.focolare.org\/fr\/wp-json\/wp\/v2\/users\/3"}],"replies":[{"embeddable":true,"href":"https:\/\/gen4.focolare.org\/fr\/wp-json\/wp\/v2\/comments?post=12071"}],"wp:featuredmedia":[{"embeddable":true,"href":"https:\/\/gen4.focolare.org\/fr\/wp-json\/wp\/v2\/media\/12242"}],"wp:attachment":[{"href":"https:\/\/gen4.focolare.org\/fr\/wp-json\/wp\/v2\/media?parent=12071"}],"wp:term":[{"taxonomy":"wpdmcategory","embeddable":true,"href":"https:\/\/gen4.focolare.org\/fr\/wp-json\/wp\/v2\/wpdmcategory?post=12071"},{"taxonomy":"wpdmtag","embeddable":true,"href":"https:\/\/gen4.focolare.org\/fr\/wp-json\/wp\/v2\/wpdmtag?post=12071"}],"curies":[{"name":"wp","href":"https:\/\/api.w.org\/{rel}","templated":true}]}}