{"id":12803,"date":"2023-01-13T16:06:12","date_gmt":"2023-01-13T15:06:12","guid":{"rendered":"https:\/\/gen4.focolare.org\/?post_type=wpdmpro&#038;p=12803"},"modified":"2024-03-26T17:38:22","modified_gmt":"2024-03-26T16:38:22","slug":"03_hoy-descubri-el-cielo-etapa-3","status":"publish","type":"wpdmpro","link":"https:\/\/gen4.focolare.org\/fr\/download\/03_hoy-descubri-el-cielo-etapa-3\/","title":{"rendered":"03_Hoy descubr\u00ed el Cielo: Etapa 3"},"content":{"rendered":"<p style=\"text-align: center;\"><span style=\"color: #ff6600;\"><strong><em>Mar\u00eda escucha la voz de Dios y nos ayuda a hablar con Jes\u00fas, Su Hijo<\/em><\/strong><\/span><\/p>\n<p><strong>\u00a0<\/strong><\/p>\n<p><span style=\"color: #ff6600;\"><strong>A) Para los asistentes. <\/strong><strong>Puntos de las charlas de Chiara: <em>Mar\u00eda modelo de uni\u00f3n con Dios<\/em><\/strong><\/span><\/p>\n<ul>\n<li>Chiara habl\u00f3 a menudo de Mar\u00eda, tambi\u00e9n como modelo de uni\u00f3n con Dios. H\u00e9 aqu\u00ed un p\u00e1rrafo de su discurso, citado ya en las etapas precedentes, hecho por Chiara en el 1999 a los amigos musulmanes: <em>\u201c[\u2026] <strong>La uni\u00f3n con Dios nos lleva casi espont\u00e1neamente a hablar de Mar\u00eda de Nazaret y de su <\/strong><\/em><strong><em>papel en la oraci\u00f3n, de la que nos es un modelo; por su interioridad y su recogimiento adorante frente al misterio de Dios que lleva dentro de s\u00ed<\/em><\/strong><em>. De hecho, \u00bfc\u00f3mo podemos imaginarnos a Mar\u00eda? \u00bfC\u00f3mo nos la describen las Escrituras? \u00bfC\u00f3mo es pintada, cantada, esculpida por los artistas de todos los tiempos? Ciertamente no como una persona extrovertida, agitada, impetuosa, siempre a las carreras, atenta \u00fanicamente a lo que sucede Sino como una criatura, llena de m\u00edstica belleza, que revela un inmenso tesoro escondido en su coraz\u00f3n: Dios. Fue con gran sorpresa y alegr\u00eda que encontr\u00e9, adem\u00e1s de muchos poetas del Oriente y del Occidente cristiano, que han cantado las alabanzas de Mar\u00eda, tambi\u00e9n poetas del Islam que, inspirados por las palabras del Cor\u00e1n, escribieron versos de gran belleza sobre Mar\u00eda, sobre su uni\u00f3n con Dios. [\u2026] \u201c<\/em> <span style=\"color: #0000ff;\"><a style=\"color: #0000ff;\" href=\"#_ftn1\" name=\"_ftnref1\"><sup>[1]<\/sup><\/a><\/span><\/li>\n<\/ul>\n<ul>\n<li>Son muchos los momentos de la vida de Mar\u00eda que pueden ayudarnos a profundizar los distintos aspectos de la oraci\u00f3n, de \u201chablar con Jes\u00fas\u201d. Chiara, en la Conexi\u00f3n telef\u00f3nica del 1989, hab\u00eda hablado del: <em>\u201c[\u2026] <strong>largo per\u00edodo en que Mar\u00eda vivi\u00f3 junto a Jes\u00fas en una intimidad profunda<\/strong>, en un coloquio tan excepcional que est\u00e1 s\u00f3lo por debajo del que, desde la eternidad, se extiende entre las Personas de la Sant<\/em><em>\u00edsima Trinidad. Mar\u00eda, en esos largos a\u00f1os, seguramente habl\u00f3 a menudo con Jes\u00fas, y Jes\u00fas le respondi\u00f3. Jes\u00fas habl\u00f3 con Mar\u00eda y Mar\u00eda le respondi\u00f3. \u00bfPero qu\u00e9 se habr\u00e1n dicho? Sin duda muchas cosas: de la vida de familia, del trabajo, del ambiente, de las usanzas, de la Biblia&#8230; y qui\u00e9n sabe cu\u00e1ntas otras cosas desconocidas para nosotros. Ciertamente aquella madre era una madre especial y aquel Hijo un hijo especial\u00edsimo. <strong>La relaci\u00f3n entre Mar\u00eda y Jes\u00fas era de todos modos aquella entre una criatura, aunque alt\u00edsima, y su Creador. Ella nos hace recordar, <\/strong><strong>de alguna manera, tambi\u00e9n nuestra relaci\u00f3n con Jes\u00fas, nuestra uni\u00f3n con \u00e9l, con todas las expresiones de amor, de confianza, de petici\u00f3n, de alabanza que la caracterizan y que nosotros definimos \u2013 tomando la cosa en el sentido m\u00e1s amplio\u2013 \u00ab\u00a0oraci\u00f3n\u00a0\u00bb<\/strong>.\u201d<\/em> <span style=\"color: #0000ff;\"><a style=\"color: #0000ff;\" href=\"#_ftn2\" name=\"_ftnref2\"><sup>[2]<\/sup><\/a><\/span><\/li>\n<\/ul>\n<p><strong><span style=\"color: #ff6600;\">B) Objetivos del encuentro GEN4<\/span><\/strong><\/p>\n<p>-Descubrir la \u201cbelleza\u201d de Mar\u00eda, su capacidad de acoger a Jes\u00fas y de escucharlo (nota: el 2\u00b0 encuentro se centraba m\u00e1s en la relaci\u00f3n entre uni\u00f3n con Dios y amor al hermano, mientras que \u00e9ste en la figura de Mar\u00eda, que nos lleva a Jes\u00fas).<\/p>\n<p>-Descubrir que tambi\u00e9n nosotros, como hizo Mar\u00eda, podemos \u201cdarnos cuenta\u201d de las necesidades de los dem\u00e1s y ayudarlos a pedir ayuda a Jes\u00fas.<\/p>\n<p>-Descubrir c\u00f3mo \u201chablar con Jes\u00fas\u201d<\/p>\n<p><strong><span style=\"color: #ff6600;\">C) Contenidos del encuntro GEN4: gotas de luz con la Sagrada Escritura y con la Espiritualidad (respuestas de Chiara)<\/span> <\/strong><\/p>\n<p><strong><em>&#8211;<\/em>Recorrer con im\u00e1genes alg\u00fan momento de la vida de Mar\u00eda:<\/strong><strong> Mar\u00eda desde ni\u00f1a ten\u00eda una relaci\u00f3n particular con Dios. De peque\u00f1a va al Templo para decir a Dios: soy toda tuya. Escucha y responde a lo que Dios le pide cuando llega el \u00e1ngel. Acompa\u00f1a a Jes\u00fas en su crecimiento, con eventos especiales que no puede entender de inmediato\u2026 pero guarda todas esas cosas en su coraz\u00f3n.<\/strong><\/p>\n<p>&#8211;<strong>Detenerse m\u00e1s ampliamente en el episodio de las<\/strong> <strong>bodas <\/strong><strong>de Can\u00e1:<\/strong> Mar\u00eda se da cuenta de lo que se necesita y ayuda a los sirvientes a pedirle a Jes\u00fas.<strong><span style=\"color: #008000;\"> (Anexo C1)<\/span><\/strong><\/p>\n<p><span style=\"color: #ff6600;\"><strong>Espiritualidad:<\/strong><\/span><\/p>\n<p><strong>&#8211;<\/strong><strong>Respuestas de Chiara: \u00bf<\/strong>C\u00f3mo hablar con Jes\u00fas? <strong><span style=\"color: #008000;\">(Anexo C2)<\/span><\/strong><\/p>\n<p><strong>Un gen4:<\/strong> \u201c\u00bfC\u00f3mo haces para hablar con Jes\u00fas?\u201d <span style=\"color: #0000ff;\"><a style=\"color: #0000ff;\" href=\"#_ftn3\" name=\"_ftnref3\"><strong><sup>[3]<\/sup><\/strong><\/a><\/span><\/p>\n<p><strong>Chiara:<\/strong> [\u2026] me ha preguntado: \u201cC\u00f3mo haces para rezar, o sea, para hablar con Jes\u00fas. Yo trato de comprender las palabras que digo en las oraciones, por ejemplo, en el padre nuestro o el avemar\u00eda, el Gloria, trato de hacerlas m\u00edas, m\u00edas. Y luego se las digo a Jes\u00fas como si fueran m\u00edas. Otras&#8230; sobre todo despu\u00e9s de la Comuni\u00f3n, trato de adorar a Jes\u00fas. Porque \u00c9l es Dios, es el Creador. Trato de darle las gracias por todo lo que me ha dado, los dones, como haberme dado muchos gen 4, en el Movimiento, much\u00edsimos en el mundo. O bien trato de darle las gracias por todos estos regalos. O bien trato de pedirle gracias: \u201cDame las gracia que muchos gen 4 se hagan santos [\u2026]\u201d. Bien estas son mis oraciones. (Aplausos)<\/p>\n<p><strong>Un gen4:<\/strong> Hola Chiara, \u201c\u00bfC\u00f3mo se habla con Jes\u00fas?\u201d <span style=\"color: #0000ff;\"><a style=\"color: #0000ff;\" href=\"#_ftn4\" name=\"_ftnref4\"><strong><em><sup>[4]<\/sup><\/em><\/strong><\/a><\/span><\/p>\n<p><em>\u00a0<\/em><strong>Chiara:<\/strong> Para hablar con Jes\u00fas deben hacer as\u00ed: Jes\u00fas est\u00e1 dentro en el coraz\u00f3n y est\u00e1 porque es esp\u00edritu y entonces se necesita cerrar los ojos as\u00ed, e ir dentro del alma, rezar y decir: \u201cJes\u00fas te amo, Jes\u00fas hazme hacer muchos actos de amor, Jes\u00fas multiplica sobre la Tierra a los gen 4, Jes\u00fas ayuda a mis padres, ayuda a mi abuelo, ayuda a todos mis compa\u00f1eros de la escuela y a la maestra\u201d, as\u00ed. Si en cambio, est\u00e1n en la Iglesia, Jes\u00fas est\u00e1 all\u00ed en el sagrario, entonces deben mirar el sagrario y deben decir muchas cosas hermosas: \u201cQuiero ser tu consuelo, hazme crecer buena, dame una hermosa vocaci\u00f3n, hazme conquistar a muchas gen 4 y a muchos gen 4.\u201d As\u00ed se hace para hablar con Jes\u00fas. (Aplausos)<\/p>\n<p><strong>\u00a0<\/strong><\/p>\n<p><strong><span style=\"color: #ff6600;\">D) Ideas y dem\u00e1s material para realizar el encuentro<\/span> <span style=\"color: #008000;\">(Anexos D)<\/span><\/strong><\/p>\n<p>______________________________________________________________________________________<\/p>\n<p>&nbsp;<\/p>\n<p><span style=\"font-size: 14px;\"><span style=\"color: #0000ff;\"><a style=\"color: #0000ff;\" href=\"#_ftnref1\" name=\"_ftn1\">[1]<\/a> <\/span>C. Lubich, Castel Gandolfo, 25 octubre 1999, encuentro con amigos musulmanes, \u00ab\u00a0Oraci\u00f3n, meditaci\u00f3n y uni\u00f3n con Dios\u00a0\u00bb<\/span><\/p>\n<p><span style=\"font-size: 14px;\"><span style=\"color: #0000ff;\"><a style=\"color: #0000ff;\" href=\"#_ftnref2\" name=\"_ftn2\">[2]<\/a> <\/span>C. Lubich, Collegamento CH del 23 febrero 1989, \u201c<em>Las cuatro maneras de orar\u201d<\/em> (publicado en: C. Lubich, Buscando las cosas de arriba, Roma 1992, p. 128-130.)<\/span><\/p>\n<p><span style=\"font-size: 14px;\"><span style=\"color: #0000ff;\"><a style=\"color: #0000ff;\" href=\"#_ftnref3\" name=\"_ftn3\">[3]<\/a> <\/span>C. Lubich, Castelgandolfo, 8.6.1996, Congreso gen4, respuesta n\u00b0 4<\/span><\/p>\n<p><span style=\"font-size: 14px;\"><span style=\"color: #0000ff;\"><a style=\"color: #0000ff;\" href=\"#_ftnref4\" name=\"_ftn4\">[4]<\/a> <\/span>C. Lubich, Argentina, 11.4.1998, a los gen4, respuesta n\u00b0 1<\/span><\/p>\n","protected":false},"excerpt":{"rendered":"<p>Mar\u00eda escucha la voz de Dios y nos ayuda a hablar &#8230; <\/p>\n","protected":false},"author":486,"featured_media":12945,"comment_status":"closed","ping_status":"closed","template":"page.php","meta":{"__wpdm_changelog":[]},"wpdmcategory":[505],"wpdmtag":[],"class_list":["post-12803","wpdmpro","type-wpdmpro","status-publish","has-post-thumbnail","hentry","wpdmcategory-hoy-descubri-el-cielo-union-con-dios-y-oracion-2022-2023"],"_links":{"self":[{"href":"https:\/\/gen4.focolare.org\/fr\/wp-json\/wp\/v2\/wpdmpro\/12803","targetHints":{"allow":["GET"]}}],"collection":[{"href":"https:\/\/gen4.focolare.org\/fr\/wp-json\/wp\/v2\/wpdmpro"}],"about":[{"href":"https:\/\/gen4.focolare.org\/fr\/wp-json\/wp\/v2\/types\/wpdmpro"}],"author":[{"embeddable":true,"href":"https:\/\/gen4.focolare.org\/fr\/wp-json\/wp\/v2\/users\/486"}],"replies":[{"embeddable":true,"href":"https:\/\/gen4.focolare.org\/fr\/wp-json\/wp\/v2\/comments?post=12803"}],"wp:featuredmedia":[{"embeddable":true,"href":"https:\/\/gen4.focolare.org\/fr\/wp-json\/wp\/v2\/media\/12945"}],"wp:attachment":[{"href":"https:\/\/gen4.focolare.org\/fr\/wp-json\/wp\/v2\/media?parent=12803"}],"wp:term":[{"taxonomy":"wpdmcategory","embeddable":true,"href":"https:\/\/gen4.focolare.org\/fr\/wp-json\/wp\/v2\/wpdmcategory?post=12803"},{"taxonomy":"wpdmtag","embeddable":true,"href":"https:\/\/gen4.focolare.org\/fr\/wp-json\/wp\/v2\/wpdmtag?post=12803"}],"curies":[{"name":"wp","href":"https:\/\/api.w.org\/{rel}","templated":true}]}}