{"id":20517,"date":"2024-06-13T13:44:03","date_gmt":"2024-06-13T11:44:03","guid":{"rendered":"https:\/\/gen4.focolare.org\/?post_type=wpdmpro&#038;p=20517"},"modified":"2024-06-17T14:17:37","modified_gmt":"2024-06-17T12:17:37","slug":"jornada-mundial-de-los-ninos-y-de-las-ninas_2024","status":"publish","type":"wpdmpro","link":"https:\/\/gen4.focolare.org\/fr\/download\/jornada-mundial-de-los-ninos-y-de-las-ninas_2024\/","title":{"rendered":"Jornada Mundial de los Ni\u00f1os y de las Ni\u00f1as_2024"},"content":{"rendered":"<p style=\"text-align: center;\"><strong><span style=\"color: #e94e1b;\">\u201cHE AQU\u00cd, YO HAGO NUEVAS TODAS LAS COSAS (Ap 21,5)\u201d<\/span><\/strong><\/p>\n<p>\u00a0\u00a0\u00a0\u00a0\u00a0\u00a0\u00a0\u00a0\u00a0\u00a0\u00a0 Este es el tema central de la primera Jornada Mundial de los Ni\u00f1os y de las Ni\u00f1as, proclamada por el Papa Francisco, que tuvo lugar los d\u00edas 25 y 26 de mayo de 2024. Hubo <strong>dos momentos centrales<\/strong>: el <strong><span style=\"color: #e94e1b;\">di\u00e1logo con el Papa en el Estadio Ol\u00edmpico<\/span><\/strong> el s\u00e1bado por la tarde, y la <strong><span style=\"color: #e94e1b;\">Misa en la Plaza de San Pedro<\/span><\/strong> el domingo por la ma\u00f1ana.<\/p>\n<div id='gallery-1' class='gallery galleryid-20517 gallery-columns-3 gallery-size-thumbnail'><figure class='gallery-item'>\n\t\t\t<div class='gallery-icon landscape'>\n\t\t\t\t<a href='https:\/\/gen4.focolare.org\/wp-content\/uploads\/2024\/06\/DSC4910-scaled.jpg'><img decoding=\"async\" width=\"150\" height=\"150\" src=\"https:\/\/gen4.focolare.org\/wp-content\/uploads\/2024\/06\/DSC4910-150x150.jpg\" class=\"attachment-thumbnail size-thumbnail\" alt=\"DSC4910 150x150\" srcset=\"https:\/\/gen4.focolare.org\/wp-content\/uploads\/2024\/06\/DSC4910-150x150.jpg 150w, https:\/\/gen4.focolare.org\/wp-content\/uploads\/2024\/06\/DSC4910-600x600.jpg 600w\" sizes=\"auto, (max-width: 150px) 100vw, 150px\" loading=\"lazy\" \/><\/a>\n\t\t\t<\/div><\/figure><figure class='gallery-item'>\n\t\t\t<div class='gallery-icon landscape'>\n\t\t\t\t<a href='https:\/\/gen4.focolare.org\/wp-content\/uploads\/2024\/06\/DSC5232-scaled.jpg'><img decoding=\"async\" width=\"150\" height=\"150\" src=\"https:\/\/gen4.focolare.org\/wp-content\/uploads\/2024\/06\/DSC5232-150x150.jpg\" class=\"attachment-thumbnail size-thumbnail\" alt=\"DSC5232 150x150\" srcset=\"https:\/\/gen4.focolare.org\/wp-content\/uploads\/2024\/06\/DSC5232-150x150.jpg 150w, https:\/\/gen4.focolare.org\/wp-content\/uploads\/2024\/06\/DSC5232-600x600.jpg 600w\" sizes=\"auto, (max-width: 150px) 100vw, 150px\" loading=\"lazy\" \/><\/a>\n\t\t\t<\/div><\/figure><figure class='gallery-item'>\n\t\t\t<div class='gallery-icon landscape'>\n\t\t\t\t<a href='https:\/\/gen4.focolare.org\/wp-content\/uploads\/2024\/06\/DSC5224-scaled.jpg'><img decoding=\"async\" width=\"150\" height=\"150\" src=\"https:\/\/gen4.focolare.org\/wp-content\/uploads\/2024\/06\/DSC5224-150x150.jpg\" class=\"attachment-thumbnail size-thumbnail\" alt=\"DSC5224 150x150\" srcset=\"https:\/\/gen4.focolare.org\/wp-content\/uploads\/2024\/06\/DSC5224-150x150.jpg 150w, https:\/\/gen4.focolare.org\/wp-content\/uploads\/2024\/06\/DSC5224-600x600.jpg 600w\" sizes=\"auto, (max-width: 150px) 100vw, 150px\" loading=\"lazy\" \/><\/a>\n\t\t\t<\/div><\/figure><figure class='gallery-item'>\n\t\t\t<div class='gallery-icon portrait'>\n\t\t\t\t<a href='https:\/\/gen4.focolare.org\/wp-content\/uploads\/2024\/06\/WhatsApp-Image-2024-05-26-at-18.19.21-2.jpeg'><img decoding=\"async\" width=\"150\" height=\"150\" src=\"https:\/\/gen4.focolare.org\/wp-content\/uploads\/2024\/06\/WhatsApp-Image-2024-05-26-at-18.19.21-2-150x150.jpeg\" class=\"attachment-thumbnail size-thumbnail\" alt=\"WhatsApp Image 2024 05 26 at 18 19 21 2 150x150\" loading=\"lazy\" \/><\/a>\n\t\t\t<\/div><\/figure><figure class='gallery-item'>\n\t\t\t<div class='gallery-icon landscape'>\n\t\t\t\t<a href='https:\/\/gen4.focolare.org\/wp-content\/uploads\/2024\/06\/12.jpeg'><img decoding=\"async\" width=\"150\" height=\"150\" src=\"https:\/\/gen4.focolare.org\/wp-content\/uploads\/2024\/06\/12-150x150.jpeg\" class=\"attachment-thumbnail size-thumbnail\" alt=\"12 150x150\" srcset=\"https:\/\/gen4.focolare.org\/wp-content\/uploads\/2024\/06\/12-150x150.jpeg 150w, https:\/\/gen4.focolare.org\/wp-content\/uploads\/2024\/06\/12-600x600.jpeg 600w\" sizes=\"auto, (max-width: 150px) 100vw, 150px\" loading=\"lazy\" \/><\/a>\n\t\t\t<\/div><\/figure><figure class='gallery-item'>\n\t\t\t<div class='gallery-icon landscape'>\n\t\t\t\t<a href='https:\/\/gen4.focolare.org\/wp-content\/uploads\/2024\/06\/DSC6738-scaled.jpg'><img decoding=\"async\" width=\"150\" height=\"150\" src=\"https:\/\/gen4.focolare.org\/wp-content\/uploads\/2024\/06\/DSC6738-150x150.jpg\" class=\"attachment-thumbnail size-thumbnail\" alt=\"DSC6738 150x150\" srcset=\"https:\/\/gen4.focolare.org\/wp-content\/uploads\/2024\/06\/DSC6738-150x150.jpg 150w, https:\/\/gen4.focolare.org\/wp-content\/uploads\/2024\/06\/DSC6738-600x600.jpg 600w\" sizes=\"auto, (max-width: 150px) 100vw, 150px\" loading=\"lazy\" \/><\/a>\n\t\t\t<\/div><\/figure>\n\t\t<\/div>\n\n<p>Una multitud de ni\u00f1os y adolescentes con sus acompa\u00f1antes (m\u00e1s de 50.000 personas) &lsquo;colorearon&rsquo; las gradas del Estadio Ol\u00edmpico, iniciando el programa con un desfile de m\u00e1s de cien delegaciones ataviadas con trajes tradicionales. A su llegada, el Papa fue recibido por los organizadores de la Jornada, acompa\u00f1ado por cinco ni\u00f1os, uno de cada continente, que lo saludaron en su lengua materna.<\/p>\n<p>Y con estas palabras el Papa Francisco inici\u00f3 el di\u00e1logo con todos: \u201c\u00a1Estamos aqu\u00ed! \u00a1Aqu\u00ed estamos! La aventura de la Jornada Mundial de los Ni\u00f1os y de las Ni\u00f1as, El d\u00eda Mundial del Ni\u00f1o, ha comenzado.\u00a0\u00bb<\/p>\n<p>Desde que lleg\u00f3 la noticia de esta convocatoria del Santo Padre, entendimos que deb\u00edamos aprovechar esta oportunidad para permitir que muchos ni\u00f1os de nuestro Movimiento participaran en este evento. Invitamos a ni\u00f1os de todo el mundo, y aunque hubo muchas dificultades para participar, fue una gran alegr\u00eda para nosotros verlos llegar de varios pa\u00edses de Europa del Este (Croacia, Eslovenia, Eslovaquia y Macedonia), de Portugal, de Espa\u00f1a. , de B\u00e9lgica, pero tambi\u00e9n de Nigeria, de Brasil, y tambi\u00e9n, para nuestra inmensa alegr\u00eda, de Bel\u00e9n y de Haifa, y de Burundi y, l\u00f3gicamente, de Italia.<\/p>\n<p>Entre las preguntas formuladas al Papa, mencionamos la de Lia Marise, una de nuestras Gen 4 de Burundi, seguida de la respuesta del Santo Padre:<\/p>\n<p><strong>\u201cQuerido Papa Francisco, soy Lia Marise y soy de Burundi, \u00bfqu\u00e9 crees que podemos hacer los ni\u00f1os para mejorar el mundo?\u201d<\/strong><\/p>\n<p>\u201cLa pregunta es: \u00bfqu\u00e9 puedo hacer para mejorar el mundo?. Respondan ustedes a las preguntas que les har\u00e9. Est\u00e9n atentos. \u00bfQu\u00e9 puedo hacer para mejorar el mundo? \u00bfPelear? <em>[Los ni\u00f1os responden<\/em>]: \u201c\u00a1No!\u201d. No puedo oir. \u00bfPelear? <em>[Los ni\u00f1os responden]<\/em>: \u201c\u00a1No!\u201d. \u00bfHablarnos amablemente? <em>[Los ni\u00f1os responden]<\/em>: \u201c\u00a1S\u00ed!\u201d. \u00bfJugando juntos? <em>[Los ni\u00f1os responden]<\/em>: \u201c\u00a1S\u00ed!\u201d. \u00bfAyudando a otros? <em>[Los ni\u00f1os responden]<\/em>: \u201c\u00a1S\u00ed!\u201d. Al hacer estas cosas, el mundo ser\u00e1 mejor. Adelante con valent\u00eda. Buena ni\u00f1a. Que el Se\u00f1or te bendiga.\u00a0\u00bb<\/p>\n<div id='gallery-2' class='gallery galleryid-20517 gallery-columns-3 gallery-size-thumbnail'><figure class='gallery-item'>\n\t\t\t<div class='gallery-icon landscape'>\n\t\t\t\t<a href='https:\/\/gen4.focolare.org\/fr\/da_sito_ufficiale_gmb-2\/'><img decoding=\"async\" width=\"150\" height=\"150\" src=\"https:\/\/gen4.focolare.org\/wp-content\/uploads\/2024\/06\/da_sito_ufficiale_GMB-150x150.jpg\" class=\"attachment-thumbnail size-thumbnail\" alt=\"Da sito ufficiale GMB 150x150\" srcset=\"https:\/\/gen4.focolare.org\/wp-content\/uploads\/2024\/06\/da_sito_ufficiale_GMB-150x150.jpg 150w, https:\/\/gen4.focolare.org\/wp-content\/uploads\/2024\/06\/da_sito_ufficiale_GMB-600x600.jpg 600w\" sizes=\"auto, (max-width: 150px) 100vw, 150px\" loading=\"lazy\" \/><\/a>\n\t\t\t<\/div><\/figure><figure class='gallery-item'>\n\t\t\t<div class='gallery-icon landscape'>\n\t\t\t\t<a href='https:\/\/gen4.focolare.org\/fr\/_dsc5154-2\/'><img decoding=\"async\" width=\"150\" height=\"150\" src=\"https:\/\/gen4.focolare.org\/wp-content\/uploads\/2024\/06\/DSC5154-150x150.jpg\" class=\"attachment-thumbnail size-thumbnail\" alt=\"DSC5154 150x150\" srcset=\"https:\/\/gen4.focolare.org\/wp-content\/uploads\/2024\/06\/DSC5154-150x150.jpg 150w, https:\/\/gen4.focolare.org\/wp-content\/uploads\/2024\/06\/DSC5154-600x600.jpg 600w\" sizes=\"auto, (max-width: 150px) 100vw, 150px\" loading=\"lazy\" \/><\/a>\n\t\t\t<\/div><\/figure><figure class='gallery-item'>\n\t\t\t<div class='gallery-icon landscape'>\n\t\t\t\t<a href='https:\/\/gen4.focolare.org\/fr\/_dsc6378-2\/'><img decoding=\"async\" width=\"150\" height=\"150\" src=\"https:\/\/gen4.focolare.org\/wp-content\/uploads\/2024\/06\/DSC6378-150x150.jpg\" class=\"attachment-thumbnail size-thumbnail\" alt=\"DSC6378 150x150\" srcset=\"https:\/\/gen4.focolare.org\/wp-content\/uploads\/2024\/06\/DSC6378-150x150.jpg 150w, https:\/\/gen4.focolare.org\/wp-content\/uploads\/2024\/06\/DSC6378-600x600.jpg 600w\" sizes=\"auto, (max-width: 150px) 100vw, 150px\" loading=\"lazy\" \/><\/a>\n\t\t\t<\/div><\/figure>\n\t\t<\/div>\n\n<p>Y una a una siguen otras preguntas y otros momentos de di\u00e1logo sencillo y espont\u00e1neo. Al final del encuentro, el Papa concluye: \u00ab\u00a0Ustedes, ni\u00f1os, pueden hacer una verdadera revoluci\u00f3n con estas preguntas y estas inquietudes. \u00a1Adelante con valent\u00eda<a href=\"#_ftn1\" name=\"_ftnref1\">[1]<\/a>!<\/p>\n<p>Como Movimiento tambi\u00e9n pudimos estar presentes en la Aldea Infantil (un espacio alrededor del Estadio Ol\u00edmpico por donde pasaban muchos grupos), tanto a trav\u00e9s de un stand que fue posible montar gracias a la disponibilidad de los miembros del Movimento en Roma, como presentando algunos n\u00fameros art\u00edsticos en el escenario all\u00ed instalado.<\/p>\n<div id='gallery-3' class='gallery galleryid-20517 gallery-columns-4 gallery-size-thumbnail'><figure class='gallery-item'>\n\t\t\t<div class='gallery-icon landscape'>\n\t\t\t\t<a href='https:\/\/gen4.focolare.org\/wp-content\/uploads\/2024\/06\/WhatsApp-Image-2024-06-03-at-15.38.56.jpeg'><img decoding=\"async\" width=\"150\" height=\"150\" src=\"https:\/\/gen4.focolare.org\/wp-content\/uploads\/2024\/06\/WhatsApp-Image-2024-06-03-at-15.38.56-150x150.jpeg\" class=\"attachment-thumbnail size-thumbnail\" alt=\"WhatsApp Image 2024 06 03 at 15 38 56 150x150\" srcset=\"https:\/\/gen4.focolare.org\/wp-content\/uploads\/2024\/06\/WhatsApp-Image-2024-06-03-at-15.38.56-150x150.jpeg 150w, https:\/\/gen4.focolare.org\/wp-content\/uploads\/2024\/06\/WhatsApp-Image-2024-06-03-at-15.38.56-600x600.jpeg 600w\" sizes=\"auto, (max-width: 150px) 100vw, 150px\" loading=\"lazy\" \/><\/a>\n\t\t\t<\/div><\/figure><figure class='gallery-item'>\n\t\t\t<div class='gallery-icon landscape'>\n\t\t\t\t<a href='https:\/\/gen4.focolare.org\/wp-content\/uploads\/2024\/06\/WhatsApp-Image-2024-05-26-at-18.19.23.jpeg'><img decoding=\"async\" width=\"150\" height=\"150\" src=\"https:\/\/gen4.focolare.org\/wp-content\/uploads\/2024\/06\/WhatsApp-Image-2024-05-26-at-18.19.23-150x150.jpeg\" class=\"attachment-thumbnail size-thumbnail\" alt=\"WhatsApp Image 2024 05 26 at 18 19 23 150x150\" srcset=\"https:\/\/gen4.focolare.org\/wp-content\/uploads\/2024\/06\/WhatsApp-Image-2024-05-26-at-18.19.23-150x150.jpeg 150w, https:\/\/gen4.focolare.org\/wp-content\/uploads\/2024\/06\/WhatsApp-Image-2024-05-26-at-18.19.23-600x600.jpeg 600w\" sizes=\"auto, (max-width: 150px) 100vw, 150px\" loading=\"lazy\" \/><\/a>\n\t\t\t<\/div><\/figure><figure class='gallery-item'>\n\t\t\t<div class='gallery-icon landscape'>\n\t\t\t\t<a href='https:\/\/gen4.focolare.org\/wp-content\/uploads\/2024\/06\/WhatsApp-Image-2024-05-26-at-18.19.22-1.jpeg'><img decoding=\"async\" width=\"150\" height=\"150\" src=\"https:\/\/gen4.focolare.org\/wp-content\/uploads\/2024\/06\/WhatsApp-Image-2024-05-26-at-18.19.22-1-150x150.jpeg\" class=\"attachment-thumbnail size-thumbnail\" alt=\"WhatsApp Image 2024 05 26 at 18 19 22 1 150x150\" srcset=\"https:\/\/gen4.focolare.org\/wp-content\/uploads\/2024\/06\/WhatsApp-Image-2024-05-26-at-18.19.22-1-150x150.jpeg 150w, https:\/\/gen4.focolare.org\/wp-content\/uploads\/2024\/06\/WhatsApp-Image-2024-05-26-at-18.19.22-1-600x600.jpeg 600w\" sizes=\"auto, (max-width: 150px) 100vw, 150px\" loading=\"lazy\" \/><\/a>\n\t\t\t<\/div><\/figure><figure class='gallery-item'>\n\t\t\t<div class='gallery-icon landscape'>\n\t\t\t\t<a href='https:\/\/gen4.focolare.org\/wp-content\/uploads\/2024\/06\/WhatsApp-Image-2024-05-26-at-18.19.21.jpeg'><img decoding=\"async\" width=\"150\" height=\"150\" src=\"https:\/\/gen4.focolare.org\/wp-content\/uploads\/2024\/06\/WhatsApp-Image-2024-05-26-at-18.19.21-150x150.jpeg\" class=\"attachment-thumbnail size-thumbnail\" alt=\"WhatsApp Image 2024 05 26 at 18 19 21 150x150\" srcset=\"https:\/\/gen4.focolare.org\/wp-content\/uploads\/2024\/06\/WhatsApp-Image-2024-05-26-at-18.19.21-150x150.jpeg 150w, https:\/\/gen4.focolare.org\/wp-content\/uploads\/2024\/06\/WhatsApp-Image-2024-05-26-at-18.19.21-600x600.jpeg 600w\" sizes=\"auto, (max-width: 150px) 100vw, 150px\" loading=\"lazy\" \/><\/a>\n\t\t\t<\/div><\/figure>\n\t\t<\/div>\n\n<p>Pero para nuestros y nuestras Gen 3 y Gen 4, este evento mundial se vio enriquecido por otros dos momentos verdaderamente especiales.<\/p>\n<p>El <strong>viernes 24 de mayo<\/strong>, una bonita e intensa jornada en el Centro Internacional de los Focolares de Rocca di Papa en la que casi 190 participantes (adultos y ni\u00f1os), de 7 idiomas diferentes, se convirtieron en \u00ab\u00a0castellanos\u00a0\u00bb por un d\u00eda, descubriendo el \u00ab\u00a0diamante\u00a0\u00bb y c\u00f3mo cuidarlo y llevar la presencia y el amor de Jes\u00fas en medio a todos.<\/p>\n<div id='gallery-4' class='gallery galleryid-20517 gallery-columns-3 gallery-size-thumbnail'><figure class='gallery-item'>\n\t\t\t<div class='gallery-icon landscape'>\n\t\t\t\t<a href='https:\/\/gen4.focolare.org\/wp-content\/uploads\/2024\/06\/EVCIMF-20240524-1-4596-scaled.jpeg'><img decoding=\"async\" width=\"150\" height=\"150\" src=\"https:\/\/gen4.focolare.org\/wp-content\/uploads\/2024\/06\/EVCIMF-20240524-1-4596-150x150.jpeg\" class=\"attachment-thumbnail size-thumbnail\" alt=\"EVCIMF 20240524 1 4596 150x150\" srcset=\"https:\/\/gen4.focolare.org\/wp-content\/uploads\/2024\/06\/EVCIMF-20240524-1-4596-150x150.jpeg 150w, https:\/\/gen4.focolare.org\/wp-content\/uploads\/2024\/06\/EVCIMF-20240524-1-4596-600x600.jpeg 600w\" sizes=\"auto, (max-width: 150px) 100vw, 150px\" loading=\"lazy\" \/><\/a>\n\t\t\t<\/div><\/figure><figure class='gallery-item'>\n\t\t\t<div class='gallery-icon landscape'>\n\t\t\t\t<a href='https:\/\/gen4.focolare.org\/wp-content\/uploads\/2024\/06\/EVCIMF-20240524-2-4707-scaled.jpeg'><img decoding=\"async\" width=\"150\" height=\"150\" src=\"https:\/\/gen4.focolare.org\/wp-content\/uploads\/2024\/06\/EVCIMF-20240524-2-4707-150x150.jpeg\" class=\"attachment-thumbnail size-thumbnail\" alt=\"EVCIMF 20240524 2 4707 150x150\" srcset=\"https:\/\/gen4.focolare.org\/wp-content\/uploads\/2024\/06\/EVCIMF-20240524-2-4707-150x150.jpeg 150w, https:\/\/gen4.focolare.org\/wp-content\/uploads\/2024\/06\/EVCIMF-20240524-2-4707-600x600.jpeg 600w\" sizes=\"auto, (max-width: 150px) 100vw, 150px\" loading=\"lazy\" \/><\/a>\n\t\t\t<\/div><\/figure><figure class='gallery-item'>\n\t\t\t<div class='gallery-icon landscape'>\n\t\t\t\t<a href='https:\/\/gen4.focolare.org\/wp-content\/uploads\/2024\/06\/EVCIMF-20240524-2-4685-scaled.jpeg'><img decoding=\"async\" width=\"150\" height=\"150\" src=\"https:\/\/gen4.focolare.org\/wp-content\/uploads\/2024\/06\/EVCIMF-20240524-2-4685-150x150.jpeg\" class=\"attachment-thumbnail size-thumbnail\" alt=\"EVCIMF 20240524 2 4685 150x150\" srcset=\"https:\/\/gen4.focolare.org\/wp-content\/uploads\/2024\/06\/EVCIMF-20240524-2-4685-150x150.jpeg 150w, https:\/\/gen4.focolare.org\/wp-content\/uploads\/2024\/06\/EVCIMF-20240524-2-4685-600x600.jpeg 600w\" sizes=\"auto, (max-width: 150px) 100vw, 150px\" loading=\"lazy\" \/><\/a>\n\t\t\t<\/div><\/figure><figure class='gallery-item'>\n\t\t\t<div class='gallery-icon landscape'>\n\t\t\t\t<a href='https:\/\/gen4.focolare.org\/wp-content\/uploads\/2024\/06\/EVCIMF-20240524-2-4760-scaled.jpeg'><img decoding=\"async\" width=\"150\" height=\"150\" src=\"https:\/\/gen4.focolare.org\/wp-content\/uploads\/2024\/06\/EVCIMF-20240524-2-4760-150x150.jpeg\" class=\"attachment-thumbnail size-thumbnail\" alt=\"EVCIMF 20240524 2 4760 150x150\" srcset=\"https:\/\/gen4.focolare.org\/wp-content\/uploads\/2024\/06\/EVCIMF-20240524-2-4760-150x150.jpeg 150w, https:\/\/gen4.focolare.org\/wp-content\/uploads\/2024\/06\/EVCIMF-20240524-2-4760-600x600.jpeg 600w\" sizes=\"auto, (max-width: 150px) 100vw, 150px\" loading=\"lazy\" \/><\/a>\n\t\t\t<\/div><\/figure><figure class='gallery-item'>\n\t\t\t<div class='gallery-icon landscape'>\n\t\t\t\t<a href='https:\/\/gen4.focolare.org\/wp-content\/uploads\/2024\/06\/EVCIMF-20240524-3-4815-scaled.jpeg'><img decoding=\"async\" width=\"150\" height=\"150\" src=\"https:\/\/gen4.focolare.org\/wp-content\/uploads\/2024\/06\/EVCIMF-20240524-3-4815-150x150.jpeg\" class=\"attachment-thumbnail size-thumbnail\" alt=\"EVCIMF 20240524 3 4815 150x150\" srcset=\"https:\/\/gen4.focolare.org\/wp-content\/uploads\/2024\/06\/EVCIMF-20240524-3-4815-150x150.jpeg 150w, https:\/\/gen4.focolare.org\/wp-content\/uploads\/2024\/06\/EVCIMF-20240524-3-4815-600x600.jpeg 600w\" sizes=\"auto, (max-width: 150px) 100vw, 150px\" loading=\"lazy\" \/><\/a>\n\t\t\t<\/div><\/figure><figure class='gallery-item'>\n\t\t\t<div class='gallery-icon landscape'>\n\t\t\t\t<a href='https:\/\/gen4.focolare.org\/wp-content\/uploads\/2024\/06\/EVCIMF-20240524-3-4811-scaled.jpeg'><img decoding=\"async\" width=\"150\" height=\"150\" src=\"https:\/\/gen4.focolare.org\/wp-content\/uploads\/2024\/06\/EVCIMF-20240524-3-4811-150x150.jpeg\" class=\"attachment-thumbnail size-thumbnail\" alt=\"EVCIMF 20240524 3 4811 150x150\" srcset=\"https:\/\/gen4.focolare.org\/wp-content\/uploads\/2024\/06\/EVCIMF-20240524-3-4811-150x150.jpeg 150w, https:\/\/gen4.focolare.org\/wp-content\/uploads\/2024\/06\/EVCIMF-20240524-3-4811-600x600.jpeg 600w\" sizes=\"auto, (max-width: 150px) 100vw, 150px\" loading=\"lazy\" \/><\/a>\n\t\t\t<\/div><\/figure>\n\t\t<\/div>\n\n<p>Fue un d\u00eda de encuentro con el Carisma para todos. Contentos de todo: <em>programa en la sala, experiencias y v\u00eddeos gen4, visitas al &lsquo;Castillo&rsquo;. \u201cFue lindo conocer la casa de Chiara Lubich, fundadora del Movimiento de los Focolares, y descubrir cu\u00e1ntas cosas nacieron all\u00ed&#8230; Y tambi\u00e9n ver muchos de sus diplomas, premios y regalos recibidos de todo el mundo\u201d. Un padre dijo: \u201cEs muy fuerte para m\u00ed, entrar en el coraz\u00f3n de la Obra\u201d.<\/em><\/p>\n<div id='gallery-5' class='gallery galleryid-20517 gallery-columns-4 gallery-size-thumbnail'><figure class='gallery-item'>\n\t\t\t<div class='gallery-icon landscape'>\n\t\t\t\t<a href='https:\/\/gen4.focolare.org\/wp-content\/uploads\/2024\/06\/EVCIMF-20240524-4-4894-scaled.jpeg'><img decoding=\"async\" width=\"150\" height=\"150\" src=\"https:\/\/gen4.focolare.org\/wp-content\/uploads\/2024\/06\/EVCIMF-20240524-4-4894-150x150.jpeg\" class=\"attachment-thumbnail size-thumbnail\" alt=\"EVCIMF 20240524 4 4894 150x150\" srcset=\"https:\/\/gen4.focolare.org\/wp-content\/uploads\/2024\/06\/EVCIMF-20240524-4-4894-150x150.jpeg 150w, https:\/\/gen4.focolare.org\/wp-content\/uploads\/2024\/06\/EVCIMF-20240524-4-4894-600x600.jpeg 600w\" sizes=\"auto, (max-width: 150px) 100vw, 150px\" loading=\"lazy\" \/><\/a>\n\t\t\t<\/div><\/figure><figure class='gallery-item'>\n\t\t\t<div class='gallery-icon landscape'>\n\t\t\t\t<a href='https:\/\/gen4.focolare.org\/wp-content\/uploads\/2024\/06\/EVCIMF-20240524-4-4933-scaled.jpeg'><img decoding=\"async\" width=\"150\" height=\"150\" src=\"https:\/\/gen4.focolare.org\/wp-content\/uploads\/2024\/06\/EVCIMF-20240524-4-4933-150x150.jpeg\" class=\"attachment-thumbnail size-thumbnail\" alt=\"EVCIMF 20240524 4 4933 150x150\" srcset=\"https:\/\/gen4.focolare.org\/wp-content\/uploads\/2024\/06\/EVCIMF-20240524-4-4933-150x150.jpeg 150w, https:\/\/gen4.focolare.org\/wp-content\/uploads\/2024\/06\/EVCIMF-20240524-4-4933-600x600.jpeg 600w\" sizes=\"auto, (max-width: 150px) 100vw, 150px\" loading=\"lazy\" \/><\/a>\n\t\t\t<\/div><\/figure><figure class='gallery-item'>\n\t\t\t<div class='gallery-icon landscape'>\n\t\t\t\t<a href='https:\/\/gen4.focolare.org\/wp-content\/uploads\/2024\/06\/EVCIMF-20240524-4-4993-scaled.jpeg'><img decoding=\"async\" width=\"150\" height=\"150\" src=\"https:\/\/gen4.focolare.org\/wp-content\/uploads\/2024\/06\/EVCIMF-20240524-4-4993-150x150.jpeg\" class=\"attachment-thumbnail size-thumbnail\" alt=\"EVCIMF 20240524 4 4993 150x150\" srcset=\"https:\/\/gen4.focolare.org\/wp-content\/uploads\/2024\/06\/EVCIMF-20240524-4-4993-150x150.jpeg 150w, https:\/\/gen4.focolare.org\/wp-content\/uploads\/2024\/06\/EVCIMF-20240524-4-4993-600x600.jpeg 600w\" sizes=\"auto, (max-width: 150px) 100vw, 150px\" loading=\"lazy\" \/><\/a>\n\t\t\t<\/div><\/figure><figure class='gallery-item'>\n\t\t\t<div class='gallery-icon landscape'>\n\t\t\t\t<a href='https:\/\/gen4.focolare.org\/wp-content\/uploads\/2024\/06\/EVCIMF-20240524-6-5137-scaled.jpeg'><img decoding=\"async\" width=\"150\" height=\"150\" src=\"https:\/\/gen4.focolare.org\/wp-content\/uploads\/2024\/06\/EVCIMF-20240524-6-5137-150x150.jpeg\" class=\"attachment-thumbnail size-thumbnail\" alt=\"EVCIMF 20240524 6 5137 150x150\" srcset=\"https:\/\/gen4.focolare.org\/wp-content\/uploads\/2024\/06\/EVCIMF-20240524-6-5137-150x150.jpeg 150w, https:\/\/gen4.focolare.org\/wp-content\/uploads\/2024\/06\/EVCIMF-20240524-6-5137-600x600.jpeg 600w\" sizes=\"auto, (max-width: 150px) 100vw, 150px\" loading=\"lazy\" \/><\/a>\n\t\t\t<\/div><\/figure><figure class='gallery-item'>\n\t\t\t<div class='gallery-icon landscape'>\n\t\t\t\t<a href='https:\/\/gen4.focolare.org\/wp-content\/uploads\/2024\/06\/EVCIMF-20240524-6-5134-scaled.jpeg'><img decoding=\"async\" width=\"150\" height=\"150\" src=\"https:\/\/gen4.focolare.org\/wp-content\/uploads\/2024\/06\/EVCIMF-20240524-6-5134-150x150.jpeg\" class=\"attachment-thumbnail size-thumbnail\" alt=\"EVCIMF 20240524 6 5134 150x150\" srcset=\"https:\/\/gen4.focolare.org\/wp-content\/uploads\/2024\/06\/EVCIMF-20240524-6-5134-150x150.jpeg 150w, https:\/\/gen4.focolare.org\/wp-content\/uploads\/2024\/06\/EVCIMF-20240524-6-5134-600x600.jpeg 600w\" sizes=\"auto, (max-width: 150px) 100vw, 150px\" loading=\"lazy\" \/><\/a>\n\t\t\t<\/div><\/figure><figure class='gallery-item'>\n\t\t\t<div class='gallery-icon landscape'>\n\t\t\t\t<a href='https:\/\/gen4.focolare.org\/wp-content\/uploads\/2024\/06\/EVCIMF-20240524-5-5105-scaled.jpeg'><img decoding=\"async\" width=\"150\" height=\"150\" src=\"https:\/\/gen4.focolare.org\/wp-content\/uploads\/2024\/06\/EVCIMF-20240524-5-5105-150x150.jpeg\" class=\"attachment-thumbnail size-thumbnail\" alt=\"EVCIMF 20240524 5 5105 150x150\" srcset=\"https:\/\/gen4.focolare.org\/wp-content\/uploads\/2024\/06\/EVCIMF-20240524-5-5105-150x150.jpeg 150w, https:\/\/gen4.focolare.org\/wp-content\/uploads\/2024\/06\/EVCIMF-20240524-5-5105-600x600.jpeg 600w\" sizes=\"auto, (max-width: 150px) 100vw, 150px\" loading=\"lazy\" \/><\/a>\n\t\t\t<\/div><\/figure><figure class='gallery-item'>\n\t\t\t<div class='gallery-icon landscape'>\n\t\t\t\t<a href='https:\/\/gen4.focolare.org\/wp-content\/uploads\/2024\/06\/EVCIMF-20240524-5-5109-scaled.jpeg'><img decoding=\"async\" width=\"150\" height=\"150\" src=\"https:\/\/gen4.focolare.org\/wp-content\/uploads\/2024\/06\/EVCIMF-20240524-5-5109-150x150.jpeg\" class=\"attachment-thumbnail size-thumbnail\" alt=\"EVCIMF 20240524 5 5109 150x150\" srcset=\"https:\/\/gen4.focolare.org\/wp-content\/uploads\/2024\/06\/EVCIMF-20240524-5-5109-150x150.jpeg 150w, https:\/\/gen4.focolare.org\/wp-content\/uploads\/2024\/06\/EVCIMF-20240524-5-5109-600x600.jpeg 600w\" sizes=\"auto, (max-width: 150px) 100vw, 150px\" loading=\"lazy\" \/><\/a>\n\t\t\t<\/div><\/figure><figure class='gallery-item'>\n\t\t\t<div class='gallery-icon landscape'>\n\t\t\t\t<a href='https:\/\/gen4.focolare.org\/wp-content\/uploads\/2024\/06\/EVCIMF-20240524-6-5147-scaled.jpeg'><img decoding=\"async\" width=\"150\" height=\"150\" src=\"https:\/\/gen4.focolare.org\/wp-content\/uploads\/2024\/06\/EVCIMF-20240524-6-5147-150x150.jpeg\" class=\"attachment-thumbnail size-thumbnail\" alt=\"EVCIMF 20240524 6 5147 150x150\" srcset=\"https:\/\/gen4.focolare.org\/wp-content\/uploads\/2024\/06\/EVCIMF-20240524-6-5147-150x150.jpeg 150w, https:\/\/gen4.focolare.org\/wp-content\/uploads\/2024\/06\/EVCIMF-20240524-6-5147-600x600.jpeg 600w\" sizes=\"auto, (max-width: 150px) 100vw, 150px\" loading=\"lazy\" \/><\/a>\n\t\t\t<\/div><\/figure>\n\t\t<\/div>\n\n<p>Nos parece que han encontrado a Chiara y que la relaci\u00f3n con ella es fresca e inmediata. En la capilla hubo muchas oraciones espont\u00e1neas hechas directamente a Dios, o encomendadas a Chiara para que las llevara a Jes\u00fas.<\/p>\n<p>Fueron muchos los momentos \u00ab\u00a0sagrados\u00a0\u00bb, que culminaron con las respuestas de Margareth y Jes\u00fas, recibidas con atenci\u00f3n y profundo inter\u00e9s, y con la oraci\u00f3n final propuesta por ella, que cal\u00f3 en los corazones con gran profundidad y solemnidad. La canci\u00f3n final en esloveno con la luz de muchas velas balance\u00e1ndose por la habitaci\u00f3n en penumbra transmiti\u00f3 la alegr\u00eda y la luz que ten\u00edan en sus corazones y que quer\u00edan llevar a todos en los pr\u00f3ximos d\u00edas.<\/p>\n<p>Y llegamos al <strong>post-GMB en Loppiano<\/strong>, en el que pudo participar un grupo m\u00e1s peque\u00f1o pero representativo de Gen3 y Gen4 de Bel\u00e9n, Nigeria y Brasil.<\/p>\n<div id='gallery-6' class='gallery galleryid-20517 gallery-columns-4 gallery-size-thumbnail'><figure class='gallery-item'>\n\t\t\t<div class='gallery-icon landscape'>\n\t\t\t\t<a href='https:\/\/gen4.focolare.org\/wp-content\/uploads\/2024\/06\/WhatsApp-Image-2024-05-27-at-16.59.51.jpeg'><img decoding=\"async\" width=\"150\" height=\"150\" src=\"https:\/\/gen4.focolare.org\/wp-content\/uploads\/2024\/06\/WhatsApp-Image-2024-05-27-at-16.59.51-150x150.jpeg\" class=\"attachment-thumbnail size-thumbnail\" alt=\"WhatsApp Image 2024 05 27 at 16 59 51 150x150\" srcset=\"https:\/\/gen4.focolare.org\/wp-content\/uploads\/2024\/06\/WhatsApp-Image-2024-05-27-at-16.59.51-150x150.jpeg 150w, https:\/\/gen4.focolare.org\/wp-content\/uploads\/2024\/06\/WhatsApp-Image-2024-05-27-at-16.59.51-600x600.jpeg 600w\" sizes=\"auto, (max-width: 150px) 100vw, 150px\" loading=\"lazy\" \/><\/a>\n\t\t\t<\/div><\/figure><figure class='gallery-item'>\n\t\t\t<div class='gallery-icon landscape'>\n\t\t\t\t<a href='https:\/\/gen4.focolare.org\/wp-content\/uploads\/2024\/06\/WhatsApp-Image-2024-05-28-at-16.55.21.jpeg'><img decoding=\"async\" width=\"150\" height=\"150\" src=\"https:\/\/gen4.focolare.org\/wp-content\/uploads\/2024\/06\/WhatsApp-Image-2024-05-28-at-16.55.21-150x150.jpeg\" class=\"attachment-thumbnail size-thumbnail\" alt=\"WhatsApp Image 2024 05 28 at 16 55 21 150x150\" srcset=\"https:\/\/gen4.focolare.org\/wp-content\/uploads\/2024\/06\/WhatsApp-Image-2024-05-28-at-16.55.21-150x150.jpeg 150w, https:\/\/gen4.focolare.org\/wp-content\/uploads\/2024\/06\/WhatsApp-Image-2024-05-28-at-16.55.21-600x600.jpeg 600w\" sizes=\"auto, (max-width: 150px) 100vw, 150px\" loading=\"lazy\" \/><\/a>\n\t\t\t<\/div><\/figure><figure class='gallery-item'>\n\t\t\t<div class='gallery-icon landscape'>\n\t\t\t\t<a href='https:\/\/gen4.focolare.org\/wp-content\/uploads\/2024\/06\/WhatsApp-Image-2024-05-30-at-18.46.08-1.jpeg'><img decoding=\"async\" width=\"150\" height=\"150\" src=\"https:\/\/gen4.focolare.org\/wp-content\/uploads\/2024\/06\/WhatsApp-Image-2024-05-30-at-18.46.08-1-150x150.jpeg\" class=\"attachment-thumbnail size-thumbnail\" alt=\"WhatsApp Image 2024 05 30 at 18 46 08 1 150x150\" srcset=\"https:\/\/gen4.focolare.org\/wp-content\/uploads\/2024\/06\/WhatsApp-Image-2024-05-30-at-18.46.08-1-150x150.jpeg 150w, https:\/\/gen4.focolare.org\/wp-content\/uploads\/2024\/06\/WhatsApp-Image-2024-05-30-at-18.46.08-1-600x600.jpeg 600w\" sizes=\"auto, (max-width: 150px) 100vw, 150px\" loading=\"lazy\" \/><\/a>\n\t\t\t<\/div><\/figure><figure class='gallery-item'>\n\t\t\t<div class='gallery-icon landscape'>\n\t\t\t\t<a href='https:\/\/gen4.focolare.org\/wp-content\/uploads\/2024\/06\/WhatsApp-Image-2024-05-28-at-11.57.34-1.jpeg'><img decoding=\"async\" width=\"150\" height=\"150\" src=\"https:\/\/gen4.focolare.org\/wp-content\/uploads\/2024\/06\/WhatsApp-Image-2024-05-28-at-11.57.34-1-150x150.jpeg\" class=\"attachment-thumbnail size-thumbnail\" alt=\"WhatsApp Image 2024 05 28 at 11 57 34 1 150x150\" srcset=\"https:\/\/gen4.focolare.org\/wp-content\/uploads\/2024\/06\/WhatsApp-Image-2024-05-28-at-11.57.34-1-150x150.jpeg 150w, https:\/\/gen4.focolare.org\/wp-content\/uploads\/2024\/06\/WhatsApp-Image-2024-05-28-at-11.57.34-1-600x600.jpeg 600w\" sizes=\"auto, (max-width: 150px) 100vw, 150px\" loading=\"lazy\" \/><\/a>\n\t\t\t<\/div><\/figure><figure class='gallery-item'>\n\t\t\t<div class='gallery-icon landscape'>\n\t\t\t\t<a href='https:\/\/gen4.focolare.org\/wp-content\/uploads\/2024\/06\/WhatsApp-Image-2024-05-28-at-16.55.23.jpeg'><img decoding=\"async\" width=\"150\" height=\"150\" src=\"https:\/\/gen4.focolare.org\/wp-content\/uploads\/2024\/06\/WhatsApp-Image-2024-05-28-at-16.55.23-150x150.jpeg\" class=\"attachment-thumbnail size-thumbnail\" alt=\"WhatsApp Image 2024 05 28 at 16 55 23 150x150\" srcset=\"https:\/\/gen4.focolare.org\/wp-content\/uploads\/2024\/06\/WhatsApp-Image-2024-05-28-at-16.55.23-150x150.jpeg 150w, https:\/\/gen4.focolare.org\/wp-content\/uploads\/2024\/06\/WhatsApp-Image-2024-05-28-at-16.55.23-600x600.jpeg 600w\" sizes=\"auto, (max-width: 150px) 100vw, 150px\" loading=\"lazy\" \/><\/a>\n\t\t\t<\/div><\/figure><figure class='gallery-item'>\n\t\t\t<div class='gallery-icon landscape'>\n\t\t\t\t<a href='https:\/\/gen4.focolare.org\/wp-content\/uploads\/2024\/06\/WhatsApp-Image-2024-05-30-at-16.11.58.jpeg'><img decoding=\"async\" width=\"150\" height=\"150\" src=\"https:\/\/gen4.focolare.org\/wp-content\/uploads\/2024\/06\/WhatsApp-Image-2024-05-30-at-16.11.58-150x150.jpeg\" class=\"attachment-thumbnail size-thumbnail\" alt=\"WhatsApp Image 2024 05 30 at 16 11 58 150x150\" srcset=\"https:\/\/gen4.focolare.org\/wp-content\/uploads\/2024\/06\/WhatsApp-Image-2024-05-30-at-16.11.58-150x150.jpeg 150w, https:\/\/gen4.focolare.org\/wp-content\/uploads\/2024\/06\/WhatsApp-Image-2024-05-30-at-16.11.58-600x600.jpeg 600w\" sizes=\"auto, (max-width: 150px) 100vw, 150px\" loading=\"lazy\" \/><\/a>\n\t\t\t<\/div><\/figure><figure class='gallery-item'>\n\t\t\t<div class='gallery-icon landscape'>\n\t\t\t\t<a href='https:\/\/gen4.focolare.org\/wp-content\/uploads\/2024\/06\/WhatsApp-Image-2024-05-30-at-14.38.35.jpeg'><img decoding=\"async\" width=\"150\" height=\"150\" src=\"https:\/\/gen4.focolare.org\/wp-content\/uploads\/2024\/06\/WhatsApp-Image-2024-05-30-at-14.38.35-150x150.jpeg\" class=\"attachment-thumbnail size-thumbnail\" alt=\"WhatsApp Image 2024 05 30 at 14 38 35 150x150\" srcset=\"https:\/\/gen4.focolare.org\/wp-content\/uploads\/2024\/06\/WhatsApp-Image-2024-05-30-at-14.38.35-150x150.jpeg 150w, https:\/\/gen4.focolare.org\/wp-content\/uploads\/2024\/06\/WhatsApp-Image-2024-05-30-at-14.38.35-600x600.jpeg 600w\" sizes=\"auto, (max-width: 150px) 100vw, 150px\" loading=\"lazy\" \/><\/a>\n\t\t\t<\/div><\/figure><figure class='gallery-item'>\n\t\t\t<div class='gallery-icon landscape'>\n\t\t\t\t<a href='https:\/\/gen4.focolare.org\/wp-content\/uploads\/2024\/06\/WhatsApp-Image-2024-05-28-at-16.20.30.jpeg'><img decoding=\"async\" width=\"150\" height=\"150\" src=\"https:\/\/gen4.focolare.org\/wp-content\/uploads\/2024\/06\/WhatsApp-Image-2024-05-28-at-16.20.30-150x150.jpeg\" class=\"attachment-thumbnail size-thumbnail\" alt=\"WhatsApp Image 2024 05 28 at 16 20 30 150x150\" srcset=\"https:\/\/gen4.focolare.org\/wp-content\/uploads\/2024\/06\/WhatsApp-Image-2024-05-28-at-16.20.30-150x150.jpeg 150w, https:\/\/gen4.focolare.org\/wp-content\/uploads\/2024\/06\/WhatsApp-Image-2024-05-28-at-16.20.30-600x600.jpeg 600w\" sizes=\"auto, (max-width: 150px) 100vw, 150px\" loading=\"lazy\" \/><\/a>\n\t\t\t<\/div><\/figure>\n\t\t<\/div>\n\n<p>Loppiano nos recibi\u00f3 con mucho amor y disponibilidad. Nos explicaron la Regla de Oro que se vive en toda la ciudad y que luego todos pudieron vivir en los encuentros que tuvieron: momentos con Gen Rosso y Gen Verde, con Ciro Cipollone, conociendo a Polo Lionello, la visita al Patio de Juegos, Misa especial en el Santuario Theotokos. Se fueron verdaderamente felices y profundamente conmovidos por todo el amor que pudieron experimentar.<\/p>\n<p>Y ahora\u2026 \u00a1\u00a1\u00a1nos vemos en la pr\u00f3xima Jornada Mundial de los Ni\u00f1os y de las Ni\u00f1as, ya previsto para septiembre de 2026!!!<\/p>\n<p><a href=\"#_ftnref1\" name=\"_ftn1\">[1]<\/a><em>\u00a0\u00a0\u00a0\u00a0\u00a0\u00a0\u00a0\u00a0\u00a0\u00a0\u00a0\u00a0 [1] Para conocer las respuestas del Papa Francisco a los ni\u00f1os : https:\/\/www.vatican.va\/content\/francesco\/it\/speeches\/2024\/may\/documents\/20240525-giornata-mondiale-bambini.html<\/em><\/p>\n<p>&nbsp;<\/p>\n","protected":false},"excerpt":{"rendered":"<p>\u201cHE AQU\u00cd, YO HAGO NUEVAS TODAS LAS COSAS (Ap 21,5)\u201d \u00a0\u00a0\u00a0\u00a0\u00a0\u00a0\u00a0\u00a0\u00a0\u00a0\u00a0 &#8230; <\/p>\n","protected":false},"author":3,"featured_media":20276,"comment_status":"closed","ping_status":"closed","template":"page.php","meta":{"__wpdm_changelog":[]},"wpdmcategory":[242],"wpdmtag":[],"class_list":["post-20517","wpdmpro","type-wpdmpro","status-publish","has-post-thumbnail","hentry","wpdmcategory-otras-actividades"],"_links":{"self":[{"href":"https:\/\/gen4.focolare.org\/fr\/wp-json\/wp\/v2\/wpdmpro\/20517","targetHints":{"allow":["GET"]}}],"collection":[{"href":"https:\/\/gen4.focolare.org\/fr\/wp-json\/wp\/v2\/wpdmpro"}],"about":[{"href":"https:\/\/gen4.focolare.org\/fr\/wp-json\/wp\/v2\/types\/wpdmpro"}],"author":[{"embeddable":true,"href":"https:\/\/gen4.focolare.org\/fr\/wp-json\/wp\/v2\/users\/3"}],"replies":[{"embeddable":true,"href":"https:\/\/gen4.focolare.org\/fr\/wp-json\/wp\/v2\/comments?post=20517"}],"wp:featuredmedia":[{"embeddable":true,"href":"https:\/\/gen4.focolare.org\/fr\/wp-json\/wp\/v2\/media\/20276"}],"wp:attachment":[{"href":"https:\/\/gen4.focolare.org\/fr\/wp-json\/wp\/v2\/media?parent=20517"}],"wp:term":[{"taxonomy":"wpdmcategory","embeddable":true,"href":"https:\/\/gen4.focolare.org\/fr\/wp-json\/wp\/v2\/wpdmcategory?post=20517"},{"taxonomy":"wpdmtag","embeddable":true,"href":"https:\/\/gen4.focolare.org\/fr\/wp-json\/wp\/v2\/wpdmtag?post=20517"}],"curies":[{"name":"wp","href":"https:\/\/api.w.org\/{rel}","templated":true}]}}