{"id":20789,"date":"2024-08-28T14:40:48","date_gmt":"2024-08-28T12:40:48","guid":{"rendered":"https:\/\/gen4.focolare.org\/?post_type=wpdmpro&#038;p=20789"},"modified":"2024-08-28T14:54:10","modified_gmt":"2024-08-28T12:54:10","slug":"historia-de-chiara_episodios-video","status":"publish","type":"wpdmpro","link":"https:\/\/gen4.focolare.org\/fr\/download\/historia-de-chiara_episodios-video\/","title":{"rendered":"Historia de Chiara_Episodios [VIDEO]"},"content":{"rendered":"<p><strong>1)Yo tambi\u00e9n tuve la edad de ustedes, gen4<\/strong><\/p>\n<p><em><u>Narradora<\/u><\/em><em>:<\/em> Chiara naci\u00f3 en Trento, en el Norte de Italia.<\/p>\n<p>Su nombre de bautismo era Silvia, y as\u00ed la llamaban sus padres, su pap\u00e1 Luigi y su mam\u00e1 Luigia, su hermano mayor Gino, y sus hermanas Liliana y Carla; pero todos nosotros la hemos conocido siempre como Chiara, nombre que ella eligi\u00f3 a los 23 a\u00f1os, cuando quer\u00eda amar a Dios tanto como hab\u00eda hecho una jovencita de As\u00eds que luego fue santa: santa Clara de As\u00eds.<\/p>\n<p>A Chiara desde peque\u00f1a le gustaban las cosas bellas de la naturaleza, y o\u00edr hablar de Dios que las hab\u00eda creado. Por eso iba a menudo a escuchar a Sor Carolina que reun\u00eda a muchas ni\u00f1as y les hablaba de Dios, de Jes\u00fas\u2026<\/p>\n<p>Y Chiara cuenta<a href=\"#_ftn1\" name=\"_ftnref1\">[1]<\/a> tambi\u00e9n que, cuando ten\u00eda 7 a\u00f1os, Sor Carolina las llevaba, \u2013a ella y a sus amiguitas de 4, 5 y 6 a\u00f1os\u2013 a una iglesia de Trento, donde se hac\u00eda la adoraci\u00f3n durante una hora. A Chiara le gustaba arrodillarse precisamente delante, para mirar sin distraerse y hablar con Jes\u00fas en la Hostia que estaba expuesta:<\/p>\n<p>\u201cOye Jes\u00fas, T\u00fa has creado el sol; el sol da luz y calor, yo te miro fijo, fijo y T\u00fa a trav\u00e9s de los ojos ponme dentro del alma la luz espiritual y el calor espiritual\u201d. Chiara se lo dec\u00eda a Jes\u00fas cada vez que iba, mir\u00e1ndolo fijamente, esperando que \u00c9l la iluminase, le inflamase el coraz\u00f3n.<\/p>\n<p>Y fue tambi\u00e9n Sor Carolina<a href=\"#_ftn2\" name=\"_ftnref2\">[2]<\/a> la que le ense\u00f1\u00f3 a Chiara a hacer actos de amor, d\u00e1ndoles a ella y a las otras ni\u00f1as un vestidito de papel para el Ni\u00f1o Jes\u00fas. Este vestidito ten\u00eda muchos cortes. Cuando se hac\u00eda un acto de amor se levantaba uno de los trocitos cortados de modo que al final el vestidito parec\u00eda todo bordado por los muchos actos de amor hechos. Cuando todo el vestidito estaba bordado de amor se lo llevaban a Jes\u00fas.<\/p>\n<p><a href=\"#_ftnref1\" name=\"_ftn1\">[1]<\/a> Cf. C. Lubich, Rocca di Papa, 4 julio 1967, a las Gen peque\u00f1as<em>: \u201cSu historia de ni\u00f1a\u00a0\u00bb<\/em><\/p>\n<p><a href=\"#_ftnref2\" name=\"_ftn2\">[2]<\/a> Cf. C. Lubich, Castelgandolfo, 28 abril 1992, Congreso Gen 4,<em> respuesta n\u00b0 1<\/em><\/p>\n<p><strong>2)Cuando se hacen los actos de amor suceden cosas bonitas<\/strong><\/p>\n<p><em><u>Narradora<\/u><\/em><em>:<\/em> Chiara ha crecido. Ha estudiado para ser maestra de escuela primaria. Ha dado clases durante un a\u00f1o en una peque\u00f1a escuela en la monta\u00f1a, pero despu\u00e9s ha proseguido los estudios, y ahora est\u00e1 en su casa, con sus hermanitas y su mam\u00e1.<a href=\"#_ftn1\" name=\"_ftnref1\">[1]<\/a><\/p>\n<p>Hoy es un d\u00eda muy fr\u00edo de invierno. La mam\u00e1 ve que se ha terminado la leche. En esa \u00e9poca, para comprarla, hab\u00eda que recorrer un largo camino a pie, hasta la granja, llevando la botella para llenarla.<\/p>\n<p>Las hermanitas m\u00e1s peque\u00f1as est\u00e1n jugando, pero Chiara se da cuenta de que no quieren salir, porque hace fr\u00edo y es dif\u00edcil. As\u00ed, aunque ten\u00eda que estudiar, siente dentro las ganas de hacer un acto de amor y dice enseguida: \u201c\u00a1Voy yo, mam\u00e1, con la botella a por la leche!\u201d.<\/p>\n<p>Se abriga bien, sale, y empieza a caminar. Cuando est\u00e1 a mitad del camino, precisamente en un punto que se llama \u201cVirgen Blanca\u201d, Chiara oye, no con los o\u00eddos sino con el coraz\u00f3n, como si Dios le dijese: \u201c\u00a1Entr\u00e9gate totalmente a m\u00ed! S\u00e9 toda m\u00eda, entr\u00e9gate totalmente a m\u00ed.\u201d Y Chiara responde: \u201cS\u00ed\u201d. Y experimenta una gran, grand\u00edsima alegr\u00eda.<\/p>\n<p><em>\u201cDespu\u00e9s comprend\u00ed que cuando se hacen los actos de amor suceden las cosas bonitas. Como yo hice el acto de amor de ir a buscar la leche con la botella, Jes\u00fas me llam\u00f3, me llam\u00f3 a seguirlo para siempre\u201d<\/em> <a href=\"#_ftn2\" name=\"_ftnref2\">[2]<\/a><\/p>\n<p><a href=\"#_ftnref1\" name=\"_ftn1\">[1]<\/a> Cf. C. Lubich, Castelgandolfo, 28 abril 1992, Congreso Gen 4<em>, resposta n\u00b0 3<\/em><\/p>\n<p><a href=\"#_ftnref2\" name=\"_ftn2\">[2]<\/a> C. Lubich, Castelgandolfo, 28 abril 1992, Congreso Gen 4,<em> respuesta n\u00b0 3<\/em><\/p>\n<p>&nbsp;<\/p>\n","protected":false},"excerpt":{"rendered":"<p>1)Yo tambi\u00e9n tuve la edad de ustedes, gen4 Narradora: Chiara naci\u00f3 &#8230; <\/p>\n","protected":false},"author":3,"featured_media":0,"comment_status":"closed","ping_status":"closed","template":"page.php","meta":{"__wpdm_changelog":[]},"wpdmcategory":[249],"wpdmtag":[],"class_list":["post-20789","wpdmpro","type-wpdmpro","status-publish","hentry","wpdmcategory-historia-chiara"],"_links":{"self":[{"href":"https:\/\/gen4.focolare.org\/fr\/wp-json\/wp\/v2\/wpdmpro\/20789","targetHints":{"allow":["GET"]}}],"collection":[{"href":"https:\/\/gen4.focolare.org\/fr\/wp-json\/wp\/v2\/wpdmpro"}],"about":[{"href":"https:\/\/gen4.focolare.org\/fr\/wp-json\/wp\/v2\/types\/wpdmpro"}],"author":[{"embeddable":true,"href":"https:\/\/gen4.focolare.org\/fr\/wp-json\/wp\/v2\/users\/3"}],"replies":[{"embeddable":true,"href":"https:\/\/gen4.focolare.org\/fr\/wp-json\/wp\/v2\/comments?post=20789"}],"wp:attachment":[{"href":"https:\/\/gen4.focolare.org\/fr\/wp-json\/wp\/v2\/media?parent=20789"}],"wp:term":[{"taxonomy":"wpdmcategory","embeddable":true,"href":"https:\/\/gen4.focolare.org\/fr\/wp-json\/wp\/v2\/wpdmcategory?post=20789"},{"taxonomy":"wpdmtag","embeddable":true,"href":"https:\/\/gen4.focolare.org\/fr\/wp-json\/wp\/v2\/wpdmtag?post=20789"}],"curies":[{"name":"wp","href":"https:\/\/api.w.org\/{rel}","templated":true}]}}