{"id":21221,"date":"2024-11-17T15:41:02","date_gmt":"2024-11-17T14:41:02","guid":{"rendered":"https:\/\/gen4.focolare.org\/?post_type=wpdmpro&#038;p=21221"},"modified":"2024-11-17T16:45:09","modified_gmt":"2024-11-17T15:45:09","slug":"calendrier-de-lavent","status":"publish","type":"wpdmpro","link":"https:\/\/gen4.focolare.org\/fr\/download\/calendrier-de-lavent\/","title":{"rendered":"Calendrier de l&rsquo;Avent"},"content":{"rendered":"<p style=\"text-align: center;\"><strong><span style=\"color: #ff0000;\">Calendrier de l&rsquo;Avent<\/span><\/strong><\/p>\n<p>Bient\u00f4t ce sera No\u00ebl, l&rsquo;une des f\u00eates les plus importantes de notre foi : cette ann\u00e9e encore, nous c\u00e9l\u00e9brerons J\u00e9sus qui est n\u00e9 pour nous !<\/p>\n<p>Avant No\u00ebl, l&rsquo;\u00c9glise nous offre une p\u00e9riode d&rsquo;attente appel\u00e9e Avent. C&rsquo;est le d\u00e9but de l&rsquo;ann\u00e9e liturgique (douze mois au cours desquels nous nous souviendrons de tous les moments importants de la vie de J\u00e9sus) et c&rsquo;est une aide pour nous rappeler de bien pr\u00e9parer nos c\u0153urs, pour ramener vraiment J\u00e9sus, l&rsquo;\u00ab enfant de la f\u00eate \u00bb, au centre de No\u00ebl..<\/p>\n<p>Le calendrier de l&rsquo;Avent que nous proposons commence le premier dimanche de l&rsquo;Avent (&#8230;\/&#8230;.\/20&#8230;.)<a href=\"#_ftn1\">[1]<\/a>, jusqu&rsquo;\u00e0 la veille de No\u00ebl.<\/p>\n<p>Chaque ann\u00e9e, vous ferez attention, avec votre groupe\/famille, \u00e0 identifier quel est le premier dimanche de l\u2019avent et commencerez \u00e0 remplir les points \u00e0 partir de ce jour. Les points de novembre et de d\u00e9cembre qui ne vous seront pas utiles pour cette ann\u00e9e-l\u00e0, coloriez-les \u00e0 votre guise avant de commencer !<\/p>\n<p style=\"text-align: center;\">\n<p style=\"text-align: center;\"><span style=\"color: #ff0000;\"><strong>Joyeux Avent \u00e0 tous !<\/strong><\/span><\/p>\n<p><a href=\"#_ftnref1\">[1]<\/a> <strong>Date variable selon les ann\u00e9es.<\/strong> <strong>D\u00e9but de l&rsquo;Avent dans les ann\u00e9es \u00e0 venir :<\/strong><\/p>\n<p>2024 &#8211; dimanche 1er d\u00e9cembre<\/p>\n<p>2025 &#8211; Dimanche 30 novembre<\/p>\n<p>2026 &#8211; Dimanche 29 novembre<\/p>\n<p>2027 &#8211; Dimanche 28 novembre<\/p>\n<p>2028 &#8211; Dimanche 3 d\u00e9cembre<\/p>\n<p>2029 &#8211; Dimanche 2 d\u00e9cembre<\/p>\n<p>2030 &#8211; Dimanche 1er d\u00e9cembre<\/p>\n","protected":false},"excerpt":{"rendered":"<p>Calendrier de l&rsquo;Avent Bient\u00f4t ce sera No\u00ebl, l&rsquo;une des f\u00eates les &#8230; <\/p>\n","protected":false},"author":3,"featured_media":21207,"comment_status":"closed","ping_status":"closed","template":"page.php","meta":{"__wpdm_changelog":[]},"wpdmcategory":[149],"wpdmtag":[],"class_list":["post-21221","wpdmpro","type-wpdmpro","status-publish","has-post-thumbnail","hentry","wpdmcategory-materiel"],"_links":{"self":[{"href":"https:\/\/gen4.focolare.org\/fr\/wp-json\/wp\/v2\/wpdmpro\/21221","targetHints":{"allow":["GET"]}}],"collection":[{"href":"https:\/\/gen4.focolare.org\/fr\/wp-json\/wp\/v2\/wpdmpro"}],"about":[{"href":"https:\/\/gen4.focolare.org\/fr\/wp-json\/wp\/v2\/types\/wpdmpro"}],"author":[{"embeddable":true,"href":"https:\/\/gen4.focolare.org\/fr\/wp-json\/wp\/v2\/users\/3"}],"replies":[{"embeddable":true,"href":"https:\/\/gen4.focolare.org\/fr\/wp-json\/wp\/v2\/comments?post=21221"}],"wp:featuredmedia":[{"embeddable":true,"href":"https:\/\/gen4.focolare.org\/fr\/wp-json\/wp\/v2\/media\/21207"}],"wp:attachment":[{"href":"https:\/\/gen4.focolare.org\/fr\/wp-json\/wp\/v2\/media?parent=21221"}],"wp:term":[{"taxonomy":"wpdmcategory","embeddable":true,"href":"https:\/\/gen4.focolare.org\/fr\/wp-json\/wp\/v2\/wpdmcategory?post=21221"},{"taxonomy":"wpdmtag","embeddable":true,"href":"https:\/\/gen4.focolare.org\/fr\/wp-json\/wp\/v2\/wpdmtag?post=21221"}],"curies":[{"name":"wp","href":"https:\/\/api.w.org\/{rel}","templated":true}]}}