{"id":3937,"date":"2019-06-01T01:20:43","date_gmt":"2019-05-31T23:20:43","guid":{"rendered":"http:\/\/gen4.focolare.org\/?page_id=3937"},"modified":"2020-01-12T18:45:26","modified_gmt":"2020-01-12T17:45:26","slug":"uma-pedagogia-para-o-desenvolvimento-integral-da-crianca","status":"publish","type":"page","link":"https:\/\/gen4.focolare.org\/pt-br\/quem-somos\/uma-pedagogia-para-o-desenvolvimento-integral-da-crianca\/","title":{"rendered":"Uma pedagogia para o desenvolvimento integral da  crian\u00e7a"},"content":{"rendered":"<div class=\"wpb-content-wrapper\"><p>[vc_row full_width=&#8221;stretch_row&#8221; content_placement=&#8221;middle&#8221; css=&#8221;.vc_custom_1559339898804{background-image: url(http:\/\/gen4.focolare.org\/wp-content\/uploads\/2019\/05\/background_gen4_red.png?id=1747) !important;}&#8221;][vc_column width=&#8221;1\/4&#8243;][vc_column_text css=&#8221;.vc_custom_1578851400156{background-color: #00983a !important;}&#8221;]<\/p>\n<h1 style=\"text-align: center;\"><span style=\"color: #ffffff;\">quem somos<br \/><\/span><\/h1>\n<p>[\/vc_column_text][\/vc_column][vc_column width=&#8221;3\/4&#8243; full_width=&#8221;&#8221; gap=&#8221;0&#8243; full_height=&#8221;&#8221; columns_placement=&#8221;middle&#8221; equal_height=&#8221;&#8221; rtl_reverse=&#8221;&#8221; content_placement=&#8221;&#8221; disable_element=&#8221;&#8221;][\/vc_column][\/vc_row][vc_row css=&#8221;.vc_custom_1559332639878{padding-top: 30px !important;}&#8221;][vc_column width=&#8221;1\/4&#8243;][vc_column_text css=&#8221;.vc_custom_1578851159566{margin-right: 10px !important;border-right-width: 1px !important;padding-right: 10px !important;border-right-color: #e94e1b !important;border-right-style: dashed !important;}&#8221;]<\/p>\n<h1 style=\"text-align: right;\"><span style=\"color: #e94e1b;\">Uma pedagogia para o desenvolvimento integral da crian\u00e7a<br \/><\/span><\/h1>\n<p>[\/vc_column_text][\/vc_column][vc_column width=&#8221;3\/4&#8243;][vc_column_text css=&#8221;.vc_custom_1578851373473{margin-bottom: 0px !important;border-bottom-width: 0px !important;padding-bottom: 0px !important;}&#8221;]<\/p>\n<p><span style=\"font-weight: 400;\">No Movimento dos Focolares a aten\u00e7\u00e3o ao \u201cbem\u201d da crian\u00e7a, para que ela seja plenamente realizada, reflete-se em seguir uma pedagogia que visa desenvolver harmoniosamente todas as dimens\u00f5es da pessoa humana, em seus diversos componentes:<\/span><\/p>\n<h2><span style=\"color: #e94e1b;\">Dimens\u00e3o pessoal e interpessoal:<\/span><\/h2>\n<p><span style=\"font-weight: 400;\"><img loading=\"lazy\" decoding=\"async\" class=\"size-medium wp-image-2110 alignright\" src=\"http:\/\/gen4.focolare.org\/wp-content\/uploads\/2019\/09\/gen4-gen5-300x225.jpg\" alt=\"\" width=\"300\" height=\"225\" srcset=\"https:\/\/gen4.focolare.org\/wp-content\/uploads\/2019\/09\/gen4-gen5-300x225.jpg 300w, https:\/\/gen4.focolare.org\/wp-content\/uploads\/2019\/09\/gen4-gen5-768x576.jpg 768w, https:\/\/gen4.focolare.org\/wp-content\/uploads\/2019\/09\/gen4-gen5-1024x768.jpg 1024w, https:\/\/gen4.focolare.org\/wp-content\/uploads\/2019\/09\/gen4-gen5-600x450.jpg 600w, https:\/\/gen4.focolare.org\/wp-content\/uploads\/2019\/09\/gen4-gen5.jpg 2034w\" sizes=\"auto, (max-width: 300px) 100vw, 300px\" \/>O exerc\u00edcio da arte de amar apoia o crescimento da crian\u00e7a tanto como pessoa quanto no desenvolvimento de habilidades relacionais: perdoar, acolher o outro, reconhecer e valorizar a diversidade, ajudar os necessitados etc. &#8230;<\/span><\/p>\n<p><span style=\"font-weight: 400;\">Uma gen4 conta: <\/span><i><span style=\"font-weight: 400;\">\u00abNa minha classe tem uma menina que nunca compartilha algo com os outros, mesmo quando poderia faz\u00ea-lo. Um dia ela veio para a escola e pegou seu livro que estava estragado em algumas partes. Ela ficou triste e perguntou se algu\u00e9m tinha fita adesiva porque ela queria consertar o livro. Todas as meninas se recusaram dizendo: \u201c\u00e9 o que voc\u00ea merece, n\u00f3s n\u00e3o lhe damos porque voc\u00ea nunca nos d\u00e1 nada.\u201d\u00a0 Mas eu disse para minhas colegas: \u201cSabem, Deus \u00e9 amor, ele nos ama, ent\u00e3o eu tamb\u00e9m devo amar a todos. N\u00e3o posso recusar-me a emprestar a minha fita adesiva. Ent\u00e3o eu n\u00e3o apenas emprestei para ela, mas tamb\u00e9m ajudei-a a consertar o seu livro. Eu senti Jesus no meu cora\u00e7\u00e3o.\u201d<\/span><\/i><\/p>\n<p><b>Portanto nos comprometemos ajud\u00e1-los a:<\/b><\/p>\n<ul>\n<li style=\"font-weight: 400;\"><span style=\"font-weight: 400;\">promover o desenvolvimento emocional e relacional;<\/span><\/li>\n<li style=\"font-weight: 400;\"><span style=\"font-weight: 400;\">adquirir maior auto-estima e autoconfian\u00e7a;<\/span><\/li>\n<li style=\"font-weight: 400;\"><span style=\"font-weight: 400;\">desenvolver bases humanas como a escuta, a empatia, a gratuitidade, a solidariedade, o respeito m\u00fatuo, sendo n\u00f3s a dar o exemplo por primeiro;<\/span><\/li>\n<li style=\"font-weight: 400;\"><span style=\"font-weight: 400;\">desenvolver neles uma cultura baseada em dar e compartilhar;<\/span><\/li>\n<li style=\"font-weight: 400;\"><span style=\"font-weight: 400;\">aprender a lidar com dificuldades ou sofrimentos pessoais e dos outros para n\u00e3o parar diante das dificuldades;<\/span><\/li>\n<li style=\"font-weight: 400;\"><span style=\"font-weight: 400;\">descobrir a alegria de estar juntos, brincar e ser criativos no respeito m\u00fatuo.\u00a0<\/span><\/li>\n<\/ul>\n<h2><span style=\"color: #e94e1b;\">Dimens\u00e3o social e global &#8211; \u201ccrian\u00e7as-cidad\u00e3s\u201d<\/span><\/h2>\n<p><span style=\"font-weight: 400;\"><img loading=\"lazy\" decoding=\"async\" class=\"size-medium wp-image-2108 alignright\" src=\"http:\/\/gen4.focolare.org\/wp-content\/uploads\/2019\/09\/Ecologia-300x225.jpg\" alt=\"\" width=\"300\" height=\"225\" srcset=\"https:\/\/gen4.focolare.org\/wp-content\/uploads\/2019\/09\/Ecologia-300x225.jpg 300w, https:\/\/gen4.focolare.org\/wp-content\/uploads\/2019\/09\/Ecologia-768x576.jpg 768w, https:\/\/gen4.focolare.org\/wp-content\/uploads\/2019\/09\/Ecologia-1024x768.jpg 1024w, https:\/\/gen4.focolare.org\/wp-content\/uploads\/2019\/09\/Ecologia-600x450.jpg 600w\" sizes=\"auto, (max-width: 300px) 100vw, 300px\" \/>A forma\u00e7\u00e3o gen4 visa, ent\u00e3o, acompanh\u00e1-los a abrir seus horizontes, vivendo experi\u00eancias de cidadania ativa, cuidando do meio ambiente e da natureza: uma forma\u00e7\u00e3o \u00e0 pr\u00f3-socialidade, tornando-se crian\u00e7as-cidad\u00e3s, capazes de participar ativamente da constru\u00e7\u00e3o da coletividade.\u00a0<\/span><\/p>\n<p><b>Portanto nos comprometemos a:<\/b><\/p>\n<ul>\n<li style=\"font-weight: 400;\"><span style=\"font-weight: 400;\">descobrir juntos o quanto existe de positivo no mundo. Um universo que pode ser movido pela generosidade, pela solidariedade, pela paz, pelo amor: valores que geram a fraternidade universal;<\/span><\/li>\n<li style=\"font-weight: 400;\"><span style=\"font-weight: 400;\">sentir-se parte de uma comunidade, aprendendo a ver as necessidades das pessoas e da sociedade em \u00e2mbito local e global;<\/span><\/li>\n<li style=\"font-weight: 400;\"><span style=\"font-weight: 400;\">promover a sensibilidade para com os necessitados, aprendendo a compartilhar e a viver a cultura do dar;<\/span><\/li>\n<li style=\"font-weight: 400;\"><span style=\"font-weight: 400;\">desenvolver tamb\u00e9m, o cuidado para com o meio-ambiente em que vive, para estar em harmonia com a cria\u00e7\u00e3o\u00a0 anche l\u2019attenzione verso l\u2019ambiente in cui si vive, per stare in armonia con il creato;<\/span><\/li>\n<li style=\"font-weight: 400;\"><span style=\"font-weight: 400;\">estabelecer bases s\u00f3lidas na forma\u00e7\u00e3o de \u201chomens novos\u201d, desde a tenra idade, construtores de paz e fraternidade para dar um a contribui\u00e7\u00e3o ao mundo unido.<\/span><\/li>\n<\/ul>\n<h2><span style=\"color: #e94e1b;\">Dimens\u00e3o espiritual:<\/span><\/h2>\n<p><span style=\"font-weight: 400;\"><img loading=\"lazy\" decoding=\"async\" class=\"wp-image-2778 size-medium alignright\" src=\"http:\/\/gen4.focolare.org\/wp-content\/uploads\/2019\/10\/WP_20180224_17_04_50_Pro-Loppiano-1-1-300x225.jpg\" alt=\"\" width=\"300\" height=\"225\" srcset=\"https:\/\/gen4.focolare.org\/wp-content\/uploads\/2019\/10\/WP_20180224_17_04_50_Pro-Loppiano-1-1-300x225.jpg 300w, https:\/\/gen4.focolare.org\/wp-content\/uploads\/2019\/10\/WP_20180224_17_04_50_Pro-Loppiano-1-1-768x575.jpg 768w, https:\/\/gen4.focolare.org\/wp-content\/uploads\/2019\/10\/WP_20180224_17_04_50_Pro-Loppiano-1-1-600x449.jpg 600w, https:\/\/gen4.focolare.org\/wp-content\/uploads\/2019\/10\/WP_20180224_17_04_50_Pro-Loppiano-1-1.jpg 777w\" sizes=\"auto, (max-width: 300px) 100vw, 300px\" \/>As crian\u00e7as s\u00e3o as mais pr\u00f3ximas de Deus \u00e9, por causa de sua inoc\u00eancia, s\u00e3o naturalmente muito sens\u00edvel ao divino. Por esse motivo como Chiara Lubich ressaltou j\u00e1 na d\u00e9cada de 1970, \u00e9 importante dar muita aten\u00e7\u00e3o \u00e0 dimens\u00e3o interior e ao relacionamento com o divino a partir dos primeiros anos da vida das crian\u00e7as para n\u00e3o cancelar esta capacidade, mas ajud\u00e1-las a desenvolv\u00ea-las.\u00a0<\/span><\/p>\n<p><b>Portanto nos comprometemos em:<\/b><\/p>\n<ul>\n<li style=\"font-weight: 400;\"><span style=\"font-weight: 400;\">criar espa\u00e7os e momentos em que as crian\u00e7as possam alimentar sua sede natural de beleza, ajudando-as a descobrir o divino que est\u00e1 nelas, nos outros, na natureza, no mundo, para proporcionar o crescimento da sua vida interior;<\/span><\/li>\n<li style=\"font-weight: 400;\"><span style=\"font-weight: 400;\">faz\u00ea-los descobrir a possibilidade de crescer na f\u00e9.\u00a0<\/span><\/li>\n<\/ul>\n<p><span style=\"font-weight: 400;\">Essas tr\u00eas dimens\u00f5es (pessoal e interpessoal, social e global, espiritual), costitutivas do nosso ser, est\u00e3o fortemente ligadas entre si e seria imposs\u00edvel separ\u00e1-las: por esse motivo, procuramos lev\u00e1-las em considera\u00e7\u00e3o tamb\u00e9m na elabora\u00e7\u00e3o de conte\u00fados e modalidades para a realiza\u00e7\u00e3o das atividades.<\/span><\/p>\n<p>[\/vc_column_text][\/vc_column][\/vc_row]<\/p>\n<\/div>","protected":false},"excerpt":{"rendered":"<p>[vc_row full_width=&#8221;stretch_row&#8221; content_placement=&#8221;middle&#8221; css=&#8221;.vc_custom_1559339898804{background-image: url(http:\/\/gen4.focolare.org\/wp-content\/uploads\/2019\/05\/background_gen4_red.png?id=1747) !important;}&#8221;][vc_column width=&#8221;1\/4&#8243;][vc_column_text css=&#8221;.vc_custom_1578851400156{background-color: #00983a !important;}&#8221;] quem &#8230; <\/p>\n","protected":false},"author":1,"featured_media":0,"parent":3957,"menu_order":0,"comment_status":"closed","ping_status":"closed","template":"","meta":{"footnotes":""},"class_list":["post-3937","page","type-page","status-publish","hentry"],"_links":{"self":[{"href":"https:\/\/gen4.focolare.org\/pt-br\/wp-json\/wp\/v2\/pages\/3937","targetHints":{"allow":["GET"]}}],"collection":[{"href":"https:\/\/gen4.focolare.org\/pt-br\/wp-json\/wp\/v2\/pages"}],"about":[{"href":"https:\/\/gen4.focolare.org\/pt-br\/wp-json\/wp\/v2\/types\/page"}],"author":[{"embeddable":true,"href":"https:\/\/gen4.focolare.org\/pt-br\/wp-json\/wp\/v2\/users\/1"}],"replies":[{"embeddable":true,"href":"https:\/\/gen4.focolare.org\/pt-br\/wp-json\/wp\/v2\/comments?post=3937"}],"version-history":[{"count":3,"href":"https:\/\/gen4.focolare.org\/pt-br\/wp-json\/wp\/v2\/pages\/3937\/revisions"}],"predecessor-version":[{"id":3942,"href":"https:\/\/gen4.focolare.org\/pt-br\/wp-json\/wp\/v2\/pages\/3937\/revisions\/3942"}],"up":[{"embeddable":true,"href":"https:\/\/gen4.focolare.org\/pt-br\/wp-json\/wp\/v2\/pages\/3957"}],"wp:attachment":[{"href":"https:\/\/gen4.focolare.org\/pt-br\/wp-json\/wp\/v2\/media?parent=3937"}],"curies":[{"name":"wp","href":"https:\/\/api.w.org\/{rel}","templated":true}]}}