{"id":3957,"date":"2019-11-26T10:57:11","date_gmt":"2019-11-26T09:57:11","guid":{"rendered":"http:\/\/gen4.focolare.org\/?page_id=3957"},"modified":"2020-02-21T11:11:08","modified_gmt":"2020-02-21T10:11:08","slug":"quem-somos","status":"publish","type":"page","link":"https:\/\/gen4.focolare.org\/pt-br\/quem-somos\/","title":{"rendered":"Quem Somos"},"content":{"rendered":"<div class=\"wpb-content-wrapper\"><p>[vc_row full_width=&#8221;stretch_row&#8221; content_placement=&#8221;middle&#8221; css=&#8221;.vc_custom_1559339898804{background-image: url(http:\/\/gen4.focolare.org\/wp-content\/uploads\/2019\/05\/background_gen4_red.png?id=1747) !important;}&#8221;][vc_column width=&#8221;1\/4&#8243;][vc_column_text css=&#8221;.vc_custom_1578853042712{background-color: #00983a !important;}&#8221;]<\/p>\n<h1 style=\"text-align: center;\"><span style=\"color: #ffffff;\">quem somos<\/span><\/h1>\n<p>[\/vc_column_text][\/vc_column][vc_column width=&#8221;3\/4&#8243; full_width=&#8221;&#8221; gap=&#8221;0&#8243; full_height=&#8221;&#8221; columns_placement=&#8221;middle&#8221; equal_height=&#8221;&#8221; rtl_reverse=&#8221;&#8221; content_placement=&#8221;&#8221; disable_element=&#8221;&#8221;][\/vc_column][\/vc_row][vc_row css=&#8221;.vc_custom_1559332639878{padding-top: 30px !important;}&#8221;][vc_column width=&#8221;1\/3&#8243;][vc_column_text]<\/p>\n<p><span style=\"font-weight: 400; color: #e94e1b;\">Os <\/span><b><span style=\"color: #e94e1b;\">gen4 s\u00e3o as meninas e os meninos (dos 4 aos 8\/9 anos)<\/span> <\/b><span style=\"font-weight: 400;\">do Movimento dos Focolares. Eles acolhem e vivem a espiritualidade de Chiara Lubich e quotidianamente se empenham em viver por <\/span><b>um mundo mais unido<\/b><span style=\"font-weight: 400;\"> e a difus\u00e3o dos valores da<\/span><span style=\"color: #e94e1b;\"><b> paz e da fraternidade universal<\/b><span style=\"font-weight: 400;\">.<\/span><\/span><\/p>\n<p><span style=\"color: #e94e1b;\"><b>\u201cDeixai vir a mim as criancinhas\u201d (Mt 19,14).<\/b><\/span><\/p>\n<p><span style=\"font-weight: 400;\">Estas palavras de Jesus sempre foram muito significativas no Movimento dos Focolares, onde as crian\u00e7as estavam presentes desde o in\u00edcio. Chiara Lubich, sendo professora do ensino fundamental, sempre teve uma rela\u00e7\u00e3o direta com as crian\u00e7as, construindo com elas um relacionamento de reciprocidade: entendia-as e era entendida por elas. Ela nunca fez diferen\u00e7a entre adultos e crian\u00e7as na transmiss\u00e3o da espiritualidade com integridade e radicalidade, mesmo levando em considera\u00e7\u00e3o a necessidade de adaptar os conte\u00fados \u00e0 cada idade: <span style=\"color: #e94e1b;\">\u201c<\/span><\/span><span style=\"color: #e94e1b;\"><i><span style=\"font-weight: 400;\">N\u00e3o devemos v\u00ea-las apenas como crian\u00e7as &#8211; <\/span><\/i><span style=\"font-weight: 400;\">ela afirmava<\/span> em <span style=\"font-weight: 400;\">1966<\/span><i><span style=\"font-weight: 400;\"> -, n\u00f3s devemos v\u00ea-las crian\u00e7as com uma alma, a alma n\u00e3o \u00e9 nem grande nem pequena, \u00e9 sempre uma alma<\/span><\/i><i><span style=\"font-weight: 400;\">\u201d. (C. Lubich, Loppiano,19.8.1966, cfr. AAVV, Amatevi come Io ho amato voi, CNx, Roma, p.4)<\/span><\/i><\/span><\/p>\n<p>&nbsp;<\/p>\n<p>[\/vc_column_text][\/vc_column][vc_column width=&#8221;1\/3&#8243;][vc_column_text]<\/p>\n<p>Chiara Lubich via nas crian\u00e7as o futuro, as pessoas que amanh\u00e3 poder\u00e3o levar ao mundo um modo de pensar e um \u201cestilo de vida\u201d baseados no Evangelho.<\/p>\n<p><span style=\"font-weight: 400;\">Em 1988, comparando o Movimento a uma grande \u00e1rvore florida e cheia de frutos, ela disse ainda que <\/span><span style=\"color: #e94e1b;\"><b>as crian\u00e7as s\u00e3o como os brotinhos desta \u00e1rvore e s\u00e3o muito preciosas porque elas s\u00e3o a \u201cseguran\u00e7a\u201d da \u00e1rvore: brotos de esperan\u00e7a para um mundo melhor<\/b><span style=\"font-weight: 400;\">.<\/span><\/span><\/p>\n<p>[\/vc_column_text]<div id=\"cz_14573\" class=\"cz_14573 cz_video_popup clr cz_video_popup_c\"><div><div class=\"cz_vp_c\"><a href=\"https:\/\/vimeo.com\/380691030\"><img decoding=\"async\" width=\"4318\" height=\"2794\" src=\"https:\/\/gen4.focolare.org\/wp-content\/uploads\/2019\/10\/albero-gemmoline-1.jpg\" class=\"attachment-full\" alt=\"Albero gemmoline (1)\" title=\"albero gemmoline (1)\" srcset=\"https:\/\/gen4.focolare.org\/wp-content\/uploads\/2019\/10\/albero-gemmoline-1.jpg 4318w, https:\/\/gen4.focolare.org\/wp-content\/uploads\/2019\/10\/albero-gemmoline-1-300x194.jpg 300w, https:\/\/gen4.focolare.org\/wp-content\/uploads\/2019\/10\/albero-gemmoline-1-768x497.jpg 768w, https:\/\/gen4.focolare.org\/wp-content\/uploads\/2019\/10\/albero-gemmoline-1-1024x663.jpg 1024w, https:\/\/gen4.focolare.org\/wp-content\/uploads\/2019\/10\/albero-gemmoline-1-600x388.jpg 600w\" sizes=\"auto, (max-width: 4318px) 100vw, 4318px\" loading=\"lazy\" \/><div class=\"cz_vp_inner\"><span><i class=\"fa fa-play\"><\/i><\/span><\/div><\/a><\/div><\/div><\/div>[\/vc_column][vc_column width=&#8221;1\/3&#8243;][vc_column_text]<\/p>\n<h3><span style=\"color: #e94e1b;\">NOSSA HIST\u00d3RIA<\/span><\/h3>\n<p>[\/vc_column_text][vc_toggle title=&#8221;1972 | Nascem os Gen4&#8243; style=&#8221;round&#8221; color=&#8221;juicy_pink&#8221; custom_font_container=&#8221;tag:h4|text_align:left|color:%23e94e1b&#8221; custom_use_theme_fonts=&#8221;yes&#8221; use_custom_heading=&#8221;true&#8221; css=&#8221;.vc_custom_1571732675842{margin-bottom: 10px !important;border-top-width: 1px !important;border-right-width: 1px !important;border-bottom-width: 1px !important;border-left-width: 1px !important;padding-top: 5px !important;padding-right: 5px !important;padding-bottom: 5px !important;padding-left: 5px !important;border-left-color: #e94e1b !important;border-left-style: dashed !important;border-right-color: #e94e1b !important;border-right-style: dashed !important;border-top-color: #e94e1b !important;border-top-style: dashed !important;border-bottom-color: #e94e1b !important;border-bottom-style: dashed !important;border-radius: 20px !important;}&#8221;]<\/p>\n<p><span style=\"font-weight: 400;\">Chiara Lubich deu \u00e0s crian\u00e7as do Movimento dos Focolares &#8211; tamb\u00e9m chamado Obra de Maria &#8211; o nome de gen4. Com os gen1 (os adultos), os gen2 (os jovens) e os gen3 (os adolescentes), nasceram tamb\u00e9m os gen4. A pr\u00f3pria Chiara relata:\u00a0 <\/span><i><span style=\"font-weight: 400;\">\u201cpercebi que na Obra de Maria havia uma imensa lacuna, se Maria continha em si mesma todas as voca\u00e7\u00f5es (&#8230;) antes de tudo ela cuidou do menino Jesus\u201d, \u201ceu deverei prestar contas a Maria desta grande omiss\u00e3o, se n\u00e3o fizermos nascer o ramo dos gen4\u201d (C. Lubich, Loppiano, 29.3.1972, cfr. AAVV, Amatevi come Io ho amato voi, CNx, Roma, p.20)<\/span><\/i><\/p>\n<p><span style=\"font-weight: 400;\">[\/vc_toggle][vc_toggle title=&#8221;1988 | 1\u00b0 Congresso Internacional&#8221; style=&#8221;round&#8221; color=&#8221;juicy_pink&#8221; custom_font_container=&#8221;tag:h4|text_align:left|color:%23e94e1b&#8221; custom_use_theme_fonts=&#8221;yes&#8221; use_custom_heading=&#8221;true&#8221; css=&#8221;.vc_custom_1571833944560{margin-bottom: 10px !important;border-top-width: 1px !important;border-right-width: 1px !important;border-bottom-width: 1px !important;border-left-width: 1px !important;padding-top: 5px !important;padding-right: 5px !important;padding-bottom: 5px !important;padding-left: 5px !important;border-left-color: #e94e1b !important;border-left-style: dashed !important;border-right-color: #e94e1b !important;border-right-style: dashed !important;border-top-color: #e94e1b !important;border-top-style: dashed !important;border-bottom-color: #e94e1b !important;border-bottom-style: dashed !important;border-radius: 20px !important;}&#8221;]<\/span><\/p>\n<p><span style=\"font-weight: 400;\">\u201cQuando se realizar\u00e1 um congresso gen4?\u201d Desta pergunta, feita a Chiara Lubich, justamente pelas crian\u00e7as, nasceu a id\u00e9ia de realizar em 1988, em Castel Gandolfo (It\u00e1lia) o primeiro Congresso Internacional Gen4. Eles eram oitocentos, vieram de toda a Europa e alguns representantes de outros continentes: meninas e meninos de tr\u00eas anos e meio aos oito. Foi uma experi\u00eancia extraordin\u00e1ria! &#8211; comentou Chiara &#8211; \u201celes entendem tudo! (&#8230;) s\u00e3o t\u00e3o fascinadas por Deus, ao ponto de esquecer todo o resto\u201d. (C. Lubich, Castelgandolfo, 27.1.1989)<\/span><\/p>\n<p><span style=\"font-weight: 400;\">[\/vc_toggle][vc_toggle title=&#8221;1991 | Empresinhas gen4&#8243; style=&#8221;round&#8221; color=&#8221;juicy_pink&#8221; custom_font_container=&#8221;tag:h4|text_align:left|color:%23e94e1b&#8221; custom_use_theme_fonts=&#8221;yes&#8221; use_custom_heading=&#8221;true&#8221; css=&#8221;.vc_custom_1580724313990{margin-bottom: 10px !important;border-top-width: 1px !important;border-right-width: 1px !important;border-bottom-width: 1px !important;border-left-width: 1px !important;padding-top: 5px !important;padding-right: 5px !important;padding-bottom: 5px !important;padding-left: 5px !important;border-left-color: #e94e1b !important;border-left-style: dashed !important;border-right-color: #e94e1b !important;border-right-style: dashed !important;border-top-color: #e94e1b !important;border-top-style: dashed !important;border-bottom-color: #e94e1b !important;border-bottom-style: dashed !important;border-radius: 20px !important;}&#8221;]<\/span><\/p>\n<p>Em todo o mundo nasceram pequenas Empresas\u00a0 \u201cgen4\u201d (elabora\u00e7\u00e3o de colares artesanais, produ\u00e7\u00e3o de doces, cart\u00f5es de felicita\u00e7\u00f5es&#8230;) com os quais eles querem participar &#8211; conforme a pr\u00f3pria idade &#8211; ao projeto inovador chamado \u201cEconomia de comunh\u00e3o\u201d. Este projeto surgiu de uma id\u00e9ia de Chiara Lubich durante uma visita ao Brasil, onde ficou muito impressionada com as desigualdades t\u00e3o evidentes entre o centro de S\u00e3o Paulo e a \u201ccoroa de espinhos\u201d constitu\u00edda pelas favelas que circundavam a cidade (<a href=\"http:\/\/www.edc-online.org\/\"><span style=\"font-weight: 400;\">http:\/\/www.edc-online.org<\/span><\/a><span style=\"font-weight: 400;\">). Tamb\u00e9m os e as gen4 quiseram fazer algo para ajudar aqueles que mais necessitam colocando em pr\u00e1tica a cultura que \u00e9 o fundamento da Economia de \u201ccomunh\u00e3o\u201d e se baseia no dar e compartilhar, na solidariedade e na gratuidade.<\/span><\/p>\n<p>&nbsp;<\/p>\n<p>[\/vc_toggle][vc_toggle title=&#8221;1997 | \u201cDesalojaram Jesus\u201d&#8220;&#8221; style=&#8221;round&#8221; color=&#8221;juicy_pink&#8221; custom_font_container=&#8221;tag:h4|text_align:left|color:%23e94e1b&#8221; custom_use_theme_fonts=&#8221;yes&#8221; use_custom_heading=&#8221;true&#8221; css=&#8221;.vc_custom_1580724449860{margin-bottom: 10px !important;border-top-width: 1px !important;border-right-width: 1px !important;border-bottom-width: 1px !important;border-left-width: 1px !important;padding-top: 5px !important;padding-right: 5px !important;padding-bottom: 5px !important;padding-left: 5px !important;border-left-color: #e94e1b !important;border-left-style: dashed !important;border-right-color: #e94e1b !important;border-right-style: dashed !important;border-top-color: #e94e1b !important;border-top-style: dashed !important;border-bottom-color: #e94e1b !important;border-bottom-style: dashed !important;border-radius: 20px !important;}&#8221;]<\/p>\n<p>Em todo o mundo milhares de gen4 acolheram o convite de Chiara Lubich para trazer Jesus de volta ao centro do Natal.<\/p>\n<p><span style=\"font-weight: 400;\">Junto com os pais, amigos e outros membros do Movimento dos Focolares, nas ruas e nas pra\u00e7as, nos mercados, nas institui\u00e7\u00f5es locais, nas escolas, oferecem \u00e0s pessoas estatuazinhas de gesso do Menino Jesus, preparadas por eles mesmos, juntamente com o texto de Chiara Lubich intitulado \u201cDesalojaram Jesus\u201d. <\/span><\/p>\n<p>[\/vc_toggle][vc_toggle title=&#8221;1998 | A Arte de Amar e o \u201cdado\u201d&#8221; style=&#8221;round&#8221; color=&#8221;juicy_pink&#8221; custom_font_container=&#8221;tag:h4|text_align:left|color:%23e94e1b&#8221; custom_use_theme_fonts=&#8221;yes&#8221; use_custom_heading=&#8221;true&#8221; css=&#8221;.vc_custom_1580724634884{margin-bottom: 10px !important;border-top-width: 1px !important;border-right-width: 1px !important;border-bottom-width: 1px !important;border-left-width: 1px !important;padding-top: 5px !important;padding-right: 5px !important;padding-bottom: 5px !important;padding-left: 5px !important;border-left-color: #e94e1b !important;border-left-style: dashed !important;border-right-color: #e94e1b !important;border-right-style: dashed !important;border-top-color: #e94e1b !important;border-top-style: dashed !important;border-bottom-color: #e94e1b !important;border-bottom-style: dashed !important;border-radius: 20px !important;}&#8221;]<\/p>\n<p><span style=\"font-weight: 400;\">No Congresso Internacional de 1998, Chiara Lubich explica tamb\u00e9m aos gen4 a Arte de amar\u00a0<\/span><span style=\"font-weight: 400;\">(aspectos do amor, descobertos no Evangelho, que permearam a vida do Movimento desde o in\u00edcio) e lhes d\u00e1 um pequeno cubo onde cada face mostra um aspecto do amor evang\u00e9lico, com uma pequena frase. Desde ent\u00e3o, chamado\u00a0 \u201cDado do amor\u201d, torna-se um companheiro de viagem das crian\u00e7as de todas as latitudes: lan\u00e7ando o dado todas as manh\u00e3s este \u201cjogo\u201d, t\u00e3o original, prop\u00f5e \u201ccomo\u201d viver naquele dia fazendo a experi\u00eancia de sair de si mesmo e abrir-se para o outro, de perdoar e de construir relacionamentos fraternos.<\/span><\/p>\n<p>&nbsp;<\/p>\n<p>[\/vc_toggle][vc_toggle title=&#8221;2004 | A Cultura do dar e da partilha&#8221; style=&#8221;round&#8221; color=&#8221;juicy_pink&#8221; custom_font_container=&#8221;tag:h4|text_align:left|color:%23e94e1b&#8221; custom_use_theme_fonts=&#8221;yes&#8221; use_custom_heading=&#8221;true&#8221; css=&#8221;.vc_custom_1580724728525{margin-bottom: 10px !important;border-top-width: 1px !important;border-right-width: 1px !important;border-bottom-width: 1px !important;border-left-width: 1px !important;padding-top: 5px !important;padding-right: 5px !important;padding-bottom: 5px !important;padding-left: 5px !important;border-left-color: #e94e1b !important;border-left-style: dashed !important;border-right-color: #e94e1b !important;border-right-style: dashed !important;border-top-color: #e94e1b !important;border-top-style: dashed !important;border-bottom-color: #e94e1b !important;border-bottom-style: dashed !important;border-radius: 20px !important;}&#8221;]<\/p>\n<p>Em 2004, sempre durante um Congresso Internacional, Chiara Lubich ajuda os gen4 a ampliar o horizonte da partilha. Dar n\u00e3o diz respeito somente \u00e0s coisas materiais (ajudar aos mais necessitados), mas tudo aquilo que temos como talento, tempo, disponibilidade (dar uma ajuda, um sorriso, ouvir algu\u00e9m): deve e pode se tornar um \u201cestilo de vida\u201d, uma nova \u201ccultura do dar e da partilha\u201d.<\/p>\n<p>[\/vc_toggle][vc_toggle title=&#8221;e a hist\u00f3ria continua &#8230;&#8221; style=&#8221;round&#8221; color=&#8221;juicy_pink&#8221; custom_font_container=&#8221;tag:h4|text_align:left|color:%23e94e1b&#8221; custom_use_theme_fonts=&#8221;yes&#8221; use_custom_heading=&#8221;true&#8221; css=&#8221;.vc_custom_1579695007135{margin-bottom: 10px !important;border-top-width: 1px !important;border-right-width: 1px !important;border-bottom-width: 1px !important;border-left-width: 1px !important;padding-top: 5px !important;padding-right: 5px !important;padding-bottom: 5px !important;padding-left: 5px !important;border-left-color: #e94e1b !important;border-left-style: dashed !important;border-right-color: #e94e1b !important;border-right-style: dashed !important;border-top-color: #e94e1b !important;border-top-style: dashed !important;border-bottom-color: #e94e1b !important;border-bottom-style: dashed !important;border-radius: 20px !important;}&#8221;]<\/p>\n<p>-depois do primeiro congresso de 1988 foram v\u00e1rios os congressos internacionais realizados em Roma que, at\u00e9 2006, contaram com a presen\u00e7a da fundadora e, sucessivamente, com a participa\u00e7\u00e3o de Maria Voce, Presidente del Movimento.<\/p>\n<p><span style=\"font-weight: 400;\">-Atualmente, os congressos gen4 se realizam sobretudo localmente, na pr\u00f3pria regi\u00e3o, na\u00e7\u00e3o ou em sinergia com os pa\u00edses vizinhos. Visa-se a uma rede sempre mais capilar para alcan\u00e7ar as crian\u00e7as ali onde se encontram, descobrindo e redescobrindo juntos a beleza e o valor da \u201ccomunidade educadora\u201d.\u00a0<\/span><\/p>\n<p><span style=\"font-weight: 400;\">-Crescem as a\u00e7\u00f5es voltadas aos mais necessitados, para difundir a paz, para tratar a natureza com respeito.<\/span><\/p>\n<p>[\/vc_toggle][\/vc_column][\/vc_row][vc_row full_width=&#8221;stretch_row&#8221; css=&#8221;.vc_custom_1571732107532{padding-top: 20px !important;background-color: #d8bc07 !important;}&#8221; el_id=&#8221;gen5&#8243;][vc_column][vc_row_inner][vc_column_inner width=&#8221;1\/2&#8243;][vc_column_text css=&#8221;.vc_custom_1578857825593{padding-top: 15px !important;}&#8221;]<\/p>\n<h2><span style=\"color: #00983a;\">AOS GEN4 S\u00c3O CONFIADOS OS GEN5<\/span><\/h2>\n<p><span style=\"font-weight: 400;\">Em 1995, em Trento, cumprimentando algumas m\u00e3es com os seus beb\u00eas rec\u00e9m-nascidos, nos bra\u00e7os, Chiara pensou: <\/span><span style=\"color: #00983a;\"><b>\u201cPorque eles tamb\u00e9m n\u00e3o podem ser da Obra?\u201d<\/b><\/span><span style=\"font-weight: 400;\"> e continuou, respondendo a uma gen4 dos Castelos Romanos.\u00a0<\/span><\/p>\n<p><span style=\"color: #00983a;\"><b>E ali nasceram os gen5! <\/b><b><i>(\u2026) <\/i><\/b><b>Eles t\u00eam de zero anos at\u00e9 os tr\u00eas anos e meio.<\/b><\/span><b><i><span style=\"color: #00983a;\"> (\u2026)<\/span> <\/i><\/b><span style=\"font-weight: 400;\">Eu confio a voc\u00eas essas criancinhas: voc\u00eas devem ajud\u00e1-las a crescer, faz\u00ea-las brincar, ensin\u00e1-las o Ideal, ensin\u00e1-las a amar (\u2026). Elas entendem aquilo que v\u00eam, e se voc\u00eas se comportarem bem e amarem, elas aprender\u00e3o e dir\u00e3o: <\/span><span style=\"color: #00983a;\"><b>\u201cAh, \u00e9 preciso amar\u201d e ent\u00e3o elas tamb\u00e9m amam &#8230;\u00bb *<\/b><\/span><\/p>\n<p style=\"text-align: right;\"><span style=\"color: #00983a;\"><i><span style=\"font-weight: 400;\">&#8220;Queridos gen 4, come talvez voc\u00eas j\u00e1 saibam, nasceram os gen 5! Mesmo se s\u00e3o pequenos, eles entendem muitas coisas sobretudo o amor. Eu os confio a voc\u00eas. Sejam os anjos da guarda deles!\u201d <\/span><\/i><b><i>Chiara*<\/i><\/b><\/span><\/p>\n<p style=\"text-align: right;\"><span style=\"color: #00983a;\"><i><span style=\"font-weight: 400;\">*(C.Lubich, em Gen4 n. 1-2 janeiro-fevereiro 1995 p\u00e1gina 3 e encarte)<\/span><\/i><\/span><\/p>\n<p>[\/vc_column_text][\/vc_column_inner][vc_column_inner width=&#8221;1\/2&#8243;][vc_single_image image=&#8221;2155&#8243; img_size=&#8221;full&#8221; alignment=&#8221;center&#8221; onclick=&#8221;link_image&#8221; css=&#8221;.vc_custom_1557154781064{border-top-width: 1px !important;border-right-width: 1px !important;border-bottom-width: 1px !important;border-left-width: 1px !important;border-left-color: #00983a !important;border-left-style: dashed !important;border-right-color: #00983a !important;border-right-style: dashed !important;border-top-color: #00983a !important;border-top-style: dashed !important;border-bottom-color: #00983a !important;border-bottom-style: dashed !important;border-radius: 20px !important;}&#8221;][\/vc_column_inner][\/vc_row_inner][\/vc_column][\/vc_row][vc_row][vc_column el_id=&#8221;formazioneintegrale&#8221;][vc_column_text css=&#8221;.vc_custom_1578853810356{padding-top: 30px !important;}&#8221;]<\/p>\n<h2 style=\"text-align: center;\"><span style=\"color: #1d6fb8;\">FORMA\u00c7\u00c3O INTEGRAL<\/span><\/h2>\n<p style=\"text-align: center;\"><span style=\"color: #1d6fb8;\">Companheiros de viagem! Promover o crescimento harmonioso das crian\u00e7as<\/span><\/p>\n<p>[\/vc_column_text][vc_row_inner css=&#8221;.vc_custom_1557157994796{margin-bottom: 15px !important;border-top-width: 1px !important;border-right-width: 1px !important;border-bottom-width: 1px !important;border-left-width: 1px !important;padding-top: 15px !important;padding-right: 15px !important;padding-bottom: 15px !important;padding-left: 15px !important;border-left-color: #1d70b8 !important;border-left-style: dashed !important;border-right-color: #1d70b8 !important;border-right-style: dashed !important;border-top-color: #1d70b8 !important;border-top-style: dashed !important;border-bottom-color: #1d70b8 !important;border-bottom-style: dashed !important;border-radius: 20px !important;}&#8221;][vc_column_inner width=&#8221;1\/2&#8243;][vc_column_text css=&#8221;.vc_custom_1580724819833{margin-bottom: 0px !important;border-bottom-width: 0px !important;padding-bottom: 0px !important;}&#8221;]<\/p>\n<p><span style=\"font-weight: 400;\">Chiara Lubich sempre dirigiu <\/span><span style=\"color: #1d6fb8;\"><b>uma aten\u00e7\u00e3o especial \u00e0 forma\u00e7\u00e3o das crian\u00e7as<\/b><\/span><span style=\"font-weight: 400;\"><span style=\"color: #1d6fb8;\">,<\/span> contribuindo, para o que \u00e9 amplamente confirmado por muitos estudos cient\u00edficos, que os primeiros anos da vida representam uma fase privilegiada para a promo\u00e7\u00e3o e o desenvolvimento de todas as dimens\u00f5es da pessoa, inclusive a espiritual.<\/span><\/p>\n<p><span style=\"font-weight: 400;\">Al\u00e9m disso a aten\u00e7\u00e3o \u00e0 crian\u00e7a, \u00e0 sua forma\u00e7\u00e3o integral, levou o Movimento dos Focolares a valorizar um paradigma educativo<span style=\"color: #1d6fb8;\"> (<\/span><\/span><span style=\"color: #1d6fb8;\"><b>pessoa-rela\u00e7\u00e3o<\/b><\/span><span style=\"font-weight: 400;\"><span style=\"color: #1d6fb8;\">)<\/span> que possa ajudar as crian\u00e7as e os adolescentes a tornarem-se <\/span><span style=\"color: #1d6fb8;\"><b>protagonistas de escolhas conscientes e capazes de viver rela\u00e7\u00f5es positivas.<\/b><\/span><\/p>\n<p>[\/vc_column_text][\/vc_column_inner][vc_column_inner width=&#8221;1\/2&#8243;][vc_column_text css=&#8221;.vc_custom_1580724872130{margin-bottom: 0px !important;border-bottom-width: 0px !important;padding-bottom: 0px !important;}&#8221;]<\/p>\n<p><span style=\"font-weight: 400;\">Para contribuir a este crescimento harmonioso das v\u00e1rias dimens\u00f5es da pessoa (biol\u00f3gica, emocional, intelectual, social, espiritual, hist\u00f3rico-ambiental) nos \u00faltimos anos viu-se tamb\u00e9m a necessidade de enriquecer a forma\u00e7\u00e3o das crian\u00e7as <\/span><span style=\"color: #1d6fb8;\"><b>sobre a arte de amar<\/b><\/span> <span style=\"font-weight: 400;\">com um percurso de sinergia e apoio ao papel educacional prim\u00e1rio desempenhado dentro da fam\u00edlia, que os ajuda a conhecer e expressar adequadamente as <\/span><span style=\"color: #1d6fb8;\"><b>emo\u00e7\u00f5es <\/b><\/span><span style=\"font-weight: 400;\">e com elementos de <\/span><span style=\"color: #1d6fb8;\"><b>educa\u00e7\u00e3o \u00e0 afetividade na idade da evolu\u00e7\u00e3o, <\/b><\/span><span style=\"font-weight: 400;\">mediante encontros peri\u00f3dicos para crian\u00e7as e pais, juntos: <\/span><span style=\"color: #1d6fb8;\"><b>Up2Me crian\u00e7as.\u00a0<\/b><\/span><\/p>\n<p><span style=\"font-weight: 400;\">Eles se inserem no projeto j\u00e1 em andamento <\/span><span style=\"color: #1d6fb8;\"><b>Up2Me adolescentes <\/b><span style=\"font-weight: 400;\">(<\/span><a style=\"color: #1d6fb8;\" href=\"http:\/\/up2me.afnonlus.org\/\"><span style=\"font-weight: 400;\">http:\/\/up2me.afnonlus.org\/<\/span><\/a><span style=\"font-weight: 400;\">)<\/span><\/span><\/p>\n<p>[\/vc_column_text][\/vc_column_inner][\/vc_row_inner][\/vc_column][\/vc_row][vc_row gap=&#8221;20&#8243; equal_height=&#8221;yes&#8221; content_placement=&#8221;middle&#8221;][vc_column width=&#8221;1\/2&#8243;][vc_row_inner css=&#8221;.vc_custom_1557157586909{background-color: #e94e1b !important;border-radius: 20px !important;}&#8221;][vc_column_inner][vc_column_text css=&#8221;.vc_custom_1580725044937{padding-top: 15px !important;padding-right: 10px !important;padding-left: 10px !important;}&#8221;]<\/p>\n<h3 style=\"text-align: center;\"><span style=\"color: #ffffff;\">Uma pedagogia para o desenvolvimento integral das crian\u00e7as\u00a0<\/span><\/h3>\n<p style=\"text-align: center;\"><span style=\"font-weight: 400; color: #ffffff;\">para ajudar o crescimento harmonioso de todas as dimens\u00f5es da pessoa humana (pessoal e interpessoal, social e global, espiritual)<\/span><\/p>\n<p>[\/vc_column_text][vc_btn title=&#8221;continue lendo&#8221; style=&#8221;flat&#8221; color=&#8221;white&#8221; size=&#8221;sm&#8221; align=&#8221;center&#8221; i_align=&#8221;right&#8221; i_icon_fontawesome=&#8221;fas fa-arrow-right&#8221; add_icon=&#8221;true&#8221; link=&#8221;url:http%3A%2F%2Fgen4.focolare.org%2Fchi-siamo%2Funa-pedagogia-per-lo-sviluppo-integrale-del-bambino%2F|||&#8221;][\/vc_column_inner][\/vc_row_inner][\/vc_column][vc_column width=&#8221;1\/2&#8243;][vc_row_inner css=&#8221;.vc_custom_1562054652408{background-color: #d8bc07 !important;border-radius: 20px !important;}&#8221;][vc_column_inner][vc_column_text css=&#8221;.vc_custom_1578853862323{padding-top: 15px !important;padding-right: 10px !important;padding-left: 10px !important;}&#8221;]<\/p>\n<h3 style=\"text-align: center;\"><span style=\"color: #ffffff;\">Progeto Formativo<\/span><\/h3>\n<p style=\"text-align: center;\"><span style=\"font-weight: 400; color: #ffffff;\">para acompanhar as diferentes etapas do crescimento gradual, estando \u201crealmente pr\u00f3ximos\u201d e de maneira \u201cexperiencial\u201d<\/span><\/p>\n<p>[\/vc_column_text][vc_btn title=&#8221;continue lendo&#8221; style=&#8221;flat&#8221; color=&#8221;white&#8221; size=&#8221;sm&#8221; align=&#8221;center&#8221; i_align=&#8221;right&#8221; i_icon_fontawesome=&#8221;fas fa-arrow-right&#8221; add_icon=&#8221;true&#8221; link=&#8221;url:http%3A%2F%2Fgen4.focolare.org%2Fchi-siamo%2Fprogetto-formativo%2F|||&#8221;][\/vc_column_inner][\/vc_row_inner][\/vc_column][\/vc_row][vc_row gap=&#8221;20&#8243; equal_height=&#8221;yes&#8221; content_placement=&#8221;middle&#8221;][vc_column width=&#8221;1\/2&#8243;][vc_row_inner css=&#8221;.vc_custom_1557157603327{background-color: #1d70b8 !important;border-radius: 20px !important;}&#8221;][vc_column_inner][vc_column_text css=&#8221;.vc_custom_1578853874546{padding-top: 15px !important;padding-right: 10px !important;padding-left: 10px !important;}&#8221;]<\/p>\n<h3 style=\"text-align: center;\"><span style=\"color: #ffffff;\">Linguagens e M\u00e9todos\u00a0<\/span><\/h3>\n<p style=\"text-align: center;\"><span style=\"font-weight: 400; color: #ffffff;\">escolhidos conforme a idade \u00e0 qual nos dirigimos (valoriza\u00e7\u00e3o da dimens\u00e3o sobrenatural, t\u00edpica das crian\u00e7as e participando plenamente de suas vidas, feitas sobretudo de divers\u00e3o<\/span><\/p>\n<p>[\/vc_column_text][vc_btn title=&#8221;continue lendo&#8221; style=&#8221;flat&#8221; color=&#8221;white&#8221; size=&#8221;sm&#8221; align=&#8221;center&#8221; i_align=&#8221;right&#8221; i_icon_fontawesome=&#8221;fas fa-arrow-right&#8221; add_icon=&#8221;true&#8221; link=&#8221;url:http%3A%2F%2Fgen4.focolare.org%2Fchi-siamo%2Flinguaggi-e-metodi%2F|||&#8221;][\/vc_column_inner][\/vc_row_inner][\/vc_column][vc_column width=&#8221;1\/2&#8243;][vc_row_inner css=&#8221;.vc_custom_1557157610745{background-color: #00983a !important;border-radius: 20px !important;}&#8221;][vc_column_inner][vc_column_text css=&#8221;.vc_custom_1580725101974{padding-top: 15px !important;padding-right: 10px !important;padding-left: 10px !important;}&#8221;]<\/p>\n<h3 style=\"text-align: center;\"><span style=\"color: #ffffff;\">Educadores<\/span><\/h3>\n<p style=\"text-align: center;\"><span style=\"font-weight: 400; color: #ffffff;\">Valoriza\u00e7\u00e3o seja da comunidade educacional como dos assistentes, animadores. Aten\u00e7\u00e3o \u00e0 forma\u00e7\u00e3o dos educadores e ao respeito das normas do \u201cbem-estar e prote\u00e7\u00e3o das crian\u00e7as e dos adolescentes\u201c<\/span><\/p>\n<p>[\/vc_column_text][vc_btn title=&#8221;continue lendo&#8221; style=&#8221;flat&#8221; color=&#8221;white&#8221; size=&#8221;sm&#8221; align=&#8221;center&#8221; i_align=&#8221;right&#8221; i_icon_fontawesome=&#8221;fas fa-arrow-right&#8221; add_icon=&#8221;true&#8221; link=&#8221;url:http%3A%2F%2Fgen4.focolare.org%2Fchi-siamo%2Fchi-educa-tutela-dei-minori%2F|||&#8221;][\/vc_column_inner][\/vc_row_inner][\/vc_column][\/vc_row][vc_row][vc_column el_id=&#8221;attivitaeincontri&#8221;][vc_separator css=&#8221;.vc_custom_1557158071079{margin-bottom: 0px !important;border-bottom-width: 0px !important;padding-top: 15px !important;padding-bottom: 15px !important;}&#8221;][vc_column_text css=&#8221;.vc_custom_1578853900130{margin-top: 0px !important;border-top-width: 0px !important;padding-top: 0px !important;}&#8221;]<\/p>\n<h2 style=\"text-align: center;\"><span style=\"color: #e94e1b;\">ATIVIDADES E ENCONTROS<\/span><\/h2>\n<p style=\"text-align: center;\"><span style=\"font-weight: 400; color: #e94e1b;\">\u00c0 descoberta dos Gen4! O que eles fazem quando se encontram?<\/span><\/p>\n<p>[\/vc_column_text][vc_row_inner][vc_column_inner width=&#8221;1\/3&#8243;][vc_toggle title=&#8221;A Arte de amar &#8211; A Regra de Ouro&#8221; style=&#8221;round&#8221; color=&#8221;juicy_pink&#8221; custom_font_container=&#8221;tag:h4|text_align:left|color:%23e94e1b&#8221; custom_use_theme_fonts=&#8221;yes&#8221; use_custom_heading=&#8221;true&#8221; css=&#8221;.vc_custom_1582279825070{margin-bottom: 10px !important;border-top-width: 1px !important;border-right-width: 1px !important;border-bottom-width: 1px !important;border-left-width: 1px !important;padding-top: 5px !important;padding-right: 5px !important;padding-bottom: 5px !important;padding-left: 5px !important;border-left-color: #e94e1b !important;border-left-style: dashed !important;border-right-color: #e94e1b !important;border-right-style: dashed !important;border-top-color: #e94e1b !important;border-top-style: dashed !important;border-bottom-color: #e94e1b !important;border-bottom-style: dashed !important;border-radius: 20px !important;}&#8221;]<\/p>\n<p><span style=\"font-weight: 400;\">O tema que conduz a forma\u00e7\u00e3o \u00e9 a <\/span><span style=\"color: #e94e1b;\"><b>\u201cRegra de ouro\u201d<\/b><\/span><span style=\"font-weight: 400;\"><span style=\"color: #e94e1b;\">,<\/span> que no Evangelho \u00e9\u00a0 expressa assim: <\/span><i><span style=\"font-weight: 400;\">\u201cTudo quanto quiserdes que os homens vos fa\u00e7am fazei-o tamb\u00e9m a eles!\u201d (Mt 7,12<\/span><\/i><span style=\"font-weight: 400;\">), que tamb\u00e9m se encontra nos textos sagrados das principais religi\u00f5es, e transmite o valor da \u201cfraternidade\u201d que pode ser compartilhado mesmo por pessoas de convic\u00e7\u00f5es n\u00e3o religiosas.<\/span><\/p>\n<p><span style=\"font-weight: 400;\">Podem participar das atividades gen4 crian\u00e7as de outras religi\u00f5es ou de convic\u00e7\u00f5es n\u00e3o religiosas.<\/span><\/p>\n<p><span style=\"font-weight: 400;\">O <\/span><span style=\"color: #e94e1b;\"><b>\u201cdado do amor\u201d<\/b><\/span><span style=\"font-weight: 400;\"> \u00e9 o instrumento fundamental e muito \u00fatil para aprofundar e viver todos os aspectos da arte de amar. <\/span><span style=\"color: #e94e1b;\"><b>(<\/b><a style=\"color: #e94e1b;\" href=\"http:\/\/gen4.focolare.org\/come-viviamo\/larte-damare-e-il-dado\/\"><b>vai \u00e0 p\u00e1gina A arte de amar e o &#8220;dado&#8221;<\/b><\/a><b>)<\/b><\/span><\/p>\n<p><span style=\"font-weight: 400; color: #e94e1b;\">A <\/span><b><span style=\"color: #e94e1b;\">\u201ccultura do dar e da partilha\u201d<\/span> <\/b><span style=\"font-weight: 400;\">ajuda a ter consci\u00eancia da riqueza e da multiplicidade dos dons que cada um possui e que pode compartilhar com os outros. <\/span><span style=\"color: #e94e1b;\"><b>(vai \u00e0 <\/b><a style=\"color: #e94e1b;\" href=\"http:\/\/gen4.focolare.org\/pt-br\/como-vivemos\/a-cultura-do-dar-e-da-partilha\/\"><b>p\u00e1gina Cultura do dar<\/b><\/a><b> e da partilha<\/b><b>)<\/b><\/span><\/p>\n<p>&nbsp;<\/p>\n<p>[\/vc_toggle][\/vc_column_inner][vc_column_inner width=&#8221;1\/3&#8243;][vc_toggle title=&#8221;Modelos de Vida&#8221; style=&#8221;round&#8221; color=&#8221;juicy_pink&#8221; custom_font_container=&#8221;tag:h4|text_align:left|color:%23e94e1b&#8221; custom_use_theme_fonts=&#8221;yes&#8221; use_custom_heading=&#8221;true&#8221; css=&#8221;.vc_custom_1582279879507{margin-bottom: 10px !important;border-top-width: 1px !important;border-right-width: 1px !important;border-bottom-width: 1px !important;border-left-width: 1px !important;padding-top: 5px !important;padding-right: 5px !important;padding-bottom: 5px !important;padding-left: 5px !important;border-left-color: #e94e1b !important;border-left-style: dashed !important;border-right-color: #e94e1b !important;border-right-style: dashed !important;border-top-color: #e94e1b !important;border-top-style: dashed !important;border-bottom-color: #e94e1b !important;border-bottom-style: dashed !important;border-radius: 20px !important;}&#8221;]<\/p>\n<p><span style=\"font-weight: 400;\">-para uma forma\u00e7\u00e3o que n\u00e3o seja somente te\u00f3rica, mas que se traduz no crescimento global da pessoa, ser\u00e3o promovidos o contato e o confronto com as experi\u00eancias de vida:<\/span><\/p>\n<p><span style=\"font-weight: 400;\">-da fundadora, Chiara Lubich, de outras pessoas ao interno do Movimento e n\u00e3o somente, que ofere\u00e7am testemunhos dos valores como a solidariedade, a fraternidade, e que contribuem para construir um mundo melhor;<\/span><\/p>\n<p><span style=\"font-weight: 400;\">-de meninos e meninas de diferentes pa\u00edses e culturas: o testemunho de vida das crian\u00e7as da mesma idade torna poss\u00edvel e acredit\u00e1vel este estilo de vida;<\/span><\/p>\n<p><span style=\"font-weight: 400;\">-de epis\u00f3dios da vida de Jesus, descobrindo, junto com toda a comunidade onde est\u00e3o inseridos, que cada frase das Escrituras pode ser vivida<span style=\"color: #e94e1b;\"> (<\/span><\/span><span style=\"color: #e94e1b;\"><a style=\"color: #e94e1b;\" href=\"http:\/\/gen4.focolare.org\/pt-br\/a-palavra-de-vida\/\"><b>vai \u00e0 p\u00e1gina PdV)<\/b><\/a><\/span><span style=\"font-weight: 400;\"><span style=\"color: #e94e1b;\">.<\/span> Para os gen4 de outras religi\u00f5es gradualmente identificam-se percursos em harmonia com a sua f\u00e9.<\/span><\/p>\n<p>&nbsp;<\/p>\n<p>[\/vc_toggle][\/vc_column_inner][vc_column_inner width=&#8221;1\/3&#8243;][vc_toggle title=&#8221;A\u00e7\u00f5es&#8221; style=&#8221;round&#8221; color=&#8221;juicy_pink&#8221; custom_font_container=&#8221;tag:h4|text_align:left|color:%23e94e1b&#8221; custom_use_theme_fonts=&#8221;yes&#8221; use_custom_heading=&#8221;true&#8221; css=&#8221;.vc_custom_1582279938242{margin-bottom: 10px !important;border-top-width: 1px !important;border-right-width: 1px !important;border-bottom-width: 1px !important;border-left-width: 1px !important;padding-top: 5px !important;padding-right: 5px !important;padding-bottom: 5px !important;padding-left: 5px !important;border-left-color: #e94e1b !important;border-left-style: dashed !important;border-right-color: #e94e1b !important;border-right-style: dashed !important;border-top-color: #e94e1b !important;border-top-style: dashed !important;border-bottom-color: #e94e1b !important;border-bottom-style: dashed !important;border-radius: 20px !important;}&#8221;]<\/p>\n<p>Al\u00e9m do empenho pessoal em viver a Arte de amar, os gen4 se empenham juntos em:<\/p>\n<p><span style=\"color: #e94e1b;\"><b>-Amar os mais necessitados: <\/b><\/span><span style=\"font-weight: 400;\">tocados pela vida dos primeiros crist\u00e3os e a vida dos primeiros membros do Movimento, que colocavam tudo em comum e amavam os pobres; os gen4 descobrem que Jesus est\u00e1 presente nas pessoas necessitadas e agem de consequ\u00eancia (oferecem os pr\u00f3prios brinquedos, poupam para doar a quem precisa, criam pequenas \u201cEmpresas gen4\u201d: f\u00e1bricas de colares, pulseirinhas, cart\u00f5es de felicita\u00e7\u00f5es, doces&#8230;) para compartilhar a experi\u00eancia daquela cultura do dar e da partilha que \u00e9 tamb\u00e9m a base de projetos econ\u00f4micos inovadores como a Economia de Comunh\u00e3o.<\/span><\/p>\n<p><span style=\"font-weight: 400;\">No <\/span><span style=\"color: #e94e1b;\"><b>Natal <\/b><\/span><span style=\"font-weight: 400;\">a aten\u00e7\u00e3o dos gen4 se dirige a outro aspecto, partindo da reflex\u00e3o de Chiara Lubich que se encontra no texto <\/span><span style=\"color: #e94e1b;\"><b>\u201cDesalojaram Jesus\u201d,<\/b><\/span><span style=\"font-weight: 400;\"> que quer lembrar o verdadeiro festejado, empenham-se em doar a felicidade a quem est\u00e1 s\u00f3 ou em recolher dinheiro para ajudar aos necessitados. <span style=\"color: #e94e1b;\">(<\/span><\/span><span style=\"color: #e94e1b;\"><a style=\"color: #e94e1b;\" href=\"http:\/\/gen4.focolare.org\/pt-br\/como-vivemos\/acao-desalojaram-jesus\/\"><b>vai \u00e0 p\u00e1gina DJ<\/b><\/a><span style=\"font-weight: 400;\">)<\/span><\/span><\/p>\n<p><b>-Transmitir e compartilhar com os outros a pr\u00f3pria alegria: <\/b><span style=\"font-weight: 400;\">toda atividade gen4 (o dar, as a\u00e7\u00f5es pela paz, Desalojaram Jesus&#8230;) pode ser uma ocasi\u00e3o para convidar outras crian\u00e7as, para faz\u00ea-las descobrir como ser felizes. Os gen4 d\u00e3o uma aten\u00e7\u00e3o particular aos mais pequeninos, os gen5 (as crian\u00e7as at\u00e9 os 3 anos e meio). <\/span><\/p>\n<p>[\/vc_toggle][\/vc_column_inner][\/vc_row_inner][\/vc_column][\/vc_row][vc_row css=&#8221;.vc_custom_1559332128521{margin-top: 30px !important;border-top-width: 1px !important;border-right-width: 1px !important;border-bottom-width: 1px !important;border-left-width: 1px !important;padding-top: 20px !important;padding-right: 20px !important;padding-bottom: 20px !important;padding-left: 20px !important;background-color: #ffffff !important;border-left-color: #e94e1b !important;border-left-style: dashed !important;border-right-color: #e94e1b !important;border-right-style: dashed !important;border-top-color: #e94e1b !important;border-top-style: dashed !important;border-bottom-color: #e94e1b !important;border-bottom-style: dashed !important;border-radius: 20px !important;}&#8221;][vc_column width=&#8221;1\/2&#8243;]<div id=\"cz_86793\" class=\"cz_86793 cz_video_popup clr cz_video_popup_c\"><div><div class=\"cz_vp_c\"><a href=\"https:\/\/vimeo.com\/344991865\"><img decoding=\"async\" width=\"2299\" height=\"1283\" src=\"https:\/\/gen4.focolare.org\/wp-content\/uploads\/2019\/10\/BIG_cover.png\" class=\"attachment-full\" alt=\"BIG cover\" title=\"BIG_cover\" srcset=\"https:\/\/gen4.focolare.org\/wp-content\/uploads\/2019\/10\/BIG_cover.png 2299w, https:\/\/gen4.focolare.org\/wp-content\/uploads\/2019\/10\/BIG_cover-300x167.png 300w, https:\/\/gen4.focolare.org\/wp-content\/uploads\/2019\/10\/BIG_cover-768x429.png 768w, https:\/\/gen4.focolare.org\/wp-content\/uploads\/2019\/10\/BIG_cover-1024x571.png 1024w, https:\/\/gen4.focolare.org\/wp-content\/uploads\/2019\/10\/BIG_cover-600x335.png 600w\" sizes=\"auto, (max-width: 2299px) 100vw, 2299px\" loading=\"lazy\" \/><div class=\"cz_vp_inner\"><span><i class=\"fa fa-play\"><\/i><\/span><\/div><\/a><\/div><\/div><\/div>[\/vc_column][vc_column width=&#8221;1\/2&#8243;][vc_column_text css=&#8221;.vc_custom_1580725169393{margin-bottom: 0px !important;border-bottom-width: 0px !important;padding-bottom: 0px !important;}&#8221;]<\/p>\n<p><span style=\"font-weight: 400;\">Na It\u00e1lia, nasceu, o <\/span><span style=\"color: #e94e1b;\"><b>Jornalzinho Big<\/b><\/span><span style=\"font-weight: 400;\">, da editora Cidade Nova: \u00e9 mensal, interativo para crian\u00e7as at\u00e9 os 10 anos, com jogos, desenhos, narra\u00e7\u00f5es, hist\u00f3rias verdadeiras, curiosidades. Promove uma pedagogia \u201cdo positivo\u201d atrav\u00e9s da difus\u00e3o dos valores como: a acolhida, a paz, a solidariedade, a fraternidade universal.<\/span><\/p>\n<p><span style=\"color: #e94e1b;\"><b>Em cada n\u00famero h\u00e1 um tema a ser descoberto divertindo-se e, para os educadores, um anexo para a pr\u00f3pria forma\u00e7\u00e3o que pode ser destacado para a utiliza\u00e7\u00e3o e conserva\u00e7\u00e3o.<\/b><\/span><\/p>\n<p><span style=\"font-weight: 400;\">Deseja-se, de fato, oferecer suporte aos adultos que est\u00e3o em contato com as crian\u00e7as atrav\u00e9s das reflex\u00f5es propostas por especialistas em pedagogia, psicologia, fam\u00edlia, escola, sobre as caracter\u00edsticas evolutivas das crian\u00e7as. Nos \u00faltimos anos, BIG ha proposto com sucesso diferentes itiner\u00e1rios, de modo particular sobre as emo\u00e7\u00f5es e as habilidades pro-sociais; em breve come\u00e7ar\u00e1 um novo percurso para descobrir os valores da amizade. <span style=\"color: #e94e1b;\">|<\/span><\/span><span style=\"color: #e94e1b;\"><a style=\"color: #e94e1b;\" href=\"https:\/\/www.cittanuova.it\/riviste\/9772499696033\/\"> <b>Fa\u00e7a a assinatura&gt;\u00a0<\/b><\/a><\/span><\/p>\n<p>[\/vc_column_text][\/vc_column][\/vc_row][vc_row][vc_column][vc_column_text][\/vc_column_text][\/vc_column][\/vc_row]<\/p>\n<\/div>","protected":false},"excerpt":{"rendered":"<p>[vc_row full_width=&#8221;stretch_row&#8221; content_placement=&#8221;middle&#8221; css=&#8221;.vc_custom_1559339898804{background-image: url(http:\/\/gen4.focolare.org\/wp-content\/uploads\/2019\/05\/background_gen4_red.png?id=1747) !important;}&#8221;][vc_column width=&#8221;1\/4&#8243;][vc_column_text css=&#8221;.vc_custom_1578853042712{background-color: #00983a !important;}&#8221;] quem &#8230; <\/p>\n","protected":false},"author":1,"featured_media":0,"parent":0,"menu_order":0,"comment_status":"closed","ping_status":"closed","template":"","meta":{"footnotes":""},"class_list":["post-3957","page","type-page","status-publish","hentry"],"_links":{"self":[{"href":"https:\/\/gen4.focolare.org\/pt-br\/wp-json\/wp\/v2\/pages\/3957","targetHints":{"allow":["GET"]}}],"collection":[{"href":"https:\/\/gen4.focolare.org\/pt-br\/wp-json\/wp\/v2\/pages"}],"about":[{"href":"https:\/\/gen4.focolare.org\/pt-br\/wp-json\/wp\/v2\/types\/page"}],"author":[{"embeddable":true,"href":"https:\/\/gen4.focolare.org\/pt-br\/wp-json\/wp\/v2\/users\/1"}],"replies":[{"embeddable":true,"href":"https:\/\/gen4.focolare.org\/pt-br\/wp-json\/wp\/v2\/comments?post=3957"}],"version-history":[{"count":21,"href":"https:\/\/gen4.focolare.org\/pt-br\/wp-json\/wp\/v2\/pages\/3957\/revisions"}],"predecessor-version":[{"id":5299,"href":"https:\/\/gen4.focolare.org\/pt-br\/wp-json\/wp\/v2\/pages\/3957\/revisions\/5299"}],"wp:attachment":[{"href":"https:\/\/gen4.focolare.org\/pt-br\/wp-json\/wp\/v2\/media?parent=3957"}],"curies":[{"name":"wp","href":"https:\/\/api.w.org\/{rel}","templated":true}]}}