{"id":12200,"date":"2022-11-18T17:15:10","date_gmt":"2022-11-18T16:15:10","guid":{"rendered":"https:\/\/gen4.focolare.org\/?post_type=wpdmpro&#038;p=12200"},"modified":"2024-03-26T17:47:57","modified_gmt":"2024-03-26T16:47:57","slug":"0_hoy-descubri-el-cielo-premisa","status":"publish","type":"wpdmpro","link":"https:\/\/gen4.focolare.org\/pt-br\/download\/0_hoy-descubri-el-cielo-premisa\/","title":{"rendered":"0_Hoy descubr\u00ed el Cielo: Premisa"},"content":{"rendered":"<p style=\"text-align: center;\"><span style=\"color: #ff6600;\"><strong>Recorrido por etapas para Gen4 sobre: \u201cUni\u00f3n con Dios y oraci\u00f3n\u201d<\/strong><\/span><\/p>\n<p style=\"text-align: center;\"><span style=\"color: #ff6600;\"><strong>&#8211; a\u00f1o 2022-2023 &#8211;<\/strong><\/span><\/p>\n<p><strong><span style=\"color: #ff6600;\">Premisa:<\/span><\/strong><\/p>\n<p>Para preparar el material comenzamos releyendo y meditando varias de las charlas que Chiara<a href=\"#_ftn1\" name=\"_ftnref1\"><sup>[1]<\/sup><\/a> hizo sobre estos argumentos, subrayando los aspectos que nos parec\u00edan m\u00e1s id\u00f3neos para los gen4.\u00a0 Para muchos de estos aspectos existe tambi\u00e9n material espec\u00edfico preparado por Chiara para esta edad (puntos tomados de su historia y de las respuestas dadas por Chiara a los gen4 durante varios a\u00f1os).<\/p>\n<p>Elegimos <strong><span style=\"color: #ff6600;\">7 puntos<\/span><\/strong> para proponer en etapas sucesivas, con un recorrido en sinton\u00eda tambi\u00e9n con la formaci\u00f3n \u00cdndigo sobre la Sagrada Escritura que quisi\u00e9ramos que hagan nuestros gen4.<\/p>\n<p>Para cada etapa hemos indicado:<\/p>\n<ol>\n<li><strong><span style=\"color: #ff6600;\">A<\/span><\/strong><span style=\"color: #ff6600;\">)<\/span> algunos puntos tomados de las charlas de Chiara para <strong><span style=\"color: #ff6600;\">la preparaci\u00f3n-meditaci\u00f3n de los asistentes<\/span><\/strong>;<\/li>\n<li><strong><span style=\"color: #ff6600;\">B)<\/span><\/strong> los <strong><span style=\"color: #ff6600;\">objetivos<\/span><\/strong> que estos puntos nos han sugerido para el encuentro gen4;<\/li>\n<li><strong><span style=\"color: #ff6600;\">C)<\/span><\/strong> algunos <strong><span style=\"color: #ff6600;\">contenidos<\/span><\/strong> que se pueden usar para ayudar a alcanzar estos objetivos, \u201cgotas de luz\u201d tomadas de la <strong><span style=\"color: #ff6600;\">Sagrada Escritura<\/span><\/strong> (recorrido \u00cdndigo para los Gen4) y de la <strong><span style=\"color: #ff6600;\">Espiritualidad<\/span><\/strong> (siempre del material para gen4). Concretamente para cada etapa se\u00f1alamos: qu\u00e9 partes de la historia de Chiara o cu\u00e1les de sus respuestas dadas a los gen4 pueden usarse; cu\u00e1l episodio de la Sagrada Escritura nos parece en sinton\u00eda con ese punto. Cada episodio de la Sagrada Escritura propuesto est\u00e1 tambi\u00e9n acompa\u00f1ado de experiencias ilustradas que pueden ser material \u00fatil para enriquecer el punto.<\/li>\n<li><strong><span style=\"color: #ff6600;\">D)<\/span><\/strong> finalmente, a trav\u00e9s de una hermosa colaboraci\u00f3n con un equipo de asistentes de todo el mundo, se prepararon <strong><span style=\"color: #ff6600;\">algunas ideas para la realizaci\u00f3n del encuentro y para enriquecerlo con cantos, juegos, dibujos, distintas actividades.<\/span><\/strong><\/li>\n<\/ol>\n<p>El tipo de propuesta que podemos ofrecer este a\u00f1o, siendo <strong><span style=\"color: #ff6600;\">\u201cmodular\u201d<\/span><\/strong> y al no estar estructurado como en a\u00f1os pasados, puede ser m\u00e1s f\u00e1cilmente adaptado a cada situaci\u00f3n. Estamos seguros de que la sensibilidad de cada asistente sabr\u00e1 elegir, entre los elementos propuestos, aquellos m\u00e1s adecuados al grupo de gen4 que le es confiado. Hay mucho material justamente para poder elegir: \u00a1NO es necesario hacer todo!<\/p>\n<p>Como ver\u00e1n tambi\u00e9n en la elecci\u00f3n de las charlas de Chiara (para la preparaci\u00f3n de los asistentes) se buscaron conversaciones dirigidas al p\u00fablico m\u00e1s variado, para poder tener presente, en la medida de lo posible, tambi\u00e9n la riqueza <strong><span style=\"color: #ff6600;\">interreligiosa y ecum\u00e9nica.<\/span> <\/strong>Les recordamos que en todo el recorrido \u00edndigo est\u00e1 muy presente la dimensi\u00f3n ecum\u00e9nica y, tanto en la revisi\u00f3n del fragmento de la Sagrada Escritura adaptado para ni\u00f1os, como en la aportaci\u00f3n de las notas que acompa\u00f1an el texto, contamos con la contribuci\u00f3n de focolarinas y focolarinos de varias iglesias.<\/p>\n<p>El t\u00edtulo general del recorrido que proponemos para el a\u00f1o 2022-2023 es: <span style=\"color: #ff0000;\"><strong><em>Hoy descubr\u00ed el Cielo.<\/em><\/strong><\/span><\/p>\n<p><a href=\"#_ftnref1\" name=\"_ftn1\"><\/a>______________________________<\/p>\n<p>[1]Textos de referencia consultados:<\/p>\n<ol>\n<li>Lubich, Tokio (Jap\u00f3n), 28 de diciembre de 1981, a los miembros de la Rissho Kosei Kai, &#8220;Mi experiencia espiritual&#8221;<\/li>\n<li>Lubich, Faenza, 10 de abril de 1988, a las familias, &#8220;Oraci\u00f3n en familia&#8221;<\/li>\n<li>Lubich, a los focolarinos, Castelgandolfo, 23 de diciembre de 1988, La &#8220;Via Mariae&#8221;<\/li>\n<li>Lubich, &#8211; Conexi\u00f3n CH, 23 de febrero de 1989, &#8220;Los cuatro modos de orar&#8221; (publicado en: C. Lubich, Buscando las cosas de arriba, Roma 1994, p. 128-130.)<\/li>\n<li>Lubich, Conexi\u00f3n CH, Mariapoli Luminosa, 24 de mayo de 1990, &#8220;Vivere il &#8216;Ya'&#8221; (publicado en: C. Lubich, Santos Juntos, Roma 1993, (1\u00aa ed.: 1994), p. 35-38)<\/li>\n<li>Lubich, Castel Gandolfo, 24 de diciembre de 1998, a los focolarinos, &#8220;V \u00b0 tema de la espiritualidad colectiva &#8211; III aspecto: &#8216;El amor eleva'&#8221;<\/li>\n<li>Lubich, Castel Gandolfo, 25 de octubre de 1999, encuentro de amigos musulmanes, &#8220;Oraci\u00f3n, meditaci\u00f3n y uni\u00f3n con Dios&#8221;<\/li>\n<li>Lubich, Castel Gandolfo, 4 de enero de 2004, a los focolarinos\/as, &#8220;La uni\u00f3n con Dios se siente, se percibe &#8211; La cultura de la Resurrecci\u00f3n&#8221;<\/li>\n<li>Lubich, Castel Gandolfo, 16 de febrero de 2004, a los obispos amigos del Movimiento de los Focolares, &#8220;Uni\u00f3n con Dios&#8221;<\/li>\n<li>Lubich, Castel Gandolfo, 18 de abril de 2004, en el Simposio hind\u00fa-cristiano, &#8220;Uni\u00f3n con Dios&#8221;<\/li>\n<\/ol>\n<p>&nbsp;<\/p>\n","protected":false},"excerpt":{"rendered":"<p>Recorrido por etapas para Gen4 sobre: \u201cUni\u00f3n con Dios y oraci\u00f3n\u201d &#8230; <\/p>\n","protected":false},"author":3,"featured_media":12258,"comment_status":"closed","ping_status":"closed","template":"page.php","meta":{"__wpdm_changelog":[]},"wpdmcategory":[505],"wpdmtag":[],"class_list":["post-12200","wpdmpro","type-wpdmpro","status-publish","has-post-thumbnail","hentry","wpdmcategory-hoy-descubri-el-cielo-union-con-dios-y-oracion-2022-2023"],"_links":{"self":[{"href":"https:\/\/gen4.focolare.org\/pt-br\/wp-json\/wp\/v2\/wpdmpro\/12200","targetHints":{"allow":["GET"]}}],"collection":[{"href":"https:\/\/gen4.focolare.org\/pt-br\/wp-json\/wp\/v2\/wpdmpro"}],"about":[{"href":"https:\/\/gen4.focolare.org\/pt-br\/wp-json\/wp\/v2\/types\/wpdmpro"}],"author":[{"embeddable":true,"href":"https:\/\/gen4.focolare.org\/pt-br\/wp-json\/wp\/v2\/users\/3"}],"replies":[{"embeddable":true,"href":"https:\/\/gen4.focolare.org\/pt-br\/wp-json\/wp\/v2\/comments?post=12200"}],"wp:featuredmedia":[{"embeddable":true,"href":"https:\/\/gen4.focolare.org\/pt-br\/wp-json\/wp\/v2\/media\/12258"}],"wp:attachment":[{"href":"https:\/\/gen4.focolare.org\/pt-br\/wp-json\/wp\/v2\/media?parent=12200"}],"wp:term":[{"taxonomy":"wpdmcategory","embeddable":true,"href":"https:\/\/gen4.focolare.org\/pt-br\/wp-json\/wp\/v2\/wpdmcategory?post=12200"},{"taxonomy":"wpdmtag","embeddable":true,"href":"https:\/\/gen4.focolare.org\/pt-br\/wp-json\/wp\/v2\/wpdmtag?post=12200"}],"curies":[{"name":"wp","href":"https:\/\/api.w.org\/{rel}","templated":true}]}}