{"id":12249,"date":"2022-11-18T17:10:03","date_gmt":"2022-11-18T16:10:03","guid":{"rendered":"https:\/\/gen4.focolare.org\/?post_type=wpdmpro&#038;p=12249"},"modified":"2024-03-26T17:43:42","modified_gmt":"2024-03-26T16:43:42","slug":"01_hoy-descubri-el-cielo-etapa-1","status":"publish","type":"wpdmpro","link":"https:\/\/gen4.focolare.org\/pt-br\/download\/01_hoy-descubri-el-cielo-etapa-1\/","title":{"rendered":"01_Hoy descubr\u00ed el Cielo: Etapa 1"},"content":{"rendered":"<p style=\"text-align: center;\"><span style=\"color: #ff6600; font-size: 18px;\"><strong><em>Dios nos ha pensado desde siempre y nos acompa\u00f1a desde la creaci\u00f3n hasta \u201ccielos nuevos y tierras nuevas\u201d<\/em><\/strong><\/span><\/p>\n<p>&nbsp;<\/p>\n<p><span style=\"color: #ff6600;\"><strong>A) Para los asistentes. <\/strong><strong>Puntos de las charlas de Chiara: <em>estar en relaci\u00f3n con Dios que nos cre\u00f3 <\/em><\/strong><\/span><\/p>\n<p>1) Para poder rezar &#8211;<em>\u201chablar con Dios\u201d-<\/em> debo saber que Dios existe<strong>. <\/strong>Chiara en 1988, hablando de la <strong><em>oraci\u00f3n en familia<\/em><\/strong>, lo hab\u00eda subrayado <em>\u201c[\u2026] <strong>Para que los ni\u00f1os aprendan a rezar a Dios, hace falta ante todo que les sea revelada esta realidad, que descubran su existencia. Deben saber que Dios existe<\/strong>. [\u2026]<\/em>\u201d.<span style=\"color: #0000ff;\"> <a style=\"color: #0000ff;\" href=\"#_ftn1\" name=\"_ftnref1\"><sup>[1]<\/sup><\/a><\/span><\/p>\n<p>2) Otro punto subrayado por Chiara en varias charlas es cu\u00e1n importante es la oraci\u00f3n <strong>en la vida del hombre, es constitutiva del hombre:<\/strong> la <strong>relaci\u00f3n con Dios diferencia al hombre de las otras criaturas<\/strong>. <strong><em>\u201c<\/em><\/strong><strong><em>La persona es realmente tal si reza\u201d<\/em><\/strong><span style=\"color: #0000ff;\"><em> <a style=\"color: #0000ff;\" href=\"#_ftn2\" name=\"_ftnref2\"><sup>[2]<\/sup><\/a>.<\/em><\/span><\/p>\n<p>3) Esta relaci\u00f3n con Dios la encontramos en varias religiones. Chiara hace notar estas \u201cafinidades\u201d hablando a los p\u00fablicos m\u00e1s variados, como a los budistas en 1981, o a los musulmanes algunos a\u00f1os despu\u00e9s. Este es un p\u00e1rrafo de su discurso durante el encuentro en Castelgandolfo en 1999 justamente con los amigos musulmanes: <em>\u201c[\u2026] <strong>La oraci\u00f3n es un elemento esencial de nuestra vida espiritual<\/strong>. Sin ella no hay verdadera vida espiritual. Se puede vivir sin comer pero no sin respirar, y la oraci\u00f3n es el <\/em><em>aliento del alma. <strong>S\u00e9 que hablo a creyentes en Dios que saben qu\u00e9 es la oraci\u00f3n.<\/strong> Es m\u00e1s, se podr\u00eda decir &#8211; me parece \u2013 que <strong>el Islam es la religi\u00f3n de la oraci\u00f3n<\/strong>, no s\u00f3lo porque \u00e9sta, que ustedes hacen cinco veces al d\u00eda, es uno de sus cinco pilares, sino tambi\u00e9n porque cualquier verso del Cor\u00e1n, si recitado con fe, tiene el valor de oraci\u00f3n. [\u2026] La oraci\u00f3n es constitutiva del hombre, de su ser hombre. <strong>La persona es realmente tal si reza. La oraci\u00f3n es relaci\u00f3n con Dios.<\/strong> Creado por Dios a Su imagen y semejanza, el hombre tiene la posibilidad de una relaci\u00f3n con \u00c9l, de t\u00fa a T\u00fa.\u00a0 [\u2026] \u201c<\/em> <sup>3<\/sup>.<\/p>\n<p>4) Finalmente para rezar bien es necesario <strong><em>\u201cpensar a menudo en el Para\u00edso\u201d<\/em><\/strong>, tener presente no s\u00f3lo de d\u00f3nde venimos sino a d\u00f3nde estamos yendo. En el mismo encuentro del 1999, Chiara hab\u00eda dicho a los amigos musulmanes: <em>\u201c[\u2026] En el Cielo, de hecho, a donde esperamos llegar, la vida no ser\u00e1 apostolado u otra cosa, sino alabanza, adoraci\u00f3n, agradecimiento a Dios. Por eso debemos aprender desde ahora a vivir como se vivir\u00e1 all\u00e1 <\/em><em>en el Cielo. <strong>Para rezar bien hace falta pensar a menudo en el Para\u00edso.<\/strong> <strong>Tener el deseo<\/strong> <strong>de la visi\u00f3n de Dios que he encontrado tambi\u00e9n en la vida y en los escritos de muchos creyentes sinceros del Islam<\/strong>. [\u2026] \u201c <span style=\"color: #0000ff;\"><a style=\"color: #0000ff;\" href=\"#_ftn3\" name=\"_ftnref3\"><sup>[3]<\/sup><\/a><\/span><\/em><\/p>\n<p><strong><span style=\"color: #ff6600;\">B) Objetivos del encuentro GEN4<\/span><\/strong><\/p>\n<p>-Descubrir la relaci\u00f3n de amor de Dios con el hombre: Dios me cre\u00f3, me acompa\u00f1a y yo puedo hablar con \u00c9l<\/p>\n<p>-Agradecer a Dios por todo lo que nos ha dado; por la creaci\u00f3n que nos remite a Dios y nos ayuda a conocer el amor de Dios<\/p>\n<p><span style=\"color: #ff6600;\"><strong>C) Contenidos del encuentro GEN4: <em>gotas de luz <\/em>con la Sagrada Escritura<\/strong><strong>y con la Espiritualidad (respuestas\/historia de Chiara)<\/strong><\/span><\/p>\n<p><span style=\"color: #ff6600;\"><strong>Sagrada Escritura:<\/strong><\/span><\/p>\n<p>-episodio de la Creaci\u00f3n y presentaci\u00f3n del recorrido \u201cDe la creaci\u00f3n a los cielos nuevos y tierras nuevas\u201d: yo tambi\u00e9n existo (poner la foto); experiencias relacionadas con dar gracias a Dios por todo lo que nos ha dado y con la creaci\u00f3n, que nos remite a Dios. <strong><span style=\"color: #008000;\">(Anexos C1)<\/span><\/strong><\/p>\n<p><span style=\"color: #ff6600;\"><strong>Espiritualidad:<\/strong><\/span><\/p>\n<p><strong>-Respuestas de Chiara <span style=\"color: #008000;\">(Anexo C2): <\/span><\/strong><\/p>\n<p><strong>Un gen4<\/strong>: &#8220;Muchos chicos dicen que Dios no existe, pero Dios existe, &#8220;\u00bfc\u00f3mo se lo puedo decir?&#8221;<span style=\"color: #0000ff;\"> \u00a0<a style=\"color: #0000ff;\" href=\"#_ftn4\" name=\"_ftnref4\"><sup>[4]<\/sup><\/a><\/span><\/p>\n<p><strong>Chiara<\/strong>: \u00a1Esto es importante! Es una pregunta importante. [\u2026] es muy importante gen porque hay muchos chicos que dicen que Dios no existe. Entonces \u00e9l quiere saber \u00bfqu\u00e9 les puede decir?. Bien yo dir\u00eda as\u00ed: Mira el cielo es inmenso; mira las estrellas, est\u00e1n lejos a\u00f1os luz; mira el mar es inmenso; mira las monta\u00f1as parece que tocan el cielo. \u00bfLas has hecho tu? &#8220;\u00a1No!&#8221; dir\u00e1. Tampoco yo. \u00bfLas ha hecho tu abuelo? &#8220;No&#8221;, dir\u00e1. Tampoco el m\u00edo. \u00bfLas ha hecho tu bisabuelo. &#8220;No&#8221;. Tampoco el m\u00edo. \u00bfQu\u00e9 hombre en la tierra puede decir que ha hecho el mar, el cielo, la gran cantidad de flores? \u00a1Nadie! Entonces alguien tiene que haberlo hecho. Por ejemplo si digo que &#8220;ten\u00eda esta hermosa casita y de repente ya no est\u00e1, digo, se ve que alguien vino y me la rob\u00f3&#8221;. Del mismo modo: &#8220;si existe el cielo, si hay estrellas, alguien las ha hecho; \u00bfqui\u00e9n las ha hecho? \u00a1Dios, es l\u00f3gico, es l\u00f3gico! Porque miren, dir\u00e1n: &#8220;Pero Dios no se ve, \u00bfc\u00f3mo pueden decir que existe? Pero tampoco el aire se ve, mira el aire, existe, porque respiro, porque respiran, si faltase, morir\u00edamos todos, y sin embargo no se ve. Hay cosas que no se ven y sin embargo existen, como Dios. \u00a1Y tienen que convencer a todos! Bien, ven el mar, que yo no lo he hecho; las monta\u00f1as, que parece que tocan el cielo, me parece que es el Cervino; y muchas flores, muchas flores que s\u00f3lo Dios puede haber hecho. [\u2026]<\/p>\n<p><strong>Chiara:<\/strong> Todav\u00eda otro gen 4, Samuel. Ah, Samuel, hola, veamos<\/p>\n<p><strong>Eli:<\/strong> &#8220;Dios hizo todo, pero \u00bfqui\u00e9n hizo a Dios?&#8221;<span style=\"color: #0000ff;\"><a style=\"color: #0000ff;\" href=\"#_ftn5\" name=\"_ftnref5\"><sup>[5]<\/sup><\/a><\/span><\/p>\n<p><strong>Chiara:<\/strong> Esta es una hermosa pregunta. Mira Samuel, solo te digo esto. Ven aqu\u00ed Samuel, donde pueda verte mejor Aqu\u00ed Samuel. Mira, tu me dices dices: &#8220;Dios hizo todo&#8221; y tienes raz\u00f3n porque esto lo entiendes perfectamente. Porque las estrellas no las hice yo, ni t\u00fa, ni tu padre, ni tu abuelo: alguien las hizo, Dios las hizo, pero t\u00fa dices: &#8220;\u00bfY qui\u00e9n hizo a Dios?&#8221;, Nadie. Dios siempre ha estado ah\u00ed. \u00bfentendido? Recu\u00e9rdalo.<\/p>\n<p><strong>Un gen4:<\/strong> Soy Andrea de Grottaferrata. \u2022 &#8220;Querid\u00edsima Chiara, \u00bfc\u00f3mo exist\u00eda Dios si a\u00fan no hab\u00eda creado el cielo?&#8221;<span style=\"color: #0000ff;\"> <a style=\"color: #0000ff;\" href=\"#_ftn6\" name=\"_ftnref6\"><sup>[6]<\/sup><\/a><\/span><\/p>\n<p><strong>Chiara:<\/strong> [&#8230;] El cielo, incluso el azul que vemos, incluso cuando hay nubes, incluso cuando viene la tormenta y\u00a0 todo se pone negro, o cuando brilla el sol, fue Dios quien lo cre\u00f3, \u00c9l lo hizo. Pero Dios no es el cielo azul, Dios es un esp\u00edritu y no se ve, como el aire no se ve, y sin embargo existe. \u00a1Ay de nosotros si no hubiera aire aqu\u00ed, yo no podr\u00eda respirar y me morir\u00eda, y t\u00fa tambi\u00e9n!. As\u00ed que el aire est\u00e1 ah\u00ed pero no puedes verlo; entonces Dios existe pero no puede ser visto. Es esp\u00edritu, es puro esp\u00edritu, y vive en el fondo de nuestro coraz\u00f3n, est\u00e1 dentro porque es esp\u00edritu. Es por eso que cuando oramos podemos entrar donde est\u00e1 Jes\u00fas y hablar con \u00e9l. Recuerda esto entonces. (Aplausos)<\/p>\n<p><strong>-Historia de Chiara <span style=\"color: #008000;\">(Anexo C3):\u00a0 <\/span><\/strong><strong>Yo tambi\u00e9n tuve la edad de ustedes, gen4<\/strong><\/p>\n<p><em><u>Narradora<\/u><\/em><em>:<\/em> Chiara naci\u00f3 en Trento, en el Norte de Italia. Su nombre de bautismo era Silvia, y as\u00ed la llamaban sus padres, su pap\u00e1 Luigi y su mam\u00e1 Luigia, su hermano mayor Gino, y sus hermanas Liliana y Carla; pero todos nosotros la hemos conocido siempre como Chiara, nombre que ella eligi\u00f3 a los 23 a\u00f1os, cuando quer\u00eda amar a Dios tanto como hab\u00eda hecho una jovencita de As\u00eds que luego fue santa: santa Clara de As\u00eds. A Chiara desde peque\u00f1a le gustaban las cosas bellas de la naturaleza, y o\u00edr hablar de Dios que las hab\u00eda creado. Por eso iba a menudo a escuchar a Sor Carolina que reun\u00eda a muchas ni\u00f1as y les hablaba de Dios, de Jes\u00fas\u2026Y Chiara cuenta<span style=\"color: #0000ff;\"><a style=\"color: #0000ff;\" href=\"#_ftn7\" name=\"_ftnref7\">[7]<\/a> <\/span>tambi\u00e9n que, cuando ten\u00eda 7 a\u00f1os, Sor Carolina las llevaba, \u2013a ella y a sus amiguitas de 4, 5 y 6 a\u00f1os\u2013 a una iglesia de Trento, donde se hac\u00eda la adoraci\u00f3n durante una hora. A Chiara le gustaba arrodillarse precisamente delante, para mirar sin distraerse y hablar con Jes\u00fas en la Hostia que estaba expuesta: \u201cOye Jes\u00fas, T\u00fa has creado el sol; el sol da luz y calor, yo te miro fijo, fijo y T\u00fa a trav\u00e9s de los ojos ponme dentro del alma la luz espiritual y el calor espiritual\u201d. Chiara se lo dec\u00eda a Jes\u00fas cada vez que iba, mir\u00e1ndolo fijamente, esperando que \u00c9l la iluminase, le inflamase el coraz\u00f3n.<\/p>\n<p>Y fue tambi\u00e9n Sor Carolina<span style=\"color: #0000ff;\"><a style=\"color: #0000ff;\" href=\"#_ftn8\" name=\"_ftnref8\">[8]<\/a><\/span> la que le ense\u00f1\u00f3 a Chiara a hacer actos de amor, d\u00e1ndoles a ella y a las otras ni\u00f1as un vestidito de papel para el Ni\u00f1o Jes\u00fas. Este vestidito ten\u00eda muchos cortes. Cuando se hac\u00eda un acto de amor se levantaba uno de los trocitos cortados de modo que al final el vestidito parec\u00eda todo bordado por los muchos actos de amor hechos. Cuando todo el vestidito estaba bordado de amor se lo llevaban a Jes\u00fas.<\/p>\n<p><span style=\"color: #ff6600;\"><strong>D) Ideas y otros materiales para realizar el encuentro: <\/strong><\/span><strong><span style=\"color: #008000;\">Anexos D<\/span><\/strong><\/p>\n<p>__________________________________________________________________________________<\/p>\n<p><span style=\"font-size: 14px;\"><a href=\"#_ftnref1\" name=\"_ftn1\"><span style=\"color: #0000ff;\">[1]<\/span><\/a> C. Lubich, Faenza, 10 abril 1988, a las familias, <em>\u201cLa oraci\u00f3n en familia\u201d<\/em><\/span><\/p>\n<p><span style=\"font-size: 14px;\"><a href=\"#_ftnref2\" name=\"_ftn2\"><span style=\"color: #0000ff;\">[2]<\/span><\/a> C. Lubich, Castel Gandolfo, 24 de diciembre de 1998, a los focolarinos, <em>\u201cV\u00b0 tema sobre la espiritualidad colectiva \u2013 3\u00b0 aspecto: &#8216;El amor eleva'&#8221;<\/em><\/span><\/p>\n<p><span style=\"font-size: 14px;\"><span style=\"color: #0000ff;\"><a style=\"color: #0000ff;\" href=\"#_ftnref3\" name=\"_ftn3\">[3]<\/a><\/span> C. Lubich, Castel Gandolfo, 25 octubre 1999, encuentro amigos musulmanes, <em>\u201cLa oraci\u00f3n, la meditaci\u00f3n y la uni\u00f3n con Dios\u201d<\/em><\/span><\/p>\n<p><span style=\"font-size: 14px;\"><span style=\"color: #0000ff;\"><a style=\"color: #0000ff;\" href=\"#_ftnref4\" name=\"_ftn4\">[4]<\/a><\/span> C. Lubich, Castelgandolfo, 18.6.1988, congreso Gen4, respuesta n\u00b0 17<\/span><\/p>\n<p><span style=\"font-size: 14px;\"><span style=\"color: #0000ff;\"><a style=\"color: #0000ff;\" href=\"#_ftnref5\" name=\"_ftn5\">[5]<\/a><\/span> C. Lubich, Loppiano, 5.5.1989, a los Gen4, respuesta n\u00b0 7<\/span><\/p>\n<p><span style=\"font-size: 14px;\"><span style=\"color: #0000ff;\"><a style=\"color: #0000ff;\" href=\"#_ftnref6\" name=\"_ftn6\">[6]<\/a> <\/span>C. Lubich, Castelgandolfo, 8.6.1996, al congreso Gen4, respuesta n\u00b0 10<\/span><\/p>\n<p><span style=\"font-size: 14px;\"><a href=\"#_ftnref7\" name=\"_ftn7\"><span style=\"color: #0000ff;\">[7]<\/span><\/a> Cf. C. Lubich, Rocca di Papa, 4 julio 1967, a las Gen peque\u00f1as<em>: \u201cSu historia de ni\u00f1a&#8221;<\/em><\/span><\/p>\n<p><span style=\"font-size: 14px;\"><span style=\"color: #0000ff;\"><a style=\"color: #0000ff;\" href=\"#_ftnref8\" name=\"_ftn8\">[8]<\/a> <\/span>Cf. C. Lubich, Castelgandolfo, 28 abril 1992, Congreso Gen 4,<em> respuesta n\u00b0 1<\/em><\/span><\/p>\n","protected":false},"excerpt":{"rendered":"<p>Dios nos ha pensado desde siempre y nos acompa\u00f1a desde la &#8230; <\/p>\n","protected":false},"author":486,"featured_media":12252,"comment_status":"closed","ping_status":"closed","template":"page.php","meta":{"__wpdm_changelog":[]},"wpdmcategory":[505],"wpdmtag":[],"class_list":["post-12249","wpdmpro","type-wpdmpro","status-publish","has-post-thumbnail","hentry","wpdmcategory-hoy-descubri-el-cielo-union-con-dios-y-oracion-2022-2023"],"_links":{"self":[{"href":"https:\/\/gen4.focolare.org\/pt-br\/wp-json\/wp\/v2\/wpdmpro\/12249","targetHints":{"allow":["GET"]}}],"collection":[{"href":"https:\/\/gen4.focolare.org\/pt-br\/wp-json\/wp\/v2\/wpdmpro"}],"about":[{"href":"https:\/\/gen4.focolare.org\/pt-br\/wp-json\/wp\/v2\/types\/wpdmpro"}],"author":[{"embeddable":true,"href":"https:\/\/gen4.focolare.org\/pt-br\/wp-json\/wp\/v2\/users\/486"}],"replies":[{"embeddable":true,"href":"https:\/\/gen4.focolare.org\/pt-br\/wp-json\/wp\/v2\/comments?post=12249"}],"wp:featuredmedia":[{"embeddable":true,"href":"https:\/\/gen4.focolare.org\/pt-br\/wp-json\/wp\/v2\/media\/12252"}],"wp:attachment":[{"href":"https:\/\/gen4.focolare.org\/pt-br\/wp-json\/wp\/v2\/media?parent=12249"}],"wp:term":[{"taxonomy":"wpdmcategory","embeddable":true,"href":"https:\/\/gen4.focolare.org\/pt-br\/wp-json\/wp\/v2\/wpdmcategory?post=12249"},{"taxonomy":"wpdmtag","embeddable":true,"href":"https:\/\/gen4.focolare.org\/pt-br\/wp-json\/wp\/v2\/wpdmtag?post=12249"}],"curies":[{"name":"wp","href":"https:\/\/api.w.org\/{rel}","templated":true}]}}