{"id":12250,"date":"2022-11-21T10:46:33","date_gmt":"2022-11-21T09:46:33","guid":{"rendered":"https:\/\/gen4.focolare.org\/?post_type=wpdmpro&#038;p=12250"},"modified":"2024-03-26T17:43:03","modified_gmt":"2024-03-26T16:43:03","slug":"02_hoy-descubri-el-cielo-etapa-2","status":"publish","type":"wpdmpro","link":"https:\/\/gen4.focolare.org\/pt-br\/download\/02_hoy-descubri-el-cielo-etapa-2\/","title":{"rendered":"02_Hoy descubr\u00ed el Cielo: Etapa 2"},"content":{"rendered":"<p style=\"text-align: center;\"><span style=\"color: #ff6600; font-size: 18px;\"><strong><em>Cuando hago un acto de amor suceden cosas lindas<\/em><\/strong><\/span><\/p>\n<p style=\"text-align: left;\"><span style=\"color: #ff6600;\"><strong>A)Para los asistentes. <\/strong><strong>Puntos de las charlas de Chiara: <em>la caracter\u00edstica de nuestra uni\u00f3n con Dios es la relaci\u00f3n con el amor al hermano<\/em><\/strong><\/span><\/p>\n<p>1) Para Chiara la relaci\u00f3n entre uni\u00f3n con Dios y amor al hermano fue siempre muy estrecha y us\u00f3 en numerosas ocasiones la comparaci\u00f3n de la planta con ra\u00edces y follaje. Lo explic\u00f3 as\u00ed a los budistas, miembros de la Rissho Kosei Kai, en 1981: <em>\u201c[\u2026] Hemos descubierto que, como una plantita, mientras m\u00e1s hunde sus ra\u00edces en la tierra, m\u00e1s alarga su tallo y abre sus hojas, <strong>as\u00ed el hombre, mientras m\u00e1s va hacia el hermano por amor de Dios, m\u00e1s se eleva hacia Dios, m\u00e1s crece su uni\u00f3n con \u00c9l<\/strong>. Tambi\u00e9n para nosotros. Mientras m\u00e1s am\u00e1bamos a los hermanos, neg\u00e1ndonos a nosotras mismas, olvidadas de nosotras, m\u00e1s not\u00e1bamos que crec\u00eda nuestra uni\u00f3n con Dios en el momento de la oraci\u00f3n. [\u2026]\u201d<\/em><span style=\"color: #0000ff;\"> <a style=\"color: #0000ff;\" href=\"#_ftn1\" name=\"_ftnref1\"><sup>[1]<\/sup><\/a><\/span><\/p>\n<p>Y en 2004 durante un simposio Ind\u00fa-cristiano subrayaba todav\u00eda cu\u00e1nto estas dos cosas \u2013 amor al hermano y uni\u00f3n con Dios \u2013 est\u00e1n conectadas. Chiara dec\u00eda en aquella ocasi\u00f3n: <em>\u201c[\u2026] <strong>Esto es experimentado por todo el Movimiento, incluso desde los m\u00e1s peque\u00f1os, desde los tres a\u00f1os en adelante, porque el cristianismo tambi\u00e9n es sencillo.<\/strong> [\u2026]\u201d<\/em><span style=\"color: #0000ff;\"> <a style=\"color: #0000ff;\" href=\"#_ftn2\" name=\"_ftnref2\"><sup>[2]<\/sup><\/a><\/span><\/p>\n<p>2) Esta relaci\u00f3n es algo <strong><em>\u201ct\u00edpico\u201d<\/em><\/strong> de nuestra uni\u00f3n con Dios.\u00a0 En la conversaci\u00f3n del 1999, citada en la primera etapa, con los amigos musulmanes Chiara dec\u00eda: <em>\u201c[\u2026] Me parece casi obvio a est<\/em><em>e punto observar cu\u00e1nta uni\u00f3n con Dios se encuentra en los creyentes del Islam. Y esto, por tanto, me impulsa a comunicarles lo que fue, lo que es para nosotros la uni\u00f3n con Dios, y tambi\u00e9n el <strong>camino<\/strong> <strong>t\u00edpico<\/strong> por el cual \u00c9l nos ha conducido hacia S\u00ed. Ante todo tuvimos siempre la convicci\u00f3n de que nuestra espiritualidad debe llevar a una grande uni\u00f3n con Dios, justo porque es &#8220;espiritualidad de la unidad&#8221;. Unidad es la palabra que resume toda nuestra espiritualidad. Unidad con Dios y unidad con los hermanos. Y espec\u00edficamente como <strong>nuestr<\/strong><strong>a t\u00edpico camino<\/strong>: <strong>unidad con los hermanos para alcanzar la unidad con Dios.<\/strong> <strong>El Esp\u00edritu, de hecho, nos revel\u00f3 un camino completamente nuestro, plenamente evang\u00e9lico, para unirnos con Dios. Nosotros, en general, no Lo buscamos y no Lo encontramos enseguida en lo profundo de nuestro coraz\u00f3n o en la naturaleza. <\/strong><strong>Sino que Lo encontramos amando al hermano. S\u00f3lo de este modo tenemos garantizada la unidad con \u00c9l, Lo descubrimos vivo y palpitante en nuestro coraz\u00f3n.<\/strong> Y es esta unidad con Dios lo que nos empuja, a su vez, hacia los hermanos, que nos ayuda a hacer que nuestro amor por ellos no sea superficial, sino radical, pleno, completo, dispuesto siempre a dar la vida por ellos. [\u2026] \u201c<\/em><span style=\"color: #0000ff;\"> <a style=\"color: #0000ff;\" href=\"#_ftn3\" name=\"_ftnref3\"><sup>[3]<\/sup><\/a><\/span><\/p>\n<p>3) En la conversaci\u00f3n del 2004 durante el simposio Ind\u00fa-Cristiano, que citamos arriba, Chiara da un ejemplo tomado de su historia, un ejemplo que es muy conocido por los gen4. Chiara lo cuenta as\u00ed: <em>\u201c[\u2026] <strong>A fuerza de amar al hermano<\/strong>, amar al hermano, a todos los hermanos, a todos los hermanos, de <\/em><em>cualquier raza, de cualquier religi\u00f3n, de cualquier color, a fuerza\u2026 al final, <strong>se llega a una uni\u00f3n <\/strong><strong>constante con Dios. \u00bfQu\u00e9 quiere decir? Que siento que puedo hablarle porque \u00e9l me oye, y \u00e9l me habla y yo lo oigo. Ustedes dir\u00e1n: &#8220;\u00bfPero como te habla, Chiara?&#8221; Les doy un ejemplo.<\/strong> Yo ten\u00eda 23 a\u00f1os y todav\u00eda no conoc\u00eda mi camino, lo que Dios quer\u00eda de m\u00ed: si deb\u00eda casarme, o entrar a un convento o quedarme virgen en el mundo; no sab\u00eda. Estaba en casa con mis hermanitas y mi mam\u00e1. Era un d\u00eda fr\u00edo, muy fr\u00edo. Nosotros \u00e9ramos bastante pobres y ten\u00edamos que ir todos los d\u00edas con una botella a recoger la leche a dos kil\u00f3metros, a una finca. Mi mam\u00e1 quer\u00eda que yo estudiara siempre, que no hiciera los quehaceres de la casa; mientras que esos quehaceres de la casa los deb\u00edan hacer mis hermanitas. Mi mam\u00e1 le dijo a una, a la m\u00e1s grande: &#8220;Ve a traer la leche.&#8221; &#8220;\u00a1Mam\u00e1, con este fr\u00edo, imposible! No lo puedo hacer; hay escarcha, hay hielo&#8221;; estamos en el Norte de Italia, en Trento. Y mi mam\u00e1 entonces le dijo a la otra: &#8220;Pues &#8211; dice -: ve t\u00fa.&#8221; &#8220;Pero es imposible, \u00bfc\u00f3mo le hago?&#8221; <strong>Entonces yo, con la idea de hacer un acto de amor \u2013 porque es siempre en el amor que Dios se manifiesta, como les dec\u00eda ayer -: &#8220;Mam\u00e1, d\u00e9jame ir a m\u00ed&#8221;<\/strong>, dije. Y mi mam\u00e1, no pudiendo hacer otra cosa, me dio la botella y me fui. Era una sendero muy recto y llevaba a un capitel, es decir (una) media capillita, que ten\u00eda una Virgencita y se llamaba la localidad de la Virgen Blanca, porque era blanca. A medio camino advierto como si \u2013 pero no era algo f\u00edsico sino espiritual-, como si el cielo se abriera y escuch\u00e9 una voz. <strong>Sent\u00ed que Dios me dec\u00eda: &#8220;Date toda a m\u00ed.&#8221;<\/strong> Despu\u00e9s regres\u00e9, habl\u00e9 en seguida con mi padre espiritual, quien dijo: &#8220;Esta es una persona llamada por Dios&#8221; y me dej\u00f3 hacer el vuelo hacia Dios, o sea la consagraci\u00f3n a Dios. Esto es explicarles que realmente se oye a Dios [\u2026] \u201c<\/em>\u00a0<span style=\"color: #0000ff;\"> <a style=\"color: #0000ff;\" href=\"#_ftn4\" name=\"_ftnref4\"><sup>[4]<\/sup><\/a><\/span><\/p>\n<p>4) En el 1988 en cambio, dirigi\u00e9ndose a los focolarinos, Chiara hab\u00eda destacado este aspecto &#8211; uni\u00f3n con Dios y amor al hermano \u2013 en la vida de la Virgen, hablando de la: <em>\u201c[\u2026] <strong>visita a santa Isabel<\/strong>. <strong>La Virgen fu\u00e9 no para cantar el &#8220;Magnificat&#8221;, lo sabemos: fu<\/strong><\/em><strong><em>\u00e9 para amar<\/em><\/strong><em>. Pero, como encontr\u00f3 un alma abierta, le dijo en seguida todo: &#8220;Mi alma canta la grandeza del Se\u00f1or y mi esp\u00edritu exulta en Dios, mi Salvador, porque ha mirado la humildad de su sierva. Desde ahora todas las generaciones me llamar\u00e1n feliz\u201d. <strong>Y ah\u00ed cont\u00f3 a Isabel, como sabemos, su estupenda experiencia. Y en esta experiencia, por las palabras de esta experiencia, se entiende como Cristo, que viv\u00eda en ella, <\/strong><strong>permite mirar el pasado de la historia, el presente y el futuro iluminados por su luz<\/strong>. [\u2026]<\/em>\u201d<span style=\"color: #0000ff;\"> <a style=\"color: #0000ff;\" href=\"#_ftn5\" name=\"_ftnref5\"><sup>[5]<\/sup><\/a><\/span><\/p>\n<p>Las palabras dichas por Isabel a Mar\u00eda resuenan cada vez que recitamos el Ave Mar\u00eda y en el rosario podemos dirigir tambi\u00e9n nosotros esta alabanza a Maria, como recordaba Chiara en el discurso de 1988 sobre \u201coraci\u00f3n en familia\u201d, citado en etapas precedentes: <em>\u201c[\u2026]<strong>&#8220;<\/strong><\/em><strong><em>Dios te salve Mar\u00eda, llena eres de gracia&#8230; bendita eres entre todas las mujeres&#8230;&#8221;. Y quien tiene solo un poco de amor por ella en el coraz\u00f3n lo hace con gusto, porque quien ama no se cansa nunca de decir a la persona amada palabras de amor.<\/em><\/strong><em> Mar\u00eda adem\u00e1s es la tesorera de todas las gracias y a ella podemos pedir lo que m\u00e1s preocupa a nuestro coraz\u00f3n humano: una mirada suya sobre el hoy que vivimos y sobre la hora de nuestra muerte. <strong>Tambi\u00e9n<\/strong> <strong>hoy<\/strong> <strong>la Iglesia aconseja el (rezo del) rosario. Pero, si eso fuera demasiado, \u00bfno se podr\u00e1n recitar por lo menos, para tal Madre, diez &#8220;Ave Mar\u00edas&#8221; cada d\u00eda?<\/strong> [\u2026]\u201d <span style=\"color: #0000ff;\"><a style=\"color: #0000ff;\" href=\"#_ftn6\" name=\"_ftnref6\"><sup>[6]<\/sup><\/a><\/span><\/em><\/p>\n<p><strong><span style=\"color: #ff6600;\">B) Objetivos del encuentro GEN4<\/span><\/strong><\/p>\n<p>-Descubrir que cuando amamos logramos o\u00edr mejor la voz de Dios (N.B.: este es el objetivo espec\u00edfico de esta etapa. En la 3a. ser\u00e1 m\u00e1s central la figura de Mar\u00eda)<\/p>\n<p>&#8211; Comprender c\u00f3mo la relaci\u00f3n con Dios y el amor al hermano se alimentan rec\u00edprocamente<\/p>\n<p><strong><span style=\"color: #ff6600;\">C) Contenidos del encuentro GEN4: gotas de luz con la Sagrada Escritura y con la Espiritualidad (respuestas\/historia de Chiara)<\/span><\/strong><\/p>\n<p><span style=\"color: #ff6600;\"><strong>Sagrada Escritura: <\/strong><\/span><\/p>\n<p><strong>-Anunciaci\u00f3n y visita a Santa Isabel: <\/strong>Mar\u00eda oye la llamada de Dios y de inmediato se pone a amar yendo a ayudar a su prima lsabel. Y con este acto de amor Dios le hace entender muchas cosas bell\u00edsimas.<strong><span style=\"color: #008000;\"> (Anexo C1)<\/span><\/strong><\/p>\n<p><span style=\"color: #ff6600;\"><strong>Espiritualidad:<\/strong><\/span><\/p>\n<p><em>&#8211;<\/em><strong> Historia de Chiara: <span style=\"color: #008000;\">(Anexo C2)<\/span><\/strong> \u2013 <strong>Cuando se hacen los actos de amor suceden cosas bonitas<\/strong><\/p>\n<p><em><u>Narradora<\/u><\/em><em>:<\/em> Chiara ha crecido. Ha estudiado para ser maestra de escuela primaria. Ha dado clases durante un a\u00f1o en una peque\u00f1a escuela en la monta\u00f1a, pero despu\u00e9s ha proseguido los estudios, y ahora est\u00e1 en su casa, con sus hermanitas y su mam\u00e1.<span style=\"color: #0000ff; font-size: 14px;\"><a style=\"color: #0000ff;\" href=\"#_ftn7\" name=\"_ftnref7\">[7]<\/a><\/span><\/p>\n<p>Hoy es un d\u00eda muy fr\u00edo de invierno. La mam\u00e1 ve que se ha terminado la leche. En esa \u00e9poca, para comprarla, hab\u00eda que recorrer un largo camino a pie, hasta la granja, llevando la botella para llenarla.<\/p>\n<p>Las hermanitas m\u00e1s peque\u00f1as est\u00e1n jugando, pero Chiara se da cuenta de que no quieren salir, porque hace fr\u00edo y es dif\u00edcil. As\u00ed, aunque ten\u00eda que estudiar, siente dentro las ganas de hacer un acto de amor y dice enseguida: \u201c\u00a1Voy yo, mam\u00e1, con la botella a por la leche!\u201d.<\/p>\n<p>Se abriga bien, sale, y empieza a caminar. Cuando est\u00e1 a mitad del camino, precisamente en un punto que se llama \u201cVirgen Blanca\u201d, Chiara oye, no con los o\u00eddos sino con el coraz\u00f3n, como si Dios le dijese: \u201c\u00a1Entr\u00e9gate totalmente a m\u00ed! S\u00e9 toda m\u00eda, entr\u00e9gate totalmente a m\u00ed.\u201d Y Chiara responde: \u201cS\u00ed\u201d. Y experimenta una gran, grand\u00edsima alegr\u00eda.<\/p>\n<p><em>\u201cDespu\u00e9s comprend\u00ed que cuando se hacen los actos de amor suceden las cosas bonitas. Como yo hice el acto de amor de ir a buscar la leche con la botella, Jes\u00fas me llam\u00f3, me llam\u00f3 a seguirlo para siempre\u201d<\/em><span style=\"color: #0000ff; font-size: 14px;\"> <a style=\"color: #0000ff;\" href=\"#_ftn8\" name=\"_ftnref8\">[8]<\/a><\/span><\/p>\n<p><strong>&#8211; <\/strong><strong>Respuest de Chiara <span style=\"color: #008000;\">(Anexo C3):<\/span><\/strong><\/p>\n<p><strong>Gen 4:<\/strong> Hola Chiara, soy Francesco de Sicilia. &#8220;\u00bfCu\u00e1ndo rezas el rosario no te da sue\u00f1o?&#8221;<span style=\"color: #0000ff;\"> <a style=\"color: #0000ff;\" href=\"#_ftn9\" name=\"_ftnref9\"><sup>[9]<\/sup><\/a><\/span><\/p>\n<p><strong>Chiara:<\/strong> [\u2026] \u00bfCu\u00e1ndo rezas el rosario, no te da sue\u00f1o? Miren gen 4, somos todos gen, pero ustedes son gen 4, yo soy gen 1 y soy mucho m\u00e1s grande, m\u00e1s adulta. Entonces, naturalmente, me da mucho menos sue\u00f1o que a ustedes. El rosario me gusta y \u00bfsaben por qu\u00e9? Porque una vez la Virgen, cuando estaba esperando al ni\u00f1o Jes\u00fas fue a visitar a santa Isabel. Y apenas santa Isabel la vio, le dijo: &#8220;toda la gente te llamar\u00e1 feliz; feliz de ti porque eres la mam\u00e1 de Jes\u00fas, feliz de ti, feliz de ti&#8221;. Ahora bien, ya que en las &#8216;Avemar\u00eda&#8217; del rosario decimos precisamente esto: &#8220;bendita t\u00fa eres entre las mujeres, bendita t\u00fa eres entre todas las mujeres&#8221;; e Isabel le dijo: &#8220;Todos te llamar\u00e1n feliz&#8221;, yo me siento una de esos &#8216;todos&#8217; y entonces estoy contenta de repetir muchas veces: &#8220;Bendita t\u00fa eres entre todas las mujeres, bendita t\u00fa eres entre las mujeres&#8221;. Entonces, me gusta decirle as\u00ed a la Virgen.\u00a0 Pero los ni\u00f1os, los gen 4, no es necesario que digan el rosario entero. Basta que digan diez Avemar\u00eda o tambi\u00e9n cinco, dichas bien, valen m\u00e1s cinco Avemar\u00eda dichas bien que un rosario dicho, tal vez, con sue\u00f1o. [\u2026] (Aplausos).<\/p>\n<p><strong><span style=\"color: #ff6600;\">D) Ideas y otros materiales para realizar el encuentro:<\/span> <span style=\"color: #008000;\">Anexos D<\/span><\/strong><\/p>\n<p><strong>___________________________________________________________________________________________________________<\/strong><\/p>\n<p><span style=\"color: #0000ff;\"><a style=\"color: #0000ff;\" href=\"#_ftnref1\" name=\"_ftn1\"><span style=\"font-size: 14px;\">[1]<\/span><\/a><\/span><span style=\"font-size: 14px;\"> C. Lubich, Tokyo (Giappone), 28 diciembre 1981, a los miembros de la Rissho Kosei Kai, <em>&#8220;Mi experiencia espiritual&#8221;<\/em><\/span><\/p>\n<p><span style=\"font-size: 14px;\"><a href=\"#_ftnref2\" name=\"_ftn2\"><span style=\"color: #0000ff;\">[2]<\/span><\/a> C. Lubich, Castel Gandolfo, 18 abril 2004, al Simposio hind\u00fa-cristiano, <em>&#8220;La uni\u00f3n con Dios&#8221;<\/em><\/span><\/p>\n<p><span style=\"font-size: 14px;\"><span style=\"color: #0000ff;\"><a style=\"color: #0000ff;\" href=\"#_ftnref3\" name=\"_ftn3\">[3]<\/a><\/span>C. Lubich, Castel Gandolfo, 25 octubre 1999, encuentro amigos musulmanes, <em>\u201cLa oraci\u00f3n, meditaci\u00f3n y uni\u00f3n con Dios\u201d<\/em><\/span><\/p>\n<p><span style=\"font-size: 14px;\"><span style=\"color: #0000ff;\"><a style=\"color: #0000ff;\" href=\"#_ftnref4\" name=\"_ftn4\">[4]<\/a> <\/span>C. Lubich, Castel Gandolfo, 18 abril 2004, al Simposio hind\u00fa-cristiano, <em>&#8220;La uni\u00f3n con Dios&#8221;<\/em><\/span><\/p>\n<p><span style=\"font-size: 14px;\"><span style=\"color: #0000ff;\"><a style=\"color: #0000ff;\" href=\"#_ftnref5\" name=\"_ftn5\">[5]<\/a> <\/span>C. Lubich, Castel Gandolfo, 23 diciembre 1988, a los focolarinos, <em>La &#8220;Via Mariae&#8221;<\/em><\/span><\/p>\n<p><span style=\"font-size: 14px;\"><span style=\"color: #0000ff;\"><a style=\"color: #0000ff;\" href=\"#_ftnref6\" name=\"_ftn6\">[6]<\/a> <\/span>C. Lubich, Faenza, 10 abril 1988, a las familias, <em>\u201cLa oraci\u00f3n en familia\u201d<\/em><\/span><\/p>\n<p><span style=\"font-size: 14px;\"><span style=\"color: #0000ff;\"><a style=\"color: #0000ff;\" href=\"#_ftnref7\" name=\"_ftn7\">[7]<\/a> <\/span>Cf. C. Lubich, Castelgandolfo, 28 abril 1992, Congreso Gen 4<em>, respuesta n\u00b0 3<\/em><\/span><\/p>\n<p><span style=\"font-size: 14px;\"><span style=\"color: #0000ff;\"><a style=\"color: #0000ff;\" href=\"#_ftnref8\" name=\"_ftn8\">[8]<\/a> <\/span>C. Lubich, Castelgandolfo, 28 abril 1992, Congreso Gen 4,<em> respuesta n\u00b0 3<\/em><\/span><\/p>\n<p><span style=\"font-size: 14px;\"><span style=\"color: #0000ff;\"><a style=\"color: #0000ff;\" href=\"#_ftnref9\" name=\"_ftn9\">[9]<\/a><\/span> C. Lubich, Castelgandolfo, 28.4.1992, <em>Congreso Gen 4, respuesta n\u00b0 5<\/em><\/span><\/p>\n<p>&nbsp;<\/p>\n","protected":false},"excerpt":{"rendered":"<p>Cuando hago un acto de amor suceden cosas lindas A)Para los &#8230; <\/p>\n","protected":false},"author":486,"featured_media":12263,"comment_status":"closed","ping_status":"closed","template":"page.php","meta":{"__wpdm_changelog":[]},"wpdmcategory":[505],"wpdmtag":[],"class_list":["post-12250","wpdmpro","type-wpdmpro","status-publish","has-post-thumbnail","hentry","wpdmcategory-hoy-descubri-el-cielo-union-con-dios-y-oracion-2022-2023"],"_links":{"self":[{"href":"https:\/\/gen4.focolare.org\/pt-br\/wp-json\/wp\/v2\/wpdmpro\/12250","targetHints":{"allow":["GET"]}}],"collection":[{"href":"https:\/\/gen4.focolare.org\/pt-br\/wp-json\/wp\/v2\/wpdmpro"}],"about":[{"href":"https:\/\/gen4.focolare.org\/pt-br\/wp-json\/wp\/v2\/types\/wpdmpro"}],"author":[{"embeddable":true,"href":"https:\/\/gen4.focolare.org\/pt-br\/wp-json\/wp\/v2\/users\/486"}],"replies":[{"embeddable":true,"href":"https:\/\/gen4.focolare.org\/pt-br\/wp-json\/wp\/v2\/comments?post=12250"}],"wp:featuredmedia":[{"embeddable":true,"href":"https:\/\/gen4.focolare.org\/pt-br\/wp-json\/wp\/v2\/media\/12263"}],"wp:attachment":[{"href":"https:\/\/gen4.focolare.org\/pt-br\/wp-json\/wp\/v2\/media?parent=12250"}],"wp:term":[{"taxonomy":"wpdmcategory","embeddable":true,"href":"https:\/\/gen4.focolare.org\/pt-br\/wp-json\/wp\/v2\/wpdmcategory?post=12250"},{"taxonomy":"wpdmtag","embeddable":true,"href":"https:\/\/gen4.focolare.org\/pt-br\/wp-json\/wp\/v2\/wpdmtag?post=12250"}],"curies":[{"name":"wp","href":"https:\/\/api.w.org\/{rel}","templated":true}]}}