{"id":12795,"date":"2023-05-01T18:12:21","date_gmt":"2023-05-01T17:12:21","guid":{"rendered":"https:\/\/gen4.focolare.org\/?post_type=wpdmpro&#038;p=12795"},"modified":"2024-02-22T11:47:53","modified_gmt":"2024-02-22T10:47:53","slug":"05_-hoje-descobri-o-ceu-etapa-n-5","status":"publish","type":"wpdmpro","link":"https:\/\/gen4.focolare.org\/pt-br\/download\/05_-hoje-descobri-o-ceu-etapa-n-5\/","title":{"rendered":"05_\u00a0Hoje descobri o C\u00e9u: Etapa n. 5"},"content":{"rendered":"<p style=\"text-align: center;\"><span style=\"color: #ff6600;\"><strong><em>Rezar como Jesus nos ensinou<\/em><\/strong><\/span><\/p>\n<p><span style=\"color: #ff6600;\"><strong>A) Para os assistentes. <\/strong><strong>Ideias dos temas de Chiara: <em>&#8220;Abba, Pai!&#8221;<\/em> <\/strong><\/span><\/p>\n<ul>\n<li>Entre as muitas conversas em que Chiara fala de Deus como Pai e nos ensina a falar com Ele, citamos um trecho do discurso, j\u00e1 mencionado na etapa anterior, feito por Chiara em 1998 aos focolarinos: <strong><em>\u201c[\u2026] Mas h\u00e1 no Movimento &#8211; aqui digo &#8211; uma ora\u00e7\u00e3o que com as infinitas riquezas divinas que cont\u00e9m est\u00e1 toda contida em uma palavra, em uma \u00fanica palavra, que Jesus nos falou e nos ensinou, que o Esp\u00edrito Santo p\u00f5e em nossos l\u00e1bios.<\/em><\/strong><strong><em> Jesus rezava, rezava para seu Pai<\/em><\/strong><em>; para ele o Pai &#8211; \u00e9 uma coisa nova, ningu\u00e9m o conhecia assim &#8211; era &#8220;Abb\u00e0&#8221;, isto \u00e9, o papai, o pai, a quem se dirigia com maneiras de infinita intimidade e amor sem limites &#8211; porque tinha confian\u00e7a em seu amor, mas ele tamb\u00e9m o amava -; ele rezava estando no seio da Trindade, onde \u00e9 a segunda Pessoa divina. Mas, j\u00e1 que veio \u00e0 Terra&#8230; Eu entendo Jesus, eu o&#8230; &#8211; outro dia lendo este tema para vir a voc\u00eas &#8211; eu entendo Jesus, porque ele desceu do Para\u00edso, daquelas maravilhas que est\u00e3o no C\u00e9u &#8211; basta ouvir aquelas poucas coisas que o Esp\u00edrito Santo nos sugeriu &#8211; ele quis nos dar tamb\u00e9m as suas coisas; Eu o entendo, faria o mesmo, porque sou impulsionada por ele. Mas quem \u00e9 que n\u00e3o&#8230; (aplausos). \u00c9 um desejo, um desejo sobrenatural de fazer os outros participarem tamb\u00e9m, se eu tiver uma alegria, que os outros tamb\u00e9m a tenham. Voc\u00eas n\u00e3o acham, popos? Voc\u00eas tamb\u00e9m podem senti-la. <strong>Mas visto que veio \u00e0 terra por amor a n\u00f3s, n\u00e3o lhe bastou estar nesta situa\u00e7\u00e3o privilegiada de ora\u00e7\u00e3o &#8211; mesmo no seio do Pai, que ama o Pai -, morrendo por n\u00f3s, redimindo-nos, fez-nos filhos de Deus como ele, seus irm\u00e3os, e tamb\u00e9m nos deu, pelo Esp\u00edrito, a possibilidade de sermos introduzidos no seio da Trindade nele, com ele, por meio dele.<\/strong> Para que, atrav\u00e9s dele, de Jesus Eucaristia, para que essa invoca\u00e7\u00e3o fosse poss\u00edvel tamb\u00e9m para n\u00f3s: &#8220;Abba, Pai!&#8221; Pai, meu papai!, quer dizer, o nosso pai, com tudo o que isso implica: abandono total ao seu amor&#8230; isso \u00e9 importante! Este ano que \u00e9 o ano do Pai, este abandonar-se, tendo certeza, enviando-Lhe todas as preocupa\u00e7\u00f5es; Isso \u00e9 importante! Abandono total&#8230; A certeza da sua prote\u00e7\u00e3o: tenho um pai, agora \u00e9 in\u00fatil, eu consigo, eu consigo; Tenho um pai que me garante a sua prote\u00e7\u00e3o, tenho certeza. Depois claro que n\u00e3o \u00e9 simples viver assim! mas me d\u00e1 consola\u00e7\u00f5es divinas, for\u00e7a, ardor que nasce no cora\u00e7\u00e3o de quem tem certeza de ser amado. <strong>Esta \u00e9 a ora\u00e7\u00e3o crist\u00e3 t\u00edpica, esta ora\u00e7\u00e3o aqui: &#8220;Abba, Pai!&#8221;<\/strong> Talvez possa acontecer que, durante algum Pai Nosso do Ter\u00e7o, eu esteja distra\u00edda; ent\u00e3o concluo: &#8220;Abba, Pai!&#8221; e sinto que isso resume todo o Pai Nosso. [\u2026]\u201d<\/em><span style=\"color: #0000ff;\"> <a style=\"color: #0000ff;\" href=\"#_ftn1\" name=\"_ftnref1\">[1]<\/a><\/span><\/li>\n<\/ul>\n<p><strong><span style=\"color: #ff6600;\">B) Objetivos do Encontro Gen4<\/span><\/strong><\/p>\n<p>-Descobrir a beleza da ora\u00e7\u00e3o que Jesus nos ensinou e como Ele nos ajuda a saber quem \u00e9 Deus, Seu Pai e nosso Pai<\/p>\n<p><strong><span style=\"color: #ff6600;\">C) Conte\u00fado do encontro Gen4: gotas de luz com a Sagrada Escritura<\/span><\/strong><\/p>\n<p><strong><span style=\"color: #ff6600;\">Sagrada Escritura<em>:<\/em><\/span><\/strong><\/p>\n<p><strong><em>&#8211; <\/em><\/strong><strong><em>Epis\u00f3dio de Jesus com os disc\u00edpulos: <\/em><\/strong><em>\u00faltima parte em que ensina o Pai Nosso <\/em><strong><span style=\"color: #008000;\">(Anexo C1)<\/span><\/strong><\/p>\n<p><strong><em>&#8211; Epis\u00f3dio do Pai misericordioso <\/em><\/strong><em>(para descobrir juntos como \u00e9 o amor do Pai por n\u00f3s e, portanto, como deve ser o nosso amor por todos: &#8220;perdoa-nos as nossas ofensas, assim como n\u00f3s perdoamos a quem nos tem ofendido&#8221;) <\/em><strong><span style=\"color: #008000;\">(Anexo C2)<\/span><\/strong><\/p>\n<p>&nbsp;<\/p>\n<p><span style=\"color: #ff6600;\"><strong>D) Ideias e outros materiais para a condu\u00e7\u00e3o do encontro<\/strong> <\/span><strong><span style=\"color: #008000;\">(Anexos D)<\/span><\/strong><\/p>\n<p>__________________________________________________________________________________<\/p>\n<p>&nbsp;<\/p>\n<p><span style=\"color: #0000ff;\"><a style=\"color: #0000ff;\" href=\"#_ftnref1\" name=\"_ftn1\"><span style=\"font-size: 14px;\">[1]<\/span><\/a><\/span><span style=\"font-size: 14px;\"> C. Lubich, Castel Gandolfo, 24 de dezembro de 1998, aos focolarinos, \u201c<em>V\u00b0 tema della spiritualit\u00e0 collettiva \u2013 III\u00b0 aspetto: &#8216;L&#8217;amore eleva'&#8221;<\/em><\/span><\/p>\n<p>&nbsp;<\/p>\n","protected":false},"excerpt":{"rendered":"<p>Rezar como Jesus nos ensinou A) Para os assistentes. Ideias dos &#8230; <\/p>\n","protected":false},"author":486,"featured_media":17523,"comment_status":"closed","ping_status":"closed","template":"page.php","meta":{"__wpdm_changelog":[]},"wpdmcategory":[492],"wpdmtag":[],"class_list":["post-12795","wpdmpro","type-wpdmpro","status-publish","has-post-thumbnail","hentry","wpdmcategory-hoje-descobri-o-ceu-uniao-com-deus-e-oracao-2022-2023"],"_links":{"self":[{"href":"https:\/\/gen4.focolare.org\/pt-br\/wp-json\/wp\/v2\/wpdmpro\/12795","targetHints":{"allow":["GET"]}}],"collection":[{"href":"https:\/\/gen4.focolare.org\/pt-br\/wp-json\/wp\/v2\/wpdmpro"}],"about":[{"href":"https:\/\/gen4.focolare.org\/pt-br\/wp-json\/wp\/v2\/types\/wpdmpro"}],"author":[{"embeddable":true,"href":"https:\/\/gen4.focolare.org\/pt-br\/wp-json\/wp\/v2\/users\/486"}],"replies":[{"embeddable":true,"href":"https:\/\/gen4.focolare.org\/pt-br\/wp-json\/wp\/v2\/comments?post=12795"}],"wp:featuredmedia":[{"embeddable":true,"href":"https:\/\/gen4.focolare.org\/pt-br\/wp-json\/wp\/v2\/media\/17523"}],"wp:attachment":[{"href":"https:\/\/gen4.focolare.org\/pt-br\/wp-json\/wp\/v2\/media?parent=12795"}],"wp:term":[{"taxonomy":"wpdmcategory","embeddable":true,"href":"https:\/\/gen4.focolare.org\/pt-br\/wp-json\/wp\/v2\/wpdmcategory?post=12795"},{"taxonomy":"wpdmtag","embeddable":true,"href":"https:\/\/gen4.focolare.org\/pt-br\/wp-json\/wp\/v2\/wpdmtag?post=12795"}],"curies":[{"name":"wp","href":"https:\/\/api.w.org\/{rel}","templated":true}]}}