{"id":12797,"date":"2023-05-01T18:19:43","date_gmt":"2023-05-01T17:19:43","guid":{"rendered":"https:\/\/gen4.focolare.org\/?post_type=wpdmpro&#038;p=12797"},"modified":"2024-02-22T11:46:22","modified_gmt":"2024-02-22T10:46:22","slug":"07_-hoje-descobri-o-ceu-etapa-n-7","status":"publish","type":"wpdmpro","link":"https:\/\/gen4.focolare.org\/pt-br\/download\/07_-hoje-descobri-o-ceu-etapa-n-7\/","title":{"rendered":"07_\u00a0Hoje descobri o C\u00e9u: Etapa n. 7"},"content":{"rendered":"<p style=\"text-align: center;\"><span style=\"color: #ff6600;\"><strong><em>&#8220;A atmosfera do c\u00e9u&#8221;<\/em><\/strong><\/span><\/p>\n<p><span style=\"color: #ff6600;\"><strong>A) Para os assistentes. <\/strong><strong>Ideias dos temas de Chiara:<\/strong><\/span><\/p>\n<p>Na primeira etapa falamos sobre a <em>&#8220;nostalgia do Para\u00edso&#8221;,<\/em> onde estaremos sempre com Ele. Mas a partir de agora podemos viver essa realidade do C\u00e9u. Mencionamos dois aspectos destacados por Chiara:<\/p>\n<ul>\n<li><strong>A uni\u00e3o com Deus e a presen\u00e7a de Jesus na Eucaristia.<\/strong><\/li>\n<\/ul>\n<p>Foi da seguinte maneira que ela falou a respeito aos Bispos amigos do Movimento numa conversa em 2004: <em>\u201c[\u2026] <strong>Outra forma de gerar a uni\u00e3o com Deus \u00e9 a presen\u00e7a de Jesus Eucaristia.<\/strong> Essa \u00e9 uma experi\u00eancia feita: &#8220;H\u00e1 poucos dias comecei <strong>uma vida de uni\u00e3o mais intensa com Deus.<\/strong> O fato \u00e9 que Ele mora na minha casa, est\u00e1 al\u00e9m da minha porta e percebo que Ele trabalha. <strong>Ele se faz sentir muito delicadamente, mas se O acolher, ocupa mais espa\u00e7o, <\/strong>deixando a alma mais propensa a quase se acostumar com essa conviv\u00eancia divina.\u201d Trabalhamos, mas estamos com Ele. [&#8230;]&#8221;<span style=\"color: #0000ff;\"><a style=\"color: #0000ff;\" href=\"#_ftn1\" name=\"_ftnref1\">[1]<\/a><\/span><\/em><\/p>\n<ul>\n<li><strong><em>A uni\u00e3o com <\/em><em>Deus e a presen\u00e7a de Jesus entre n\u00f3s atrav\u00e9s do amor rec\u00edproco.<\/em><\/strong><\/li>\n<\/ul>\n<p>Em 1990, num Collegamento CH, Chiara havia falado dos dons \u201c<strong><em>espirituais<\/em><\/strong>,<strong><em> inevit\u00e1veis, onde Jesus est\u00e1 entre n\u00f3s\u201d.<\/em> <\/strong>Chiara estava na Mari\u00e1polis Luminosa, mari\u00e1polis permanente do Movimento perto de Nova York, onde naqueles dias, com v\u00e1rias pessoas, fez uma intensa experi\u00eancia da presen\u00e7a de Jesus, &#8220;do Reino de Deus&#8221;. Chiara disse que esa realidade do <strong><em>\u201cj\u00e1\u201d <\/em><\/strong>era t\u00e3o forte, que <em>\u201c[\u2026] n\u00e3o faltaram express\u00f5es como estas: <strong>\u201cSe o C\u00e9u \u00e9 assim, j\u00e1 \u00e9 suficiente!\u201d; <\/strong>&#8220;Esta \u00e9 a eternidade&#8221; [&#8230;]&#8221; <\/em>Mais tarde continuou explicando como: <em>&#8220;[&#8230;] o &#8220;j\u00e1&#8221;, o &#8220;j\u00e1&#8221; do Reino irradiava tanto de todos, dos focolarinos e focolarinas, que poder\u00edamos admirar neles tamanha dignidade, beleza, liberdade, harmonia para recordar as palavras: \u201cA gl\u00f3ria de Deus \u00e9 o homem vivo\u201d. Nesse clima, ent\u00e3o, observou-se mais uma vez como <strong>o C\u00e9u \u00e9 feito de C\u00e9us<\/strong> (Reino dos C\u00e9us); como em Deus, que \u00e9 Amor, tudo \u00e9 vida, nada \u00e9 est\u00e1tico e passa-se de realidade em realidade. [\u2026]\u201d<\/em><\/p>\n<p>E Chiara concluiu o pensamento do CH com estas palavras: <em>\u201c[\u2026] E ent\u00e3o s\u00f3 resta o desejo de encorajar todos n\u00f3s a continuar com energia dobrada, repetindo a todos n\u00f3s espalhados pelo mundo: n\u00e3o percamos tempo, vivamos o nosso Ideal com intensidade. <strong>Se abrirmos ao mundo a experi\u00eancia do Para\u00edso que j\u00e1 pode ser constru\u00eddo aqui embaixo, muitos acreditar\u00e3o no Para\u00edso l\u00e1 no alto.<\/strong> E o reflexo sobre a humanidade ser\u00e1 incalcul\u00e1vel. Como prop\u00f3sito para os pr\u00f3ximos quinze dias: viver sempre no sobrenatural. [\u2026]\u201d<\/em><span style=\"color: #0000ff;\"> <a style=\"color: #0000ff;\" href=\"#_ftn2\" name=\"_ftnref2\">[2]<\/a><\/span><\/p>\n<p>Em 2004, ela fala aos focolarinos da Uni\u00e3o com Deus e da Cultura da Ressurrei\u00e7\u00e3o. \u00c9 aquela uni\u00e3o com Deus, que ela diz, <strong><em>&#8220;tipicamente nossa&#8221;,<\/em> <\/strong>que voc\u00ea pode sentir com <em>\u201c[\u2026] os sentidos da alma, porque a alma tem os sentidos assim como o corpo tem os seus sentidos [\u2026]\u201d.<\/em> Chiara fala de Jesus em Meio e diz: <em>&#8220;<strong>Todos voc\u00eas sabem quando est\u00e1 presente e principalmente quando n\u00e3o est\u00e1<\/strong>! E no focolare, nos n\u00facleos e nos congressos, todos voc\u00eas sabem. Como assim, &#8220;sabem&#8221;? Voc\u00eas sentem, <strong>sentem com os sentidos da alma <\/strong>se est\u00e1 ou n\u00e3o presente. E por que sentem? Porque o nosso rumo \u00e9 um caminho asc\u00e9tico e m\u00edstico ao mesmo tempo. O que significa? Asc\u00e9tico significa que requer o esfor\u00e7o do homem, porque para termos Jesus em meio devemos amar-nos uns aos outros, prontos a morrer pelo outro; por\u00e9m se a Eucaristia n\u00e3o vier para selar isto e fazer unidade e fazer com que Cristo esteja entre n\u00f3s, n\u00e3o haver\u00e1 unidade. \u00c9 asc\u00e9tico porque h\u00e1 o nosso esfor\u00e7o, \u00e9 m\u00edstico porque h\u00e1 a ajuda de Deus, e com a Eucaristia envia uma gra\u00e7a, para a qual h\u00e1 unidade e h\u00e1 Jesus em meio. Ent\u00e3o, se voc\u00eas sentem essa coisa quando est\u00e1 presente e quando n\u00e3o est\u00e1, voc\u00eas s\u00e3o ascetas e pequenos m\u00edsticos; \u00e9 assim, \u00e9 assim. [&#8230;] Enquanto isso, percebi que com o focolare ou com os n\u00facleos ou com as unidades Gen, etc., tendo&#8230; com Jesus em meio isso nunca diminui, \u00e9 suficiente manter esse fogo sempre aceso com o amor pelo outro, com o seu amor&#8230; \u00e9 isso, at\u00e9 morrer, ent\u00e3o isso nunca ir\u00e1 diminuir. \u00c9 isso, esta nova for\u00e7a que fortalece a sua vontade &#8211; que antes n\u00e3o existia &#8211; vem justamente dos dons do Esp\u00edrito, na presen\u00e7a de Deus. Esses s\u00e3o os dons do Esp\u00edrito, sendo&#8230; <strong>O que s\u00e3o os dons do Esp\u00edrito?<\/strong><strong> A atmosfera do c\u00e9u. <\/strong>[&#8230;]<strong>.<\/strong> <span style=\"color: #0000ff;\"><a style=\"color: #0000ff;\" href=\"#_ftn3\" name=\"_ftnref3\">[3]<\/a><\/span><\/em><\/p>\n<p><strong><span style=\"color: #ff6600;\">B) Objetivos do Encontro Gen4<\/span><\/strong><\/p>\n<p>&#8211; Descobrir a presen\u00e7a de Jesus na Eucaristia<\/p>\n<p>&#8211; Conhecer e experimentar Jesus em meio a n\u00f3s atrav\u00e9s do amor rec\u00edproco<\/p>\n<p><span style=\"color: #ff6600;\"><strong>C) Conte\u00fado do encontro Gen4: gotas de luz com a Sagrada Escritura e a Espiritualidade (Respostas de Chiara)<\/strong><\/span><\/p>\n<p><span style=\"color: #ff6600;\"><strong>Sagrada Escritura: <\/strong><\/span><\/p>\n<p><strong>Epis\u00f3dio da \u00daltima Ceia<\/strong>: os dons da Quinta-feira Santa. Falar em particular da Eucaristia e do amor rec\u00edproco (este epis\u00f3dio diz respeito a ambas as presen\u00e7as) <strong><span style=\"color: #008000;\">(Anexo C1)<\/span><\/strong><\/p>\n<p><strong>Epis\u00f3dio da Ressurrei\u00e7\u00e3o: <\/strong>Jesus permanece entre n\u00f3s se nos amarmos <strong><span style=\"color: #008000;\">(Anexo C2)<\/span><\/strong><\/p>\n<p><span style=\"color: #ff6600;\"><strong>Espiritualidade:<\/strong><\/span><\/p>\n<p><strong>Resposta de Chiara <span style=\"color: #008000;\">(Anexo C3):<\/span><\/strong><\/p>\n<p><strong><u>A presen\u00e7a de Jesus na Eucaristia<\/u><\/strong><\/p>\n<p><strong>\u201cOi, Chiara. Fa\u00e7o a pergunta de Valentina. &#8220;Querida Chiara, eu n\u00e3o tenho muita vontade de ir \u00e0 missa porque n\u00e3o entendo, Chiara, voc\u00ea poderia me explicar como voc\u00ea fez para gostar da missa?&#8221; <\/strong><span style=\"color: #0000ff;\"><a style=\"color: #0000ff;\" href=\"#_ftn4\" name=\"_ftnref4\">[4]<\/a><\/span><\/p>\n<p>Chiara:[\u2026] Aqui agora vou dizer algo um pouco longo, vou contar uma hist\u00f3ria um pouco longa [\u2026]. Ele me disse: &#8220;Eu n\u00e3o vou \u00e0 missa com muita vontade porque n\u00e3o entendo&#8221;. E eu entendo que ele n\u00e3o entende. Ent\u00e3o eu preciso explicar a voc\u00ea o que \u00e9 a Missa. A Missa, gen, \u00e9 mesmo Jesus que na cruz renova a sua paix\u00e3o e morte e a sua ressurrei\u00e7\u00e3o.<\/p>\n<p>Agora vou contar a hist\u00f3ria. Alguns anos atras um idoso, ele era alem\u00e3o da \u00c1ustria ou da Alemanha; ele era um sacerdote. Este sacerdote queria vir a Roma porque queria fazer uma romaria com penit\u00eancia, ent\u00e3o queria vir caminhando. Mas ele era um homem idoso: seu cabelo era todo branco, ele estava at\u00e8 curvado. E, quando chegou, depois de muitos dias de caminho, j\u00e0 estava perto de Roma, em Bolsena &#8211; esse lugar se chama Bolsena \u2013 ele pediu para poder celebrar a missa antes de ir para Roma. Mas, durante a missa, talv\u00e9s pelo cansa\u00e7o, come\u00e7ou a sentir uma d\u00favida dentro: &#8220;Mas \u00e9 verdade que Jesus est\u00e1 mesmo no altar? \u00c9 verdade que o corpo e o sangue de Jesus est\u00e1 no altar?&#8221; Ele, sentia que tinha essa d\u00favida que nunca a teve antes, sempre acreditou com f\u00e9, ent\u00e3o come\u00e7ou a suar, a chorar, a tremer, e n\u00e3o podia continuar com a missa porque tinha essa d\u00favida. As pessoas que assistiam a missa disseram: &#8220;Est\u00e1 doente, o padre est\u00e1 doente; ele n\u00e3o pode mais continuar&#8221;. Mas ele, com for\u00e7a, rezou e disse a Jesus: &#8220;Perdoe-me por esta d\u00favida; perdoe-me, tenha piedade de mim. Mas se quiser, mi d\u00e0 um sinal da sua presenza que este \u00e8 o teu sangue, que estais realmente aqui. &#8221; E ele rezou. Ent\u00e3o continuou a missa: fez a consagra\u00e7\u00e3o o Pai Nosso e depois&#8230; No cordeiro de Deus, que voc\u00eas ainda v\u00e3o aprender, e ent\u00e3o chega o momento em que ele teve que dividir o p\u00e3o, a h\u00f3stia, para poder comungar. Voc\u00eas sabem que os sacerdotes colocam umas toalhas no altar. Depois, em cima tem uma toalha pequena que \u00e9 chamada de &#8220;corporal&#8221; porque colocam em cima o Corpo de Cristo. Quando ele est\u00e1 para dividir o p\u00e3o, a h\u00f3stia sagrada, o que acontece? Eis que do p\u00e3o saem gotas de sangue, muitas gotas de sangue que escorrem e mancham o corporal e tamb\u00e9m saem do outro lado e depois at\u00e9 no ch\u00e3o escorrem essas manchas. Ele entendeu imediatamente o sinal: &#8220;Ent\u00e3o aqui dentro est\u00e1 Jesus; \u00e9 Jesus mesmo&#8221;. Ele tentou esconder, n\u00e3o mostrar para as pessoas. Mas o sangue estava em toda parte e todos tinham visto. Ent\u00e3o ele disse: &#8220;\u00c9 melhor eu dizer tudo.&#8221; Ent\u00e3o disse: &#8220;Queridos irm\u00e3os, confesso a voc\u00eas que eu tive uma d\u00favida terr\u00edvel. Pequei porque tive uma d\u00favida terr\u00edvel de que Jesus n\u00e3o estava aqui. Mas pedi a sua miseric\u00f3rdia, um sinal, pedi um sinal. E eis que Jesus me mostrou seu sangue em seu corpo. &#8220;Ent\u00e3o o povo come\u00e7ou a adorar Jesus que estava em seu corpo, na h\u00f3stia sant\u00edssima. E diziam a todos, e muitos vinham da tantos lugares. O Bispo, que estava em Orvieto, uma cidade al\u00ec perto, soube e disse: &#8220;Devemos trazer imediatamente o Sant\u00edssimo Sacramento, ou seja, o corpo ensanguentado de Jesus, devemos traz\u00ea-lo aqui para Orvieto, na cidade principal.&#8221; Ent\u00e3o o padre, com a ajuda de um outro padre, pegou o corpo de Jesus e colocaram sobre um baldaquino, carregado por algumas pessoas, e levaram o corpo de Jesus em prociss\u00e3o para Orvieto. Ent\u00e3o, todas as crian\u00e7as vieram e jogaram flores das varandas, eles jogaram flores em Jesus para festejar e si vestiram com roupas coloridas e brilhantes; e as crian\u00e7as pequenas estavam ao redor de Jesus, vestidas de anjinhos, dan\u00e7ando e festejando. Isso aconteceu em Bolsena. Portanto, Jesus est\u00e1 realmente presente na Santa Missa. Mas Gen 4, quando voc\u00eas crescerem, v\u00e3o entender muitas outras coisas. (Aplausos)<\/p>\n<p><strong><u>A presen\u00e7a de Jesus entre n\u00f3s se nos amamos<\/u><\/strong><\/p>\n<p><strong><em>\u201cJesus ressuscitou! Ele permanece conosco se nos amarmos. Chiara&#8221; <\/em><\/strong>(Lubich C., em <em>Gen4,<\/em> n. 3-4 mar\u00e7o-abril de 1981, p.5)<\/p>\n<p><strong>Resposta de Chiara:<\/strong><\/p>\n<p><strong>\u201cOl\u00e1, Chiara. Chamo-me Ga\u00eble e fa\u00e7o-te a pergunta de Anabela de Fontem. Como se faz para ter Jesus no meio?<\/strong>\u201d <span style=\"color: #0000ff;\"><a style=\"color: #0000ff;\" href=\"#_ftn5\" name=\"_ftnref5\">[5]<\/a><\/span><\/p>\n<p><strong>CHIARA:<\/strong> (&#8230;) Bisogna volersi bene, ma non basta che io voglio bene all\u2019altro; bisogna che anche l\u2019altra Chiara: \u00c9 preciso gostarmos uns dos outros, mas n\u00e3o chega que eu goste do outro; \u00e9 preciso que a outra pessoa tamb\u00e9m goste de mim. \u00c9 um amor &#8220;rec\u00edproco&#8221;, como se diz: que vai e volta entre as duas pessoas. E deve ser muito concreto. N\u00e3o basta dizer: gosto de ti, gosto de ti. N\u00e3o, n\u00e3o! Se o outro precisa de ajuda, temos de o ajudar, como faz\u00edamos n\u00f3s com a velhinha. Se o outro est\u00e1 a chorar, devemos ajud\u00e1-lo; saber o que tem, para participar da sua dor. Se o outro est\u00e1 contente, porque \u00e9 o seu anivers\u00e1rio e os pais fazem uma festa, n\u00f3s tamb\u00e9m devemos estar contentes com ele e fazer festa. \u00c9 preciso amar-se reciprocamente. Vejamos alguns exemplos de como se ama. O primeiro desenho l\u00e1 em cima mostra um menino pequenino que faz um acto de amor a uma menina, dando-lhe a boneca. D\u00e1-lhe um presente; d\u00e1-lhe um presente porque a ama. \u00c9 um amor concreto; n\u00e3o de palavras. D\u00e1-lhe uma coisa concreta. O segundo desenho \u00e9 muito, muito simp\u00e1tico! Mostra um menino um bocadinho maior (o que tem um bon\u00e9 cor de rosa), que v\u00ea um menino mais pequeno (poderia ser um gen 5) a chorar. Ent\u00e3o vai enxugar-lhe as l\u00e1grimas com um len\u00e7o, porque o ama a s\u00e9rio, concretamente, agindo, n\u00e3o s\u00f3 com palavras. E neste, vemos o av\u00f4, que est\u00e1 a ler um livro, e a sua neta (que provavelmente \u00e9 gen 4), vem trazer-lhe uma ch\u00e1vena [x\u00edcara] de ch\u00e1. E o av\u00f4 &#8211; V\u00eaem os olhos do av\u00f4? &#8211; fica admirado com aquela netinha t\u00e3o boa. Ele n\u00e3o o sabe, mas ela \u00e9 uma gen 4. Neste, vemos uma menina, com os cabelos amarados, que l\u00ea uma hist\u00f3ria \u00e0 gen 5, porque a gen 5 ainda n\u00e3o sabe ler, enquanto ela sim. Tamb\u00e9m desta vez ela faz uma coisa concreta; n\u00e3o diz apenas: gosto de ti, mas faz qualquer coisa.<\/p>\n<p>&nbsp;<\/p>\n<p><span style=\"color: #ff6600;\"><strong>D) Ideias e outros materiais para a condu\u00e7\u00e3o do encontro <\/strong><\/span><strong><span style=\"color: #008000;\">(Anexos D)<\/span><\/strong><\/p>\n<p>__________________________________________________________________________________________<\/p>\n<p>&nbsp;<\/p>\n<p><a href=\"#_ftnref1\" name=\"_ftn1\"><\/a><span style=\"color: #0000ff;\"><strong>[1] <\/strong><\/span>Cf.:\u00a0\u00a0C. Lubich, Castel Gandolfo, 16 de fevereiro de 2004, aos Bispos amigos do Movimento dos Focolares, <em>&#8220;L&#8217;unione con Dio&#8221;<\/em><\/p>\n<p><span style=\"color: #0000ff;\"><strong><a style=\"color: #0000ff;\" href=\"#_ftnref2\" name=\"_ftn2\">[2]<\/a> <\/strong><\/span>Cf. C. Lubich, Collegamento CH, Mariapoli Luminosa, 24 de maio de 1990, \u201c<em>Vivere il \u2018Gi\u00e0\u2019\u201d<\/em> (publicado em: C. Lubich, Santi Insieme, Roma 1995, (1\u00aa ed.: 1994), p. 35-38)<\/p>\n<p><span style=\"color: #0000ff;\"><a style=\"color: #0000ff;\" href=\"#_ftnref3\" name=\"_ftn3\"><span style=\"color: #0000ff;\"><strong>[3]<\/strong><\/span><\/a><\/span> Cf. C. Lubich, Castel Gandolfo, 4 de janeiro de 2004, aos focolarinos\/as, <em>&#8220;L&#8217;unione con Dio si sente, si percepisce &#8211; La cultura della Risurrezione&#8221;<\/em><\/p>\n<p><span style=\"color: #0000ff;\"><strong><a style=\"color: #0000ff;\" href=\"#_ftnref4\" name=\"_ftn4\">[4]<\/a><\/strong><\/span> C. Lubich, Castel Gandolfo, 28 de abril de 1992, ao Congresso Gen4, <em>resposta n. 5<\/em><\/p>\n<p><span style=\"color: #0000ff;\"><strong><a style=\"color: #0000ff;\" href=\"#_ftnref5\" name=\"_ftn5\">[5]<\/a> <\/strong><\/span>C. Lubich, Castel Gandolfo, 7.6.1998, ao Congresso Gen4, <em>resposta n. 2<\/em><\/p>\n","protected":false},"excerpt":{"rendered":"<p>&#8220;A atmosfera do c\u00e9u&#8221; A) Para os assistentes. Ideias dos temas &#8230; <\/p>\n","protected":false},"author":486,"featured_media":17534,"comment_status":"closed","ping_status":"closed","template":"page.php","meta":{"__wpdm_changelog":[]},"wpdmcategory":[492],"wpdmtag":[],"class_list":["post-12797","wpdmpro","type-wpdmpro","status-publish","has-post-thumbnail","hentry","wpdmcategory-hoje-descobri-o-ceu-uniao-com-deus-e-oracao-2022-2023"],"_links":{"self":[{"href":"https:\/\/gen4.focolare.org\/pt-br\/wp-json\/wp\/v2\/wpdmpro\/12797","targetHints":{"allow":["GET"]}}],"collection":[{"href":"https:\/\/gen4.focolare.org\/pt-br\/wp-json\/wp\/v2\/wpdmpro"}],"about":[{"href":"https:\/\/gen4.focolare.org\/pt-br\/wp-json\/wp\/v2\/types\/wpdmpro"}],"author":[{"embeddable":true,"href":"https:\/\/gen4.focolare.org\/pt-br\/wp-json\/wp\/v2\/users\/486"}],"replies":[{"embeddable":true,"href":"https:\/\/gen4.focolare.org\/pt-br\/wp-json\/wp\/v2\/comments?post=12797"}],"wp:featuredmedia":[{"embeddable":true,"href":"https:\/\/gen4.focolare.org\/pt-br\/wp-json\/wp\/v2\/media\/17534"}],"wp:attachment":[{"href":"https:\/\/gen4.focolare.org\/pt-br\/wp-json\/wp\/v2\/media?parent=12797"}],"wp:term":[{"taxonomy":"wpdmcategory","embeddable":true,"href":"https:\/\/gen4.focolare.org\/pt-br\/wp-json\/wp\/v2\/wpdmcategory?post=12797"},{"taxonomy":"wpdmtag","embeddable":true,"href":"https:\/\/gen4.focolare.org\/pt-br\/wp-json\/wp\/v2\/wpdmtag?post=12797"}],"curies":[{"name":"wp","href":"https:\/\/api.w.org\/{rel}","templated":true}]}}