{"id":12808,"date":"2023-05-01T18:02:34","date_gmt":"2023-05-01T17:02:34","guid":{"rendered":"https:\/\/gen4.focolare.org\/?post_type=wpdmpro&#038;p=12808"},"modified":"2024-03-26T17:35:08","modified_gmt":"2024-03-26T16:35:08","slug":"07_hoy-descubri-el-cielo-etapa-7","status":"publish","type":"wpdmpro","link":"https:\/\/gen4.focolare.org\/pt-br\/download\/07_hoy-descubri-el-cielo-etapa-7\/","title":{"rendered":"07_Hoy descubr\u00ed el Cielo: Etapa 7"},"content":{"rendered":"<p style=\"text-align: center;\"><span style=\"color: #ff6600;\"><strong><em>\u201cLa atm\u00f3sfera del Cielo\u201d<\/em><\/strong><\/span><\/p>\n<p>&nbsp;<\/p>\n<p><span style=\"color: #ff6600;\"><strong>A) Para los asistentes. <\/strong><strong>Puntos de las charlas de Chiara: <\/strong><\/span><\/p>\n<p>En la primera etapa hab\u00edamos hablado de la <em>\u201cnostalgia del Para\u00edso\u201d<\/em>, donde estaremos siempre con \u00c9l. Pero desde ahora podemos vivir esta realidad del Cielo. Mencionamos dos aspectos subrayados por Chiara:<\/p>\n<ul>\n<li><strong>La uni\u00f3n con Dios y la presencia de Jes\u00fas Eucarist\u00eda.<\/strong><\/li>\n<\/ul>\n<p>As\u00ed es como habl\u00f3 de ello a los Obispos amigos del Movimiento en una charla del 2004: <em>\u201c[\u2026] <strong>Otro modo de generar la uni\u00f3n con Dios es la presencia de Jes\u00fas Eucarist\u00eda<\/strong>. Aqu\u00ed hay una experiencia hecha: &#8220;Desde hace algunos d\u00edas empec\u00e9 <strong>a vivir la uni\u00f3n con Dios con m\u00e1s intensidad<\/strong>. El hecho es que habita en mi casa, del otro lado de la puerta de mi habitaci\u00f3n, y me doy cuenta de que act\u00faa. <strong>Se hace sentir delicad\u00edsimamente, pero si lo recibes, toma m\u00e1s espacio, <\/strong>dejando el alma m\u00e1s propensa a casi acostumbrarse a esta divina convivencia.&#8221; <\/em><em>Trabajando, pero se est\u00e1 con \u00e9l. [\u2026]\u201d <span style=\"color: #0000ff;\"><a style=\"color: #0000ff;\" href=\"#_ftn1\" name=\"_ftnref1\"><sup><strong>[1]<\/strong><\/sup><\/a><\/span><\/em><\/p>\n<ul>\n<li><strong>La <em>uni\u00f3n con Dios y la presencia <\/em><\/strong><strong><em>de Jes\u00fas entre nosotros por el amor rec\u00edproco.<\/em><\/strong><\/li>\n<\/ul>\n<p>En 1990 en una conexi\u00f3n, Chiara hab\u00eda hablado de los regalos <strong><em>\u201cespirituales, (que) no faltan donde est\u00e1 Jes\u00fas presente entre nosotros\u201d<\/em>. <\/strong>Chiara se encontraba en la Mari\u00e1polis Luminosa, ciudadela del Movimiento que est\u00e1 cerca de Nueva York, donde en aquellos d\u00edas, junto a muchas personas, hab\u00eda hecho una intensa experiencia de la presencia de Jes\u00fas, \u201cdel Reino de Dios\u201d. Chiara dec\u00eda que esta realidad del <strong><em>&#8220;ya&#8221;<\/em><\/strong> era tan fuerte, que <em>\u201c[\u2026] no han faltado expresiones como \u00e9stas: <strong>&#8220;\u00a1Si el Para\u00edso es as\u00ed, nos basta!&#8221;;<\/strong> &#8220;Esta es la eternidad&#8221; [\u2026]\u201d<\/em> M\u00e1s adelante segu\u00eda diciendo c\u00f3mo: <em>\u201c[\u2026] el &#8220;ya&#8221;, el &#8220;ya&#8221; del Reino irradiaba de tal manera de todos, de los focolarinos y focolarinas, que se pod\u00eda admirar en ellos una dignidad, belleza, libertad, armon\u00eda tales, que hac\u00edan recordar las palabras: &#8220;La gloria de Dios es el hombre viviente\u201d. En este clima, luego, se constat\u00f3 nuevamente c\u00f3mo <strong>el Cielo est\u00e1 hecho de Cielos<\/strong> (Reino de los Cielos); c\u00f3mo en Dios, que es Amor, todo es vida, nada es est\u00e1tico y se pasa de una realidad a otra. [\u2026]\u201d<\/em><\/p>\n<p>Y Chiara conclu\u00eda el pensamiento de la conexi\u00f3n con estas palabras: <em>\u201c[\u2026] Y entonces no otra cosa m\u00e1s que el deseo de alentarnos a proseguir todos con redoblado vigor, repiti\u00e9ndonos a nosotros mismos, esparcidos en el mundo: no perdamos tiempo, vivamos nuestro Ideal con intensidad. <strong>Si abrimos al mundo la experiencia del Para\u00edso que se puede construir ya desde aqu\u00ed abajo, muchos creer\u00e1n en el Para\u00edso de all\u00e1 arriba.<\/strong> Y la repercusi\u00f3n sobre la humanidad ser\u00e1 incalculable. Como prop\u00f3sito para los pr\u00f3ximos quince d\u00edas: vivir siempre en lo sobrenatural [\u2026]\u201d<\/em> <span style=\"color: #0000ff;\"><a style=\"color: #0000ff;\" href=\"#_ftn2\" name=\"_ftnref2\"><sup>[2]<\/sup><\/a><\/span><\/p>\n<p>En el 2004, habla a los focolarinos de la Uni\u00f3n con Dios y de la Cultura de la Resurrecci\u00f3n. Es la uni\u00f3n con Dios, que dice, <strong><em>\u201ces t\u00edpicamente nuestra\u201d<\/em>, <\/strong>que se puede sentir con <em>\u201c[\u2026] los sentidos del alma, porque el alma tiene sentidos as\u00ed como los tiene el cuerpo [\u2026 ]\u201d.<\/em> Chiara habla de Jes\u00fas en Medio y dice: <em>&#8220;\u00a1<strong>Todos saben cuando est\u00e1 y sobre todo cuando no est\u00e1<\/strong>! En los focolares, en los n\u00facleos, en los congresos, todos saben. \u00bfQu\u00e9 quiere decir que &#8220;saben&#8221;? Sienten, <strong>sienten con los sentidos del alma<\/strong> si est\u00e1 o no est\u00e1. \u00bfY por qu\u00e9 sienten? Porque nuestro camino es un camino asc\u00e9tico y m\u00edstico al mismo tiempo. \u00bfQu\u00e9 significa? Asc\u00e9tica quiere decir que requiere el esfuerzo del hombre, porque para tener Jes\u00fas en medio debemos amarnos, dispuestos a morir uno por el otro; pero si no tenemos la Eucarist\u00eda para sellar esto y construir la unidad, para que Cristo est\u00e9 en medio nuestro, la unidad no existe. Entonces es asc\u00e9tico porque est\u00e1 nuestro esfuerzo; es m\u00edstico porque est\u00e1 la ayuda de Dios, y con la Eucarist\u00eda manda una gracia, por la cual nace la\u00a0 unidad y est\u00e1\u00a0 Jes\u00fas en medio. Entonces, si ustedes sienten \u00e9sto, cuando est\u00e1 y cuando no est\u00e1, ustedes son ascetas y peque\u00f1os m\u00edsticos; as\u00ed es, as\u00ed es. [\u2026] Y en cambio me d\u00ed cuenta de en el focolar o en los n\u00facleos o unidades gen, etc., con Jes\u00fas en medio no te apagas nunca, basta que mantengas este fuego siempre encendido con tu amor al otro, con tu amor\u2026 Hasta dar la vida, entonces no te apagas nunca. Bien, esta fuerza nueva que refuerza tu voluntad \u2013 mientras que antes no la ten\u00edas &#8211; viene, justamente, de los dones del Esp\u00edritu, de la presencia de Dios. Son los dones del Esp\u00edritu, que es la\u2026 \u00bfQu\u00e9 <strong>son los dones del Esp\u00edritu? La atm\u00f3sfera del cielo [&#8230;].<\/strong> <\/em><span style=\"color: #0000ff;\"><a style=\"color: #0000ff;\" href=\"#_ftn3\" name=\"_ftnref3\"><em><sup><strong>[3]<\/strong><\/sup><\/em><\/a><\/span><\/p>\n<p><strong><span style=\"color: #ff6600;\">B) Objetivos del encuentro GEN4<\/span><\/strong><\/p>\n<p>&#8211; Descubrir la presencia de Jes\u00fas en la Eucarist\u00eda<\/p>\n<p>&#8211; Conocer y hacer la experiencia de Jes\u00fas en medio nuestro por el amor rec\u00edproco<\/p>\n<p><span style=\"color: #ff6600;\"><strong>C) Contenidos del encuentro GEN4: gotas de luz con la Sagrada Escritura y con la Espiritualidad (Respuestas de Chiara)<\/strong><\/span><\/p>\n<p><strong><span style=\"color: #ff6600;\">\u00a0Sagrada Escritura: <\/span><\/strong><\/p>\n<p><strong>Episodio de la \u00daltima Cena<\/strong>: los dones del Jueves Santo. Hablar en particular de la Eucarist\u00eda y del amor rec\u00edproco (este episodio incluye ambas presencias) <strong><span style=\"color: #008000;\">(Anexo C1)<\/span><\/strong><\/p>\n<p><strong>Episodio de la Resurrecci\u00f3n: <\/strong>Jes\u00fas permanece entre nosotros si nos amamos <strong><span style=\"color: #008000;\">(Anexo C2)<\/span><\/strong><\/p>\n<p><span style=\"color: #ff6600;\"><strong>Espiritualidad:<\/strong><\/span><\/p>\n<p><strong>Respuesta de Chiara <span style=\"color: #008000;\">(Anexo C3):<\/span><\/strong><\/p>\n<p><strong><u>La presencia de Jes\u00fas en la Eucarist\u00eda<\/u><\/strong><\/p>\n<p><strong>Una Gen 4:<\/strong> \u201c\u00a1Hola Chiara, yo estoy en el lugar de Valentina! &#8220;Querida Chiara, yo no voy con muchas ganas a Misa porque no la entiendo. Chiara, \u00bfme podr\u00edas explicar c\u00f3mo has hecho para amar la Misa?&#8221;.<span style=\"color: #0000ff;\"> <a style=\"color: #0000ff;\" href=\"#_ftn4\" name=\"_ftnref4\"><sup>[4]<\/sup><\/a><\/span><\/p>\n<p><strong>Chiara:<\/strong> Ahora viene algo bastante larguito, una historia m\u00e1s bien larguita, porque el segundo gen 4 me pregunt\u00f3 algo&#8230; me dijo: &#8220;Yo no voy con muchas ganas a la Misa porque no la entiendo&#8221;. Yo entiendo que \u00e9l no entienda. Entonces es preciso que yo le explique qu\u00e9 es la Misa. En la Misa, gen, precisamente, celebramos con Jes\u00fas su pasi\u00f3n y muerte, y su resurrecci\u00f3n. Ahora les cuento la historia. Hab\u00eda un viejito alem\u00e1n que ven\u00eda de Austria o de Alemania. Era un sacerdote. Este sacerdote quer\u00eda venir a Roma, porque quer\u00eda hacer un peregrinaje con muchas penitencias, por lo tanto, quer\u00eda venir a pie. Pero era viejito. Ten\u00eda los cabellos blancos, estaba encorvado. Y cuando lleg\u00f3, despu\u00e9s de muchos d\u00edas, cerca de Roma, a Bolsena, -se llama Bolsena el lugar- pregunt\u00f3 si pod\u00eda decir la Misa antes de partir para Roma. Pero durante la Misa, tal vez por el cansancio, \u00e9l empez\u00f3 a sentir dentro suyo una duda: &#8220;\u00bfSer\u00e1 verdad que en el altar est\u00e1 Jes\u00fas? \u00bfSer\u00e1 realmente cierto que en el altar est\u00e1 el cuerpo de Jes\u00fas y la sangre de Jes\u00fas?&#8221;. El, d\u00e1ndose cuenta de que ten\u00eda esta duda cuando nunca antes la hab\u00eda tenido, hab\u00eda cre\u00eddo siempre con la fe, empez\u00f3 a transpirar, a llorar, a temblar, y no lograba continuar la Misa, porque ten\u00eda esa duda, esa duda. La gente que asist\u00eda a la misa dec\u00eda: &#8220;Est\u00e1 enfermo, est\u00e1 enfermo el sacerdote; no logra continuar&#8221;. Pero \u00e9l, d\u00e1ndose \u00e1nimo, rezaba a Jes\u00fas y dec\u00eda: &#8220;Perd\u00f3name porque tengo esta duda, perd\u00f3name, ten piedad de m\u00ed. Pero si quieres, dame una se\u00f1al de que realmente t\u00fa est\u00e1s aqu\u00ed y que est\u00e1 tu sangre&#8221;. Y rezaba. Entonces dijo la Misa, consagr\u00f3, luego el Padrenuestro, luego el Cordero de Dios, -que aprender\u00e1n- y despu\u00e9s llega el momento en el que deb\u00eda partir el pan para poder hacer la comuni\u00f3n. Ustedes saben que en el altar los sacerdotes ponen algunos manteles; luego existe un mantelito peque\u00f1o que se llama &#8216;corporal&#8217; porque all\u00ed se coloca el Cuerpo de Cristo. Cuando est\u00e1 por partir el pan, por partir la hostia santa, \u00bfqu\u00e9 sucede? Del pan caen gotas de sangre, mucha sangre que goteaba y manchaba el corporal y traspasaba el pan; y hasta ca\u00eda en el suelo y dejaba manchas. El comprende enseguida que es la se\u00f1al: &#8220;Entonces aqu\u00ed est\u00e1 Jes\u00fas, entonces es Jes\u00fas&#8221;. Entonces trata de esconder, de que nadie viera porque los dem\u00e1s lo estaban mirando. Pero la sangre se ve\u00eda por todas partes. Entonces dijo: &#8220;Es mejor que diga todo&#8221;. Entonces dijo: &#8220;Querid\u00edsimos parroquianos, yo les confieso que ten\u00eda una duda terrible. He pecado porque ten\u00eda la terrible duda de que Jes\u00fas no estuviera aqu\u00ed. Pero le ped\u00ed una gracia, una se\u00f1al, le ped\u00ed un signo. Y aqu\u00ed tienen lo que Jes\u00fas me hizo ver y encontrar: su sangre en su cuerpo&#8221;. Entonces, la gente se puso a adorar a Jes\u00fas que estaba en su cuerpo, en la santa hostia. Lo dijeron a todos y la gente ven\u00eda de todos los pueblos. Y el Obispo que estaba en Orvieto, que es muy cerca, se enter\u00f3 y dijo: &#8220;Hay que traer enseguida el Sant\u00edsimo, es decir, el cuerpo de Jes\u00fas, que est\u00e1 ensangrentado, aqu\u00ed a Orvieto, a la ciudad principal. Entonces, otro sacerdote tom\u00f3 el cuerpo de Jes\u00fas y lo puso en un trono, y la gente lo llev\u00f3 en procesi\u00f3n el cuerpo de Jes\u00fas a Orvieto. Entonces todos los ni\u00f1os de los pueblos ven\u00edan y tiraban flores desde los balcones y tiraban flores a su paso y ven\u00edan a festejar a Jes\u00fas y se pon\u00edan sus trajes t\u00edpicos, brillantes y coloridos. Y los ni\u00f1os m\u00e1s peque\u00f1os estaban alrededor de Jes\u00fas, vestidos de \u00e1ngeles, bailando, y festejaban, festejaban. Esto sucedi\u00f3 en Bolsena. Por eso Jes\u00fas est\u00e1 realmente presente en la Santa Misa. Pero, gen 4, cuando sean m\u00e1s grandes comprender\u00e1n muchas cosas m\u00e1s. (Aplausos)<\/p>\n<p><strong><u>La presencia de Jes\u00fas entre nosotros si nos queremos<\/u><\/strong><\/p>\n<p><strong><em>\u201c\u00a1Jes\u00fas resucit\u00f3! \u00c9l permanece entre nosotros si nos amamos. <\/em><\/strong><strong><em>Chiara\u201d <\/em><\/strong>(Lubich C., in <em>Gen4<\/em>, n. 3-4 marzo-aprile 1981, p.5)<\/p>\n<p><strong>Respuesta de Chiara:<\/strong><\/p>\n<p><strong>\u00a0<\/strong><strong>Una gen4:<\/strong> Hola Chiara. Yo soy Ga\u00eble y te hago la pregunta de Annabelle, de Fontem.\u00a0 &#8220;\u00bfC\u00f3mo hacer para tener Jes\u00fas en medio?&#8221;<span style=\"color: #0000ff;\"><a style=\"color: #0000ff;\" href=\"#_ftn5\" name=\"_ftnref5\">[5]<\/a>.<\/span><\/p>\n<p><strong>Chiara:<\/strong> Hay que quererse, pero no es suficiente que yo quiera al otro. Es necesario que la otra persona me quiera a m\u00ed. Es el amor rec\u00edproco. Un amor que va y viene de las dos partes. Es un amor que tiene que ser muy concreto. No son declaraciones: Yo te amo, yo te quiero. No, no. Si el otro necesita ayuda, hay que ayudarlo, como hac\u00edamos nosotras con la viejita. Si el otro llora, tenemos que ayudarlo, escuchar lo que tiene, para compartir su dolor. Si el otro est\u00e1 contento, porque es el d\u00eda de su cumplea\u00f1os y los padres hacen una fiesta, tambi\u00e9n nosotras tenemos que estar contentos y festejar juntos. Hay que amarse rec\u00edprocamente. Aqu\u00ed hay algunos ejemplos de c\u00f3mo amar. Bien, el primero, arriba, es un ni\u00f1o peque\u00f1o, que ama a otra ni\u00f1a, la que tiene en la mano una mu\u00f1eca, y le hace un regalito, porque ama. Es un amor concreto, no es un amor de palabras; le da algo concreto. Este segundo dibujo es muy lindo. Un ni\u00f1o ya m\u00e1s grandecito, con una gorra roja, que ve a un ni\u00f1o m\u00e1s peque\u00f1o, podr\u00eda ser un gen 5. Entonces \u00e9l, con el pa\u00f1uelo, va a secarle las l\u00e1grimas, porque lo ama en serio, de un modo concreto, haciendo algo, no son palabras. Aqu\u00ed se ve al abuelo que est\u00e1 leyendo un libro, y llega una ni\u00f1a, seguramente una gen 4, que le da una taza de t\u00e9. Y el abuelo &#8211; observen los ojitos del abuelo -, se queda asombrado de que la ni\u00f1a sea tan buena, \u00e9l no sabe que es una gen 4. Aqu\u00ed en cambio hay una ni\u00f1a, que tiene trenzas, que le lee a una gen 5, porque la gen 5 no sabe leer todav\u00eda. Ven, ella ama concretamente. No dice solamente: \u201cYo te quiero\u201d, sino que act\u00faa.<\/p>\n<p>&nbsp;<\/p>\n<p><strong><span style=\"color: #ff6600;\">D) Ideas y otros materiales para realizar el encuentro:<\/span> <span style=\"color: #008000;\">Anexos D<\/span><\/strong><\/p>\n<p><strong>\u00a0_____________________________________________________________________________________<\/strong><\/p>\n<p>&nbsp;<\/p>\n<p><span style=\"font-size: 14px;\"><span style=\"color: #0000ff;\"><a style=\"color: #0000ff;\" href=\"#_ftnref1\" name=\"_ftn1\">[1]<\/a> <\/span>Cf. C. Lubich, Castel Gandolfo, 16 de febrero 2004, a los Obispos amigos del \u00a0Movimiento de los Focolares, <em>&#8220;La uni\u00f3n con Dios&#8221;<\/em><\/span><\/p>\n<p><span style=\"font-size: 14px;\"><span style=\"color: #0000ff;\"><a style=\"color: #0000ff;\" href=\"#_ftnref2\" name=\"_ftn2\">[2]<\/a><\/span> Cf. C. Lubich, Conexi\u00f3n \u00a0CH, Mariapolis Luminosa, 24 mayo 1990, \u201c<em>Vivir el\u00a0 ya\u2019\u201d<\/em> (publicado in: C. Lubich, Santos juntos, Roma 1995 , (Ia ed.: 1994), p. 35-38)<\/span><\/p>\n<p><span style=\"font-size: 14px;\"><a href=\"#_ftnref3\" name=\"_ftn3\"><span style=\"color: #0000ff;\">[3]<\/span><\/a> Cf. C. Lubich, Castel Gandolfo, 4 de enero de 2004, a los\/as focolarinos\/as casados\/as, <em>&#8220;La uni\u00f3n con Dios se percibe, se siente&#8221;<\/em><\/span><\/p>\n<p><span style=\"font-size: 14px;\"><span style=\"color: #0000ff;\"><a style=\"color: #0000ff;\" href=\"#_ftnref4\" name=\"_ftn4\">[4]<\/a> <\/span>C. Lubich, Castel Gandolfo, 28 abril 1992,\u00a0 Congreso Gen4, 5.a respuesta<\/span><\/p>\n<p><span style=\"font-size: 14px;\"><span style=\"color: #0000ff;\"><a style=\"color: #0000ff;\" href=\"#_ftnref5\" name=\"_ftn5\">[5]<\/a> <\/span>C. Lubich, Castel Gandolfo, 7.6.1998,\u00a0 Congreso Gen4, 2.a respuesta<\/span><\/p>\n","protected":false},"excerpt":{"rendered":"<p>\u201cLa atm\u00f3sfera del Cielo\u201d &nbsp; A) Para los asistentes. Puntos de &#8230; <\/p>\n","protected":false},"author":486,"featured_media":17517,"comment_status":"closed","ping_status":"closed","template":"page.php","meta":{"__wpdm_changelog":[]},"wpdmcategory":[505],"wpdmtag":[],"class_list":["post-12808","wpdmpro","type-wpdmpro","status-publish","has-post-thumbnail","hentry","wpdmcategory-hoy-descubri-el-cielo-union-con-dios-y-oracion-2022-2023"],"_links":{"self":[{"href":"https:\/\/gen4.focolare.org\/pt-br\/wp-json\/wp\/v2\/wpdmpro\/12808","targetHints":{"allow":["GET"]}}],"collection":[{"href":"https:\/\/gen4.focolare.org\/pt-br\/wp-json\/wp\/v2\/wpdmpro"}],"about":[{"href":"https:\/\/gen4.focolare.org\/pt-br\/wp-json\/wp\/v2\/types\/wpdmpro"}],"author":[{"embeddable":true,"href":"https:\/\/gen4.focolare.org\/pt-br\/wp-json\/wp\/v2\/users\/486"}],"replies":[{"embeddable":true,"href":"https:\/\/gen4.focolare.org\/pt-br\/wp-json\/wp\/v2\/comments?post=12808"}],"wp:featuredmedia":[{"embeddable":true,"href":"https:\/\/gen4.focolare.org\/pt-br\/wp-json\/wp\/v2\/media\/17517"}],"wp:attachment":[{"href":"https:\/\/gen4.focolare.org\/pt-br\/wp-json\/wp\/v2\/media?parent=12808"}],"wp:term":[{"taxonomy":"wpdmcategory","embeddable":true,"href":"https:\/\/gen4.focolare.org\/pt-br\/wp-json\/wp\/v2\/wpdmcategory?post=12808"},{"taxonomy":"wpdmtag","embeddable":true,"href":"https:\/\/gen4.focolare.org\/pt-br\/wp-json\/wp\/v2\/wpdmtag?post=12808"}],"curies":[{"name":"wp","href":"https:\/\/api.w.org\/{rel}","templated":true}]}}