{"id":22409,"date":"2025-05-14T11:04:48","date_gmt":"2025-05-14T09:04:48","guid":{"rendered":"https:\/\/gen4.focolare.org\/?post_type=wpdmpro&#038;p=22409"},"modified":"2025-06-09T14:08:33","modified_gmt":"2025-06-09T12:08:33","slug":"parcours-pour-la-preparation-au-jubile-familles-et-enfants","status":"publish","type":"wpdmpro","link":"https:\/\/gen4.focolare.org\/pt-br\/download\/parcours-pour-la-preparation-au-jubile-familles-et-enfants\/","title":{"rendered":"Parcours pour la pr\u00e9paration au Jubil\u00e9: Familles et Enfants"},"content":{"rendered":"<p style=\"text-align: center;\"><span style=\"color: #0000ff;\">Marchons ensemble : apporter la joie et l&#8217;Espoir \u00e0 tous<\/span><\/p>\n<p><strong>Nous avons \u00e9labor\u00e9 <\/strong>une proposition de parcours pour la pr\u00e9paration au Jubil\u00e9, sp\u00e9cialement con\u00e7u pour impliquer le groupe d&#8217;\u00e2ge le plus jeune, qui est celui qui est le moins pris en consid\u00e9ration lors de la pr\u00e9paration de supports. Il peut \u00eatre utilis\u00e9 en vue du Jubil\u00e9 des familles, des enfants, des personnes \u00e2g\u00e9es et des grands-parents \u00e0 la fin du mois de mai, mais pas seulement. Comme nous le savons, le Jubil\u00e9 est un don de gr\u00e2ce pour tous, quel que soit l&#8217;\u00e2ge. Il est gratuit, mais il faut se pr\u00e9parer \u00e0 le recevoir. Les aspects propres \u00e0 chaque \u00e9v\u00e9nement jubilaire sont nombreux, et ceux qui sont sp\u00e9cifiques \u00e0 cette Ann\u00e9e Sainte le sont aussi. Sans pouvoir tout approfondir, nous avons essay\u00e9, dans cette proposition, de saisir quelques passages qui nous ont sembl\u00e9 essentiels et importants pour aider les enfants, m\u00eame les plus jeunes, \u00e0 entrer dans le c\u0153ur de l&#8217;\u00e9v\u00e9nement. Il est con\u00e7u sp\u00e9cialement pour les familles avec de jeunes enfants, mais peut \u00e9galement convenir \u00e0 des enfants jusqu&#8217;\u00e0 10\/12 ans.<\/p>\n<p><strong>\u00a0<\/strong><\/p>\n<p><strong>Mat\u00e9riel disponible: <\/strong><\/p>\n<p>&#8211; un<strong> jeu de piste <\/strong>et une<strong> vid\u00e9o<\/strong> qui retrace les \u00e9tapes propos\u00e9es dans le parcours.<\/p>\n<p>&#8211; La vid\u00e9o<a href=\"#_ftn1\" name=\"_ftnref1\">[1]<\/a> peut \u00eatre visionn\u00e9e enti\u00e8rement \u00e0 la fin du jeu, mais il est possible d&#8217;utiliser la <strong>premi\u00e8re partie<\/strong> comme introduction et la <strong>seconde <\/strong>comme conclusion.<\/p>\n<p>&#8211; La <strong>premi\u00e8re partie<\/strong> retrace en effet ou introduit les diff\u00e9rents passages qui font \u00e9galement l&#8217;objet des \u00e9tapes du jeu en aidant, surtout les plus jeunes, \u00e0 comprendre le sens de la Gr\u00e2ce (Indulgence Pl\u00e9ni\u00e8re) li\u00e9e au Jubil\u00e9 et comment on peut\/doit se pr\u00e9parer \u00e0 la recevoir.<\/p>\n<p>&#8211; La <strong>seconde partie <\/strong>reprend et souligne les diff\u00e9rents passages avec quelques phrases des discours du Pape Fran\u00e7ois sur le Jubil\u00e9, con\u00e7ues sp\u00e9cialement pour les adultes mais, nous semble-t-il, compr\u00e9hensibles par tous gr\u00e2ce aux desssins qui les accompagnent.<\/p>\n<p>&#8211; et \u00e0 la fin un message pour tous, comme l&#8217;a dit le pape Fran\u00e7ois dans son hom\u00e9lie lors de la messe de la nuit de No\u00ebl le 24.12.2024, si<\/p>\n<p><strong><em>\u00ab\u00a0[\u2026] le Jubil\u00e9 s&#8217;ouvre pour que soit donn\u00e9e \u00e0 tous l&#8217;esp\u00e9rance de l&#8217;\u00c9vangile, l&#8217;esp\u00e9rance de l&#8217;amour, l&#8217;esp\u00e9rance du pardon[\u2026]\u00a0\u00bb<\/em><\/strong>, apr\u00e8s avoir re\u00e7u ce don il incombe <strong>\u00ab<\/strong>\u00a0<strong><em>[\u2026] \u00e0 nous, \u00e0 nous tous, le don et l&#8217;engagement de porter l&#8217;esp\u00e9rance l\u00e0 o\u00f9 elle a \u00e9t\u00e9 perdue [\u2026].\u00a0\u00bb<\/em><\/strong><\/p>\n<p>____________________________<\/p>\n<p><a href=\"#_ftnref1\" name=\"_ftn1\">[1]<\/a>\u00a0\u00a0\u00a0\u00a0\u00a0\u00a0\u00a0\u00a0\u00a0\u00a0\u00a0\u00a0 \u00a0La vid\u00e9o est compos\u00e9e d&#8217;images et de musique. Il n&#8217;y a pas de texte enregistr\u00e9, mais seulement des mots ou des phrases qui apparaissent \u00e0 l&#8217;\u00e9cran en italien et en anglais. Pour les autres langues, il faut donc que quelqu&#8217;un traduise les mots au fur et \u00e0 mesure qu&#8217;ils apparaissent.<\/p>\n<p>&nbsp;<\/p>\n","protected":false},"excerpt":{"rendered":"<p>Marchons ensemble : apporter la joie et l&#8217;Espoir \u00e0 tous Nous &#8230; <\/p>\n","protected":false},"author":3,"featured_media":22362,"comment_status":"closed","ping_status":"closed","template":"page.php","meta":{"__wpdm_changelog":[]},"wpdmcategory":[241],"wpdmtag":[],"class_list":["post-22409","wpdmpro","type-wpdmpro","status-publish","has-post-thumbnail","hentry","wpdmcategory-autres-activites"],"_links":{"self":[{"href":"https:\/\/gen4.focolare.org\/pt-br\/wp-json\/wp\/v2\/wpdmpro\/22409","targetHints":{"allow":["GET"]}}],"collection":[{"href":"https:\/\/gen4.focolare.org\/pt-br\/wp-json\/wp\/v2\/wpdmpro"}],"about":[{"href":"https:\/\/gen4.focolare.org\/pt-br\/wp-json\/wp\/v2\/types\/wpdmpro"}],"author":[{"embeddable":true,"href":"https:\/\/gen4.focolare.org\/pt-br\/wp-json\/wp\/v2\/users\/3"}],"replies":[{"embeddable":true,"href":"https:\/\/gen4.focolare.org\/pt-br\/wp-json\/wp\/v2\/comments?post=22409"}],"wp:featuredmedia":[{"embeddable":true,"href":"https:\/\/gen4.focolare.org\/pt-br\/wp-json\/wp\/v2\/media\/22362"}],"wp:attachment":[{"href":"https:\/\/gen4.focolare.org\/pt-br\/wp-json\/wp\/v2\/media?parent=22409"}],"wp:term":[{"taxonomy":"wpdmcategory","embeddable":true,"href":"https:\/\/gen4.focolare.org\/pt-br\/wp-json\/wp\/v2\/wpdmcategory?post=22409"},{"taxonomy":"wpdmtag","embeddable":true,"href":"https:\/\/gen4.focolare.org\/pt-br\/wp-json\/wp\/v2\/wpdmtag?post=22409"}],"curies":[{"name":"wp","href":"https:\/\/api.w.org\/{rel}","templated":true}]}}