{"id":7785,"date":"2020-12-22T09:06:12","date_gmt":"2020-12-22T08:06:12","guid":{"rendered":"https:\/\/gen4.focolare.org\/?post_type=wpdmpro&#038;p=7785"},"modified":"2020-12-22T17:14:52","modified_gmt":"2020-12-22T16:14:52","slug":"hanno-sloggiato-gesu-ai-tempi-della-pandemia","status":"publish","type":"wpdmpro","link":"https:\/\/gen4.focolare.org\/pt-br\/download\/hanno-sloggiato-gesu-ai-tempi-della-pandemia\/","title":{"rendered":"Hanno Sloggiato Ges\u00f9&#8230;.ai tempi della pandemia!"},"content":{"rendered":"<div id='gallery-1' class='gallery galleryid-7785 gallery-columns-4 gallery-size-thumbnail'><figure class='gallery-item'>\n\t\t\t<div class='gallery-icon landscape'>\n\t\t\t\t<a href='https:\/\/gen4.focolare.org\/wp-content\/uploads\/2020\/12\/Gesu-Bambini.jpg'><img decoding=\"async\" width=\"150\" height=\"150\" src=\"https:\/\/gen4.focolare.org\/wp-content\/uploads\/2020\/12\/Gesu-Bambini-150x150.jpg\" class=\"attachment-thumbnail size-thumbnail\" alt=\"Gesu Bambini 150x150\" srcset=\"https:\/\/gen4.focolare.org\/wp-content\/uploads\/2020\/12\/Gesu-Bambini-150x150.jpg 150w, https:\/\/gen4.focolare.org\/wp-content\/uploads\/2020\/12\/Gesu-Bambini-300x300.jpg 300w, https:\/\/gen4.focolare.org\/wp-content\/uploads\/2020\/12\/Gesu-Bambini-1024x1024.jpg 1024w, https:\/\/gen4.focolare.org\/wp-content\/uploads\/2020\/12\/Gesu-Bambini-768x768.jpg 768w, https:\/\/gen4.focolare.org\/wp-content\/uploads\/2020\/12\/Gesu-Bambini-600x600.jpg 600w, https:\/\/gen4.focolare.org\/wp-content\/uploads\/2020\/12\/Gesu-Bambini-1320x1320.jpg 1320w, https:\/\/gen4.focolare.org\/wp-content\/uploads\/2020\/12\/Gesu-Bambini.jpg 1496w\" sizes=\"auto, (max-width: 150px) 100vw, 150px\" loading=\"lazy\" \/><\/a>\n\t\t\t<\/div><\/figure><figure class='gallery-item'>\n\t\t\t<div class='gallery-icon landscape'>\n\t\t\t\t<a href='https:\/\/gen4.focolare.org\/wp-content\/uploads\/2020\/12\/Costruzione.jpg'><img decoding=\"async\" width=\"150\" height=\"150\" src=\"https:\/\/gen4.focolare.org\/wp-content\/uploads\/2020\/12\/Costruzione-150x150.jpg\" class=\"attachment-thumbnail size-thumbnail\" alt=\"Costruzione 150x150\" srcset=\"https:\/\/gen4.focolare.org\/wp-content\/uploads\/2020\/12\/Costruzione-150x150.jpg 150w, https:\/\/gen4.focolare.org\/wp-content\/uploads\/2020\/12\/Costruzione-600x600.jpg 600w\" sizes=\"auto, (max-width: 150px) 100vw, 150px\" loading=\"lazy\" \/><\/a>\n\t\t\t<\/div><\/figure><figure class='gallery-item'>\n\t\t\t<div class='gallery-icon portrait'>\n\t\t\t\t<a href='https:\/\/gen4.focolare.org\/wp-content\/uploads\/2020\/12\/GessoR.jpg'><img decoding=\"async\" width=\"150\" height=\"150\" src=\"https:\/\/gen4.focolare.org\/wp-content\/uploads\/2020\/12\/GessoR-150x150.jpg\" class=\"attachment-thumbnail size-thumbnail\" alt=\"GessoR 150x150\" loading=\"lazy\" \/><\/a>\n\t\t\t<\/div><\/figure><figure class='gallery-item'>\n\t\t\t<div class='gallery-icon landscape'>\n\t\t\t\t<a href='https:\/\/gen4.focolare.org\/wp-content\/uploads\/2020\/12\/GEN4GB.jpg'><img decoding=\"async\" width=\"150\" height=\"150\" src=\"https:\/\/gen4.focolare.org\/wp-content\/uploads\/2020\/12\/GEN4GB-150x150.jpg\" class=\"attachment-thumbnail size-thumbnail\" alt=\"GEN4GB 150x150\" srcset=\"https:\/\/gen4.focolare.org\/wp-content\/uploads\/2020\/12\/GEN4GB-150x150.jpg 150w, https:\/\/gen4.focolare.org\/wp-content\/uploads\/2020\/12\/GEN4GB-600x600.jpg 600w\" sizes=\"auto, (max-width: 150px) 100vw, 150px\" loading=\"lazy\" \/><\/a>\n\t\t\t<\/div><\/figure>\n\t\t<\/div>\n\n<p>In tutto il mondo <strong>i e le gen4 si preparano per il Natale<\/strong>, aiutati dall\u2019amore creativo di tanti \u201cangeli custodi\u201d &#8211; gli assistenti e animatori dei gruppi gen4, i catechisti, mamma e pap\u00e0 &#8211; e anche in questo anno speciale hanno trovato tante opportunit\u00e0 <strong>per rimettere Ges\u00f9 al centro del Natale, facendolo nascere<\/strong> in mille modi diversi e soprattutto aprendo il loro cuore nell\u2019accoglierLo!<\/p>\n<div id='gallery-2' class='gallery galleryid-7785 gallery-columns-4 gallery-size-thumbnail'><figure class='gallery-item'>\n\t\t\t<div class='gallery-icon portrait'>\n\t\t\t\t<a href='https:\/\/gen4.focolare.org\/wp-content\/uploads\/2020\/12\/Famiglie.jpg'><img decoding=\"async\" width=\"150\" height=\"150\" src=\"https:\/\/gen4.focolare.org\/wp-content\/uploads\/2020\/12\/Famiglie-150x150.jpg\" class=\"attachment-thumbnail size-thumbnail\" alt=\"Famiglie 150x150\" srcset=\"https:\/\/gen4.focolare.org\/wp-content\/uploads\/2020\/12\/Famiglie-150x150.jpg 150w, https:\/\/gen4.focolare.org\/wp-content\/uploads\/2020\/12\/Famiglie-600x600.jpg 600w\" sizes=\"auto, (max-width: 150px) 100vw, 150px\" loading=\"lazy\" \/><\/a>\n\t\t\t<\/div><\/figure><figure class='gallery-item'>\n\t\t\t<div class='gallery-icon portrait'>\n\t\t\t\t<a href='https:\/\/gen4.focolare.org\/wp-content\/uploads\/2020\/12\/GesuBambino.jpg'><img decoding=\"async\" width=\"150\" height=\"150\" src=\"https:\/\/gen4.focolare.org\/wp-content\/uploads\/2020\/12\/GesuBambino-150x150.jpg\" class=\"attachment-thumbnail size-thumbnail\" alt=\"GesuBambino 150x150\" loading=\"lazy\" \/><\/a>\n\t\t\t<\/div><\/figure><figure class='gallery-item'>\n\t\t\t<div class='gallery-icon landscape'>\n\t\t\t\t<a href='https:\/\/gen4.focolare.org\/wp-content\/uploads\/2020\/12\/Angioletti.jpg'><img decoding=\"async\" width=\"150\" height=\"150\" src=\"https:\/\/gen4.focolare.org\/wp-content\/uploads\/2020\/12\/Angioletti-150x150.jpg\" class=\"attachment-thumbnail size-thumbnail\" alt=\"Angioletti 150x150\" loading=\"lazy\" \/><\/a>\n\t\t\t<\/div><\/figure><figure class='gallery-item'>\n\t\t\t<div class='gallery-icon portrait'>\n\t\t\t\t<a href='https:\/\/gen4.focolare.org\/wp-content\/uploads\/2020\/12\/GB2.jpg'><img decoding=\"async\" width=\"150\" height=\"150\" src=\"https:\/\/gen4.focolare.org\/wp-content\/uploads\/2020\/12\/GB2-150x150.jpg\" class=\"attachment-thumbnail size-thumbnail\" alt=\"GB2 150x150\" srcset=\"https:\/\/gen4.focolare.org\/wp-content\/uploads\/2020\/12\/GB2-150x150.jpg 150w, https:\/\/gen4.focolare.org\/wp-content\/uploads\/2020\/12\/GB2-600x600.jpg 600w\" sizes=\"auto, (max-width: 150px) 100vw, 150px\" loading=\"lazy\" \/><\/a>\n\t\t\t<\/div><\/figure>\n\t\t<\/div>\n\n<p>In varie parti, la preparazione delle statuine dei Bambini Ges\u00f9 \u00e8 stata una bellissima occasione per vivere un\u2019<strong>esperienza di famiglia, coi genitori, nonni e anche con gli amichetti pi\u00f9 vicini, compagni di scuola.<\/strong> Ma anche<strong> via zoom<\/strong>, le e i gen4 hanno imparato a confezionare angioletti e Ges\u00f9 Bambini, durante feste di Natale on line.<\/p>\n<p>Cos\u00ec, i \u201cGes\u00f9 Bambini\u201d di gesso, gli angioletti di carta o altri tipi di presepi <strong>hanno portato la gioia e il \u201ccuore\u201d del Natale a vicini di casa, persone sole<\/strong>\u2026 ma anche colmato con la poesia, l\u2019incanto e la luce vera del Natale i bambini stessi!<\/p>\n<p>Cos\u00ec racconta una piccola protagonista: \u201coggi ho portato a <strong>scuola<\/strong> il Ges\u00f9 Bambino che abbiamo costruito ieri e mi hanno chiesto di rifarlo da capo. Io mi ricordo\u2026poi posso prendere il Ges\u00f9 Bambino e mi ricordo meglio come farlo. Comunque \u00e8 piaciuto tanto!\u201d<\/p>\n<p>E alcune mamme:<\/p>\n<p>\u201cGrazie! Sai che <em><strong>L. ha dormito con il suo Ges\u00f9 bambino<\/strong><\/em> sul comodino e oggi ha voluto portarlo a scuola? Davvero la vita Gen4 \u00e8 cos\u00ec immediata. Mi ha commosso. Se lo coccola come se fosse un bambino vero\u201d.<\/p>\n<p>\u201cOggi G. \u00e8 tornato da scuola molto contento perch\u00e9 ha detto alla maestra di religione che lui \u00e8 un gen4 e ieri ha fatto il Ges\u00f9 Bambino, poi ha scoperto che lei ci conosce! Gli ha anche proposto che una volta <em><strong>spieghi chi sono i gen4 ai suoi compagni<\/strong><\/em>.\u201d<\/p>\n<div id='gallery-3' class='gallery galleryid-7785 gallery-columns-4 gallery-size-thumbnail'><figure class='gallery-item'>\n\t\t\t<div class='gallery-icon portrait'>\n\t\t\t\t<a href='https:\/\/gen4.focolare.org\/wp-content\/uploads\/2020\/12\/Corea.jpg'><img decoding=\"async\" width=\"150\" height=\"150\" src=\"https:\/\/gen4.focolare.org\/wp-content\/uploads\/2020\/12\/Corea-150x150.jpg\" class=\"attachment-thumbnail size-thumbnail\" alt=\"Corea 150x150\" srcset=\"https:\/\/gen4.focolare.org\/wp-content\/uploads\/2020\/12\/Corea-150x150.jpg 150w, https:\/\/gen4.focolare.org\/wp-content\/uploads\/2020\/12\/Corea-600x600.jpg 600w\" sizes=\"auto, (max-width: 150px) 100vw, 150px\" loading=\"lazy\" \/><\/a>\n\t\t\t<\/div><\/figure><figure class='gallery-item'>\n\t\t\t<div class='gallery-icon landscape'>\n\t\t\t\t<a href='https:\/\/gen4.focolare.org\/wp-content\/uploads\/2020\/12\/Festa_de_Natal.jpg'><img decoding=\"async\" width=\"150\" height=\"150\" src=\"https:\/\/gen4.focolare.org\/wp-content\/uploads\/2020\/12\/Festa_de_Natal-150x150.jpg\" class=\"attachment-thumbnail size-thumbnail\" alt=\"Festa de Natal 150x150\" srcset=\"https:\/\/gen4.focolare.org\/wp-content\/uploads\/2020\/12\/Festa_de_Natal-150x150.jpg 150w, https:\/\/gen4.focolare.org\/wp-content\/uploads\/2020\/12\/Festa_de_Natal-300x300.jpg 300w, https:\/\/gen4.focolare.org\/wp-content\/uploads\/2020\/12\/Festa_de_Natal-1024x1024.jpg 1024w, https:\/\/gen4.focolare.org\/wp-content\/uploads\/2020\/12\/Festa_de_Natal-768x768.jpg 768w, https:\/\/gen4.focolare.org\/wp-content\/uploads\/2020\/12\/Festa_de_Natal-1536x1536.jpg 1536w, https:\/\/gen4.focolare.org\/wp-content\/uploads\/2020\/12\/Festa_de_Natal-600x600.jpg 600w, https:\/\/gen4.focolare.org\/wp-content\/uploads\/2020\/12\/Festa_de_Natal-1320x1320.jpg 1320w, https:\/\/gen4.focolare.org\/wp-content\/uploads\/2020\/12\/Festa_de_Natal.jpg 1920w\" sizes=\"auto, (max-width: 150px) 100vw, 150px\" loading=\"lazy\" \/><\/a>\n\t\t\t<\/div><\/figure><figure class='gallery-item'>\n\t\t\t<div class='gallery-icon landscape'>\n\t\t\t\t<a href='https:\/\/gen4.focolare.org\/wp-content\/uploads\/2020\/12\/Zoom.jpg'><img decoding=\"async\" width=\"150\" height=\"150\" src=\"https:\/\/gen4.focolare.org\/wp-content\/uploads\/2020\/12\/Zoom-150x150.jpg\" class=\"attachment-thumbnail size-thumbnail\" alt=\"Zoom 150x150\" srcset=\"https:\/\/gen4.focolare.org\/wp-content\/uploads\/2020\/12\/Zoom-150x150.jpg 150w, https:\/\/gen4.focolare.org\/wp-content\/uploads\/2020\/12\/Zoom-300x300.jpg 300w, https:\/\/gen4.focolare.org\/wp-content\/uploads\/2020\/12\/Zoom-1024x1024.jpg 1024w, https:\/\/gen4.focolare.org\/wp-content\/uploads\/2020\/12\/Zoom-768x768.jpg 768w, https:\/\/gen4.focolare.org\/wp-content\/uploads\/2020\/12\/Zoom-600x600.jpg 600w, https:\/\/gen4.focolare.org\/wp-content\/uploads\/2020\/12\/Zoom.jpg 1080w\" sizes=\"auto, (max-width: 150px) 100vw, 150px\" loading=\"lazy\" \/><\/a>\n\t\t\t<\/div><\/figure><figure class='gallery-item'>\n\t\t\t<div class='gallery-icon landscape'>\n\t\t\t\t<a href='https:\/\/gen4.focolare.org\/wp-content\/uploads\/2020\/12\/Zoom-Feliz-NatalR.jpg'><img decoding=\"async\" width=\"150\" height=\"150\" src=\"https:\/\/gen4.focolare.org\/wp-content\/uploads\/2020\/12\/Zoom-Feliz-NatalR-150x150.jpg\" class=\"attachment-thumbnail size-thumbnail\" alt=\"Zoom Feliz NatalR 150x150\" srcset=\"https:\/\/gen4.focolare.org\/wp-content\/uploads\/2020\/12\/Zoom-Feliz-NatalR-150x150.jpg 150w, https:\/\/gen4.focolare.org\/wp-content\/uploads\/2020\/12\/Zoom-Feliz-NatalR-600x600.jpg 600w\" sizes=\"auto, (max-width: 150px) 100vw, 150px\" loading=\"lazy\" \/><\/a>\n\t\t\t<\/div><\/figure>\n\t\t<\/div>\n\n<p>E queste feste di Natale speciali sono rimbalzate in tutto il pianeta, con tanti gen4, le loro famiglie e spesso anche invitando bambini\/e con i quali si voleva condividere questo momento di festa. Cos\u00ec si sono collegati in tutte le <em><strong>Filippine<\/strong><\/em>, o insieme il <strong><em>Chil<\/em><\/strong>e, l\u2019<em><strong>Argentina<\/strong><\/em>, l\u2019 <em><strong>Uruguay<\/strong><\/em> e il <em><strong>Paraguay<\/strong><\/em>, o anche in <em><strong>Core<\/strong><strong>a<\/strong><\/em> e in <em><strong>Brasile<\/strong><\/em>. Anche in <em><strong>Olanda<\/strong><\/em> bella festa di Natale via streaming con 270 computer collegati (700\/800 spettatori)! E da <em><strong>Monaco<\/strong><\/em> a \u00a0<em><strong>Augsburg<\/strong><\/em>, insieme via zoom,\u00a0 si sono messi \u00a0in viaggio con i Re magi e i pastori. I Gen4 con i loro atti d&#8217;amore hanno riempito il presepe, dove, a Natale metteranno il Ges\u00f9 bambino!<\/p>\n<p>In <em><strong>Irlanda<\/strong><\/em>, durante la festa di Natale si sono collegati con i\/le gen4 della <em><strong>Terra Sant<\/strong><\/em>a che hanno fatto vedere loro il posto dove Ges\u00f9 \u00e8 nato e cantato una canzone di Natale: \u00e8 stata un\u2019ora bellissima!!!<\/p>\n<p>In <em><strong>Giappone<\/strong><\/em> invece, sia a Tokyo che a Nagasaki i e le gen4 sono potuti andare per le strade o davanti ad una chiesa a portare i loro Ges\u00f9 Bambini: sono stati accolti dalle persone con tanta felicit\u00e0 e tutti i \u201cBambinelli\u201d \u00a0hanno trovato molto velocemente una casa!<\/p>\n<p>E in <em><strong>Portogallo<\/strong><\/em> i gen4 hanno optato per un bar sulla spiaggia!<\/p>\n<p style=\"text-align: center;\"><strong>Accogliere Ges\u00f9 in ogni prossimo<\/strong><\/p>\n<p>Come ogni anno poi, e forse ancora di pi\u00f9 in questo 2020 speciale, \u00a0l\u2019attenzione a mettere Ges\u00f9 al centro del Natale ha voluto dire aprirsi ad una condivisione non solo con chi pur essendo vicino \u00e8 pi\u00f9 solo o triste, \u00a0ma anche <em><strong>aprire il cuore a chi \u00e8 pi\u00f9 lontano da noi.<\/strong><\/em> Quest\u2019anno i gen4 avevano scelto di aiutare la difficile situazione della scuola <em><strong>Fiore del Guatemala<\/strong><\/em>, e volevano sostenerla perch\u00e9 i loro coetanei potessero continuare a frequentare la scuola. Poich\u00e9 quasi ovunque non \u00e8 stato possibile, come negli altri anni, andare per le strade a offrire Ges\u00f9 Bambino e chiedere, a chi voleva contribuire, un\u2019offerta per la scuola Fiore, hanno fatto o stanno facendo salvadanai dove mettere i loro risparmi per questa finalit\u00e0.<\/p>\n<p>In alcune parti del mondo, invece, questo sguardo d\u2019amore \u00e8 stato rivolto pi\u00f9 vicino, come in <strong>Argentina<\/strong> dove i gen4 hanno fatto Bambini Ges\u00f9 e cartoline e hanno desiderato dare i soldini per 50 famiglie in necessit\u00e0.<\/p>\n","protected":false},"excerpt":{"rendered":"<p>In tutto il mondo i e le gen4 si preparano per &#8230; <\/p>\n","protected":false},"author":3,"featured_media":7797,"comment_status":"closed","ping_status":"closed","template":"","meta":{"__wpdm_changelog":[]},"wpdmcategory":[85],"wpdmtag":[],"class_list":["post-7785","wpdmpro","type-wpdmpro","status-publish","has-post-thumbnail","hentry","wpdmcategory-esperienze-hsg"],"_links":{"self":[{"href":"https:\/\/gen4.focolare.org\/pt-br\/wp-json\/wp\/v2\/wpdmpro\/7785","targetHints":{"allow":["GET"]}}],"collection":[{"href":"https:\/\/gen4.focolare.org\/pt-br\/wp-json\/wp\/v2\/wpdmpro"}],"about":[{"href":"https:\/\/gen4.focolare.org\/pt-br\/wp-json\/wp\/v2\/types\/wpdmpro"}],"author":[{"embeddable":true,"href":"https:\/\/gen4.focolare.org\/pt-br\/wp-json\/wp\/v2\/users\/3"}],"replies":[{"embeddable":true,"href":"https:\/\/gen4.focolare.org\/pt-br\/wp-json\/wp\/v2\/comments?post=7785"}],"wp:featuredmedia":[{"embeddable":true,"href":"https:\/\/gen4.focolare.org\/pt-br\/wp-json\/wp\/v2\/media\/7797"}],"wp:attachment":[{"href":"https:\/\/gen4.focolare.org\/pt-br\/wp-json\/wp\/v2\/media?parent=7785"}],"wp:term":[{"taxonomy":"wpdmcategory","embeddable":true,"href":"https:\/\/gen4.focolare.org\/pt-br\/wp-json\/wp\/v2\/wpdmcategory?post=7785"},{"taxonomy":"wpdmtag","embeddable":true,"href":"https:\/\/gen4.focolare.org\/pt-br\/wp-json\/wp\/v2\/wpdmtag?post=7785"}],"curies":[{"name":"wp","href":"https:\/\/api.w.org\/{rel}","templated":true}]}}